{"id":2220,"date":"2026-03-21T20:44:35","date_gmt":"2026-03-21T20:44:35","guid":{"rendered":"https:\/\/www.yoga-ac.eu\/jogove-retreaty-2026\/"},"modified":"2026-03-22T11:34:36","modified_gmt":"2026-03-22T11:34:36","slug":"jogove-retreaty-2026","status":"publish","type":"page","link":"https:\/\/www.yoga-ac.eu\/cs\/jogove-retreaty-2026\/","title":{"rendered":"J\u00f3gov\u00e9 retreaty 2026"},"content":{"rendered":"<div class=\"fusion-fullwidth fullwidth-box fusion-builder-row-1 nonhundred-percent-fullwidth non-hundred-percent-height-scrolling\"  style='background-color: rgba(255,255,255,0);background-position: center center;background-repeat: no-repeat;padding-top:0px;padding-right:0px;padding-bottom:0px;padding-left:0px;'><div class=\"fusion-builder-row fusion-row \"><div  class=\"fusion-layout-column fusion_builder_column fusion_builder_column_1_1 fusion-builder-column-0 fusion-one-full fusion-column-first fusion-column-last 1_1\"  style='margin-top:0px;margin-bottom:20px;'><div class=\"fusion-column-wrapper\" style=\"padding: 0px 0px 0px 0px;background-position:left top;background-repeat:no-repeat;-webkit-background-size:cover;-moz-background-size:cover;-o-background-size:cover;background-size:cover;\"   data-bg-url=\"\"><div class=\"fusion-text\"><h1 class=\"fusion-responsive-typography-calculated\" style=\"text-align: center;\" data-fontsize=\"34\" data-lineheight=\"47.6px\"><span style=\"color: #003366;\"><strong>Nadch\u00e1zej\u00edc\u00ed retreaty a \u0161kolen\u00ed<\/strong><\/span><\/h1>\n<h1 class=\"fusion-responsive-typography-calculated\" style=\"text-align: center;\" data-fontsize=\"34\" data-lineheight=\"47.6px\"><span style=\"color: #003366;\"><strong>v Evropsk\u00e9m Dom\u011b Sv\u011btla J\u00f3gy v roce 2026<\/strong><\/span><\/h1>\n<hr \/>\n<h2 style=\"text-align: center;\" data-start=\"175\" data-end=\"238\"><span style=\"color: #003366;\"><strong data-start=\"179\" data-end=\"238\">Spojen\u00ed intenzivn\u00edho programu a hlubok\u00e9 vnit\u0159n\u00ed prom\u011bny<\/strong><\/span><\/h2>\n<p data-start=\"240\" data-end=\"483\"><span style=\"color: #003366;\">Skal\u00e1rn\u00ed j\u00f3gov\u00e9 retreaty pod veden\u00edm doyena j\u00f3gy prof. Predraga Niki\u0107e jsou mezin\u00e1rodn\u011b uzn\u00e1v\u00e1ny pro svou mimo\u0159\u00e1dnou intenzitu a hlubok\u00e9 energetick\u00e9 transforma\u010dn\u00ed procesy, kter\u00e9 p\u0159irozen\u011b vedou k vnit\u0159n\u00edmu posunu, roz\u0161\u00ed\u0159en\u00ed v\u011bdom\u00ed a probuzen\u00ed.<\/span><\/p>\n<p data-start=\"485\" data-end=\"666\"><span style=\"color: #003366;\">Pokud hled\u00e1te skute\u010dn\u011b pohlcuj\u00edc\u00ed transforma\u010dn\u00ed z\u00e1\u017eitek, kter\u00fd p\u0159esahuje b\u011b\u017enou j\u00f3govou praxi, na\u0161e skal\u00e1rn\u00ed j\u00f3gov\u00e9 retreaty pod veden\u00edm zku\u0161en\u00fdch mistr\u016f j\u00f3gy jsou ur\u010deny pr\u00e1v\u011b v\u00e1m.<\/span><\/p>\n<p data-start=\"485\" data-end=\"666\"><img decoding=\"async\" class=\"aligncenter\" src=\"https:\/\/www.yoga-ac.eu\/wp-content\/uploads\/2024\/01\/benefit-plus.jpg\" alt=\"Yoga Retreats - \" \/><\/p>\n<h2 style=\"text-align: left;\" data-start=\"673\" data-end=\"726\"><span style=\"color: #003366;\"><strong data-start=\"677\" data-end=\"724\">Nadch\u00e1zej\u00edc\u00ed retreaty a \u0161kolen\u00ed v roce 2026<\/strong><\/span><\/h2>\n<h2 style=\"text-align: left;\" data-start=\"727\" data-end=\"757\"><span style=\"color: #003366;\"><strong data-start=\"727\" data-end=\"757\">Evropsk\u00fd D\u016fm Sv\u011btla J\u00f3gy<\/strong><\/span><\/h2>\n<p data-start=\"759\" data-end=\"906\"><span style=\"color: #003366;\">Objevte jedine\u010dn\u00e9 programy, kter\u00e9 propojuj\u00ed intenzivn\u00ed praxi, hlubokou meditaci a v\u011bdomou pr\u00e1ci s energi\u00ed v prost\u0159ed\u00ed klidu, ticha a \u010dist\u00e9 p\u0159\u00edrody.<\/span><\/p>\n<h2 style=\"text-align: left;\" data-start=\"913\" data-end=\"959\"><span style=\"color: #003366;\"><strong data-start=\"917\" data-end=\"959\">Skal\u00e1rn\u00ed j\u00f3gov\u00e9 t\u00e1bory (Yoga Retreats)<\/strong><\/span><\/h2>\n<p data-start=\"961\" data-end=\"1087\"><span style=\"color: #003366;\">Pokud tou\u017e\u00edte po hlubok\u00e9m vnit\u0159n\u00edm ponoru a autentick\u00e9 transformaci, zveme v\u00e1s na na\u0161e skal\u00e1rn\u00ed j\u00f3gov\u00e9 retreaty.<\/span><\/p>\n<p data-start=\"961\" data-end=\"1087\"><br data-start=\"1073\" data-end=\"1076\" \/><span style=\"color: #003366;\">\u010cekaj\u00ed v\u00e1s:<\/span><\/p>\n<ul data-start=\"1089\" data-end=\"1244\">\n<li data-start=\"1089\" data-end=\"1121\">\n<p data-start=\"1091\" data-end=\"1121\"><span style=\"color: #003366;\">veden\u00e9 meditace a lekce j\u00f3gy<\/span><\/p>\n<\/li>\n<li data-start=\"1122\" data-end=\"1172\">\n<p data-start=\"1124\" data-end=\"1172\"><span style=\"color: #003366;\">medita\u010dn\u00ed workshopy v srdci p\u0159\u00edrodn\u00ed rezervace<\/span><\/p>\n<\/li>\n<li data-start=\"1173\" data-end=\"1202\">\n<p data-start=\"1175\" data-end=\"1202\"><span style=\"color: #003366;\">energoterapeutick\u00e1 sezen\u00ed<\/span><\/p>\n<\/li>\n<li data-start=\"1203\" data-end=\"1244\">\n<p data-start=\"1205\" data-end=\"1244\"><span style=\"color: #003366;\">k\u00edrtanov\u00e9 ve\u010dery a satsangy s Mistrem<\/span><\/p>\n<\/li>\n<\/ul>\n<p data-start=\"1246\" data-end=\"1311\"><span style=\"color: #003366;\">To v\u0161e v atmosf\u00e9\u0159e vnit\u0159n\u00edho ticha, podpory a p\u0159irozen\u00e9 harmonie.<\/span><\/p>\n<hr \/>\n<h2 data-start=\"1313\" data-end=\"1464\"><span style=\"color: #003366;\"><strong>Prohl\u00e9dn\u011bte si nab\u00eddku program\u016f pro rok 2026. Kliknut\u00edm na jednotliv\u00e9 retreaty v menu n\u00ed\u017ee z\u00edsk\u00e1te podrobn\u00e9 informace a m\u016f\u017eete si rezervovat sv\u00e9 m\u00edsto.<\/strong><\/span><\/h2>\n<hr \/>\n<\/div><style type=\"text\/css\">.fusion-accordian  #accordion-2220-1 .panel-title a .fa-fusion-box{ color: #ffffff;}.fusion-accordian  #accordion-2220-1 .panel-title a .fa-fusion-box:before{ font-size: 13px; width: 13px;}.fusion-accordian  #accordion-2220-1 .panel-title a{font-size:13px;}.fusion-accordian  #accordion-2220-1 .fa-fusion-box { background-color: #000080;border-color: #000080;}.fusion-accordian  #accordion-2220-1 .panel-title a:hover, #accordion-2220-1 .fusion-toggle-boxed-mode:hover .panel-title a { color: #4e02ff;}.fusion-accordian  #accordion-2220-1 .panel-title .active .fa-fusion-box,.fusion-accordian  #accordion-2220-1 .panel-title a:hover .fa-fusion-box { background-color: #4e02ff!important;border-color: #4e02ff!important;}<\/style><div class=\"accordian fusion-accordian\"><div class=\"panel-group\" id=\"accordion-2220-1\" role=\"tablist\"><div class=\"fusion-panel panel-default\" role=\"tabpanel\"><div class=\"panel-heading\"><h4 class=\"panel-title toggle\"><a aria-expanded=\"false\" aria-selected=\"false\" aria-controls=\"0062ad27083fa093a\" role=\"tab\" data-toggle=\"collapse\" data-parent=\"#accordion-2220-1\" data-target=\"#0062ad27083fa093a\" href=\"#0062ad27083fa093a\"><span class=\"fusion-toggle-icon-wrapper\" aria-hidden=\"true\"><i class=\"fa-fusion-box\"><\/i><\/span><span class=\"fusion-toggle-heading\">7DENN\u00cd VELK\u00dd MEZIN\u00c1RODN\u00cd SCALARN\u00cd J\u00d3GOV\u00dd RETREAT \u201eSAMVID\u201c: 3.\u20139. \u010dervence 2026<\/span><\/a><\/h4><\/div><div id=\"0062ad27083fa093a\" class=\"panel-collapse collapse \"><div class=\"panel-body toggle-content fusion-clearfix\">\n<h1 style=\"text-align: center;\"><span style=\"color: #003366;\"><strong><span style=\"font-size: 31px;\">MEZIN\u00c1RODN\u00cd SKAL\u00c1RN\u00cd<\/span><\/strong><\/span><br \/>\n<span style=\"color: #003366;\"><strong><span style=\"font-size: 31px;\">J\u00d3GOV\u00dd RETREAT<\/span><\/strong><strong><span style=\"font-size: 31px;\">\u200b\u200b <\/span><\/strong><\/span><span style=\"color: #003366;\"><strong><span style=\"font-size: 31px;\">SAMVID<\/span><\/strong><\/span><\/h1>\n<p style=\"text-align: center;\"><span style=\"font-size: 14px; color: #003366;\"><span style=\"font-size: 18px;\"><strong><span style=\"font-family: Ubuntu, sans-serif;\">3.\u20139. \u010dervence 2026\u00a0<\/span><\/strong><\/span><\/span><\/p>\n<p style=\"text-align: center;\"><span style=\"font-size: 14px; color: #003366;\"><strong><span style=\"font-size: 20px;\">Vzd\u011bl\u00e1vac\u00ed a retreatov\u00e9 centrum <\/span><\/strong><\/span><span style=\"font-size: 14px; color: #003366;\"><strong><span style=\"font-size: 20px;\"><a style=\"color: #003366;\" href=\"https:\/\/www.yoga-ac.eu\/cs\/evropsky-chram-svetla-jogy\/\" target=\"_blank\" rel=\"noopener\">Evropsk\u00fd D\u016fm Sv\u011btla J\u00f3gy<\/a><\/span><\/strong><\/span><\/p>\n<p><img loading=\"lazy\" decoding=\"async\" class=\"wp-image-1545 aligncenter\" src=\"https:\/\/www.yoga-ac.eu\/wp-content\/uploads\/2024\/09\/20240807_150712-300x225.jpg\" alt=\"yoga, community, retreat, ashram, ytt, 2025\" width=\"868\" height=\"651\" srcset=\"https:\/\/www.yoga-ac.eu\/wp-content\/uploads\/2024\/09\/20240807_150712-200x150.jpg 200w, https:\/\/www.yoga-ac.eu\/wp-content\/uploads\/2024\/09\/20240807_150712-300x225.jpg 300w, https:\/\/www.yoga-ac.eu\/wp-content\/uploads\/2024\/09\/20240807_150712-400x300.jpg 400w, https:\/\/www.yoga-ac.eu\/wp-content\/uploads\/2024\/09\/20240807_150712-600x450.jpg 600w, https:\/\/www.yoga-ac.eu\/wp-content\/uploads\/2024\/09\/20240807_150712-768x576.jpg 768w, https:\/\/www.yoga-ac.eu\/wp-content\/uploads\/2024\/09\/20240807_150712-800x600.jpg 800w, https:\/\/www.yoga-ac.eu\/wp-content\/uploads\/2024\/09\/20240807_150712-1024x768.jpg 1024w, https:\/\/www.yoga-ac.eu\/wp-content\/uploads\/2024\/09\/20240807_150712-1200x900.jpg 1200w, https:\/\/www.yoga-ac.eu\/wp-content\/uploads\/2024\/09\/20240807_150712-1536x1152.jpg 1536w\" sizes=\"auto, (max-width: 868px) 100vw, 868px\" \/><\/p>\n<p style=\"text-align: left;\"><span style=\"font-size: 17px; color: #003366;\">Skal\u00e1rn\u00ed j\u00f3ga retreat \u201eSAMVID\u201c v\u00e1m poskytne jedine\u010dn\u00fd z\u00e1\u017eitek, kter\u00fd v\u00e1s podpo\u0159\u00ed v ment\u00e1ln\u00edm, emo\u010dn\u00edm i duchovn\u00edm rozvoji.<\/span><\/p>\n<p style=\"text-align: left;\"><span style=\"font-size: 17px; color: #003366;\">Pono\u0159me se do pole hlubok\u00e9 bd\u011bl\u00e9 p\u0159\u00edtomnosti, kde se mysl uklid\u0148uje a vnit\u0159n\u00ed jasnost se p\u0159irozen\u011b odhaluje.<\/span><\/p>\n<p style=\"text-align: left;\"><span style=\"font-size: 17px; color: #003366;\">P\u0159ibli\u017eme se zku\u0161enosti vnit\u0159n\u00edho centra (AHAM), ze kter\u00e9ho je \u017eivot pro\u017e\u00edv\u00e1n celistv\u011b a stabiln\u011b. Samvid nen\u00ed \u00fanikem ze sv\u011bta, ale n\u00e1vratem k sob\u011b \u2013 k m\u00edstu, ze kter\u00e9ho se \u017eivot \u017eije jasn\u011bji, klidn\u011bji a napln\u011bn\u011bji.<\/span><\/p>\n<p style=\"text-align: left;\"><span style=\"font-size: 17px; color: #003366;\">Je ten prav\u00fd \u010das propojit se se sebou (AHAM), s vnit\u0159n\u00edmi prostory radosti, spokojenosti a bla\u017eenosti.<\/span><\/p>\n<p style=\"text-align: left;\"><span style=\"font-size: 17px; color: #003366;\">Chcete prohloubit svou dosavadn\u00ed j\u00f3govou praxi, nau\u010dit se nov\u00e9 dovednosti a prozkoumat r\u016fzn\u00e9 aspekty sv\u00e9ho byt\u00ed?<\/span><\/p>\n<p style=\"text-align: left;\"><span style=\"font-size: 17px; color: #003366;\">P\u0159ipojte se k velk\u00e9 rodin\u011b jog\u00edn\u016f a u\u010ditel\u016f, kter\u00e1 podporuje a inspiruje.<\/span><\/p>\n<p style=\"text-align: left;\"><span style=\"font-size: 17px; color: #003366;\">Skal\u00e1rn\u00ed j\u00f3ga retreat \u201eSAMVID\u201c je ide\u00e1ln\u00ed p\u0159\u00edle\u017eitost\u00ed pro osobn\u00ed rozvoj, navazov\u00e1n\u00ed kontakt\u016f a sd\u00edlen\u00ed zku\u0161enostn\u00ed s kolegyn\u011bmi a kolegy z cel\u00e9ho sv\u011bta.<\/span><\/p>\n<p><img loading=\"lazy\" decoding=\"async\" class=\" wp-image-1553 aligncenter\" src=\"https:\/\/www.yoga-ac.eu\/wp-content\/uploads\/2024\/09\/20240706_082735-225x300.jpg\" alt=\"yoga, community, retreat, ashram, ytt, 2025\" width=\"476\" height=\"635\" srcset=\"https:\/\/www.yoga-ac.eu\/wp-content\/uploads\/2024\/09\/20240706_082735-200x267.jpg 200w, https:\/\/www.yoga-ac.eu\/wp-content\/uploads\/2024\/09\/20240706_082735-225x300.jpg 225w, https:\/\/www.yoga-ac.eu\/wp-content\/uploads\/2024\/09\/20240706_082735-400x533.jpg 400w, https:\/\/www.yoga-ac.eu\/wp-content\/uploads\/2024\/09\/20240706_082735-600x800.jpg 600w, https:\/\/www.yoga-ac.eu\/wp-content\/uploads\/2024\/09\/20240706_082735-768x1024.jpg 768w, https:\/\/www.yoga-ac.eu\/wp-content\/uploads\/2024\/09\/20240706_082735-800x1067.jpg 800w, https:\/\/www.yoga-ac.eu\/wp-content\/uploads\/2024\/09\/20240706_082735-1152x1536.jpg 1152w, https:\/\/www.yoga-ac.eu\/wp-content\/uploads\/2024\/09\/20240706_082735-1200x1600.jpg 1200w, https:\/\/www.yoga-ac.eu\/wp-content\/uploads\/2024\/09\/20240706_082735-1536x2048.jpg 1536w, https:\/\/www.yoga-ac.eu\/wp-content\/uploads\/2024\/09\/20240706_082735-scaled.jpg 1920w\" sizes=\"auto, (max-width: 476px) 100vw, 476px\" \/><\/p>\n<p><img loading=\"lazy\" decoding=\"async\" class=\"aligncenter wp-image-1541\" src=\"https:\/\/www.yoga-ac.eu\/wp-content\/uploads\/2024\/09\/20240706_213404-scaled-e1725277151205.jpg\" alt=\"yoga, community, retreat, ashram, ytt, 2025 \" width=\"841\" height=\"631\" \/><\/p>\n<h4><span style=\"color: #003366;\"><span style=\"font-size: 18px;\"><strong>J\u00d3GOV\u00dd RETREAT \u201eSAMVID\u201c je tematicky zam\u011b\u0159en na <\/strong><\/span><span style=\"font-size: 18px;\"><strong>OSVOBOZEN\u00cd OD P\u0158EK\u00c1\u017dEK, KTER\u00c9 N\u00c1S BRZD\u00cd V TOM,\u00a0ABYCHOM <\/strong><\/span><span style=\"font-size: 18px;\"><strong>S PLN\u00ddM V\u011aDOM\u00cdM PRO\u017d\u00cdVALI RADOST V KA\u017dDODENN\u00cdM \u017dIVOT\u011a.<\/strong><\/span><\/span><\/h4>\n<p>Budete se \u00fa\u010dastnit energetick\u00fdch seanc\u00ed s mezin\u00e1rodn\u00edm mistrem j\u00f3gy, profesorem Niki\u0107em, workshop\u016f, aktivit a hudebn\u00edch kirtanov\u00fdch ve\u010der\u016f. Budete moci vychutn\u00e1vat kr\u00e1su a klid p\u0159\u00edrody, stejn\u011b jako teplo a p\u0159\u00e1telstv\u00ed lid\u00ed se stejn\u00fdm zam\u011b\u0159en\u00edm.<\/p>\n<p>Skal\u00e1rn\u00ed j\u00f3ga retreat \u201eSAMVID\u201c zahrnuje rozs\u00e1hl\u00fd program, kter\u00fd pokr\u00fdv\u00e1 r\u016fzn\u00e9 styly a \u00farovn\u011b j\u00f3gy \u2013 od klasick\u00e9 Hatha j\u00f3gy, Siddha-siddhi j\u00f3gy a\u017e po modern\u00ed J\u00f3gy Hormon\u00e1ln\u00e9 rovnov\u00e1hy, Zlat\u00e9 Kundalini j\u00f3gy, Nada j\u00f3gy, pro za\u010d\u00e1te\u010dn\u00edky ale tak\u00e9 pro pokro\u010dil\u00e9.<\/p>\n<p>Skal\u00e1rn\u00ed j\u00f3ga retreat \u201eSAMVID\u201c je v\u00edce ne\u017e jen retreat. Je to prostor pro cestu sebepozn\u00e1n\u00ed a transformaci, kde budete m\u00edt p\u0159\u00edle\u017eitost pono\u0159it se hloub\u011bji do vlastn\u00edho j\u00e1 \u2013 sv\u00e9 podstaty, sv\u00e9ho j\u00e1dra, uzdravit r\u00e1ny minulosti a osvobodit sv\u016fj tv\u016fr\u010d\u00ed potenci\u00e1l.<\/p>\n<hr \/>\n<p><strong>REZERVACE \u00da\u010cASTI:<\/strong><\/p>\n<p>Abyste si rezervovali sv\u00e9 m\u00edsto, kontaktujte n\u00e1s pros\u00edm e-mailem: <strong>yogalight.eu@gmail.com<\/strong><\/p>\n<p><strong>nebo telefonicky (WhatsApp\/Viber): +420 773 922 790, +420 608 212 949<\/strong><\/p>\n<p><strong>S velkou radost\u00ed v\u00e1s p\u0159iv\u00edt\u00e1me v Evropsk\u00e9m Dom\u011b Sv\u011btla J\u00f3gy a na \u00fa\u010dasti ve Velk\u00e9m skal\u00e1rn\u00edm j\u00f3ga retreatu \u201eSamvid\u201c.<\/strong><\/p>\n<\/div><\/div><\/div><div class=\"fusion-panel panel-default\" role=\"tabpanel\"><div class=\"panel-heading\"><h4 class=\"panel-title toggle\"><a aria-expanded=\"false\" aria-selected=\"false\" aria-controls=\"7885e19687beaf950\" role=\"tab\" data-toggle=\"collapse\" data-parent=\"#accordion-2220-1\" data-target=\"#7885e19687beaf950\" href=\"#7885e19687beaf950\"><span class=\"fusion-toggle-icon-wrapper\" aria-hidden=\"true\"><i class=\"fa-fusion-box\"><\/i><\/span><span class=\"fusion-toggle-heading\">3DENN\u00cd TRANSFORMA\u010cN\u00cd V\u00cdKEND S PROFESOREM: 3.\u20135. \u010dervence, 17.\u201319. \u010dervence, 24.\u201326. \u010dervence<\/span><\/a><\/h4><\/div><div id=\"7885e19687beaf950\" class=\"panel-collapse collapse \"><div class=\"panel-body toggle-content fusion-clearfix\">\n<div>\n<div class=\"fusion-text fusion-text-1\">\n<h1 class=\"fusion-responsive-typography-calculated\" style=\"text-align: center;\" data-fontsize=\"18\" data-lineheight=\"27px\"><span style=\"color: #003366;\">Transforma\u010dn\u00ed v\u00edkend s profesorem Niki\u0107em<\/span><\/h1>\n<p style=\"text-align: center;\"><span style=\"color: #003366;\"><strong>Datum ud\u00e1losti<\/strong>: 3.\u20135. \u010dervence, 17.\u201319. \u010dervence, 24.\u201326. \u010dervence 2026<\/span><\/p>\n<p style=\"text-align: center;\"><span style=\"color: #003366;\"><strong>M\u00edsto kon\u00e1n\u00ed<\/strong>: European House of Yoga Light, reziden\u010dn\u00ed a vzd\u011bl\u00e1vac\u00ed centrum<\/span><\/p>\n<p><img loading=\"lazy\" decoding=\"async\" class=\"wp-image-668 aligncenter\" src=\"https:\/\/www.yoga-ac.eu\/wp-content\/uploads\/2023\/12\/yoga-therapy-energotherapy-1200x735-1-300x184.jpg\" alt=\"Transformative Weekend with Yoga Master\" width=\"958\" height=\"587\" srcset=\"https:\/\/www.yoga-ac.eu\/wp-content\/uploads\/2023\/12\/yoga-therapy-energotherapy-1200x735-1-200x123.jpg 200w, https:\/\/www.yoga-ac.eu\/wp-content\/uploads\/2023\/12\/yoga-therapy-energotherapy-1200x735-1-300x184.jpg 300w, https:\/\/www.yoga-ac.eu\/wp-content\/uploads\/2023\/12\/yoga-therapy-energotherapy-1200x735-1-400x245.jpg 400w, https:\/\/www.yoga-ac.eu\/wp-content\/uploads\/2023\/12\/yoga-therapy-energotherapy-1200x735-1-600x368.jpg 600w, https:\/\/www.yoga-ac.eu\/wp-content\/uploads\/2023\/12\/yoga-therapy-energotherapy-1200x735-1-768x470.jpg 768w, https:\/\/www.yoga-ac.eu\/wp-content\/uploads\/2023\/12\/yoga-therapy-energotherapy-1200x735-1-800x490.jpg 800w, https:\/\/www.yoga-ac.eu\/wp-content\/uploads\/2023\/12\/yoga-therapy-energotherapy-1200x735-1-1024x627.jpg 1024w, https:\/\/www.yoga-ac.eu\/wp-content\/uploads\/2023\/12\/yoga-therapy-energotherapy-1200x735-1.jpg 1200w\" sizes=\"auto, (max-width: 958px) 100vw, 958px\" \/><\/p>\n<\/div>\n<\/div>\n<p><span style=\"color: #003366;\">B\u011bhem pobytu na t\u0159\u00eddenn\u00edm t\u00e1bo\u0159e obdr\u017e\u00edte od U\u010ditele osobn\u00ed program, kter\u00fd budete aplikovat, a kter\u00fd je zam\u011b\u0159en na v\u00e1\u0161 rozvoj. Po skon\u010den\u00ed t\u00e1bora m\u016f\u017eete v programu pokra\u010dovat praktikov\u00e1n\u00edm doma.<\/span><\/p>\n<p><span style=\"color: #003366;\"><strong>Osobn\u00ed rozvojov\u00fd program<\/strong><\/span><\/p>\n<p><span style=\"color: #003366;\">Osobn\u00ed program dostanete na z\u00e1klad\u011b individu\u00e1ln\u00ed konzultace s profesorem Niki\u0107em. Je navr\u017een tak, aby ovlivnil zlep\u0161en\u00ed v\u0161ech dimenz\u00ed va\u0161eho \u017eivota: prevenci zdravotn\u00edch probl\u00e9m\u016f, emocion\u00e1ln\u00ed \u017eivot, zlep\u0161en\u00ed ment\u00e1ln\u00edch proces\u016f (zlep\u0161en\u00ed koncentrace a pam\u011bti), ale i kreativn\u00ed dimenzi va\u0161\u00ed bytosti.<\/span><\/p>\n<p><span style=\"color: #003366;\">Program transforma\u010dn\u00edho v\u00edkendu s profesorem<\/span><br \/>\n<span style=\"color: #003366;\">B\u011bhem osobn\u00edch konzultac\u00ed s profesorem Niki\u0107em budete m\u00edt mo\u017enost sd\u00edlet zku\u0161enosti, my\u0161lenky a pochybnosti, kter\u00e9 pova\u017eujete za d\u016fle\u017eit\u00e9 pro Va\u0161i rozvojovou cestu.<\/span><\/p>\n<p><span style=\"color: #003366;\"><strong>Osobn\u00ed konzultace<\/strong><\/span><\/p>\n<p><span style=\"color: #003366;\">\u010c\u00e1st programu je v\u011bnov\u00e1na ur\u010den\u00ed Va\u0161\u00ed d\u00f3\u0161i, tedy dominantn\u00ed energetick\u00e9 s\u00edly, kter\u00e1 \u0159\u00edd\u00ed funkce Va\u0161\u00ed mysli a t\u011bla. V souladu s Va\u0161\u00edm typem d\u00f3\u0161i obdr\u017e\u00edte doporu\u010den\u00ed pro stravu a rady, kter\u00e9 V\u00e1m pomohou dos\u00e1hnout a udr\u017eovat rovnov\u00e1hu.<\/span><\/p>\n<p><span style=\"color: #003366;\"><strong>Ur\u010den\u00ed d\u00f3\u0161i<\/strong><\/span><\/p>\n<p><span style=\"color: #003366;\">Energetick\u00e1 podpora je ned\u00edlnou sou\u010d\u00e1st\u00ed transforma\u010dn\u00edho v\u00edkendu s profesorem. B\u011bhem energetick\u00e9 podpory se mnoho probl\u00e9m\u016f (energetick\u00fdch z\u00e1dr\u017e\u00ed) rozpou\u0161t\u00ed. Z energetick\u00e9ho pole miz\u00ed \u201eblok\u00e1dy\u201c, kter\u00e9 naru\u0161ovaly norm\u00e1ln\u00ed pulsaci \u017eivotn\u011b d\u016fle\u017eit\u00fdch energi\u00ed pot\u0159ebn\u00fdch pro harmonick\u00e9 zdrav\u00ed.<\/span><\/p>\n<p><span style=\"color: #003366;\"><strong>Energetick\u00e1 podpora<\/strong><\/span><\/p>\n<p><span style=\"color: #003366;\">V r\u00e1mci tohoto programu obdr\u017e\u00edte doporu\u010den\u00ed pro osvojen\u00ed zdrav\u00fdch \u017eivotn\u00edch n\u00e1vyk\u016f bez n\u00e1mahy, doporu\u010den\u00ed pro p\u00e9\u010di o t\u011blo, doporu\u010den\u00ed a techniky pro pos\u00edlen\u00ed&#8230;<\/span><\/p>\n<p><span style=\"color: #003366;\"><strong>Vzd\u011bl\u00e1vac\u00ed program<\/strong><\/span><\/p>\n<ol>\n<li><span style=\"color: #003366;\">Program \u00e1san ur\u010den\u00fd k pro\u010di\u0161t\u011bn\u00ed energetick\u00fdch kan\u00e1l\u016f a pos\u00edlen\u00ed t\u011bla i prostoru kolem t\u011bla \u2013 energetick\u00e9ho pole.<\/span><\/li>\n<li><span style=\"color: #003366;\">Hodiny j\u00f3gy<\/span><\/li>\n<li><span style=\"color: #003366;\">V r\u00e1mci osobn\u00edho programu obdr\u017e\u00edte s\u00e9rii kr\u00e1tk\u00fdch energetick\u00fdch cvi\u010den\u00ed podle Va\u0161ich pot\u0159eb.<\/span><\/li>\n<li><span style=\"color: #003366;\">Kr\u00e1tk\u00e1 energetick\u00e1 cvi\u010den\u00ed<\/span><\/li>\n<\/ol>\n<h3><span style=\"color: #003366;\"><strong>\u010cast\u00e9 dotazy<\/strong><\/span><\/h3>\n<p><span style=\"color: #003366;\"><strong>Kdo se m\u016f\u017ee p\u0159ihl\u00e1sit do tohoto programu?<\/strong><\/span><\/p>\n<p><span style=\"color: #003366;\">Program je ur\u010den i t\u011bm, kte\u0159\u00ed se s j\u00f3gou nikdy p\u0159edt\u00edm nesetkali. Ka\u017ed\u00fd, kdo c\u00edt\u00ed pot\u0159ebu p\u0159\u00edm\u00e9 podpory, vy\u0159e\u0161en\u00ed nejasnost\u00ed a odstran\u011bn\u00ed p\u0159ek\u00e1\u017eek na cest\u011b k radostn\u00e9mu a napln\u011bn\u00e9mu \u017eivotu, se m\u016f\u017ee p\u0159ihl\u00e1sit k \u00fa\u010dasti.<\/span><\/p>\n<p><span style=\"color: #003366;\"><strong>Mohu dostat personalizovan\u00fd program?<\/strong><\/span><\/p>\n<p><span style=\"color: #003366;\">Transforma\u010dn\u00ed jogov\u00fd v\u00edkend s profesorem zahrnuje: ubytov\u00e1n\u00ed v a\u0161ramu Evropsk\u00e9ho Chr\u00e1mu Sv\u011btla Jogy, 2 vegansk\u00e1 nebo vegatari\u00e1nsk\u00e1 j\u00eddla denn\u011b, konzultaci s profesorem, energoterapeutick\u00e1 sezen\u00ed, vytvo\u0159en\u00ed osobn\u00edho programu a v\u0161echny aktivity transforma\u010dn\u00edho jogov\u00e9ho v\u00edkendu.<\/span><\/p>\n<p><span style=\"color: #003366;\"><strong>Jak se dostanu do Evropsk\u00e9ho Dom\u011b Sv\u011btla J\u00f3gy?<\/strong><\/span><\/p>\n<p><span style=\"color: #003366;\">Do na\u0161eho \u00e1\u0161ramu se dostanete vlakem do Chot\u011bbo\u0159e, na Vyso\u010din\u011b. M\u016f\u017eete p\u0159ijet i vlastn\u00ed dopravou.<\/span><\/p>\n<hr \/>\n<p><span style=\"color: #003366;\"><strong>REZERVACE \u00da\u010cASTI:<\/strong><\/span><\/p>\n<p><span style=\"color: #003366;\">Abyste si rezervovali sv\u00e9 m\u00edsto, kontaktujte n\u00e1s pros\u00edm e-mailem: <\/span><strong><span style=\"color: #003366;\">yogalight.eu@gmail.com<\/span><\/strong><\/p>\n<p><strong><span style=\"color: #003366;\">nebo telefonicky (nebo WhatsApp\/Viber): +420 773 922 790, +420 608 212 949<\/span><\/strong><\/p>\n<p><strong><span style=\"color: #003366;\">S velkou radost\u00ed v\u00e1s p\u0159iv\u00edt\u00e1me v Evropsk\u00e9m Dom\u011b Sv\u011btla J\u00f3gy na Vyso\u010din\u011b.<\/span><\/strong><\/p>\n<\/div><\/div><\/div><div class=\"fusion-panel panel-default\" role=\"tabpanel\"><div class=\"panel-heading\"><h4 class=\"panel-title toggle\"><a aria-expanded=\"false\" aria-selected=\"false\" aria-controls=\"97949c58f5c1a7fb4\" role=\"tab\" data-toggle=\"collapse\" data-parent=\"#accordion-2220-1\" data-target=\"#97949c58f5c1a7fb4\" href=\"#97949c58f5c1a7fb4\"><span class=\"fusion-toggle-icon-wrapper\" aria-hidden=\"true\"><i class=\"fa-fusion-box\"><\/i><\/span><span class=\"fusion-toggle-heading\">3DENN\u00cd REGENERA\u010cN\u00cd J\u00d3GOV\u00dd V\u00cdKEND: 17.\u201319. \u010dervence 2026<\/span><\/a><\/h4><\/div><div id=\"97949c58f5c1a7fb4\" class=\"panel-collapse collapse \"><div class=\"panel-body toggle-content fusion-clearfix\">\n<h3 style=\"text-align: center;\"><\/h3>\n<h1 style=\"text-align: center;\"><span style=\"color: #003366;\"><strong>REGENERA\u010cN\u00cd J\u00d3GOV\u00dd V\u00cdKEND<\/strong><\/span><\/h1>\n<h1 style=\"text-align: center;\"><span style=\"color: #003366;\"><strong>L\u00c9\u010cIV\u00c1 J\u00d3GA<\/strong><\/span><\/h1>\n<p style=\"text-align: center;\"><span style=\"color: #003366;\"><strong>Datum ud\u00e1losti<\/strong>: 17.\u201319. \u010dervence 2026<\/span><\/p>\n<p style=\"text-align: center;\"><span style=\"color: #003366;\"><strong>M\u00edsto kon\u00e1n\u00ed<\/strong>: European House of Yoga Light, reziden\u010dn\u00ed a vzd\u011bl\u00e1vac\u00ed centrum<\/span><\/p>\n<h2 style=\"text-align: center;\"><strong><span style=\"color: #003366;\">L\u00e9\u010div\u00e1 j\u00f3ga n\u00e1m nab\u00edz\u00ed jedine\u010dnou p\u0159\u00edle\u017eitost nal\u00e9zt vnit\u0159n\u00ed rovnov\u00e1hu, <\/span><\/strong><\/h2>\n<h2 style=\"text-align: center;\"><strong><span style=\"color: #003366;\">obnovit na\u0161i energii a znovu z\u00edskat d\u016fv\u011bru ve vlastn\u00ed s\u00edlu.<\/span><\/strong><\/h2>\n<p><img loading=\"lazy\" decoding=\"async\" class=\"wp-image-1511 aligncenter\" src=\"https:\/\/www.yoga-ac.eu\/wp-content\/uploads\/2024\/09\/20240706_081127-300x225.jpg\" alt=\"\" width=\"819\" height=\"614\" srcset=\"https:\/\/www.yoga-ac.eu\/wp-content\/uploads\/2024\/09\/20240706_081127-200x150.jpg 200w, https:\/\/www.yoga-ac.eu\/wp-content\/uploads\/2024\/09\/20240706_081127-300x225.jpg 300w, https:\/\/www.yoga-ac.eu\/wp-content\/uploads\/2024\/09\/20240706_081127-400x300.jpg 400w, https:\/\/www.yoga-ac.eu\/wp-content\/uploads\/2024\/09\/20240706_081127-600x450.jpg 600w, https:\/\/www.yoga-ac.eu\/wp-content\/uploads\/2024\/09\/20240706_081127-768x576.jpg 768w, https:\/\/www.yoga-ac.eu\/wp-content\/uploads\/2024\/09\/20240706_081127-800x600.jpg 800w, https:\/\/www.yoga-ac.eu\/wp-content\/uploads\/2024\/09\/20240706_081127-1024x768.jpg 1024w, https:\/\/www.yoga-ac.eu\/wp-content\/uploads\/2024\/09\/20240706_081127-1200x900.jpg 1200w, https:\/\/www.yoga-ac.eu\/wp-content\/uploads\/2024\/09\/20240706_081127-1536x1152.jpg 1536w\" sizes=\"auto, (max-width: 819px) 100vw, 819px\" \/><\/p>\n<h3 data-fontsize=\"16\" data-lineheight=\"24px\"><span style=\"color: #003366;\">Skrze v\u011bdom\u00fd pohyb, dechov\u00e1 cvi\u010den\u00ed a meditaci m\u016f\u017eeme zklidnit mysl, zregenerovat t\u011blo a spojit se s hlubok\u00fdm pocitem klidu a harmonie. Praxe le\u010div\u00e9 j\u00f3gy n\u00e1m p\u0159ipom\u00edn\u00e1, \u017ee s\u00edla a stabilita vych\u00e1zej\u00ed z na\u0161eho nitra, a pom\u00e1h\u00e1 n\u00e1m rozv\u00edjet odolnost v\u016f\u010di v\u00fdzv\u00e1m ka\u017edodenn\u00edho \u017eivota.<\/span><\/h3>\n<p><strong><span style=\"color: #003366;\">Zlep\u0161ete sv\u00e9 zdrav\u00ed a vitalitu<\/span><\/strong><\/p>\n<p><span style=\"color: #003366;\">J\u00f3gov\u00fd reterat le\u010div\u00e9 j\u00f3gy je ide\u00e1ln\u00ed zp\u016fsob, jak udr\u017eet pru\u017enost t\u011bla, pos\u00edlit svaly, zlep\u0161it rovnov\u00e1hu a podpo\u0159it du\u0161evn\u00ed pohodu v pr\u016fb\u011bhu let.<\/span><\/p>\n<p><span style=\"color: #003366;\">Ka\u017ed\u00fd rok \u017eivota, ve kter\u00e9m se nach\u00e1z\u00edme, je t\u00edm nejlep\u0161\u00edm rokem na\u0161eho \u017eivota, pokud se v\u011bnujeme zdrav\u00ed, hled\u00e1n\u00ed moudrosti a \u017eivotn\u00ed radosti.<\/span><\/p>\n<h3><span style=\"color: #003366;\"><strong>P\u0159\u00ednosy cvi\u010den\u00ed Le\u010div\u00e9 j\u00f3gy<\/strong><\/span><\/h3>\n<p><span style=\"color: #003366;\">Jemn\u00e9 protahov\u00e1n\u00ed p\u0159i le\u010div\u00e9 j\u00f3ze pom\u00e1h\u00e1 zlep\u0161it a udr\u017eovat pohyblivost kloub\u016f, \u010d\u00edm\u017e sni\u017euje ztuhlost a nepohodl\u00ed.<\/span><\/p>\n<p><span style=\"color: #003366;\">Cvi\u010den\u00ed rovnov\u00e1\u017en\u00fdch pozic nav\u00edc podporuje koncentraci a propojen\u00ed t\u011bla a mysli.<\/span><\/p>\n<p><span style=\"color: #003366;\">Pravideln\u00e1 praxe pom\u00e1h\u00e1 uvolnit nap\u011bt\u00ed v t\u011ble, zklidnit mysl a vyrovnat se s ka\u017edodenn\u00edmi v\u00fdzvami.<\/span><\/p>\n<p><span style=\"color: #003366;\">Cvi\u010den\u00ed le\u010div\u00e9 j\u00f3gy v\u00fdrazn\u011b zlep\u0161uje kvalitu sp\u00e1nku t\u00edm, \u017ee pom\u00e1h\u00e1 uklidnit mysl, uvolnit t\u011blo a sn\u00ed\u017eit \u00farove\u0148 stresu.<\/span><\/p>\n<p><span style=\"color: #003366;\">Le\u010div\u00e1 j\u00f3ga p\u0159isp\u00edv\u00e1 ke zlep\u0161en\u00ed zdrav\u00ed t\u00edm, \u017ee harmonizuje t\u011blo i mysl. D\u00edky spojen\u00ed pohybu, dechu a meditace zvy\u0161uje energetickou \u00farove\u0148 a p\u0159isp\u00edv\u00e1 k celkov\u00e9 kvalit\u011b \u017eivota.<\/span><\/p>\n<p><img loading=\"lazy\" decoding=\"async\" class=\"size-medium wp-image-1487 aligncenter\" src=\"https:\/\/www.yoga-ac.eu\/wp-content\/uploads\/2024\/09\/IMG_20240607_190931_457-300x300.jpg\" alt=\"YOGA, RETREAT, SENIORS, ELDERS\" width=\"300\" height=\"300\" srcset=\"https:\/\/www.yoga-ac.eu\/wp-content\/uploads\/2024\/09\/IMG_20240607_190931_457-66x66.jpg 66w, https:\/\/www.yoga-ac.eu\/wp-content\/uploads\/2024\/09\/IMG_20240607_190931_457-150x150.jpg 150w, https:\/\/www.yoga-ac.eu\/wp-content\/uploads\/2024\/09\/IMG_20240607_190931_457-200x200.jpg 200w, https:\/\/www.yoga-ac.eu\/wp-content\/uploads\/2024\/09\/IMG_20240607_190931_457-300x300.jpg 300w, https:\/\/www.yoga-ac.eu\/wp-content\/uploads\/2024\/09\/IMG_20240607_190931_457-400x400.jpg 400w, https:\/\/www.yoga-ac.eu\/wp-content\/uploads\/2024\/09\/IMG_20240607_190931_457-600x600.jpg 600w, https:\/\/www.yoga-ac.eu\/wp-content\/uploads\/2024\/09\/IMG_20240607_190931_457-768x768.jpg 768w, https:\/\/www.yoga-ac.eu\/wp-content\/uploads\/2024\/09\/IMG_20240607_190931_457-800x800.jpg 800w, https:\/\/www.yoga-ac.eu\/wp-content\/uploads\/2024\/09\/IMG_20240607_190931_457-1024x1024.jpg 1024w, https:\/\/www.yoga-ac.eu\/wp-content\/uploads\/2024\/09\/IMG_20240607_190931_457-1200x1200.jpg 1200w, https:\/\/www.yoga-ac.eu\/wp-content\/uploads\/2024\/09\/IMG_20240607_190931_457-1536x1536.jpg 1536w\" sizes=\"auto, (max-width: 300px) 100vw, 300px\" \/><\/p>\n<p><span style=\"color: #003366;\"><strong>Co v\u00e1s \u010dek\u00e1 na retreatu:<\/strong><\/span><\/p>\n<ul>\n<li><span style=\"color: #003366;\">Rann\u00ed a ve\u010dern\u00ed lekce l\u00e9\u010div\u00e9 j\u00f3gy<\/span><\/li>\n<li><span style=\"color: #003366;\">Profesion\u00e1ln\u00ed podpora \u010dlen\u016f odborn\u00e9ho t\u00fdmu Evropsk\u00e9ho Dom\u011b Sv\u011btla J\u00f3gy<\/span><\/li>\n<li><span style=\"color: #003366;\">Ka\u017edodenn\u00ed lehk\u00e9 proch\u00e1zky a workshopy v p\u0159\u00edrod\u011b &#8211; propojen\u00ed s p\u0159\u00edrodn\u00edmi zdroji<\/span><\/li>\n<li><span style=\"color: #003366;\">Chutn\u00e9 a zdrav\u00e9 vegansk\u00e9 a vegetari\u00e1nsk\u00e9 j\u00eddlo<\/span><\/li>\n<li><span style=\"color: #003366;\">Meditace pro regeneraci a pos\u00edlen\u00ed<\/span><\/li>\n<li><span style=\"color: #003366;\">Energoterapie &#8211; s doyenem j\u00f3gy profesorem dr. Predragem Niki\u0107em<\/span><\/li>\n<li><span style=\"color: #003366;\">Hudebn\u00ed ve\u010dery s kirtanovou skupinou &#8222;Samadhi&#8220;<\/span><\/li>\n<\/ul>\n<p><img loading=\"lazy\" decoding=\"async\" class=\"wp-image-1503 aligncenter\" src=\"https:\/\/www.yoga-ac.eu\/wp-content\/uploads\/2024\/09\/20240705_182148-300x225.jpg\" alt=\"\" width=\"778\" height=\"583\" srcset=\"https:\/\/www.yoga-ac.eu\/wp-content\/uploads\/2024\/09\/20240705_182148-200x150.jpg 200w, https:\/\/www.yoga-ac.eu\/wp-content\/uploads\/2024\/09\/20240705_182148-300x225.jpg 300w, https:\/\/www.yoga-ac.eu\/wp-content\/uploads\/2024\/09\/20240705_182148-400x300.jpg 400w, https:\/\/www.yoga-ac.eu\/wp-content\/uploads\/2024\/09\/20240705_182148-600x450.jpg 600w, https:\/\/www.yoga-ac.eu\/wp-content\/uploads\/2024\/09\/20240705_182148-768x576.jpg 768w, https:\/\/www.yoga-ac.eu\/wp-content\/uploads\/2024\/09\/20240705_182148-800x600.jpg 800w, https:\/\/www.yoga-ac.eu\/wp-content\/uploads\/2024\/09\/20240705_182148-1024x768.jpg 1024w, https:\/\/www.yoga-ac.eu\/wp-content\/uploads\/2024\/09\/20240705_182148-1200x900.jpg 1200w, https:\/\/www.yoga-ac.eu\/wp-content\/uploads\/2024\/09\/20240705_182148-1536x1152.jpg 1536w\" sizes=\"auto, (max-width: 778px) 100vw, 778px\" \/><\/p>\n<p><span style=\"color: #003366;\">Program:<\/span><\/p>\n<ul>\n<li><span style=\"color: #003366;\">2 noc\u00ed v \u00e1\u0161ramu Evropsk\u00e9ho Dom\u011b Sv\u011btla J\u00f3gy<\/span><\/li>\n<li><span style=\"color: #003366;\">2 vegansk\u00e1 nebo vegetari\u00e1nska j\u00eddla denn\u011b v restauraci &#8222;ARKONA&#8220;.<\/span><\/li>\n<li><span style=\"color: #003366;\">4 lekc\u00ed j\u00f3gy * Pr\u00e1n\u00e1j\u00e1ma, \u00e1sany, dharana, dyana<\/span><\/li>\n<li><span style=\"color: #003366;\">5 d\u00e1rkov\u00fdch sezen\u00ed energoterapie s mistrem j\u00f3gy prof. Niki\u0107em<\/span><\/li>\n<li><span style=\"color: #003366;\">Konzultace o zdravotn\u00edm stavu a doporu\u010den\u00ed<\/span><\/li>\n<li><span style=\"color: #003366;\">3 hudebn\u00edch meditac\u00ed<\/span><\/li>\n<li><span style=\"color: #003366;\">2 medita\u010dn\u00edch propojen\u00ed se zdroji p\u0159\u00edrody<\/span><\/li>\n<li><span style=\"color: #003366;\">1 sezen\u00ed na hudebn\u00edm leh\u00e1tku<\/span><\/li>\n<li><span style=\"color: #003366;\">Prohl\u00eddky etno vesnice \u201dKladruby\u201d a \u00fadol\u00ed \u0159eky Doubravy<\/span><\/li>\n<\/ul>\n<p><span style=\"color: #003366;\"><strong>REZERVACE \u00da\u010cASTI:<\/strong><\/span><\/p>\n<p><span style=\"color: #003366;\">Abyste si rezervovali sv\u00e9 m\u00edsto, kontaktujte n\u00e1s pros\u00edm e-mailem: <\/span><strong><span style=\"color: #003366;\">yogalight.eu@gmail.com<\/span><\/strong><\/p>\n<p><strong><span style=\"color: #003366;\">nebo telefonicky (nebo WhatsApp\/Viber): +420 773 922 790, +420 608 212 949<\/span><\/strong><\/p>\n<p><strong><span style=\"color: #003366;\">S velkou radost\u00ed v\u00e1s p\u0159iv\u00edt\u00e1me v Evropsk\u00e9m Dom\u011b Sv\u011btla J\u00f3gy na Vyso\u010din\u011b.<\/span><\/strong><\/p>\n<\/div><\/div><\/div><div class=\"fusion-panel panel-default\" role=\"tabpanel\"><div class=\"panel-heading\"><h4 class=\"panel-title toggle\"><a aria-expanded=\"false\" aria-selected=\"false\" aria-controls=\"5d8db127f4ea91892\" role=\"tab\" data-toggle=\"collapse\" data-parent=\"#accordion-2220-1\" data-target=\"#5d8db127f4ea91892\" href=\"#5d8db127f4ea91892\"><span class=\"fusion-toggle-icon-wrapper\" aria-hidden=\"true\"><i class=\"fa-fusion-box\"><\/i><\/span><span class=\"fusion-toggle-heading\">3DENN\u00cd J\u00d3GOV\u00dd RETREAT PRO P\u00c1RY: 12.\u201314. \u010dervence 2026<\/span><\/a><\/h4><\/div><div id=\"5d8db127f4ea91892\" class=\"panel-collapse collapse \"><div class=\"panel-body toggle-content fusion-clearfix\">\n<h1 style=\"text-align: center;\"><span style=\"color: #003366;\">J\u00d3GA PRO P\u00c1RY<\/span><\/h1>\n<p style=\"text-align: center;\"><span style=\"color: #003366;\"><strong>Datum ud\u00e1losti<\/strong>: 12.\u201314. \u010dervence 2026<\/span><\/p>\n<p style=\"text-align: center;\"><span style=\"color: #003366;\"><strong>M\u00edsto kon\u00e1n\u00ed<\/strong>: European House of Yoga Light, reziden\u010dn\u00ed a vzd\u011bl\u00e1vac\u00ed centrum, Vyso\u010dina<\/span><\/p>\n<p><img loading=\"lazy\" decoding=\"async\" class=\"wp-image-1536 aligncenter\" src=\"https:\/\/www.yoga-ac.eu\/wp-content\/uploads\/2024\/09\/IMG_3155-200x300.jpg\" alt=\"YOGA, FOR COUPLES PAIR\" width=\"635\" height=\"953\" srcset=\"https:\/\/www.yoga-ac.eu\/wp-content\/uploads\/2024\/09\/IMG_3155-200x300.jpg 200w, https:\/\/www.yoga-ac.eu\/wp-content\/uploads\/2024\/09\/IMG_3155-400x600.jpg 400w, https:\/\/www.yoga-ac.eu\/wp-content\/uploads\/2024\/09\/IMG_3155-600x900.jpg 600w, https:\/\/www.yoga-ac.eu\/wp-content\/uploads\/2024\/09\/IMG_3155-683x1024.jpg 683w, https:\/\/www.yoga-ac.eu\/wp-content\/uploads\/2024\/09\/IMG_3155-768x1152.jpg 768w, https:\/\/www.yoga-ac.eu\/wp-content\/uploads\/2024\/09\/IMG_3155-800x1200.jpg 800w, https:\/\/www.yoga-ac.eu\/wp-content\/uploads\/2024\/09\/IMG_3155-1024x1536.jpg 1024w, https:\/\/www.yoga-ac.eu\/wp-content\/uploads\/2024\/09\/IMG_3155-1200x1800.jpg 1200w, https:\/\/www.yoga-ac.eu\/wp-content\/uploads\/2024\/09\/IMG_3155-1365x2048.jpg 1365w, https:\/\/www.yoga-ac.eu\/wp-content\/uploads\/2024\/09\/IMG_3155-scaled.jpg 1707w\" sizes=\"auto, (max-width: 635px) 100vw, 635px\" \/><\/p>\n<p><span style=\"color: #003366;\"><strong>Oboha\u0165te sv\u016fj vztah<\/strong><\/span><\/p>\n<p><span style=\"color: #003366;\">V\u00edkendov\u00fd j\u00f3gov\u00fd retreat pro p\u00e1ry je ide\u00e1ln\u00ed p\u0159\u00edle\u017eitost\u00ed, jak prohloubit v\u00e1\u0161 vztah s partnerem! V p\u0159\u00edrodn\u00edm prost\u0159ed\u00ed Evropsk\u00e9ho Chr\u00e1mu Sv\u011btla J\u00f3gy, tento retreat nab\u00edz\u00ed dokonalou kombinaci relaxace a j\u00f3gov\u00fdch technik.<\/span><\/p>\n<p><span style=\"color: #003366;\"><strong>V\u00fdhody spole\u010dn\u00e9ho cvi\u010den\u00ed<\/strong><\/span><\/p>\n<p><span style=\"color: #003366;\">Partnersk\u00e1 j\u00f3ga pom\u00e1h\u00e1 zlep\u0161it komunikaci, d\u016fv\u011bru a vz\u00e1jemnou podporu a podporuje hlub\u0161\u00ed spojen\u00ed mezi partnery.<\/span><\/p>\n<p><span style=\"color: #003366;\">J\u00f3gov\u00e9 pozice a techniky pro p\u00e1ry podporuj\u00ed v\u011bt\u0161\u00ed m\u00edru bl\u00edzkosti, otev\u0159enosti a citov\u00e9ho spojen\u00ed.<\/span><\/p>\n<p><span style=\"color: #003366;\">Spole\u010dn\u00e9 cvi\u010den\u00ed j\u00f3gy pom\u00e1h\u00e1 odbour\u00e1vat stres a \u00fazkost, vytv\u00e1\u0159\u00ed klidnou a harmonickou atmosf\u00e9ru a pevnou oporu v partnerovi.<\/span><\/p>\n<p><span style=\"color: #003366;\">Spole\u010dn\u00e9 zapojen\u00ed do cvi\u010den\u00ed v\u0161\u00edmavosti vede k lep\u0161\u00edmu vz\u00e1jemn\u00e9mu porozum\u011bn\u00ed.<\/span><\/p>\n<p><span style=\"color: #003366;\">Tr\u00e1ven\u00ed kvalitn\u00edho \u010dasu spole\u010dn\u011b, daleko od vn\u011bj\u0161\u00edch ru\u0161iv\u00fdch vliv\u016f posiluje v\u00e1\u0161 vztah a obnovuje va\u0161e spojen\u00ed.<\/span><\/p>\n<p><img loading=\"lazy\" decoding=\"async\" class=\"wp-image-1538 aligncenter\" src=\"https:\/\/www.yoga-ac.eu\/wp-content\/uploads\/2024\/09\/IMG_3236-200x300.jpg\" alt=\"\" width=\"962\" height=\"1443\" srcset=\"https:\/\/www.yoga-ac.eu\/wp-content\/uploads\/2024\/09\/IMG_3236-200x300.jpg 200w, https:\/\/www.yoga-ac.eu\/wp-content\/uploads\/2024\/09\/IMG_3236-400x600.jpg 400w, https:\/\/www.yoga-ac.eu\/wp-content\/uploads\/2024\/09\/IMG_3236-600x900.jpg 600w, https:\/\/www.yoga-ac.eu\/wp-content\/uploads\/2024\/09\/IMG_3236-683x1024.jpg 683w, https:\/\/www.yoga-ac.eu\/wp-content\/uploads\/2024\/09\/IMG_3236-768x1152.jpg 768w, https:\/\/www.yoga-ac.eu\/wp-content\/uploads\/2024\/09\/IMG_3236-800x1200.jpg 800w, https:\/\/www.yoga-ac.eu\/wp-content\/uploads\/2024\/09\/IMG_3236-1024x1536.jpg 1024w, https:\/\/www.yoga-ac.eu\/wp-content\/uploads\/2024\/09\/IMG_3236-1200x1800.jpg 1200w, https:\/\/www.yoga-ac.eu\/wp-content\/uploads\/2024\/09\/IMG_3236-1365x2048.jpg 1365w, https:\/\/www.yoga-ac.eu\/wp-content\/uploads\/2024\/09\/IMG_3236-scaled.jpg 1707w\" sizes=\"auto, (max-width: 962px) 100vw, 962px\" \/><\/p>\n<p><span style=\"color: #003366;\"><strong>Co v\u00e1s \u010dek\u00e1 na retreatu?<\/strong><\/span><\/p>\n<ol>\n<li><span style=\"color: #003366;\">Cvi\u010den\u00ed j\u00f3gy s partnerem m\u016f\u017ee b\u00fdt n\u00e1dhern\u00fdm zp\u016fsobem, jak prohloubit a pos\u00edlit v\u00e1\u0161 vztah.<\/span><\/li>\n<li><span style=\"color: #003366;\">Hodiny j\u00f3gy<\/span><\/li>\n<li><span style=\"color: #003366;\">Veden\u00e9 meditace<\/span><\/li>\n<li><span style=\"color: #003366;\">Workshopy v p\u0159\u00edrod\u011b<\/span><\/li>\n<\/ol>\n<h3><span style=\"color: #003366;\"><strong>\u010cast\u00e9 ot\u00e1zky<\/strong><\/span><\/h3>\n<p><span style=\"color: #003366;\"><strong>Mohu se p\u0159ihl\u00e1sit na retreat, i kdy\u017e m\u016fj partner necvi\u010d\u00ed j\u00f3gu?<\/strong><\/span><\/p>\n<p><span style=\"color: #003366;\">Odpov\u011b\u010f je \u2013 ano. Tento retreat nevy\u017eaduje \u017e\u00e1dn\u00e9 p\u0159edchoz\u00ed znalosti nebo zku\u0161enosti s j\u00f3gou. Program Yoga retreatu pro p\u00e1ry je p\u0159izp\u016fsoben ka\u017ed\u00e9mu jednotlivci, v\u010detn\u011b t\u011bch, kte\u0159\u00ed se j\u00f3gou dosud nikdy nezab\u00fdvali.<\/span><\/p>\n<p><span style=\"color: #003366;\"><strong>Mohu se z\u00fa\u010dastnit retreatu bez partnera?<\/strong><\/span><\/p>\n<p><span style=\"color: #003366;\">Samoz\u0159ejm\u011b, pokud se v\u00e1\u0161 partner nem\u016f\u017ee z\u00fa\u010dastnit nebo moment\u00e1ln\u011b nem\u00e1te partnera, m\u016f\u017eete se retreatu z\u00fa\u010dastnit a nau\u010dit se techniky j\u00f3gy pro p\u00e1ry, kter\u00e9 m\u016f\u017eete pozd\u011bji praktikovat doma.<\/span><\/p>\n<p><span style=\"color: #003366;\"><strong>Co retreat obsahuje?<\/strong><\/span><\/p>\n<p><span style=\"color: #003366;\">Ubytov\u00e1n\u00ed s polopenz\u00ed (2 noci v \u00e1\u0161ramu Evropsk\u00e9ho chr\u00e1mu sv\u011btla j\u00f3gy v \u010cR, 2 vegetariansk\u00e1 nebo vegansk\u00e1 j\u00eddla denn\u011b), lekce j\u00f3gy pro p\u00e1ry, osobn\u00ed konzultaci s mistrem j\u00f3gy profesorem Niki\u0107em, hudebn\u00ed meditace za doprovodu k\u00edrtanov\u00e9 skupiny Samadhi, medita\u010dn\u00ed propojen\u00ed se zdroji p\u0159irody, energoterapie s mistrem j\u00f3gy prof. Niki\u0107em a dal\u0161\u00ed aktivity retreatov\u00e9ho programu j\u00f3gy pro p\u00e1ry.<\/span><\/p>\n<p><span style=\"color: #003366;\"><strong>Jak se dostanu do Evropsk\u00e9ho Dom\u011b sv\u011btla j\u00f3gy?<\/strong><\/span><\/p>\n<p><span style=\"color: #003366;\">Do na\u0161eho \u00e1\u0161ramu se dostanete vlakem do Chot\u011bbo\u0159e. M\u016f\u017eete p\u0159ijet i vlastn\u00ed dopravou.<\/span><\/p>\n<hr \/>\n<p><span style=\"color: #003366;\"><strong>REZERVACE \u00da\u010cASTI:<\/strong><\/span><\/p>\n<p><span style=\"color: #003366;\">Abyste si rezervovali sv\u00e9 m\u00edsto, kontaktujte n\u00e1s pros\u00edm e-mailem: <\/span><strong><span style=\"color: #003366;\">yogalight.eu@gmail.com<\/span><\/strong><\/p>\n<p><strong><span style=\"color: #003366;\">nebo telefonicky (nebo WhatsApp\/Viber): +420 773 922 790, +420 608 212 949<\/span><\/strong><\/p>\n<p><strong><span style=\"color: #003366;\">S velkou radost\u00ed v\u00e1s p\u0159iv\u00edt\u00e1me v Evropsk\u00e9m Dom\u011b Sv\u011btla J\u00f3gy na Vyso\u010din\u011b.<\/span><\/strong><\/p>\n<\/div><\/div><\/div><div class=\"fusion-panel panel-default\" role=\"tabpanel\"><div class=\"panel-heading\"><h4 class=\"panel-title toggle\"><a aria-expanded=\"false\" aria-selected=\"false\" aria-controls=\"bf1a616f8f0d3b822\" role=\"tab\" data-toggle=\"collapse\" data-parent=\"#accordion-2220-1\" data-target=\"#bf1a616f8f0d3b822\" href=\"#bf1a616f8f0d3b822\"><span class=\"fusion-toggle-icon-wrapper\" aria-hidden=\"true\"><i class=\"fa-fusion-box\"><\/i><\/span><span class=\"fusion-toggle-heading\">3DENN\u00cd RETREAT N\u00c1DA J\u00d3GA \u2013 V\u00cdKEND KOSMICK\u00c9 VIBRACE: 12.\u201314. \u010dervence 2026<\/span><\/a><\/h4><\/div><div id=\"bf1a616f8f0d3b822\" class=\"panel-collapse collapse \"><div class=\"panel-body toggle-content fusion-clearfix\">\n<h1 style=\"text-align: center;\"><span style=\"color: #003366;\">N\u00c1DA J\u00d3GA &#8211; kosmick\u00e9 vibrace<\/span><\/h1>\n<p style=\"text-align: center;\"><span style=\"color: #003366;\"><strong>Datum ud\u00e1losti<\/strong>: 12.\u201314. \u010dervence 2026<\/span><\/p>\n<p style=\"text-align: center;\"><span style=\"color: #003366;\"><strong>M\u00edsto kon\u00e1n\u00ed<\/strong>: European House of Yoga Light, reziden\u010dn\u00ed a vzd\u011bl\u00e1vac\u00ed centrum<\/span><\/p>\n<p style=\"text-align: center;\"><strong><span style=\"color: #003366;\">N\u00e1da j\u00f3ga je starod\u00e1vn\u00e1 praxe, kter\u00e1 vyu\u017e\u00edv\u00e1 vibrace a zvuky k dosa\u017een\u00ed vnit\u0159n\u00edho klidu a duchovn\u00edho probuzen\u00ed.<\/span><\/strong><\/p>\n<p style=\"text-align: center;\"><strong><span style=\"color: #003366;\">N\u00e1da j\u00f3ga vn\u00edma v\u0161eobs\u00e1hl\u00fd vesm\u00edr a v\u0161e, co v n\u011bm existuje jako vibrace r\u016fzn\u00e9 hustoty a slo\u017eitosti.<\/span><\/strong><\/p>\n<p><img loading=\"lazy\" decoding=\"async\" class=\"wp-image-1634 aligncenter\" src=\"https:\/\/www.yoga-ac.eu\/wp-content\/uploads\/2024\/09\/20240610_182556-225x300.jpg\" alt=\"kirtan_yoga_retreat_2025_europe_house_of_light_nada_yoga\" width=\"781\" height=\"1041\" srcset=\"https:\/\/www.yoga-ac.eu\/wp-content\/uploads\/2024\/09\/20240610_182556-200x267.jpg 200w, https:\/\/www.yoga-ac.eu\/wp-content\/uploads\/2024\/09\/20240610_182556-225x300.jpg 225w, https:\/\/www.yoga-ac.eu\/wp-content\/uploads\/2024\/09\/20240610_182556-400x533.jpg 400w, https:\/\/www.yoga-ac.eu\/wp-content\/uploads\/2024\/09\/20240610_182556-600x800.jpg 600w, https:\/\/www.yoga-ac.eu\/wp-content\/uploads\/2024\/09\/20240610_182556-768x1024.jpg 768w, https:\/\/www.yoga-ac.eu\/wp-content\/uploads\/2024\/09\/20240610_182556-800x1067.jpg 800w, https:\/\/www.yoga-ac.eu\/wp-content\/uploads\/2024\/09\/20240610_182556-1152x1536.jpg 1152w, https:\/\/www.yoga-ac.eu\/wp-content\/uploads\/2024\/09\/20240610_182556-1200x1600.jpg 1200w, https:\/\/www.yoga-ac.eu\/wp-content\/uploads\/2024\/09\/20240610_182556-1536x2048.jpg 1536w, https:\/\/www.yoga-ac.eu\/wp-content\/uploads\/2024\/09\/20240610_182556-scaled.jpg 1920w\" sizes=\"auto, (max-width: 781px) 100vw, 781px\" \/><\/p>\n<p><span style=\"color: #003366;\">Profesor Niki\u0107 v\u00e1s zve k duchovn\u00edmu pro\u017eitku N\u0101da j\u00f3gy, kter\u00e1 vn\u00edm\u00e1 cel\u00fd vesm\u00edr i v\u0161e, co v n\u011bm existuje, jako vibrace r\u016fzn\u00e9 hustoty a slo\u017eitosti, naz\u00fdvan\u00e9 n\u0101da. Hmota je vibra\u010dn\u00ed energie zhu\u0161t\u011bn\u00e1 do bodu viditelnosti.<\/span><\/p>\n<h3><span style=\"color: #003366;\"><strong>U\u010d\u00edme se o jemn\u00fdch vibrac\u00edch na\u0161eho j\u00e1dra &#8211; anhata<\/strong><\/span><\/h3>\n<p><span style=\"color: #003366;\">Jemn\u00fd zvuk &#8211; vibrace (anhata) je mimo dosah smysl\u016f. P\u0159edstavuje zvuk &#8211; vibraci &#8222;ticha&#8220;.<\/span><br \/>\n<span style=\"color: #003366;\">Anahata \u010dakra vyd\u00e1v\u00e1 vnit\u0159n\u00ed vibrace z j\u00e1dra na\u0161\u00ed bytosti, bez zprost\u0159edkov\u00e1n\u00ed smysl\u016f.<\/span><br \/>\n<span style=\"color: #003366;\">Vibrace a hudba (ach\u00e1t) jsou vibrace z prost\u0159ed\u00ed, kter\u00e9 se dostanou do mozku skrze smysly.<\/span><\/p>\n<p><span style=\"color: #003366;\">U\u010d\u00edme se vn\u00edmat a pro\u017e\u00edvat: jemn\u00e9 vnit\u0159n\u00ed vibrace na\u0161\u00ed bytosti &#8211; anahata a vibrace p\u0159ich\u00e1zej\u00edc\u00ed z prost\u0159ed\u00ed &#8211; ve form\u011b zvuk\u016f a hudby, ahat.<\/span><\/p>\n<p><span style=\"color: #003366;\">Jemn\u00e9 vibrace z j\u00e1dra anahata \u010dakry jsou spojeny s podstatou existence.<\/span><br \/>\n<span style=\"color: #003366;\">Jemn\u00e9 vibrace z j\u00e1dra jsou mocn\u00e9 a posv\u00e1tn\u00e9, kdy\u017e jsou dosa\u017eeny, zp\u0159\u00edstup\u0148uj\u00ed praktikuj\u00edc\u00edmu r\u016fzn\u00e9 mo\u017enosti.<\/span><\/p>\n<p><img loading=\"lazy\" decoding=\"async\" class=\" wp-image-1471 aligncenter\" src=\"https:\/\/www.yoga-ac.eu\/wp-content\/uploads\/2024\/08\/10356228_371975822965988_3596225805091257490_n-300x199.jpg\" alt=\"kirtan_yoga_retreat_2025_europe_house_of_light\" width=\"772\" height=\"512\" srcset=\"https:\/\/www.yoga-ac.eu\/wp-content\/uploads\/2024\/08\/10356228_371975822965988_3596225805091257490_n-200x133.jpg 200w, https:\/\/www.yoga-ac.eu\/wp-content\/uploads\/2024\/08\/10356228_371975822965988_3596225805091257490_n-300x199.jpg 300w, https:\/\/www.yoga-ac.eu\/wp-content\/uploads\/2024\/08\/10356228_371975822965988_3596225805091257490_n-400x265.jpg 400w, https:\/\/www.yoga-ac.eu\/wp-content\/uploads\/2024\/08\/10356228_371975822965988_3596225805091257490_n-600x398.jpg 600w, https:\/\/www.yoga-ac.eu\/wp-content\/uploads\/2024\/08\/10356228_371975822965988_3596225805091257490_n-768x510.jpg 768w, https:\/\/www.yoga-ac.eu\/wp-content\/uploads\/2024\/08\/10356228_371975822965988_3596225805091257490_n-800x531.jpg 800w, https:\/\/www.yoga-ac.eu\/wp-content\/uploads\/2024\/08\/10356228_371975822965988_3596225805091257490_n.jpg 960w\" sizes=\"auto, (max-width: 772px) 100vw, 772px\" \/><\/p>\n<p data-start=\"36\" data-end=\"280\"><span style=\"color: #003366;\">Praktik N\u00e1da J\u00f3gy si uv\u011bdomuje 9 r\u016fzn\u00fdch vnit\u0159n\u00edch vibra\u010dn\u00edch forem, ch\u00e1pe proudy aktivovan\u00e9 energie a z\u00edsk\u00e1v\u00e1 schopnost \u0159\u00eddit energie prost\u0159ednictv\u00edm vibrac\u00ed. \u00da\u010dastn\u00edci se u\u010d\u00ed dh\u00e1ranu a speci\u00e1ln\u00ed techniky pran\u00e1j\u00e1my, kter\u00e9 jim v tom pom\u00e1haj\u00ed.<\/span><\/p>\n<p data-start=\"282\" data-end=\"334\"><span style=\"color: #003366;\"><strong data-start=\"282\" data-end=\"332\">\u00da\u010dinky aplikace vibrace a rezonance N\u00e1da J\u00f3gy:<\/strong><\/span><\/p>\n<ul data-start=\"336\" data-end=\"669\">\n<li data-section-id=\"185k8im\" data-start=\"336\" data-end=\"399\">\n<p data-start=\"338\" data-end=\"399\"><span style=\"color: #003366;\">m\u016f\u017ee b\u00fdt prost\u0159edkem k dosa\u017een\u00ed hlub\u0161\u00ed jednoty s absolutnem<\/span><\/p>\n<\/li>\n<li data-section-id=\"mpqwq2\" data-start=\"400\" data-end=\"500\">\n<p data-start=\"402\" data-end=\"500\"><span style=\"color: #003366;\">normalizuje energetick\u00e9 pulzace \u010daker v energetick\u00e9m poli (EF) rozpou\u0161t\u011bn\u00edm energetick\u00fdch blok\u00e1d<\/span><\/p>\n<\/li>\n<li data-section-id=\"1b0ny4d\" data-start=\"501\" data-end=\"555\">\n<p data-start=\"503\" data-end=\"555\"><span style=\"color: #003366;\">m\u016f\u017ee b\u00fdt cestou ke zvy\u0161ov\u00e1n\u00ed vy\u0161\u0161\u00edch \u00farovn\u00ed v\u011bdom\u00ed<\/span><\/p>\n<\/li>\n<li data-section-id=\"4rvf6e\" data-start=\"556\" data-end=\"628\">\n<p data-start=\"558\" data-end=\"628\"><span style=\"color: #003366;\">propojuje n\u00e1s hloub\u011bji s kreativn\u00edmi dimenzemi na\u0161eho vlastn\u00edho byt\u00ed<\/span><\/p>\n<\/li>\n<li data-section-id=\"aji79d\" data-start=\"629\" data-end=\"669\">\n<p data-start=\"631\" data-end=\"669\"><span style=\"color: #003366;\">zlep\u0161uje regeneraci vit\u00e1ln\u00edch funkc\u00ed<\/span><\/p>\n<\/li>\n<\/ul>\n<p><span style=\"color: #003366;\"><strong>REZERVACE \u00da\u010cASTI:<\/strong><\/span><\/p>\n<p><span style=\"color: #003366;\">Abyste si rezervovali sv\u00e9 m\u00edsto, kontaktujte n\u00e1s pros\u00edm e-mailem: <\/span><strong><span style=\"color: #003366;\">yogalight.eu@gmail.com<\/span><\/strong><\/p>\n<p><strong><span style=\"color: #003366;\">nebo telefonicky (nebo WhatsApp\/Viber): +420 773 922 790, +420 608 212 949<\/span><\/strong><\/p>\n<p><strong><span style=\"color: #003366;\">S velkou radost\u00ed v\u00e1s p\u0159iv\u00edt\u00e1me v Evropsk\u00e9m Dom\u011b Sv\u011btla J\u00f3gy na Vyso\u010din\u011b.<\/span><\/strong><\/p>\n<\/div><\/div><\/div><div class=\"fusion-panel panel-default\" role=\"tabpanel\"><div class=\"panel-heading\"><h4 class=\"panel-title toggle\"><a aria-expanded=\"false\" aria-selected=\"false\" aria-controls=\"d1708b3349d9d4f27\" role=\"tab\" data-toggle=\"collapse\" data-parent=\"#accordion-2220-1\" data-target=\"#d1708b3349d9d4f27\" href=\"#d1708b3349d9d4f27\"><span class=\"fusion-toggle-icon-wrapper\" aria-hidden=\"true\"><i class=\"fa-fusion-box\"><\/i><\/span><span class=\"fusion-toggle-heading\">3DENN\u00cd V\u00cdKEND ZLAT\u00c9 MEDITA\u010cN\u00cd J\u00d3GY: 17.\u201319. \u010dervence 2026<\/span><\/a><\/h4><\/div><div id=\"d1708b3349d9d4f27\" class=\"panel-collapse collapse \"><div class=\"panel-body toggle-content fusion-clearfix\">\n<h1 style=\"text-align: center;\"><span style=\"color: #003366;\">J\u00d3GOV\u00dd V\u00cdKEND \u201eZLAT\u00c1 MEDITACE\u201c<\/span><\/h1>\n<p style=\"text-align: center;\"><span style=\"color: #003366;\"><strong>Datum ud\u00e1losti<\/strong>: 17.\u201319. \u010dervence 2026<\/span><\/p>\n<p style=\"text-align: center;\"><span style=\"color: #003366;\"><strong>M\u00edsto kon\u00e1n\u00ed<\/strong>: European House of Yoga Light, reziden\u010dn\u00ed a vzd\u011bl\u00e1vac\u00ed centrum<\/span><\/p>\n<p><img loading=\"lazy\" decoding=\"async\" class=\" wp-image-1562 aligncenter\" src=\"https:\/\/www.yoga-ac.eu\/wp-content\/uploads\/2024\/09\/20240807_151018-225x300.jpg\" alt=\"YOGA, RETREAT, 2025, WEEKEND, INTENSIVE, MEDITATION, GOLDEN, RAJA, ASHRAM, EUROPE\" width=\"484\" height=\"645\" srcset=\"https:\/\/www.yoga-ac.eu\/wp-content\/uploads\/2024\/09\/20240807_151018-200x267.jpg 200w, https:\/\/www.yoga-ac.eu\/wp-content\/uploads\/2024\/09\/20240807_151018-225x300.jpg 225w, https:\/\/www.yoga-ac.eu\/wp-content\/uploads\/2024\/09\/20240807_151018-400x533.jpg 400w, https:\/\/www.yoga-ac.eu\/wp-content\/uploads\/2024\/09\/20240807_151018-600x800.jpg 600w, https:\/\/www.yoga-ac.eu\/wp-content\/uploads\/2024\/09\/20240807_151018-768x1024.jpg 768w, https:\/\/www.yoga-ac.eu\/wp-content\/uploads\/2024\/09\/20240807_151018-800x1067.jpg 800w, https:\/\/www.yoga-ac.eu\/wp-content\/uploads\/2024\/09\/20240807_151018-1152x1536.jpg 1152w, https:\/\/www.yoga-ac.eu\/wp-content\/uploads\/2024\/09\/20240807_151018-1200x1600.jpg 1200w, https:\/\/www.yoga-ac.eu\/wp-content\/uploads\/2024\/09\/20240807_151018-1536x2048.jpg 1536w, https:\/\/www.yoga-ac.eu\/wp-content\/uploads\/2024\/09\/20240807_151018-scaled.jpg 1920w\" sizes=\"auto, (max-width: 484px) 100vw, 484px\" \/><\/p>\n<p><span style=\"color: #003366;\">Zlat\u00e1 j\u00f3gov\u00e1 meditace je metoda seberozvoje, kter\u00e1 n\u00e1s vede p\u0159\u00edmo k nejhlub\u0161\u00edmu skryt\u00e9mu tajemstv\u00ed o tom, k\u00fdm jsme, k \u010dist\u00e9mu a bezprost\u0159edn\u00edmu vhledu do v\u011bdom\u00ed a hlubok\u00e9mu a jasn\u00e9mu sebeuv\u011bdom\u011bn\u00ed si toho, kdo jsme, co jsme a pro\u010d jsme tady.<\/span><\/p>\n<p><img loading=\"lazy\" decoding=\"async\" class=\"wp-image-1567 aligncenter\" src=\"https:\/\/www.yoga-ac.eu\/wp-content\/uploads\/2024\/09\/20240807_150511-300x225.jpg\" alt=\"YOGA, MEDITATION, RETREAT, 2025, ASHRAM, EUROPE\" width=\"603\" height=\"452\" srcset=\"https:\/\/www.yoga-ac.eu\/wp-content\/uploads\/2024\/09\/20240807_150511-200x150.jpg 200w, https:\/\/www.yoga-ac.eu\/wp-content\/uploads\/2024\/09\/20240807_150511-300x225.jpg 300w, https:\/\/www.yoga-ac.eu\/wp-content\/uploads\/2024\/09\/20240807_150511-400x300.jpg 400w, https:\/\/www.yoga-ac.eu\/wp-content\/uploads\/2024\/09\/20240807_150511-600x450.jpg 600w, https:\/\/www.yoga-ac.eu\/wp-content\/uploads\/2024\/09\/20240807_150511-768x576.jpg 768w, https:\/\/www.yoga-ac.eu\/wp-content\/uploads\/2024\/09\/20240807_150511-800x600.jpg 800w, https:\/\/www.yoga-ac.eu\/wp-content\/uploads\/2024\/09\/20240807_150511-1024x768.jpg 1024w, https:\/\/www.yoga-ac.eu\/wp-content\/uploads\/2024\/09\/20240807_150511-1200x900.jpg 1200w, https:\/\/www.yoga-ac.eu\/wp-content\/uploads\/2024\/09\/20240807_150511-1536x1152.jpg 1536w\" sizes=\"auto, (max-width: 603px) 100vw, 603px\" \/><\/p>\n<p><span style=\"color: #003366;\">Bhagwan Shri Rajneesh &#8211; Osho, jako prvn\u00ed odhalil koncept meditace zlat\u00e9 j\u00f3gy v Pune v Indii.<\/span><\/p>\n<p><span style=\"color: #003366;\">Vede n\u00e1s ke zdroji a d\u00e1v\u00e1 n\u00e1m odpov\u011b\u010f na ot\u00e1zku KDO JSEM?<\/span><\/p>\n<p><span style=\"color: #003366;\">Technika zlat\u00e9 meditace se p\u0159ed\u00e1v\u00e1 z \u010dlov\u011bka na \u010dlov\u011bka jako efektivn\u00ed a siln\u00fd proces transformace.<\/span><\/p>\n<p><span style=\"color: #003366;\">\u0160\u00ed\u0159\u00ed se po cel\u00e9m sv\u011bt\u011b, relativn\u011b rychle, po cel\u00e1 desetilet\u00ed bez internetu, e-mailu a soci\u00e1ln\u00edch s\u00edt\u00ed od ucha k uchu opravdov\u00fdch hleda\u010d\u016f.<\/span><\/p>\n<p><span style=\"color: #003366;\">L\u00e9\u010div\u00fd meditativn\u00ed z\u00e1\u017eitek jednoty v kr\u00e1sn\u00e9m p\u0159\u00edrodn\u00edm prost\u0159ed\u00ed pod odborn\u00fdm veden\u00edm profesora. Meditace je u\u017eite\u010dn\u00fdm n\u00e1strojem ve va\u0161em ka\u017edodenn\u00edm \u017eivot\u011b.<\/span><\/p>\n<p><span style=\"color: #003366;\">Je to cesta k vnit\u0159n\u00ed kr\u00e1se, povznesen\u00ed a pohod\u011b. Zlat\u00fd potenci\u00e1l, kter\u00fd je odhalen a kter\u00fd se nach\u00e1z\u00ed v ka\u017ed\u00e9m z n\u00e1s, je skv\u011bl\u00fdm z\u00e1kladem a oporou pro \u00fasp\u011bch a rozvoj na cest\u011b osobn\u00edho zdokonalov\u00e1n\u00ed a zm\u011bny.<\/span><\/p>\n<hr \/>\n<p><strong><span style=\"color: #003366;\">REZERVACE \u00da\u010cASTI:<\/span><\/strong><\/p>\n<p><span style=\"color: #003366;\">Abyste si rezervovali sv\u00e9 m\u00edsto, kontaktujte n\u00e1s pros\u00edm e-mailem: <\/span><strong><span style=\"color: #003366;\">yogalight.eu@gmail.com<\/span><\/strong><\/p>\n<p><strong><span style=\"color: #003366;\">nebo telefonicky (nebo WhatsApp\/Viber): +420 773 922 790, +420 608 212 949<\/span><\/strong><\/p>\n<p><strong><span style=\"color: #003366;\">S velkou radost\u00ed v\u00e1s p\u0159iv\u00edt\u00e1me v Evropsk\u00e9m Dom\u011b Sv\u011btla J\u00f3gy na Vyso\u010din\u011b.<\/span><\/strong><\/p>\n<\/div><\/div><\/div><div class=\"fusion-panel panel-default\" role=\"tabpanel\"><div class=\"panel-heading\"><h4 class=\"panel-title toggle\"><a aria-expanded=\"false\" aria-selected=\"false\" aria-controls=\"0632d5f8455f2427e\" role=\"tab\" data-toggle=\"collapse\" data-parent=\"#accordion-2220-1\" data-target=\"#0632d5f8455f2427e\" href=\"#0632d5f8455f2427e\"><span class=\"fusion-toggle-icon-wrapper\" aria-hidden=\"true\"><i class=\"fa-fusion-box\"><\/i><\/span><span class=\"fusion-toggle-heading\">3DENN\u00cd J\u00d3GOV\u00dd RETREAT PRO UM\u011aLCE A MILOVN\u00cdKY UM\u011aN\u00cd: 17.\u201319. \u010dervence 2026<\/span><\/a><\/h4><\/div><div id=\"0632d5f8455f2427e\" class=\"panel-collapse collapse \"><div class=\"panel-body toggle-content fusion-clearfix\">\n<h1 style=\"text-align: center;\" data-fontsize=\"18\" data-lineheight=\"23.94px\"><span style=\"color: #003366;\">V\u00edkendov\u00fd j\u00f3gov\u00fd retreat pro um\u011blce a milovn\u00edky um\u011bn\u00ed<\/span><\/h1>\n<p style=\"text-align: center;\" data-start=\"59\" data-end=\"101\"><span style=\"color: #003366;\"><strong data-start=\"59\" data-end=\"77\">Term\u00edn kon\u00e1n\u00ed:<\/strong> 17.\u201319. \u010dervence 2026<\/span><\/p>\n<p style=\"text-align: center;\" data-start=\"103\" data-end=\"213\" data-is-last-node=\"\" data-is-only-node=\"\"><span style=\"color: #003366;\"><strong data-start=\"103\" data-end=\"120\">M\u00edsto kon\u00e1n\u00ed:<\/strong> Evropsk\u00fd D\u016fm Sv\u011btla J\u00f3gy, reziden\u010dn\u00ed a vzd\u011bl\u00e1vac\u00ed j\u00f3gov\u00e9 retreatov\u00e9 centrum<\/span><\/p>\n<p><img loading=\"lazy\" decoding=\"async\" class=\" wp-image-1477 aligncenter\" src=\"https:\/\/www.yoga-ac.eu\/wp-content\/uploads\/2024\/08\/kirtan-yoga-camp-2023-yfe-4-300x199.jpg\" alt=\"ART, YOGA, RETREAT, ARTIST, ARTISTS\" width=\"763\" height=\"506\" srcset=\"https:\/\/www.yoga-ac.eu\/wp-content\/uploads\/2024\/08\/kirtan-yoga-camp-2023-yfe-4-200x133.jpg 200w, https:\/\/www.yoga-ac.eu\/wp-content\/uploads\/2024\/08\/kirtan-yoga-camp-2023-yfe-4-300x199.jpg 300w, https:\/\/www.yoga-ac.eu\/wp-content\/uploads\/2024\/08\/kirtan-yoga-camp-2023-yfe-4-400x265.jpg 400w, https:\/\/www.yoga-ac.eu\/wp-content\/uploads\/2024\/08\/kirtan-yoga-camp-2023-yfe-4-600x398.jpg 600w, https:\/\/www.yoga-ac.eu\/wp-content\/uploads\/2024\/08\/kirtan-yoga-camp-2023-yfe-4-768x510.jpg 768w, https:\/\/www.yoga-ac.eu\/wp-content\/uploads\/2024\/08\/kirtan-yoga-camp-2023-yfe-4-800x531.jpg 800w, https:\/\/www.yoga-ac.eu\/wp-content\/uploads\/2024\/08\/kirtan-yoga-camp-2023-yfe-4.jpg 960w\" sizes=\"auto, (max-width: 763px) 100vw, 763px\" \/><\/p>\n<p style=\"text-align: center;\" data-start=\"47\" data-end=\"120\"><span style=\"color: #003366;\"><strong data-start=\"47\" data-end=\"93\">J\u00f3ga v\u00fdhradn\u011b pro um\u011blce a milovn\u00edky um\u011bn\u00ed<\/strong><\/span><br data-start=\"93\" data-end=\"96\" \/><span style=\"color: #003366;\"><strong data-start=\"96\" data-end=\"118\">Um\u011bn\u00ed jako posl\u00e1n\u00ed<\/strong><\/span><\/p>\n<p data-start=\"122\" data-end=\"382\"><span style=\"color: #003366;\">Regenera\u010dn\u00ed program ur\u010den\u00fd t\u011bm, pro kter\u00e9 je um\u011bn\u00ed sm\u011brem a \u017eivotn\u00edm posl\u00e1n\u00edm! Um\u011blce z r\u016fzn\u00fdch zem\u00ed spoj\u00ed tv\u016fr\u010d\u00ed energie j\u00f3gy. Tis\u00edcilet\u00e1 tradice j\u00f3gy pom\u00e1h\u00e1 um\u011blc\u016fm b\u00fdt inspirov\u00e1ni, vyu\u017e\u00edvat nov\u00e9 poznatky a integrovat je do sv\u00e9ho profesn\u00edho \u017eivota a pr\u00e1ce.<\/span><\/p>\n<p data-start=\"384\" data-end=\"453\"><span style=\"color: #003366;\">Tento program pom\u00e1h\u00e1 rozpozn\u00e1vat a vyjad\u0159ovat kreativn\u00ed potenci\u00e1ly.<\/span><\/p>\n<h2 style=\"text-align: center;\"><img loading=\"lazy\" decoding=\"async\" class=\" wp-image-1473 aligncenter\" style=\"text-align: left; font-size: 16px;\" src=\"https:\/\/www.yoga-ac.eu\/wp-content\/uploads\/2024\/08\/1662268_371975469632690_4547122772685168912_n-300x199.jpg\" alt=\"\" width=\"598\" height=\"397\" srcset=\"https:\/\/www.yoga-ac.eu\/wp-content\/uploads\/2024\/08\/1662268_371975469632690_4547122772685168912_n-200x133.jpg 200w, https:\/\/www.yoga-ac.eu\/wp-content\/uploads\/2024\/08\/1662268_371975469632690_4547122772685168912_n-300x199.jpg 300w, https:\/\/www.yoga-ac.eu\/wp-content\/uploads\/2024\/08\/1662268_371975469632690_4547122772685168912_n-400x265.jpg 400w, https:\/\/www.yoga-ac.eu\/wp-content\/uploads\/2024\/08\/1662268_371975469632690_4547122772685168912_n-600x398.jpg 600w, https:\/\/www.yoga-ac.eu\/wp-content\/uploads\/2024\/08\/1662268_371975469632690_4547122772685168912_n-768x510.jpg 768w, https:\/\/www.yoga-ac.eu\/wp-content\/uploads\/2024\/08\/1662268_371975469632690_4547122772685168912_n-800x531.jpg 800w, https:\/\/www.yoga-ac.eu\/wp-content\/uploads\/2024\/08\/1662268_371975469632690_4547122772685168912_n.jpg 960w\" sizes=\"auto, (max-width: 598px) 100vw, 598px\" \/><\/h2>\n<p><span style=\"color: #003366;\"><strong>Cesta k celistvosti<\/strong><\/span><\/p>\n<p><span style=\"color: #003366;\">Milovn\u00edci um\u011bn\u00ed se sezn\u00e1m\u00ed se z\u00e1klady j\u00f3gy a technikami pot\u0159ebn\u00fdmi k pochopen\u00ed a rozvoji vlastn\u00edho fyzick\u00e9ho, psychick\u00e9ho, energetick\u00e9ho, tv\u016fr\u010d\u00edho a duchovn\u00edho potenci\u00e1lu.<\/span><\/p>\n<p><span style=\"color: #003366;\">Um\u011blci a milovn\u00edci um\u011bn\u00ed se u\u010d\u00ed fyzick\u00e9 pozice (\u00e1sany), dechov\u00e9 techniky pro zlep\u0161en\u00ed zdrav\u00ed (pr\u00e1n\u00e1j\u00e1ma), techniky pro zlep\u0161en\u00ed koncentrace (dh\u00e1r\u00e1na), relaxaci (pratj\u00e1h\u00e1ra) a meditaci (dhj\u00e1na) a dosahuj\u00ed tak tv\u016fr\u010d\u00ed hloubky.<\/span><\/p>\n<p><span style=\"color: #003366;\">Hudebn\u00ed um\u011blci se mohou s mentorem poradit o pou\u017eit\u00ed j\u00f3gov\u00fdch technik, kter\u00e9 pom\u00e1haj\u00ed p\u0159i u\u010den\u00ed se um\u011bleck\u00e9mu reperto\u00e1ru. Specifick\u00e9 j\u00f3gov\u00e9 techniky se pou\u017e\u00edvaj\u00ed za \u00fa\u010delem technick\u00e9ho a hudebn\u00edho zvl\u00e1dnut\u00ed n\u00e1stroje; k p\u0159ekon\u00e1n\u00ed interpreta\u010dn\u00edch probl\u00e9m\u016f; k p\u0159ekon\u00e1n\u00ed probl\u00e9m\u016f, kter\u00e9 vznikaj\u00ed p\u0159i ve\u0159ejn\u00e9m vystoupen\u00ed\u2026<\/span><\/p>\n<h3 class=\"fusion-responsive-typography-calculated\" data-fontsize=\"16\" data-lineheight=\"24px\"><img loading=\"lazy\" decoding=\"async\" class=\" wp-image-1475 aligncenter\" style=\"font-size: 16px;\" src=\"https:\/\/www.yoga-ac.eu\/wp-content\/uploads\/2024\/08\/kirtan-yoga-camp-2023-yfe-300x199.jpg\" alt=\"KIRTAN_yoga\" width=\"701\" height=\"465\" srcset=\"https:\/\/www.yoga-ac.eu\/wp-content\/uploads\/2024\/08\/kirtan-yoga-camp-2023-yfe-200x133.jpg 200w, https:\/\/www.yoga-ac.eu\/wp-content\/uploads\/2024\/08\/kirtan-yoga-camp-2023-yfe-300x199.jpg 300w, https:\/\/www.yoga-ac.eu\/wp-content\/uploads\/2024\/08\/kirtan-yoga-camp-2023-yfe-400x265.jpg 400w, https:\/\/www.yoga-ac.eu\/wp-content\/uploads\/2024\/08\/kirtan-yoga-camp-2023-yfe-600x398.jpg 600w, https:\/\/www.yoga-ac.eu\/wp-content\/uploads\/2024\/08\/kirtan-yoga-camp-2023-yfe-768x509.jpg 768w, https:\/\/www.yoga-ac.eu\/wp-content\/uploads\/2024\/08\/kirtan-yoga-camp-2023-yfe-800x530.jpg 800w, https:\/\/www.yoga-ac.eu\/wp-content\/uploads\/2024\/08\/kirtan-yoga-camp-2023-yfe-1024x678.jpg 1024w, https:\/\/www.yoga-ac.eu\/wp-content\/uploads\/2024\/08\/kirtan-yoga-camp-2023-yfe-1200x795.jpg 1200w, https:\/\/www.yoga-ac.eu\/wp-content\/uploads\/2024\/08\/kirtan-yoga-camp-2023-yfe-1536x1018.jpg 1536w, https:\/\/www.yoga-ac.eu\/wp-content\/uploads\/2024\/08\/kirtan-yoga-camp-2023-yfe.jpg 1600w\" sizes=\"auto, (max-width: 701px) 100vw, 701px\" \/><\/h3>\n<p data-start=\"35\" data-end=\"181\"><span style=\"color: #003366;\">Pokud jste um\u011blec (hudebn\u00ed, divadeln\u00ed, filmov\u00fd\u2026) nebo fanou\u0161ek um\u011bn\u00ed, hleda\u010d um\u011bleck\u00e9 pravdy, \u00fa\u010dast na tomto t\u00e1bo\u0159e je pro v\u00e1s ta spr\u00e1vn\u00e1 volba.<\/span><\/p>\n<p data-start=\"183\" data-end=\"250\"><span style=\"color: #003366;\">Vzhledem k velk\u00e9mu z\u00e1jmu doporu\u010dujeme rezervovat si \u00fa\u010dast p\u0159edem.<\/span><\/p>\n<hr \/>\n<p><span style=\"color: #003366;\"><strong>REZERVACE \u00da\u010cASTI:<\/strong><\/span><\/p>\n<p><span style=\"color: #003366;\">Abyste si rezervovali sv\u00e9 m\u00edsto, kontaktujte n\u00e1s pros\u00edm e-mailem: <\/span><strong><span style=\"color: #003366;\">yogalight.eu@gmail.com<\/span><\/strong><\/p>\n<p><strong><span style=\"color: #003366;\">nebo telefonicky (nebo WhatsApp\/Viber): +420 773 922 790, +420 608 212 949<\/span><\/strong><\/p>\n<p><strong><span style=\"color: #003366;\">S velkou radost\u00ed v\u00e1s p\u0159iv\u00edt\u00e1me v Evropsk\u00e9m Dom\u011b Sv\u011btla J\u00f3gy na Vyso\u010din\u011b.<\/span><\/strong><\/p>\n<\/div><\/div><\/div><div class=\"fusion-panel panel-default\" role=\"tabpanel\"><div class=\"panel-heading\"><h4 class=\"panel-title toggle\"><a aria-expanded=\"false\" aria-selected=\"false\" aria-controls=\"f5439f33894c6c2eb\" role=\"tab\" data-toggle=\"collapse\" data-parent=\"#accordion-2220-1\" data-target=\"#f5439f33894c6c2eb\" href=\"#f5439f33894c6c2eb\"><span class=\"fusion-toggle-icon-wrapper\" aria-hidden=\"true\"><i class=\"fa-fusion-box\"><\/i><\/span><span class=\"fusion-toggle-heading\">25DENN\u00cd INTENZIVN\u00cd YOGA TEACHER TRAINING 200H 1 NA 1 \u2013 Individu\u00e1ln\u00ed p\u0159\u00edstup: 12. \u010dervence \u2013 6. srpna 2026<\/span><\/a><\/h4><\/div><div id=\"f5439f33894c6c2eb\" class=\"panel-collapse collapse \"><div class=\"panel-body toggle-content fusion-clearfix\">\n<h1 style=\"text-align: center;\"><span style=\"color: #003366;\">25DENN\u00cd INTENZIVN\u00cd YOGA TEACHER TRAINING 200 hodin \u2013 INDIVIDU\u00c1LN\u00cd P\u0158\u00cdSTUP 1:1<\/span><\/h1>\n<p style=\"text-align: center;\" data-start=\"61\" data-end=\"110\"><span style=\"color: #003366;\"><strong data-start=\"61\" data-end=\"79\">Term\u00edn kon\u00e1n\u00ed:<\/strong> 12. \u010dervence \u2013 6. srpna 2026<\/span><\/p>\n<p style=\"text-align: center;\" data-start=\"112\" data-end=\"222\" data-is-last-node=\"\" data-is-only-node=\"\"><span style=\"color: #003366;\"><strong data-start=\"112\" data-end=\"129\">M\u00edsto kon\u00e1n\u00ed:<\/strong> Evropsk\u00fd D\u016fm Sv\u011btla J\u00f3gy, reziden\u010dn\u00ed a vzd\u011bl\u00e1vac\u00ed j\u00f3gov\u00e9 retreatov\u00e9 centrum<\/span><\/p>\n<p><img loading=\"lazy\" decoding=\"async\" class=\" wp-image-1318 aligncenter\" src=\"https:\/\/www.yoga-ac.eu\/wp-content\/uploads\/2024\/02\/golden_yoga_meditation-300x200.jpg\" alt=\"golden_yoga_meditation\" width=\"799\" height=\"532\" srcset=\"https:\/\/www.yoga-ac.eu\/wp-content\/uploads\/2024\/02\/golden_yoga_meditation-200x133.jpg 200w, https:\/\/www.yoga-ac.eu\/wp-content\/uploads\/2024\/02\/golden_yoga_meditation-300x200.jpg 300w, https:\/\/www.yoga-ac.eu\/wp-content\/uploads\/2024\/02\/golden_yoga_meditation-400x267.jpg 400w, https:\/\/www.yoga-ac.eu\/wp-content\/uploads\/2024\/02\/golden_yoga_meditation-600x400.jpg 600w, https:\/\/www.yoga-ac.eu\/wp-content\/uploads\/2024\/02\/golden_yoga_meditation-768x512.jpg 768w, https:\/\/www.yoga-ac.eu\/wp-content\/uploads\/2024\/02\/golden_yoga_meditation-800x533.jpg 800w, https:\/\/www.yoga-ac.eu\/wp-content\/uploads\/2024\/02\/golden_yoga_meditation-1024x683.jpg 1024w, https:\/\/www.yoga-ac.eu\/wp-content\/uploads\/2024\/02\/golden_yoga_meditation-1200x800.jpg 1200w, https:\/\/www.yoga-ac.eu\/wp-content\/uploads\/2024\/02\/golden_yoga_meditation-1536x1024.jpg 1536w\" sizes=\"auto, (max-width: 799px) 100vw, 799px\" \/><\/p>\n<h2 data-start=\"0\" data-end=\"64\"><span style=\"color: #003366;\"><strong data-start=\"0\" data-end=\"64\">Prom\u011b\u0148te sv\u016fj \u017eivot s na\u0161\u00edm 25denn\u00edm kurzem pro u\u010ditele j\u00f3gy<\/strong><\/span><\/h2>\n<p data-start=\"66\" data-end=\"396\"><span style=\"color: #003366;\">Jste p\u0159ipraveni vydat se na transforma\u010dn\u00ed cestu, kter\u00e1 prohloub\u00ed va\u0161e porozum\u011bn\u00ed j\u00f3ze a posune va\u0161e lektorsk\u00e9 dovednosti na vy\u0161\u0161\u00ed \u00farove\u0148? P\u0159ipojte se k na\u0161emu intenzivn\u00edmu 25denn\u00edmu kurzu Yoga Teacher Training v Evropsk\u00e9m Dom\u011b Sv\u011btla J\u00f3gy, zasazen\u00e9m do klidn\u00e9ho a malebn\u00e9ho prost\u0159ed\u00ed n\u00e1rodn\u00edho parku na Vyso\u010din\u011b v \u010cesk\u00e9 republice.<\/span><\/p>\n<h2 data-section-id=\"ad1mf7\" data-start=\"398\" data-end=\"429\"><span style=\"color: #003366;\">Jedine\u010dn\u00fd vzd\u011bl\u00e1vac\u00ed z\u00e1\u017eitek<\/span><\/h2>\n<p data-start=\"431\" data-end=\"830\"><span style=\"color: #003366;\">N\u00e1\u0161 program je navr\u017een tak, aby poskytl komplexn\u00ed a hlubokou zku\u0161enost, kter\u00e1 propojuje teoretick\u00e9 i praktick\u00e9 aspekty j\u00f3gy. Pod odborn\u00fdm veden\u00edm p\u0159edn\u00edho p\u0159edstavitele j\u00f3gy, profesora Predraga Niki\u0107e, PhD, z\u00edsk\u00e1te individu\u00e1ln\u00ed p\u0159\u00edstup, veden\u00ed a podporu po celou dobu studia. Profesor Niki\u0107, uzn\u00e1van\u00e1 osobnost ve sv\u011bt\u011b j\u00f3gy, p\u0159in\u00e1\u0161\u00ed desetilet\u00ed zku\u0161enost\u00ed a hlubok\u00e9 porozum\u011bn\u00ed filozofii i praxi j\u00f3gy.<\/span><\/p>\n<p data-start=\"0\" data-end=\"21\"><span style=\"color: #003366;\"><strong data-start=\"0\" data-end=\"21\">Akademick\u00e1 \u00farove\u0148<\/strong><\/span><\/p>\n<p data-start=\"23\" data-end=\"365\"><span style=\"color: #003366;\">V Evropsk\u00e9m Dom\u011b Sv\u011btla J\u00f3gy klademe d\u016fraz na akademick\u00fd p\u0159\u00edstup ke vzd\u011bl\u00e1v\u00e1n\u00ed v oblasti j\u00f3gy. N\u00e1\u0161 studijn\u00ed program je pe\u010dliv\u011b navr\u017een tak, abyste se nejen nau\u010dili techniky, ale tak\u00e9 porozum\u011bli jejich z\u00e1kladn\u00edm princip\u016fm a p\u0159\u00ednos\u016fm. Tento celostn\u00ed p\u0159\u00edstup v\u00e1m umo\u017en\u00ed efektivn\u011b integrovat j\u00f3gu do ka\u017edodenn\u00edho \u017eivota i do va\u0161\u00ed lektorsk\u00e9 praxe.<\/span><\/p>\n<h2 data-section-id=\"16cahus\" data-start=\"367\" data-end=\"390\"><span style=\"color: #003366;\">Hlavn\u00ed body programu<\/span><\/h2>\n<p data-start=\"392\" data-end=\"545\"><span style=\"color: #003366;\"><strong data-start=\"392\" data-end=\"414\">Intenzivn\u00ed v\u00fdcvik:<\/strong> Zapojte se do n\u00e1ro\u010dn\u00e9ho 25denn\u00edho programu, kter\u00fd pokr\u00fdv\u00e1 v\u0161echny aspekty j\u00f3gy \u2013 od \u00e1san a pr\u00e1n\u00e1j\u00e1my a\u017e po meditaci a filozofii.<\/span><\/p>\n<p data-start=\"547\" data-end=\"689\"><span style=\"color: #003366;\"><strong data-start=\"547\" data-end=\"571\">Individu\u00e1ln\u00ed veden\u00ed:<\/strong> Vyu\u017eijte individu\u00e1ln\u00ed lekce s profesorem Predragem Niki\u0107em, kter\u00fd p\u0159izp\u016fsob\u00ed v\u00fdcvik va\u0161im osobn\u00edm pot\u0159eb\u00e1m a c\u00edl\u016fm.<\/span><\/p>\n<p data-start=\"691\" data-end=\"809\"><span style=\"color: #003366;\"><strong data-start=\"691\" data-end=\"715\">Komplexn\u00ed kurikulum:<\/strong> Z\u00edskejte hlubok\u00e9 porozum\u011bn\u00ed j\u00f3ze d\u00edky propojen\u00ed teoretick\u00fdch znalost\u00ed a praktick\u00e9 aplikace.<\/span><\/p>\n<p data-start=\"811\" data-end=\"997\"><span style=\"color: #003366;\"><strong data-start=\"811\" data-end=\"841\">Kr\u00e1sn\u00e9 p\u0159\u00edrodn\u00ed prost\u0159ed\u00ed:<\/strong> Pono\u0159te se do klidu na\u0161eho \u00e1\u0161ramu, obklopen\u00e9ho p\u0159\u00edrodn\u00ed kr\u00e1sou n\u00e1rodn\u00edho parku. Toto harmonick\u00e9 prost\u0159ed\u00ed je ide\u00e1ln\u00ed pro prohlouben\u00ed praxe a osobn\u00ed r\u016fst.<\/span><\/p>\n<p data-start=\"999\" data-end=\"1157\" data-is-last-node=\"\" data-is-only-node=\"\"><span style=\"color: #003366;\"><strong data-start=\"999\" data-end=\"1015\">Certifikace:<\/strong> Po \u00fasp\u011b\u0161n\u00e9m absolvov\u00e1n\u00ed programu obdr\u017e\u00edte uzn\u00e1van\u00fd certifik\u00e1t od Yoga Federation of Europe, kter\u00fd v\u00e1m umo\u017en\u00ed vyu\u010dovat j\u00f3gu kdekoliv na sv\u011bt\u011b.<\/span><\/p>\n<h2 data-section-id=\"1xtx97c\" data-start=\"0\" data-end=\"28\"><span style=\"color: #003366;\">Pro\u010d si vybrat pr\u00e1v\u011b n\u00e1s?<\/span><\/h2>\n<p data-start=\"30\" data-end=\"146\"><span style=\"color: #003366;\"><strong data-start=\"30\" data-end=\"50\">Zku\u0161en\u00ed lekto\u0159i:<\/strong> U\u010dte se od vysoce kvalifikovan\u00fdch a zku\u0161en\u00fdch u\u010ditel\u016f, kte\u0159\u00ed jsou pln\u011b odd\u00e1ni va\u0161emu \u00fasp\u011bchu.<\/span><\/p>\n<p data-start=\"148\" data-end=\"262\"><span style=\"color: #003366;\"><strong data-start=\"148\" data-end=\"169\">Celostn\u00ed p\u0159\u00edstup:<\/strong> N\u00e1\u0161 v\u00fdcvik p\u0159esahuje fyzickou praxi j\u00f3gy a zahrnuje i jej\u00ed duchovn\u00ed a filozofick\u00e9 dimenze.<\/span><\/p>\n<p data-start=\"264\" data-end=\"367\"><span style=\"color: #003366;\"><strong data-start=\"264\" data-end=\"286\">Podp\u016frn\u00e1 komunita:<\/strong> Sta\u0148te se sou\u010d\u00e1st\u00ed \u017eiv\u00e9 a podporuj\u00edc\u00ed komunity lid\u00ed se stejnou v\u00e1\u0161n\u00ed pro j\u00f3gu.<\/span><\/p>\n<p data-start=\"369\" data-end=\"598\" data-is-last-node=\"\" data-is-only-node=\"\"><span style=\"color: #003366;\"><strong data-start=\"369\" data-end=\"393\">Komfortn\u00ed ubytov\u00e1n\u00ed:<\/strong> U\u017eijte si pohodln\u00e9 a ekologick\u00e9 ubytov\u00e1n\u00ed s n\u00e1dhern\u00fdm v\u00fdhledem na okoln\u00ed lesy. K dispozici je j\u00f3gov\u00fd s\u00e1l, medita\u010dn\u00ed m\u00edstnost, konferen\u010dn\u00ed s\u00e1l a restaurace nab\u00edzej\u00edc\u00ed chutn\u00e1 vegetari\u00e1nsk\u00e1 a vegansk\u00e1 j\u00eddla.<\/span><\/p>\n<h2 data-section-id=\"n2r0p5\" data-start=\"0\" data-end=\"26\"><span style=\"color: #003366;\">P\u0159ihlaste se je\u0161t\u011b dnes<\/span><\/h2>\n<p data-start=\"28\" data-end=\"237\" data-is-last-node=\"\" data-is-only-node=\"\"><span style=\"color: #003366;\">Ud\u011blejte prvn\u00ed krok k napl\u0148uj\u00edc\u00ed a smyslupln\u00e9 kari\u00e9\u0159e u\u010ditele j\u00f3gy. P\u0159ihlaste se do na\u0161eho 25denn\u00edho programu Yoga Teacher Training v Evropsk\u00e9m Dom\u011b Sv\u011btla J\u00f3gy a prom\u011b\u0148te sv\u016fj \u017eivot prost\u0159ednictv\u00edm s\u00edly j\u00f3gy.<\/span><\/p>\n<hr \/>\n<p><span style=\"color: #003366;\"><strong>REZERVACE \u00da\u010cASTI:<\/strong><\/span><\/p>\n<p><span style=\"color: #003366;\">Abyste si rezervovali sv\u00e9 m\u00edsto, kontaktujte n\u00e1s pros\u00edm e-mailem: <\/span><span style=\"color: #003366;\"><strong>yogalight.eu@gmail.com<\/strong><\/span><\/p>\n<p><span style=\"color: #003366;\"><strong>nebo telefonicky (nebo WhatsApp\/Viber): +420 773 922 790, +420 608 212 949<\/strong><\/span><\/p>\n<p><span style=\"color: #003366;\"><strong>S velkou radost\u00ed v\u00e1s p\u0159iv\u00edt\u00e1me v Evropsk\u00e9m Dom\u011b Sv\u011btla J\u00f3gy na Vyso\u010din\u011b.<\/strong><\/span><\/p>\n<\/div><\/div><\/div><div class=\"fusion-panel panel-default\" role=\"tabpanel\"><div class=\"panel-heading\"><h4 class=\"panel-title toggle\"><a aria-expanded=\"false\" aria-selected=\"false\" aria-controls=\"ad865022aac59fdc5\" role=\"tab\" data-toggle=\"collapse\" data-parent=\"#accordion-2220-1\" data-target=\"#ad865022aac59fdc5\" href=\"#ad865022aac59fdc5\"><span class=\"fusion-toggle-icon-wrapper\" aria-hidden=\"true\"><i class=\"fa-fusion-box\"><\/i><\/span><span class=\"fusion-toggle-heading\">25DENN\u00cd INTENZIVN\u00cd YOGA TEACHER TRAINING 200H \u2013 Skupinov\u00fd p\u0159\u00edstup: 12.\u201328. \u010dervence 2026<\/span><\/a><\/h4><\/div><div id=\"ad865022aac59fdc5\" class=\"panel-collapse collapse \"><div class=\"panel-body toggle-content fusion-clearfix\">\n<div class=\"fusion-fullwidth fullwidth-box fusion-builder-row-1 nonhundred-percent-fullwidth non-hundred-percent-height-scrolling\">\n<div class=\"fusion-builder-row fusion-row \">\n<div class=\"fusion-layout-column fusion_builder_column fusion_builder_column_1_1 fusion-builder-column-0 fusion-one-full fusion-column-first fusion-column-last 1_1\">\n<div class=\"fusion-column-wrapper\" data-bg-url=\"\">\n<div class=\"fusion-text\">\n<h1 class=\"fusion-responsive-typography-calculated\" style=\"text-align: center;\" data-fontsize=\"16\" data-lineheight=\"24px\"><span style=\"color: #003366;\">25denn\u00ed intenzivn\u00ed <strong data-start=\"54\" data-end=\"66\">Yoga Teacher Training 200h<\/strong> \u2013 skupinov\u00fd p\u0159\u00edstup \u2013 s pobytem v \u00e1\u0161ramu <strong data-start=\"108\" data-end=\"140\">European House of Yoga Light<\/strong><\/span><\/h1>\n<p style=\"text-align: center;\" data-start=\"35\" data-end=\"74\"><span style=\"color: #003366;\"><strong data-start=\"35\" data-end=\"50\">Datum akce:<\/strong> 12.\u201328. \u010dervence 2026<\/span><\/p>\n<p style=\"text-align: center;\" data-start=\"76\" data-end=\"162\"><span style=\"color: #003366;\"><strong data-start=\"76\" data-end=\"93\">M\u00edsto kon\u00e1n\u00ed:<\/strong> European House of Yoga Light, reziden\u010dn\u00ed a vzd\u011bl\u00e1vac\u00ed centrum j\u00f3gy<\/span><\/p>\n<h1 class=\"fusion-responsive-typography-calculated\" style=\"text-align: center;\" data-fontsize=\"16\" data-lineheight=\"24px\"><img loading=\"lazy\" decoding=\"async\" class=\"wp-image-204 aligncenter\" style=\"font-size: 16px; font-weight: 400; text-align: start;\" src=\"https:\/\/www.yoga-ac.eu\/wp-content\/uploads\/2018\/10\/J%C3%B3ga-a-zdrav%C3%A1-komunikace-600x284.jpg\" sizes=\"auto, (max-width: 600px) 100vw, 600px\" srcset=\"https:\/\/www.yoga-ac.eu\/wp-content\/uploads\/2018\/10\/J\u00f3ga-a-zdrav\u00e1-komunikace-200x95.jpg 200w, https:\/\/www.yoga-ac.eu\/wp-content\/uploads\/2018\/10\/J\u00f3ga-a-zdrav\u00e1-komunikace-300x142.jpg 300w, https:\/\/www.yoga-ac.eu\/wp-content\/uploads\/2018\/10\/J\u00f3ga-a-zdrav\u00e1-komunikace-400x190.jpg 400w, https:\/\/www.yoga-ac.eu\/wp-content\/uploads\/2018\/10\/J\u00f3ga-a-zdrav\u00e1-komunikace-600x284.jpg 600w, https:\/\/www.yoga-ac.eu\/wp-content\/uploads\/2018\/10\/J\u00f3ga-a-zdrav\u00e1-komunikace-768x364.jpg 768w, https:\/\/www.yoga-ac.eu\/wp-content\/uploads\/2018\/10\/J\u00f3ga-a-zdrav\u00e1-komunikace-800x379.jpg 800w, https:\/\/www.yoga-ac.eu\/wp-content\/uploads\/2018\/10\/J\u00f3ga-a-zdrav\u00e1-komunikace.jpg 960w\" alt=\"european_house_of_yoga_light\" width=\"815\" height=\"386\" \/><\/h1>\n<h2 style=\"text-align: center;\"><span style=\"color: #003366;\">Nechte svou l\u00e1sku k moudrosti st\u00e1t se va\u0161\u00ed profes\u00ed!<\/span><\/h2>\n<p data-start=\"35\" data-end=\"109\"><span style=\"color: #003366;\"><strong data-start=\"93\" data-end=\"107\">O programu<\/strong><\/span><\/p>\n<p data-start=\"111\" data-end=\"287\"><span style=\"color: #003366;\">Pokud v\u00e1s zaj\u00edm\u00e1 profese lektora j\u00f3gy, u\u017e d\u00e1l hledat nemus\u00edte \u2013 <strong data-start=\"175\" data-end=\"207\">European House of Yoga Light<\/strong> v\u00e1m poskytne v\u0161echny pot\u0159ebn\u00e9 znalosti, abyste se stali profesion\u00e1lem v j\u00f3ze!<\/span><\/p>\n<p data-start=\"289\" data-end=\"400\"><span style=\"color: #003366;\">Na\u0161i zku\u0161en\u00ed lekto\u0159i, v\u010detn\u011b dr\u017eitel\u016f titul\u016f Ph.D. a Mgr., p\u0159in\u00e1\u0161ej\u00ed bohat\u00e9 akademick\u00e9 znalosti a zku\u0161enosti.<\/span><\/p>\n<p data-start=\"402\" data-end=\"813\"><span style=\"color: #003366;\">25denn\u00ed program na pln\u00fd \u00favazek je rozd\u011blen do 17 dn\u016f str\u00e1ven\u00fdch v klidn\u00e9m prost\u0159ed\u00ed \u00e1\u0161ramu <strong data-start=\"493\" data-end=\"525\">European House of Yoga Light<\/strong> a 8 dn\u016f v\u011bnovan\u00fdch p\u0159\u00edprav\u011b na z\u00e1v\u011bre\u010dnou zkou\u0161ku. Vzd\u011bl\u00e1vac\u00ed program vych\u00e1z\u00ed ze z\u00e1kladn\u00edch znalost\u00ed j\u00f3gy z text\u016f <strong data-start=\"640\" data-end=\"714\">Yoga Upanishads, Hatha Yoga Pradipika, Gheranda Samhita, Shiva Samhita<\/strong> a <strong data-start=\"717\" data-end=\"745\">Yoga Sutras of Patanjali<\/strong>, stejn\u011b jako z osobn\u00ed zku\u0161enosti <strong data-start=\"779\" data-end=\"811\">prof. Predraga Niki\u0107e, Ph.D.<\/strong><\/span><\/p>\n<div class=\"fusion-fullwidth fullwidth-box fusion-builder-row-2 nonhundred-percent-fullwidth non-hundred-percent-height-scrolling\">\n<div class=\"fusion-builder-row fusion-row \">\n<div class=\"fusion-layout-column fusion_builder_column fusion_builder_column_2_3 fusion-builder-column-1 fusion-two-third fusion-column-first 2_3\">\n<div class=\"fusion-column-wrapper\" data-bg-url=\"\">\n<div class=\"fusion-text\">\n<h2 class=\"fusion-responsive-typography-calculated\" style=\"text-align: center;\" data-fontsize=\"16\" data-lineheight=\"24px\"><span style=\"color: #003366;\">Vedouc\u00ed vzd\u011bl\u00e1vac\u00edho programu<\/span><\/h2>\n<\/div>\n<\/div>\n<\/div>\n<div class=\"fusion-layout-column fusion_builder_column fusion_builder_column_2_3 fusion-builder-column-1 fusion-two-third fusion-column-first 2_3\">\n<div class=\"fusion-column-wrapper\" data-bg-url=\"\">\n<div class=\"fusion-text\">\n<p><img loading=\"lazy\" decoding=\"async\" class=\"wp-image-1095 size-fusion-400 alignright\" src=\"https:\/\/www.yoga-ac.eu\/wp-content\/uploads\/2024\/01\/professor_predrag_nikic_yoga-400x512.jpg\" sizes=\"auto, (max-width: 400px) 100vw, 400px\" srcset=\"https:\/\/www.yoga-ac.eu\/wp-content\/uploads\/2024\/01\/professor_predrag_nikic_yoga-200x256.jpg 200w, https:\/\/www.yoga-ac.eu\/wp-content\/uploads\/2024\/01\/professor_predrag_nikic_yoga-235x300.jpg 235w, https:\/\/www.yoga-ac.eu\/wp-content\/uploads\/2024\/01\/professor_predrag_nikic_yoga-400x512.jpg 400w, https:\/\/www.yoga-ac.eu\/wp-content\/uploads\/2024\/01\/professor_predrag_nikic_yoga-600x767.jpg 600w, https:\/\/www.yoga-ac.eu\/wp-content\/uploads\/2024\/01\/professor_predrag_nikic_yoga-768x982.jpg 768w, https:\/\/www.yoga-ac.eu\/wp-content\/uploads\/2024\/01\/professor_predrag_nikic_yoga-800x1023.jpg 800w, https:\/\/www.yoga-ac.eu\/wp-content\/uploads\/2024\/01\/professor_predrag_nikic_yoga-801x1024.jpg 801w, https:\/\/www.yoga-ac.eu\/wp-content\/uploads\/2024\/01\/professor_predrag_nikic_yoga-1200x1535.jpg 1200w, https:\/\/www.yoga-ac.eu\/wp-content\/uploads\/2024\/01\/professor_predrag_nikic_yoga-1201x1536.jpg 1201w, https:\/\/www.yoga-ac.eu\/wp-content\/uploads\/2024\/01\/professor_predrag_nikic_yoga-1601x2048.jpg 1601w\" alt=\"professor_predrag_nikic_yoga\" width=\"400\" height=\"512\" \/><\/p>\n<p data-start=\"72\" data-end=\"453\"><span style=\"color: #003366;\">Seznamte se s <strong data-start=\"86\" data-end=\"123\">prof. Predragem Niki\u0107em, Ph.D.<\/strong>, vizion\u00e1\u0159em tohoto programu. Profesor Predrag K. Niki\u0107 opustil funkci rektora univerzity a cel\u00fd sv\u016fj \u017eivot v\u011bnuje v\u00fdzkumu \u00fa\u010dink\u016f j\u00f3gov\u00e9 praxe na lidsk\u00fd \u017eivot a chov\u00e1n\u00ed.<\/span><br data-start=\"292\" data-end=\"295\" \/><strong><span style=\"color: #003366;\">Jeho pr\u00e1ce byla ocen\u011bna vl\u00e1dou Indie a v roce 2016 obdr\u017eel presti\u017en\u00ed ocen\u011bn\u00ed \u201ePadma Shri\u201c p\u0159\u00edmo od prezidenta Indie za sv\u00e9 p\u0159\u00edsp\u011bvky v oblasti j\u00f3gy.<\/span><\/strong><\/p>\n<ul>\n<li style=\"list-style-type: none;\">\n<ul data-start=\"455\" data-end=\"839\">\n<li data-section-id=\"vza70u\" data-start=\"455\" data-end=\"513\"><span style=\"color: #003366;\">dlouhodob\u00fd v\u011bdeck\u00fd v\u00fdzkumn\u00edk a osobnost j\u00f3gov\u00e9ho sv\u011bta<\/span><\/li>\n<li data-section-id=\"sltqq5\" data-start=\"514\" data-end=\"557\"><span style=\"color: #003366;\">propag\u00e1tor akademick\u00e9ho p\u0159\u00edstupu k j\u00f3ze<\/span><\/li>\n<li data-section-id=\"1mkme19\" data-start=\"558\" data-end=\"623\"><span style=\"color: #003366;\">univerzitn\u00ed profesor a tv\u016frce <strong data-start=\"590\" data-end=\"621\">Konceptu j\u00f3gov\u00e9 inteligence<\/strong><\/span><\/li>\n<li data-section-id=\"1hrddyf\" data-start=\"624\" data-end=\"715\"><span style=\"color: #003366;\">inici\u00e1tor <strong data-start=\"636\" data-end=\"663\">Great Yoga Performances<\/strong>, kter\u00e9 \u0161\u00ed\u0159\u00ed moudrost j\u00f3gy v nejv\u011bt\u0161\u00edch m\u011bstech EU<\/span><\/li>\n<li data-section-id=\"1pv6t6k\" data-start=\"716\" data-end=\"839\"><span style=\"color: #003366;\">inici\u00e1tor <strong data-start=\"728\" data-end=\"750\">Art Yoga Similiris<\/strong>, stylu j\u00f3gy, ve kter\u00e9m zd\u016fraz\u0148uje mo\u017enost propojen\u00ed estetick\u00e9ho a rozvojov\u00e9ho p\u0159\u00edstupu<\/span><\/li>\n<li data-section-id=\"1ws43gk\" data-start=\"35\" data-end=\"110\"><span style=\"color: #003366;\">inici\u00e1tor <strong data-start=\"47\" data-end=\"108\">Mezin\u00e1rodn\u00ed spole\u010dnosti pro v\u011bdeck\u00fd v\u00fdzkum v oblasti j\u00f3gy<\/strong><\/span><\/li>\n<li data-section-id=\"1noqlbi\" data-start=\"111\" data-end=\"169\"><span style=\"color: #003366;\">redaktor v\u011bdeck\u00e9ho \u010dasopisu v oblasti j\u00f3gy <strong data-start=\"156\" data-end=\"167\">\u201eSense\u201c<\/strong><\/span><\/li>\n<li data-section-id=\"snzeu1\" data-start=\"170\" data-end=\"288\"><span style=\"color: #003366;\">inici\u00e1tor <strong data-start=\"182\" data-end=\"213\">kirtanov\u00e9 skupiny \u201eSamadhi\u201c<\/strong>, kter\u00e1 \u0161\u00ed\u0159\u00ed duchovn\u00ed rozm\u011br kirtanov\u00e9 hudby a Indii v evropsk\u00fdch m\u011bstech<\/span><\/li>\n<li data-section-id=\"1n183c7\" data-start=\"289\" data-end=\"369\"><span style=\"color: #003366;\">inici\u00e1tor <strong data-start=\"301\" data-end=\"319\">Yoga Coachingu<\/strong> \u2013 j\u00f3gy jako formy poradenstv\u00ed pro osobn\u00ed rozvoj<\/span><\/li>\n<\/ul>\n<\/li>\n<\/ul>\n<\/div>\n<\/div>\n<\/div>\n<\/div>\n<\/div>\n<p data-start=\"35\" data-end=\"64\"><span style=\"color: #003366;\"><strong data-start=\"35\" data-end=\"62\">Pro koho je kurz ur\u010den?<\/strong><\/span><\/p>\n<p data-start=\"66\" data-end=\"378\"><span style=\"color: #003366;\">A\u0165 u\u017e jste za\u010d\u00e1te\u010dn\u00edk, nebo zku\u0161en\u00fd lektor j\u00f3gy, n\u00e1\u0161 program je ur\u010den pro ka\u017ed\u00e9ho, kdo tou\u017e\u00ed prohloubit sv\u00e9 znalosti j\u00f3gy a podstoupit hlubokou transformaci. Za\u010d\u00e1te\u010dn\u00edci jsou v\u00edt\u00e1ni, proto\u017ee lekce za\u010d\u00ednaj\u00ed od z\u00e1klad\u016f, zat\u00edmco zku\u0161en\u00ed lekto\u0159i objevuj\u00ed autentick\u00e1 tajemstv\u00ed j\u00f3gy pro zdokonalen\u00ed sv\u00fdch dovednost\u00ed.<\/span><\/p>\n<p data-start=\"380\" data-end=\"399\"><span style=\"color: #003366;\"><strong data-start=\"380\" data-end=\"397\">Denn\u00ed program:<\/strong><\/span><\/p>\n<ul data-start=\"400\" data-end=\"852\">\n<li data-section-id=\"1vkx4f3\" data-start=\"400\" data-end=\"434\"><span style=\"color: #003366;\">07:30 \u2013 08:00\u202f\u202f\u202fKriya techniky<\/span><\/li>\n<li data-section-id=\"oi1lbn\" data-start=\"435\" data-end=\"473\"><span style=\"color: #003366;\">08:00 \u2013 09:00\u202f\u202f\u202fRann\u00ed j\u00f3gov\u00e1 praxe<\/span><\/li>\n<li data-section-id=\"1a90zrw\" data-start=\"474\" data-end=\"501\"><span style=\"color: #003366;\">09:00 \u2013 10:00\u202f\u202f\u202fSn\u00eddan\u011b<\/span><\/li>\n<li data-section-id=\"lpj7gm\" data-start=\"502\" data-end=\"537\"><span style=\"color: #003366;\">10:30 \u2013 11:15\u202f\u202f\u202fLekce v p\u0159\u00edrod\u011b<\/span><\/li>\n<li data-section-id=\"1szs7pi\" data-start=\"538\" data-end=\"566\"><span style=\"color: #003366;\">11:30 \u2013 12:15\u202f\u202f\u202fMeditace<\/span><\/li>\n<li data-section-id=\"1a6u1x\" data-start=\"567\" data-end=\"604\"><span style=\"color: #003366;\">12:30 \u2013 13:15\u202f\u202f\u202fSatsang s mistrem<\/span><\/li>\n<li data-section-id=\"41bovn\" data-start=\"605\" data-end=\"644\"><span style=\"color: #003366;\">15:00 \u2013 16:00\u202f\u202f\u202f\u010cas pro samostudium<\/span><\/li>\n<li data-section-id=\"wg172p\" data-start=\"645\" data-end=\"670\"><span style=\"color: #003366;\">16:00 \u2013 16:45\u202f\u202f\u202fLekce<\/span><\/li>\n<li data-section-id=\"1w0ip36\" data-start=\"671\" data-end=\"708\"><span style=\"color: #003366;\">17:00 \u2013 17:45\u202f\u202f\u202fSatsang s mistrem<\/span><\/li>\n<li data-section-id=\"3cpgml\" data-start=\"709\" data-end=\"749\"><span style=\"color: #003366;\">17:45 \u2013 19:15\u202f\u202f\u202fVe\u010dern\u00ed j\u00f3gov\u00e1 praxe<\/span><\/li>\n<li data-section-id=\"1l9zut9\" data-start=\"750\" data-end=\"776\"><span style=\"color: #003366;\">19:15 \u2013 20:00\u202f\u202f\u202fVe\u010de\u0159e<\/span><\/li>\n<li data-section-id=\"14p4mic\" data-start=\"777\" data-end=\"816\"><span style=\"color: #003366;\">20:00 \u2013 20:45\u202f\u202f\u202fWorkshop j\u00f3gy venku<\/span><\/li>\n<li data-section-id=\"30yrft\" data-start=\"817\" data-end=\"852\"><span style=\"color: #003366;\">21:00 \u2013 22:30\u202f\u202f\u202fMeditace Kirtan<\/span><\/li>\n<\/ul>\n<p data-start=\"854\" data-end=\"1252\"><span style=\"color: #003366;\"><strong data-start=\"854\" data-end=\"877\">Transforma\u010dn\u00ed cesta<\/strong><\/span><\/p>\n<p data-start=\"854\" data-end=\"1252\"><br data-start=\"877\" data-end=\"880\" \/><span style=\"color: #003366;\">N\u00e1\u0161 intenzivn\u00ed v\u00fdcvikov\u00fd kurz je skute\u010dn\u011b transforma\u010dn\u00ed. Rozpus\u0165te energetick\u00e9 \u201ebloky\u201c, zm\u011b\u0148te sv\u00e9 vn\u00edm\u00e1n\u00ed \u017eivota a p\u0159ijm\u011bte mnohorozm\u011brn\u00e9 perspektivy. Ka\u017edodenn\u00ed v\u00fdzvy u\u017e nejsou jednostrann\u00e9; budete je vn\u00edmat \u201ez nadhledu\u201c, \u010d\u00edm\u017e odemknete vy\u0161\u0161\u00ed \u00farovn\u011b v\u011bdom\u00ed, porozum\u011bn\u00ed, moudrosti, tolerance a p\u0159ipravenosti \u010dinit rozhodnut\u00ed, kter\u00e1 budou m\u00edt dopad na v\u00e1\u0161 osobn\u00ed rozvoj.<\/span><\/p>\n<h2 style=\"text-align: center;\" data-start=\"35\" data-end=\"72\"><span style=\"color: #003366;\"><strong data-start=\"35\" data-end=\"70\">Pro\u010d si vybrat n\u00e1\u0161 Yoga Teacher Training program?<\/strong><\/span><\/h2>\n<p data-start=\"74\" data-end=\"252\"><span style=\"color: #003366;\"><strong data-start=\"74\" data-end=\"97\">Holistick\u00fd p\u0159\u00edstup:<\/strong> N\u00e1\u0161 program propojuje teorii a praxi pod veden\u00edm mezin\u00e1rodn\u00edch odborn\u00edk\u016f na j\u00f3gu. V\u00fdcvik prob\u00edh\u00e1 v mal\u00fdch, podp\u016frn\u00fdch skupin\u00e1ch, jak osobn\u011b, tak online.<\/span><\/p>\n<p data-start=\"254\" data-end=\"396\"><span style=\"color: #003366;\"><strong data-start=\"254\" data-end=\"270\">Odborn\u00fd t\u00fdm:<\/strong> U\u010dte se od zku\u0161en\u00fdch lektor\u016f j\u00f3gy a uzn\u00e1van\u00fdch akademik\u016f, kte\u0159\u00ed p\u0159in\u00e1\u0161ej\u00ed akademick\u00fd, na d\u016fkazech zalo\u017een\u00fd p\u0159\u00edstup k v\u00fduce.<\/span><\/p>\n<p data-start=\"398\" data-end=\"630\"><span style=\"color: #003366;\"><strong data-start=\"398\" data-end=\"426\">Mezin\u00e1rodn\u00ed certifikace:<\/strong> Po dokon\u010den\u00ed obdr\u017e\u00edte mezin\u00e1rodn\u011b uzn\u00e1van\u00fd certifik\u00e1t od <strong data-start=\"484\" data-end=\"513\">Yoga Federation of Europe<\/strong>, kter\u00fd otev\u00edr\u00e1 dve\u0159e k zalo\u017een\u00ed vlastn\u00edho j\u00f3gov\u00e9ho centra po cel\u00e9m sv\u011bt\u011b a k pr\u00e1ci jako certifikovan\u00fd lektor j\u00f3gy.<\/span><\/p>\n<p data-start=\"632\" data-end=\"793\"><span style=\"color: #003366;\"><strong data-start=\"632\" data-end=\"654\">Intenzivn\u00ed v\u00fdcvik:<\/strong> \u010cek\u00e1 v\u00e1s 25denn\u00ed intenzivn\u00ed zku\u0161enost, navr\u017een\u00e1 tak, abyste z\u00edskali dovednosti pot\u0159ebn\u00e9 k sebev\u011bdom\u00e9mu veden\u00ed vlastn\u00edho j\u00f3gov\u00e9ho studia.<\/span><\/p>\n<p data-start=\"795\" data-end=\"934\"><span style=\"color: #003366;\"><strong data-start=\"795\" data-end=\"822\">Mezin\u00e1rodn\u00ed zku\u0161enosti:<\/strong> Bu\u010fte vedeni t\u00fdmem mezin\u00e1rodn\u00edch odborn\u00edk\u016f na j\u00f3gu, co\u017e zaji\u0161\u0165uje pestrou a obohacuj\u00edc\u00ed vzd\u011bl\u00e1vac\u00ed zku\u0161enost.<\/span><\/p>\n<p data-start=\"936\" data-end=\"1078\"><span style=\"color: #003366;\"><strong data-start=\"936\" data-end=\"958\">Magick\u00e9 prost\u0159ed\u00ed:<\/strong> Nezapomenuteln\u00e1 cesta v <strong data-start=\"983\" data-end=\"1015\">European House of Yoga Light<\/strong>, kde ka\u017ed\u00fd okam\u017eik p\u0159edstavuje p\u0159\u00edle\u017eitost k osobn\u00edmu r\u016fstu.<\/span><\/p>\n<hr \/>\n<\/div>\n<\/div>\n<\/div>\n<\/div>\n<\/div>\n<div class=\"fusion-fullwidth fullwidth-box fusion-builder-row-3 nonhundred-percent-fullwidth non-hundred-percent-height-scrolling\">\n<div class=\"fusion-builder-row fusion-row \">\n<div class=\"fusion-layout-column fusion_builder_column fusion_builder_column_1_1 fusion-builder-column-3 fusion-one-full fusion-column-first fusion-column-last 1_1\">\n<div class=\"fusion-column-wrapper\" data-bg-url=\"\">\n<div class=\"fusion-text\">\n<p><span style=\"color: #003366;\"><strong>REZERVACE \u00da\u010cASTI:<\/strong><\/span><\/p>\n<p><span style=\"color: #003366;\">Abyste si rezervovali sv\u00e9 m\u00edsto, kontaktujte n\u00e1s pros\u00edm e-mailem: <\/span><strong><span style=\"color: #003366;\">yogalight.eu@gmail.com<\/span><\/strong><\/p>\n<p><strong><span style=\"color: #003366;\">nebo telefonicky (nebo WhatsApp\/Viber): +420 773 922 790, +420 608 212 949<\/span><\/strong><\/p>\n<p><strong><span style=\"color: #003366;\">S velkou radost\u00ed v\u00e1s p\u0159iv\u00edt\u00e1me v Evropsk\u00e9m Dom\u011b Sv\u011btla J\u00f3gy na Vyso\u010din\u011b.<\/span><\/strong><\/p>\n<\/div>\n<\/div>\n<\/div>\n<\/div>\n<\/div>\n<\/div><\/div><\/div><div class=\"fusion-panel panel-default\" role=\"tabpanel\"><div class=\"panel-heading\"><h4 class=\"panel-title toggle\"><a aria-expanded=\"false\" aria-selected=\"false\" aria-controls=\"426a5a78a53eca4b0\" role=\"tab\" data-toggle=\"collapse\" data-parent=\"#accordion-2220-1\" data-target=\"#426a5a78a53eca4b0\" href=\"#426a5a78a53eca4b0\"><span class=\"fusion-toggle-icon-wrapper\" aria-hidden=\"true\"><i class=\"fa-fusion-box\"><\/i><\/span><span class=\"fusion-toggle-heading\">7DENN\u00cd V\u00ddCVIK PRO LEKTORY KIRTAN J\u00d3GY: 12.\u201318. \u010dervence 2026<\/span><\/a><\/h4><\/div><div id=\"426a5a78a53eca4b0\" class=\"panel-collapse collapse \"><div class=\"panel-body toggle-content fusion-clearfix\">\n<h1 style=\"text-align: center;\" data-start=\"0\" data-end=\"61\"><span style=\"color: #003366;\"><strong data-start=\"0\" data-end=\"61\">KIRTAN YOGA TEACHER TRAINING <\/strong><\/span><\/h1>\n<p style=\"text-align: center;\" data-start=\"63\" data-end=\"105\"><span style=\"color: #003366;\"><strong data-start=\"63\" data-end=\"81\">Term\u00edn kon\u00e1n\u00ed:<\/strong> 12.\u201318. \u010dervence 2026<\/span><\/p>\n<p style=\"text-align: center;\" data-start=\"107\" data-end=\"217\" data-is-last-node=\"\" data-is-only-node=\"\"><span style=\"color: #003366;\"><strong data-start=\"107\" data-end=\"124\">M\u00edsto kon\u00e1n\u00ed:<\/strong> Evropsk\u00fd D\u016fm Sv\u011btla J\u00f3gy, reziden\u010dn\u00ed a vzd\u011bl\u00e1vac\u00ed j\u00f3gov\u00e9 retreatov\u00e9 centrum<\/span><\/p>\n<h1 style=\"text-align: center;\"><img loading=\"lazy\" decoding=\"async\" class=\" wp-image-1623 aligncenter\" style=\"font-size: 16px;\" src=\"https:\/\/www.yoga-ac.eu\/wp-content\/uploads\/2024\/09\/kirtan-yoga-camp-2023-yfe-300x199.jpg\" alt=\"kirtan_yoga_meditation_ashram_2025\" width=\"632\" height=\"419\" srcset=\"https:\/\/www.yoga-ac.eu\/wp-content\/uploads\/2024\/09\/kirtan-yoga-camp-2023-yfe-200x133.jpg 200w, https:\/\/www.yoga-ac.eu\/wp-content\/uploads\/2024\/09\/kirtan-yoga-camp-2023-yfe-300x199.jpg 300w, https:\/\/www.yoga-ac.eu\/wp-content\/uploads\/2024\/09\/kirtan-yoga-camp-2023-yfe-400x265.jpg 400w, https:\/\/www.yoga-ac.eu\/wp-content\/uploads\/2024\/09\/kirtan-yoga-camp-2023-yfe-600x398.jpg 600w, https:\/\/www.yoga-ac.eu\/wp-content\/uploads\/2024\/09\/kirtan-yoga-camp-2023-yfe-768x509.jpg 768w, https:\/\/www.yoga-ac.eu\/wp-content\/uploads\/2024\/09\/kirtan-yoga-camp-2023-yfe-800x530.jpg 800w, https:\/\/www.yoga-ac.eu\/wp-content\/uploads\/2024\/09\/kirtan-yoga-camp-2023-yfe-1024x678.jpg 1024w, https:\/\/www.yoga-ac.eu\/wp-content\/uploads\/2024\/09\/kirtan-yoga-camp-2023-yfe-1200x795.jpg 1200w, https:\/\/www.yoga-ac.eu\/wp-content\/uploads\/2024\/09\/kirtan-yoga-camp-2023-yfe-1536x1018.jpg 1536w, https:\/\/www.yoga-ac.eu\/wp-content\/uploads\/2024\/09\/kirtan-yoga-camp-2023-yfe.jpg 1600w\" sizes=\"auto, (max-width: 632px) 100vw, 632px\" \/><\/h1>\n<div class=\"flex flex-col text-sm pb-25\">\n<section class=\"text-token-text-primary w-full focus:outline-none &#091;--shadow-height:45px&#093; has-data-writing-block:pointer-events-none has-data-writing-block:-mt-(--shadow-height) has-data-writing-block:pt-(--shadow-height) &#091;&amp;:has(&#091;data-writing-block&#093;)&gt;*&#093;:pointer-events-auto scroll-mt-&#091;calc(var(--header-height)+min(200px,max(70px,20svh)))&#093;\" dir=\"auto\" data-turn-id=\"request-68efcd99-e4f8-8330-889a-88c7406898f5-3\" data-testid=\"conversation-turn-932\" data-scroll-anchor=\"true\" data-turn=\"assistant\">\n<div class=\"text-base my-auto mx-auto pb-10 &#091;--thread-content-margin:var(--thread-content-margin-xs,calc(var(--spacing)*4))&#093; @w-sm\/main:&#091;--thread-content-margin:var(--thread-content-margin-sm,calc(var(--spacing)*6))&#093; @w-lg\/main:&#091;--thread-content-margin:var(--thread-content-margin-lg,calc(var(--spacing)*16))&#093; px-(--thread-content-margin)\">\n<div class=\"&#091;--thread-content-max-width:40rem&#093; @w-lg\/main:&#091;--thread-content-max-width:48rem&#093; mx-auto max-w-(--thread-content-max-width) flex-1 group\/turn-messages focus-visible:outline-hidden relative flex w-full min-w-0 flex-col agent-turn\">\n<div class=\"flex max-w-full flex-col gap-4 grow\">\n<div class=\"min-h-8 text-message relative flex w-full flex-col items-end gap-2 text-start break-words whitespace-normal outline-none keyboard-focused:focus-ring &#091;.text-message+&amp;&#093;:mt-1\" dir=\"auto\" tabindex=\"0\" data-message-author-role=\"assistant\" data-message-id=\"2965f9bd-d9c6-4cd8-8cdf-501dac57589c\" data-message-model-slug=\"gpt-5-3\" data-turn-start-message=\"true\">\n<div class=\"flex w-full flex-col gap-1 empty:hidden\">\n<div class=\"markdown prose dark:prose-invert w-full wrap-break-word light markdown-new-styling\">\n<p data-start=\"0\" data-end=\"17\"><span style=\"color: #003366;\"><strong data-start=\"0\" data-end=\"17\">Co je kirtan?<\/strong><\/span><\/p>\n<p data-start=\"19\" data-end=\"600\" data-is-last-node=\"\" data-is-only-node=\"\"><span style=\"color: #003366;\">\u201eKirtany p\u0159edstavuj\u00ed starobyl\u00fd zp\u016fsob meditace prost\u0159ednictv\u00edm hudby a zp\u011bvu. Jsou formou \u201evnit\u0159n\u00ed komunikace\u201c napln\u011bn\u00e9 hlubok\u00fdmi emocemi, kter\u00e1 n\u00e1s propojuje s nejhlub\u0161\u00edmi poselstv\u00edmi na\u0161eho tajemn\u00e9ho nitra. D\u00edky sv\u00e9mu blahod\u00e1rn\u00e9mu p\u016fsoben\u00ed se kirtany dnes v j\u00f3ze pou\u017e\u00edvaj\u00ed p\u0159edev\u0161\u00edm jako podp\u016frn\u00e1 metoda pro rozvoj vy\u0161\u0161\u00edch stav\u016f v\u011bdom\u00ed, ale tak\u00e9 pro terapeutick\u00e9 \u00fa\u010dely. Hudba se pohybuje po intimn\u00edch cest\u00e1ch \u2013 nespoutan\u011b sm\u011b\u0159uje k \u201eJ\u00e1dru\u201c \u2013 \u201eSt\u0159edu byt\u00ed\u201c \u2013 \u201ePodstat\u011b\u201c. Kirtan se no\u0159\u00ed do hlubin a odhaluje nejtajemn\u011bj\u0161\u00ed kr\u00e1sy na\u0161eho vnit\u0159n\u00edho sv\u011bta,\u201c \u0159\u00edk\u00e1 profesor Predrag Niki\u0107.<\/span><\/p>\n<\/div>\n<\/div>\n<\/div>\n<\/div>\n<\/div>\n<\/div>\n<\/section>\n<\/div>\n<h1><img loading=\"lazy\" decoding=\"async\" class=\"wp-image-1625 aligncenter\" src=\"https:\/\/www.yoga-ac.eu\/wp-content\/uploads\/2024\/09\/19942657_1472594609450705_3460141817365175444_o-300x200.jpg\" alt=\"kirtan_yoga_meditation_ashram_2025\" width=\"1010\" height=\"673\" srcset=\"https:\/\/www.yoga-ac.eu\/wp-content\/uploads\/2024\/09\/19942657_1472594609450705_3460141817365175444_o-200x133.jpg 200w, https:\/\/www.yoga-ac.eu\/wp-content\/uploads\/2024\/09\/19942657_1472594609450705_3460141817365175444_o-300x200.jpg 300w, https:\/\/www.yoga-ac.eu\/wp-content\/uploads\/2024\/09\/19942657_1472594609450705_3460141817365175444_o-400x267.jpg 400w, https:\/\/www.yoga-ac.eu\/wp-content\/uploads\/2024\/09\/19942657_1472594609450705_3460141817365175444_o-600x400.jpg 600w, https:\/\/www.yoga-ac.eu\/wp-content\/uploads\/2024\/09\/19942657_1472594609450705_3460141817365175444_o-768x512.jpg 768w, https:\/\/www.yoga-ac.eu\/wp-content\/uploads\/2024\/09\/19942657_1472594609450705_3460141817365175444_o-800x533.jpg 800w, https:\/\/www.yoga-ac.eu\/wp-content\/uploads\/2024\/09\/19942657_1472594609450705_3460141817365175444_o-1024x683.jpg 1024w, https:\/\/www.yoga-ac.eu\/wp-content\/uploads\/2024\/09\/19942657_1472594609450705_3460141817365175444_o-1200x800.jpg 1200w, https:\/\/www.yoga-ac.eu\/wp-content\/uploads\/2024\/09\/19942657_1472594609450705_3460141817365175444_o-1536x1024.jpg 1536w\" sizes=\"auto, (max-width: 1010px) 100vw, 1010px\" \/><\/h1>\n<p data-start=\"35\" data-end=\"77\"><span style=\"color: #003366;\"><strong data-start=\"35\" data-end=\"75\">Co se nau\u010d\u00edte b\u011bhem v\u00fdcviku?<\/strong><\/span><\/p>\n<p data-start=\"79\" data-end=\"106\"><span style=\"color: #003366;\">B\u011bhem v\u00fdcviku se nau\u010d\u00edte:<\/span><\/p>\n<ul data-start=\"108\" data-end=\"418\">\n<li data-section-id=\"6bgawp\" data-start=\"108\" data-end=\"135\"><span style=\"color: #003366;\">V\u00fdvojov\u00fd v\u00fdznam kirtanu<\/span><\/li>\n<li data-section-id=\"xp6gfr\" data-start=\"136\" data-end=\"172\"><span style=\"color: #003366;\">Vliv prov\u00e1d\u011bn\u00ed kirtanu na k\u00f3\u0161i<\/span><\/li>\n<li data-section-id=\"glckub\" data-start=\"173\" data-end=\"203\"><span style=\"color: #003366;\">Energetick\u00fd rozm\u011br kirtanu<\/span><\/li>\n<li data-section-id=\"8jctpk\" data-start=\"204\" data-end=\"232\"><span style=\"color: #003366;\">Uvoln\u011bn\u00ed a vyu\u017eit\u00ed hlasu<\/span><\/li>\n<li data-section-id=\"dmaa31\" data-start=\"233\" data-end=\"271\"><span style=\"color: #003366;\">Pou\u017eit\u00ed a v\u00fdb\u011br hudebn\u00edho n\u00e1stroje<\/span><\/li>\n<li data-section-id=\"48yifw\" data-start=\"272\" data-end=\"310\"><span style=\"color: #003366;\">V\u00fdvojov\u00e9 d\u00e1vkov\u00e1n\u00ed a v\u00fdb\u011br kirtanu<\/span><\/li>\n<li data-section-id=\"13oe71m\" data-start=\"311\" data-end=\"371\"><span style=\"color: #003366;\">Terapeutick\u00fd efekt kirtanu pro prov\u00e1d\u011bj\u00edc\u00edho i \u00fa\u010dastn\u00edky<\/span><\/li>\n<li data-section-id=\"1p3010a\" data-start=\"372\" data-end=\"418\"><span style=\"color: #003366;\">Praktick\u00e9 dovednosti pro prov\u00e1d\u011bn\u00ed kirtanu<\/span><\/li>\n<\/ul>\n<p data-start=\"420\" data-end=\"440\"><span style=\"color: #003366;\"><strong data-start=\"420\" data-end=\"438\">Denn\u00ed program:<\/strong><\/span><\/p>\n<ul data-start=\"441\" data-end=\"762\">\n<li data-section-id=\"1vkx4f3\" data-start=\"441\" data-end=\"475\"><span style=\"color: #003366;\">07:30 \u2013 08:00\u202f\u202f\u202fKriya techniky<\/span><\/li>\n<li data-section-id=\"oi1lbn\" data-start=\"476\" data-end=\"514\"><span style=\"color: #003366;\">08:00 \u2013 09:00\u202f\u202f\u202fRann\u00ed j\u00f3gov\u00e1 praxe<\/span><\/li>\n<li data-section-id=\"1a90zrw\" data-start=\"515\" data-end=\"542\"><span style=\"color: #003366;\">09:00 \u2013 10:00\u202f\u202f\u202fSn\u00eddan\u011b<\/span><\/li>\n<li data-section-id=\"jw4t8u\" data-start=\"543\" data-end=\"579\"><span style=\"color: #003366;\">10:30 \u2013 12:00\u202f\u202f\u202fWorkshop Kirtanu<\/span><\/li>\n<li data-section-id=\"1lsixze\" data-start=\"580\" data-end=\"615\"><span style=\"color: #003366;\">16:00 \u2013 16:30\u202f\u202f\u202fKirtan meditace<\/span><\/li>\n<li data-section-id=\"ibvfz4\" data-start=\"616\" data-end=\"653\"><span style=\"color: #003366;\">17:00 \u2013 17:30\u202f\u202f\u202fSatsang s mistrem<\/span><\/li>\n<li data-section-id=\"20idv9\" data-start=\"654\" data-end=\"699\"><span style=\"color: #003366;\">18:00 \u2013 19:00\u202f\u202f\u202fVe\u010dern\u00ed Kirtan j\u00f3ga praxe<\/span><\/li>\n<li data-section-id=\"7153ix\" data-start=\"700\" data-end=\"726\"><span style=\"color: #003366;\">19:00 \u2013 20:00\u202f\u202f\u202fVe\u010de\u0159e<\/span><\/li>\n<li data-section-id=\"16ybe1\" data-start=\"727\" data-end=\"762\"><span style=\"color: #003366;\">21:00 \u2013 22:30\u202f\u202f\u202fKirtan meditace<\/span><\/li>\n<\/ul>\n<p data-start=\"764\" data-end=\"786\"><span style=\"color: #003366;\">Celkem <strong data-start=\"771\" data-end=\"783\">50 hodin<\/strong>.<\/span><\/p>\n<p data-start=\"788\" data-end=\"990\"><span style=\"color: #003366;\">\u00da\u010dastn\u00edci, kte\u0159\u00ed \u00fasp\u011b\u0161n\u011b slo\u017e\u00ed z\u00e1v\u011bre\u010dnou zkou\u0161ku, obdr\u017e\u00ed na konci kurzu certifik\u00e1t, kter\u00fd jim umo\u017e\u0148uje u\u010dit <strong data-start=\"897\" data-end=\"912\">Kirtan j\u00f3gu<\/strong>, av\u0161ak nejsou kvalifikov\u00e1ni k veden\u00ed vlastn\u00edch v\u00fdcvik\u016f lektor\u016f Kirtan j\u00f3gy.<\/span><\/p>\n<hr \/>\n<p><span style=\"color: #003366;\"><strong>REZERVACE \u00da\u010cASTI:<\/strong><\/span><\/p>\n<p><span style=\"color: #003366;\">Abyste si rezervovali sv\u00e9 m\u00edsto, kontaktujte n\u00e1s pros\u00edm e-mailem: <\/span><strong><span style=\"color: #003366;\">yogalight.eu@gmail.com<\/span><\/strong><\/p>\n<p><strong><span style=\"color: #003366;\">nebo telefonicky (nebo WhatsApp\/Viber): +420 773 922 790, +420 608 212 949<\/span><\/strong><\/p>\n<p><strong><span style=\"color: #003366;\">S velkou radost\u00ed v\u00e1s p\u0159iv\u00edt\u00e1me v Evropsk\u00e9m Dom\u011b Sv\u011btla J\u00f3gy na Vyso\u010din\u011b.<\/span><\/strong><\/p>\n<\/div><\/div><\/div><div class=\"fusion-panel panel-default\" role=\"tabpanel\"><div class=\"panel-heading\"><h4 class=\"panel-title toggle\"><a aria-expanded=\"false\" aria-selected=\"false\" aria-controls=\"6fca0d5f366bd8c9d\" role=\"tab\" data-toggle=\"collapse\" data-parent=\"#accordion-2220-1\" data-target=\"#6fca0d5f366bd8c9d\" href=\"#6fca0d5f366bd8c9d\"><span class=\"fusion-toggle-icon-wrapper\" aria-hidden=\"true\"><i class=\"fa-fusion-box\"><\/i><\/span><span class=\"fusion-toggle-heading\">3DENN\u00cd SEMIN\u00c1\u0158 J\u00d3GA A VEGETARI\u00c1NSTV\u00cd: 17.\u201319. \u010dervence 2026<\/span><\/a><\/h4><\/div><div id=\"6fca0d5f366bd8c9d\" class=\"panel-collapse collapse \"><div class=\"panel-body toggle-content fusion-clearfix\">\n<h1 style=\"text-align: center;\"><span style=\"color: #003366;\">J\u00f3gov\u00fd v\u00edkend a odborn\u00fd semin\u00e1\u0159 <\/span><\/h1>\n<h1 style=\"text-align: center;\"><span style=\"color: #003366;\">\u201eVegetari\u00e1nsk\u00e1 strava a zdrav\u00ed\u201c<\/span><\/h1>\n<p style=\"text-align: center;\"><span style=\"color: #003366;\"><strong>Term\u00edn akce<\/strong>: 17.\u201319. \u010dervence 2026<\/span><\/p>\n<p style=\"text-align: center;\"><span style=\"color: #003366;\"><strong>M\u00edsto kon\u00e1n\u00ed<\/strong>: European House of Yoga Light, vzd\u011bl\u00e1vac\u00ed a retreat centrum<\/span><\/p>\n<p><img loading=\"lazy\" decoding=\"async\" class=\" wp-image-1428 aligncenter\" src=\"https:\/\/www.yoga-ac.eu\/wp-content\/uploads\/2024\/08\/IMG_6244-300x200.jpg\" alt=\"vegetarian_vegan_diet_health_seminar_europe_education\" width=\"740\" height=\"493\" srcset=\"https:\/\/www.yoga-ac.eu\/wp-content\/uploads\/2024\/08\/IMG_6244-200x133.jpg 200w, https:\/\/www.yoga-ac.eu\/wp-content\/uploads\/2024\/08\/IMG_6244-300x200.jpg 300w, https:\/\/www.yoga-ac.eu\/wp-content\/uploads\/2024\/08\/IMG_6244-400x267.jpg 400w, https:\/\/www.yoga-ac.eu\/wp-content\/uploads\/2024\/08\/IMG_6244-600x400.jpg 600w, https:\/\/www.yoga-ac.eu\/wp-content\/uploads\/2024\/08\/IMG_6244-768x512.jpg 768w, https:\/\/www.yoga-ac.eu\/wp-content\/uploads\/2024\/08\/IMG_6244-800x533.jpg 800w, https:\/\/www.yoga-ac.eu\/wp-content\/uploads\/2024\/08\/IMG_6244-1024x683.jpg 1024w, https:\/\/www.yoga-ac.eu\/wp-content\/uploads\/2024\/08\/IMG_6244-1200x800.jpg 1200w, https:\/\/www.yoga-ac.eu\/wp-content\/uploads\/2024\/08\/IMG_6244-1536x1024.jpg 1536w\" sizes=\"auto, (max-width: 740px) 100vw, 740px\" \/><\/p>\n<h3><span style=\"color: #003366;\">O pobytu<\/span><\/h3>\n<p><span style=\"color: #003366;\">Sou\u010dasn\u011b s j\u00f3govou prax\u00ed se \u00fa\u010dastn\u00edci pobytu sezn\u00e1m\u00ed s praktick\u00fdmi tajemstv\u00edmi vegetari\u00e1nsk\u00e9 kuchyn\u011b a zp\u016fsoby v\u00fd\u017eivy.<\/span><\/p>\n<p><span style=\"color: #003366;\">Semin\u00e1\u0159 je druhem workshopu, ve kter\u00e9m se \u00fa\u010dastn\u00edci nau\u010d\u00ed p\u0159ipravovat vegetari\u00e1nsk\u00e1 a vegansk\u00e1 j\u00eddla vych\u00e1zej\u00edc\u00ed z filozofie j\u00f3gy. P\u016fvodn\u011b byly tyto recepty ur\u010deny pro praktikuj\u00edc\u00ed a milovn\u00edky j\u00f3gy, ale d\u00edky jejich p\u0159\u00edzniv\u00e9mu vlivu na zdrav\u00ed se dnes uplat\u0148uj\u00ed ve stravov\u00e1n\u00ed v\u0161ech, kte\u0159\u00ed cht\u011bj\u00ed zlep\u0161it sv\u00e9 zdrav\u00ed i zdrav\u00ed sv\u00fdch rodinn\u00fdch p\u0159\u00edslu\u0161n\u00edk\u016f.<\/span><\/p>\n<p><span style=\"color: #003366;\">B\u011bhem t\u0159\u00ed dn\u016f se \u00fa\u010dastn\u00edci vegetari\u00e1nsk\u00e9ho a vegansk\u00e9ho workshopu nau\u010d\u00ed p\u0159ipravovat pokrmy podle recept\u016f star\u00fdch mistr\u016f j\u00f3gy.<\/span><\/p>\n<p data-start=\"0\" data-end=\"11\"><span style=\"color: #003366;\"><strong data-start=\"0\" data-end=\"11\">Program:<\/strong><\/span><\/p>\n<ul>\n<li data-start=\"13\" data-end=\"795\"><span style=\"color: #003366;\">Zdroje pozn\u00e1n\u00ed a v\u00fd\u017eiva (filozofie j\u00f3gy podle<\/span><\/li>\n<li data-start=\"13\" data-end=\"795\"><span style=\"color: #003366;\">Pata\u0148d\u017ealiho, Hatha Yoga Prad\u00edpika, Gheranda Samhita, \u00e1jurv\u00e9da, upani\u0161ady);<\/span><\/li>\n<li data-start=\"13\" data-end=\"795\"><span style=\"color: #003366;\">Principy j\u00f3gov\u00e9 vegetari\u00e1nsk\u00e9 a vegansk\u00e9 v\u00fd\u017eivy;<\/span><\/li>\n<li data-start=\"13\" data-end=\"795\"><span style=\"color: #003366;\">Principy \u00e1jurv\u00e9dsk\u00e9 v\u00fd\u017eivy;<\/span><\/li>\n<li data-start=\"13\" data-end=\"795\"><span style=\"color: #003366;\">M\u00edsto p\u016fstu v j\u00f3gov\u00e9 strav\u011b;<\/span><\/li>\n<li data-start=\"13\" data-end=\"795\"><span style=\"color: #003366;\">V\u00fd\u017eiva a j\u00f3gov\u00e1 praxe;<\/span><\/li>\n<li data-start=\"13\" data-end=\"795\"><span style=\"color: #003366;\">Stravov\u00e1n\u00ed podle d\u00f3\u0161;<\/span><\/li>\n<li data-start=\"13\" data-end=\"795\"><span style=\"color: #003366;\">J\u00f3gov\u00e1 strava a ro\u010dn\u00ed obdob\u00ed;<\/span><\/li>\n<li data-start=\"13\" data-end=\"795\"><span style=\"color: #003366;\">J\u00f3gov\u00e1 v\u00fd\u017eiva a ko\u0159en\u00ed;<\/span><\/li>\n<li data-start=\"13\" data-end=\"795\"><span style=\"color: #003366;\">J\u00f3gov\u00e1 v\u00fd\u017eiva (netepeln\u00e1 \u00faprava potravin);<\/span><\/li>\n<li data-start=\"13\" data-end=\"795\"><span style=\"color: #003366;\">J\u00f3gov\u00e1 v\u00fd\u017eiva a vliv na energetick\u00e9 pole a energetick\u00e1 centra (\u010dakry);<\/span><\/li>\n<li data-start=\"13\" data-end=\"795\"><span style=\"color: #003366;\">Barvy potravin;<\/span><\/li>\n<li data-start=\"13\" data-end=\"795\"><span style=\"color: #003366;\">Tekutiny ve v\u00fd\u017eiv\u011b;<\/span><\/li>\n<li data-start=\"13\" data-end=\"795\"><span style=\"color: #003366;\">J\u00f3gov\u00e1 v\u00fd\u017eiva jako podpora p\u0159i obnov\u011b naru\u0161en\u00e9ho zdrav\u00ed;<\/span><\/li>\n<li data-start=\"13\" data-end=\"795\"><span style=\"color: #003366;\">J\u00f3gov\u00e1 v\u00fd\u017eiva v rodin\u011b;<\/span><\/li>\n<li data-start=\"13\" data-end=\"795\"><span style=\"color: #003366;\">J\u00f3gov\u00e9 vegetari\u00e1nsk\u00e9 recepty (workshopov\u00e1 forma \u2013 ka\u017ed\u00fd \u00fa\u010dastn\u00edk se zapoj\u00ed do p\u0159\u00edpravy a konzumace vegetari\u00e1nsk\u00e9 sn\u00eddan\u011b, ob\u011bda a ve\u010de\u0159e);<\/span><\/li>\n<li data-start=\"13\" data-end=\"795\"><span style=\"color: #003366;\">J\u00f3gov\u00fd vegetari\u00e1nsk\u00fd t\u00fddenn\u00ed a m\u011bs\u00ed\u010dn\u00ed pl\u00e1n stravov\u00e1n\u00ed.<\/span><\/li>\n<\/ul>\n<p><img loading=\"lazy\" decoding=\"async\" class=\"wp-image-1627 aligncenter\" src=\"https:\/\/www.yoga-ac.eu\/wp-content\/uploads\/2024\/09\/IMG_4484-300x225.jpg\" alt=\"vegetarian_diet_vegan_diet_health_seminar_yoga_retreat_2025\" width=\"979\" height=\"734\" srcset=\"https:\/\/www.yoga-ac.eu\/wp-content\/uploads\/2024\/09\/IMG_4484-200x150.jpg 200w, https:\/\/www.yoga-ac.eu\/wp-content\/uploads\/2024\/09\/IMG_4484-300x225.jpg 300w, https:\/\/www.yoga-ac.eu\/wp-content\/uploads\/2024\/09\/IMG_4484-400x300.jpg 400w, https:\/\/www.yoga-ac.eu\/wp-content\/uploads\/2024\/09\/IMG_4484-600x450.jpg 600w, https:\/\/www.yoga-ac.eu\/wp-content\/uploads\/2024\/09\/IMG_4484-768x576.jpg 768w, https:\/\/www.yoga-ac.eu\/wp-content\/uploads\/2024\/09\/IMG_4484-800x600.jpg 800w, https:\/\/www.yoga-ac.eu\/wp-content\/uploads\/2024\/09\/IMG_4484-1024x768.jpg 1024w, https:\/\/www.yoga-ac.eu\/wp-content\/uploads\/2024\/09\/IMG_4484-1200x900.jpg 1200w, https:\/\/www.yoga-ac.eu\/wp-content\/uploads\/2024\/09\/IMG_4484-1536x1152.jpg 1536w\" sizes=\"auto, (max-width: 979px) 100vw, 979px\" \/><\/p>\n<p><span style=\"color: #003366;\"><strong>REZERVACE \u00da\u010cASTI:<\/strong><\/span><\/p>\n<p><span style=\"color: #003366;\">Abyste si rezervovali sv\u00e9 m\u00edsto, kontaktujte n\u00e1s pros\u00edm e-mailem:\u00a0 <\/span><strong><span style=\"color: #003366;\">yogalight.eu@gmail.com<\/span><\/strong><\/p>\n<p><strong><span style=\"color: #003366;\">nebo telefonicky (nebo WhatsApp\/Viber): +420 773 922 790, +420 608 212 949<\/span><\/strong><\/p>\n<p><strong><span style=\"color: #003366;\">S velkou radost\u00ed v\u00e1s p\u0159iv\u00edt\u00e1me v Evropsk\u00e9m Dom\u011b Sv\u011btla J\u00f3gy na Vyso\u010din\u011b.<\/span><\/strong><\/p>\n<\/div><\/div><\/div><div class=\"fusion-panel panel-default\" role=\"tabpanel\"><div class=\"panel-heading\"><h4 class=\"panel-title toggle\"><a aria-expanded=\"false\" aria-selected=\"false\" aria-controls=\"b2551f9d99974430e\" role=\"tab\" data-toggle=\"collapse\" data-parent=\"#accordion-2220-1\" data-target=\"#b2551f9d99974430e\" href=\"#b2551f9d99974430e\"><span class=\"fusion-toggle-icon-wrapper\" aria-hidden=\"true\"><i class=\"fa-fusion-box\"><\/i><\/span><span class=\"fusion-toggle-heading\">3DENN\u00cd RETREAT HORMON\u00c1LN\u00cd J\u00d3GY: 4.\u20136. z\u00e1\u0159\u00ed 2026<\/span><\/a><\/h4><\/div><div id=\"b2551f9d99974430e\" class=\"panel-collapse collapse \"><div class=\"panel-body toggle-content fusion-clearfix\">\n<h1 style=\"text-align: center;\"><span style=\"color: #003366;\">\u201eHormon\u00e1ln\u00ed rovnov\u00e1ha\u201c \u2013 j\u00f3gov\u00fd v\u00edkendov\u00fd retreat<\/span><\/h1>\n<p style=\"text-align: center;\" data-start=\"55\" data-end=\"91\"><span style=\"color: #003366;\"><strong data-start=\"55\" data-end=\"73\">Term\u00edn kon\u00e1n\u00ed:<\/strong> 4.\u20136. z\u00e1\u0159\u00ed 2026<\/span><\/p>\n<p style=\"text-align: center;\" data-start=\"93\" data-end=\"203\" data-is-last-node=\"\" data-is-only-node=\"\"><span style=\"color: #003366;\"><strong data-start=\"93\" data-end=\"110\">M\u00edsto kon\u00e1n\u00ed:<\/strong> Evropsk\u00fd D\u016fm Sv\u011btla J\u00f3gy, reziden\u010dn\u00ed a vzd\u011bl\u00e1vac\u00ed j\u00f3gov\u00e9 retreatov\u00e9 centrum<\/span><\/p>\n<p><img loading=\"lazy\" decoding=\"async\" class=\" wp-image-866 aligncenter\" src=\"https:\/\/www.yoga-ac.eu\/wp-content\/uploads\/2024\/01\/258220588_4769790496421240_8258490595120182174_n-300x225.jpg\" alt=\"European House of Yoga Light\" width=\"786\" height=\"589\" srcset=\"https:\/\/www.yoga-ac.eu\/wp-content\/uploads\/2024\/01\/258220588_4769790496421240_8258490595120182174_n-200x150.jpg 200w, https:\/\/www.yoga-ac.eu\/wp-content\/uploads\/2024\/01\/258220588_4769790496421240_8258490595120182174_n-300x225.jpg 300w, https:\/\/www.yoga-ac.eu\/wp-content\/uploads\/2024\/01\/258220588_4769790496421240_8258490595120182174_n-400x300.jpg 400w, https:\/\/www.yoga-ac.eu\/wp-content\/uploads\/2024\/01\/258220588_4769790496421240_8258490595120182174_n-600x450.jpg 600w, https:\/\/www.yoga-ac.eu\/wp-content\/uploads\/2024\/01\/258220588_4769790496421240_8258490595120182174_n-768x576.jpg 768w, https:\/\/www.yoga-ac.eu\/wp-content\/uploads\/2024\/01\/258220588_4769790496421240_8258490595120182174_n-800x600.jpg 800w, https:\/\/www.yoga-ac.eu\/wp-content\/uploads\/2024\/01\/258220588_4769790496421240_8258490595120182174_n-1024x768.jpg 1024w, https:\/\/www.yoga-ac.eu\/wp-content\/uploads\/2024\/01\/258220588_4769790496421240_8258490595120182174_n-1200x900.jpg 1200w, https:\/\/www.yoga-ac.eu\/wp-content\/uploads\/2024\/01\/258220588_4769790496421240_8258490595120182174_n-1536x1152.jpg 1536w, https:\/\/www.yoga-ac.eu\/wp-content\/uploads\/2024\/01\/258220588_4769790496421240_8258490595120182174_n.jpg 1820w\" sizes=\"auto, (max-width: 786px) 100vw, 786px\" \/><\/p>\n<div class=\"text-base my-auto mx-auto &#091;--thread-content-margin:var(--thread-content-margin-xs,calc(var(--spacing)*4))&#093; @w-sm\/main:&#091;--thread-content-margin:var(--thread-content-margin-sm,calc(var(--spacing)*6))&#093; @w-lg\/main:&#091;--thread-content-margin:var(--thread-content-margin-lg,calc(var(--spacing)*16))&#093; px-(--thread-content-margin)\">\n<div class=\"&#091;--thread-content-max-width:40rem&#093; @w-lg\/main:&#091;--thread-content-max-width:48rem&#093; mx-auto max-w-(--thread-content-max-width) flex-1 group\/turn-messages focus-visible:outline-hidden relative flex w-full min-w-0 flex-col agent-turn\">\n<div class=\"flex max-w-full flex-col gap-4 grow\">\n<div class=\"min-h-8 text-message relative flex w-full flex-col items-end gap-2 text-start break-words whitespace-normal outline-none keyboard-focused:focus-ring &#091;.text-message+&amp;&#093;:mt-1\" dir=\"auto\" data-message-author-role=\"assistant\" data-message-id=\"91499ac0-dcfa-4e06-ad04-48bc1963725d\" data-message-model-slug=\"gpt-5-3\">\n<div class=\"flex w-full flex-col gap-1 empty:hidden\">\n<div class=\"markdown prose dark:prose-invert w-full wrap-break-word light markdown-new-styling\">\n<p data-start=\"0\" data-end=\"36\"><span style=\"color: #003366;\"><strong data-start=\"0\" data-end=\"36\">Co je j\u00f3ga hormon\u00e1ln\u00ed rovnov\u00e1hy?<\/strong><\/span><\/p>\n<p data-start=\"38\" data-end=\"257\"><span style=\"color: #003366;\">Lekce j\u00f3gy hormon\u00e1ln\u00ed rovnov\u00e1hy se skl\u00e1d\u00e1 z cvi\u010den\u00ed zam\u011b\u0159en\u00fdch na stimulaci spr\u00e1vn\u00e9ho fungov\u00e1n\u00ed endokrinn\u00edch \u017el\u00e1z a z j\u00f3gov\u00fdch technik, jejich\u017e c\u00edlem je odstranit energetick\u00e9 blok\u00e1dy v oblasti cel\u00e9ho pohybov\u00e9ho apar\u00e1tu.<\/span><\/p>\n<p data-start=\"259\" data-end=\"493\"><span style=\"color: #003366;\">S\u00e9rie HBY podporuje harmonizaci hormon\u00e1ln\u00edho syst\u00e9mu, co\u017e p\u0159isp\u00edv\u00e1 k nastolen\u00ed optim\u00e1ln\u00edho zdrav\u00ed. Z\u00e1rove\u0148 je velmi d\u016fle\u017eit\u00e9, aby byli praktikuj\u00edc\u00ed, kte\u0159\u00ed maj\u00ed pochybnosti o sv\u00e9m zdravotn\u00edm stavu, v neust\u00e1l\u00e9m kontaktu se sv\u00fdm l\u00e9ka\u0159em.<\/span><\/p>\n<p data-start=\"495\" data-end=\"789\"><span style=\"color: #003366;\">Jedna \u010d\u00e1st s\u00e9rie vytv\u00e1\u0159\u00ed p\u0159edpoklady pro p\u0159irozenou \u201epulzaci\u201c \u2013 pohyb pr\u00e1ny (energie) \u017eivotn\u00edmi kan\u00e1ly (n\u00e1di), \u010d\u00edm\u017e napom\u00e1h\u00e1 uvol\u0148ov\u00e1n\u00ed energetick\u00fdch blok\u00e1d. Druh\u00e1 \u010d\u00e1st harmonizuje \u010dinnost energetick\u00fdch center (\u010daker). T\u0159et\u00ed \u010d\u00e1st pom\u00e1h\u00e1 odstra\u0148ovat fyzick\u00e9 pot\u00ed\u017ee vznikaj\u00edc\u00ed na \u00farovni psychiky.<\/span><\/p>\n<p data-start=\"791\" data-end=\"1014\" data-is-last-node=\"\" data-is-only-node=\"\"><span style=\"color: #003366;\">S\u00e9rie \u201eJ\u00f3ga hormon\u00e1ln\u00ed rovnov\u00e1hy\u201c je koncipov\u00e1na tak, aby k praktikuj\u00edc\u00edm p\u0159istupovala celostn\u011b. \u00da\u010dinky jej\u00edho praktikov\u00e1n\u00ed se projevuj\u00ed na v\u0161ech \u00farovn\u00edch: energetick\u00e9, fyzick\u00e9, emocion\u00e1ln\u00ed, kognitivn\u00ed, soci\u00e1ln\u00ed i duchovn\u00ed.<\/span><\/p>\n<\/div>\n<\/div>\n<\/div>\n<\/div>\n<\/div>\n<\/div>\n<p><img loading=\"lazy\" decoding=\"async\" class=\" wp-image-884 aligncenter\" src=\"https:\/\/www.yoga-ac.eu\/wp-content\/uploads\/2024\/01\/68240175_2527848793948766_4804132104117944320_n-300x200.jpg\" alt=\"European House of Yoga Light\" width=\"702\" height=\"468\" srcset=\"https:\/\/www.yoga-ac.eu\/wp-content\/uploads\/2024\/01\/68240175_2527848793948766_4804132104117944320_n-200x133.jpg 200w, https:\/\/www.yoga-ac.eu\/wp-content\/uploads\/2024\/01\/68240175_2527848793948766_4804132104117944320_n-300x200.jpg 300w, https:\/\/www.yoga-ac.eu\/wp-content\/uploads\/2024\/01\/68240175_2527848793948766_4804132104117944320_n-400x267.jpg 400w, https:\/\/www.yoga-ac.eu\/wp-content\/uploads\/2024\/01\/68240175_2527848793948766_4804132104117944320_n-600x400.jpg 600w, https:\/\/www.yoga-ac.eu\/wp-content\/uploads\/2024\/01\/68240175_2527848793948766_4804132104117944320_n-768x512.jpg 768w, https:\/\/www.yoga-ac.eu\/wp-content\/uploads\/2024\/01\/68240175_2527848793948766_4804132104117944320_n-800x533.jpg 800w, https:\/\/www.yoga-ac.eu\/wp-content\/uploads\/2024\/01\/68240175_2527848793948766_4804132104117944320_n-1024x683.jpg 1024w, https:\/\/www.yoga-ac.eu\/wp-content\/uploads\/2024\/01\/68240175_2527848793948766_4804132104117944320_n-1200x800.jpg 1200w, https:\/\/www.yoga-ac.eu\/wp-content\/uploads\/2024\/01\/68240175_2527848793948766_4804132104117944320_n-1536x1024.jpg 1536w\" sizes=\"auto, (max-width: 702px) 100vw, 702px\" \/><\/p>\n<p><span style=\"color: #003366;\"><strong>REZERVACE \u00da\u010cASTI:<\/strong><\/span><\/p>\n<p><span style=\"color: #003366;\">Abyste si rezervovali sv\u00e9 m\u00edsto, kontaktujte n\u00e1s pros\u00edm e-mailem: <\/span><strong><span style=\"color: #003366;\">yogalight.eu@gmail.com<\/span><\/strong><\/p>\n<p><strong><span style=\"color: #003366;\">nebo telefonicky (nebo WhatsApp\/Viber): +420 773 922 790, +420 608 212 949<\/span><\/strong><\/p>\n<p><strong><span style=\"color: #003366;\">S velkou radost\u00ed v\u00e1s p\u0159iv\u00edt\u00e1me v Evropsk\u00e9m Dom\u011b Sv\u011btla J\u00f3gy na Vyso\u010din\u011b.<\/span><\/strong><\/p>\n<\/div><\/div><\/div><div class=\"fusion-panel panel-default\" role=\"tabpanel\"><div class=\"panel-heading\"><h4 class=\"panel-title toggle\"><a aria-expanded=\"false\" aria-selected=\"false\" aria-controls=\"088693d91c10f81ae\" role=\"tab\" data-toggle=\"collapse\" data-parent=\"#accordion-2220-1\" data-target=\"#088693d91c10f81ae\" href=\"#088693d91c10f81ae\"><span class=\"fusion-toggle-icon-wrapper\" aria-hidden=\"true\"><i class=\"fa-fusion-box\"><\/i><\/span><span class=\"fusion-toggle-heading\">6DENN\u00cd RODINN\u00dd J\u00d3GOV\u00dd RETREAT PRO D\u011aTI A DOSP\u011aL\u00c9: 29. \u010dervence \u2013 3. srpna 2026<\/span><\/a><\/h4><\/div><div id=\"088693d91c10f81ae\" class=\"panel-collapse collapse \"><div class=\"panel-body toggle-content fusion-clearfix\">\n<div>\n<div>\n<h1 style=\"text-align: center;\"><span style=\"color: #003366;\"><strong>RODINN\u00dd J\u00d3GOV\u00dd T\u00c1BOR <\/strong><\/span><\/h1>\n<h1 style=\"text-align: center;\"><span style=\"color: #003366;\"><strong>PRO <\/strong><span class=\"a_GcMg font-feature-liga-off font-feature-clig-off font-feature-calt-off text-decoration-none text-strikethrough-none\">D\u011aTI A DOSP\u011aL\u00c9<\/span><\/span><\/h1>\n<\/div>\n<\/div>\n<p style=\"text-align: center;\"><span style=\"color: #003366;\"><strong>Datum ud\u00e1losti<\/strong>: 29. \u010dervence \u2013 3. srpna 2026<\/span><\/p>\n<p style=\"text-align: center;\"><span style=\"color: #003366;\"><strong>M\u00edsto kon\u00e1n\u00ed<\/strong>: European House of Yoga Light, reziden\u010dn\u00ed a vzd\u011bl\u00e1vac\u00ed centrum<\/span><\/p>\n<p><img loading=\"lazy\" decoding=\"async\" class=\" wp-image-1569 aligncenter\" src=\"https:\/\/www.yoga-ac.eu\/wp-content\/uploads\/2024\/09\/456335305_818782190237118_4299267451777993099_n-300x225.jpg\" alt=\"KIDS, YOGA, CHILDREN, FAMILY, ASHRAM, EUROPE, RETREAT, MEDITATION\" width=\"811\" height=\"608\" srcset=\"https:\/\/www.yoga-ac.eu\/wp-content\/uploads\/2024\/09\/456335305_818782190237118_4299267451777993099_n-200x150.jpg 200w, https:\/\/www.yoga-ac.eu\/wp-content\/uploads\/2024\/09\/456335305_818782190237118_4299267451777993099_n-300x225.jpg 300w, https:\/\/www.yoga-ac.eu\/wp-content\/uploads\/2024\/09\/456335305_818782190237118_4299267451777993099_n-400x300.jpg 400w, https:\/\/www.yoga-ac.eu\/wp-content\/uploads\/2024\/09\/456335305_818782190237118_4299267451777993099_n-600x450.jpg 600w, https:\/\/www.yoga-ac.eu\/wp-content\/uploads\/2024\/09\/456335305_818782190237118_4299267451777993099_n-768x576.jpg 768w, https:\/\/www.yoga-ac.eu\/wp-content\/uploads\/2024\/09\/456335305_818782190237118_4299267451777993099_n-800x600.jpg 800w, https:\/\/www.yoga-ac.eu\/wp-content\/uploads\/2024\/09\/456335305_818782190237118_4299267451777993099_n-1024x768.jpg 1024w, https:\/\/www.yoga-ac.eu\/wp-content\/uploads\/2024\/09\/456335305_818782190237118_4299267451777993099_n-1200x900.jpg 1200w, https:\/\/www.yoga-ac.eu\/wp-content\/uploads\/2024\/09\/456335305_818782190237118_4299267451777993099_n-1536x1152.jpg 1536w, https:\/\/www.yoga-ac.eu\/wp-content\/uploads\/2024\/09\/456335305_818782190237118_4299267451777993099_n.jpg 1600w\" sizes=\"auto, (max-width: 811px) 100vw, 811px\" \/><\/p>\n<div class=\"fusion-text fusion-text-1\"><span style=\"color: #003366;\"><strong><span class=\"a_GcMg font-feature-liga-off font-feature-clig-off font-feature-calt-off text-decoration-none text-strikethrough-none\">Kvalitn\u00ed \u010das s rodinou<\/span><\/strong><\/span><\/div>\n<div class=\"fusion-text fusion-text-2\">\n<p><span style=\"color: #003366;\">Ti, kte\u0159\u00ed si p\u0159ej\u00ed str\u00e1vit aktivn\u00ed j\u00f3govou dovolenou se sv\u00fdmi rodinn\u00fdmi p\u0159\u00edslu\u0161n\u00edky (d\u011btmi, babi\u010dkou nebo d\u011bde\u010dkem, tetou\u2026), maj\u00ed mo\u017enost z\u00fa\u010dastnit se j\u00f3gov\u00fdch aktivit speci\u00e1ln\u011b vytvo\u0159en\u00fdch pro tuto p\u0159\u00edle\u017eitost. Rozs\u00e1hl\u00e9 zku\u0161enosti vedouc\u00edho programu umo\u017e\u0148uj\u00ed rodi\u010d\u016fm i z\u00fa\u010dastn\u011bn\u00fdm d\u011btem osvojit si j\u00f3gov\u00e9 znalosti a dovednosti rovnom\u011brn\u011b a s radost\u00ed.<\/span><\/p>\n<p><span style=\"color: #003366;\"><strong>Vzd\u011bl\u00e1vac\u00ed a z\u00e1bavn\u00e9 aktivity:<\/strong><\/span><\/p>\n<p><span style=\"color: #003366;\">\u2022 lekce j\u00f3gy pro d\u011bti<\/span><br \/>\n<span style=\"color: #003366;\">\u2022 spole\u010dn\u00e9 lekce j\u00f3gy pro d\u011bti i dosp\u011bl\u00e9 (rodi\u010de, prarodi\u010de, tety, str\u00fdcov\u00e9, opatrovn\u00edci)<\/span><br \/>\n<span style=\"color: #003366;\">\u2022 program pro dosp\u011bl\u00e9 (rodi\u010de nebo opatrovn\u00edky) zam\u011b\u0159en\u00fd na informov\u00e1n\u00ed o aplikaci j\u00f3gy v ka\u017edodenn\u00edch rodinn\u00fdch aktivit\u00e1ch na podporu rozvoje d\u011bt\u00ed<\/span><br \/>\n<span style=\"color: #003366;\">\u2022 tane\u010dn\u00ed workshopy j\u00f3gy<\/span><br \/>\n<span style=\"color: #003366;\">\u2022 \u00fa\u010dast d\u011bt\u00ed na rann\u00edch meditativn\u00edch proch\u00e1zk\u00e1ch a ve\u010dern\u00edch k\u00edrtanov\u00fdch workshopech<\/span><br \/>\n<span style=\"color: #003366;\">\u2022 p\u0159\u00edprava d\u011btsk\u00fdch vystoupen\u00ed na z\u00e1v\u011br j\u00f3gov\u00e9ho t\u00e1bora<\/span><\/p>\n<p><img loading=\"lazy\" decoding=\"async\" class=\"wp-image-1571 aligncenter\" src=\"https:\/\/www.yoga-ac.eu\/wp-content\/uploads\/2024\/09\/455247787_817073513741319_5167844657689243869_n-225x300.jpg\" alt=\"KIDS, YOGA, CHILDREN, FAMILY, ASHRAM, EUROPE, RETREAT, MEDITATION\" width=\"771\" height=\"1028\" srcset=\"https:\/\/www.yoga-ac.eu\/wp-content\/uploads\/2024\/09\/455247787_817073513741319_5167844657689243869_n-200x267.jpg 200w, https:\/\/www.yoga-ac.eu\/wp-content\/uploads\/2024\/09\/455247787_817073513741319_5167844657689243869_n-225x300.jpg 225w, https:\/\/www.yoga-ac.eu\/wp-content\/uploads\/2024\/09\/455247787_817073513741319_5167844657689243869_n-400x533.jpg 400w, https:\/\/www.yoga-ac.eu\/wp-content\/uploads\/2024\/09\/455247787_817073513741319_5167844657689243869_n-600x800.jpg 600w, https:\/\/www.yoga-ac.eu\/wp-content\/uploads\/2024\/09\/455247787_817073513741319_5167844657689243869_n-768x1024.jpg 768w, https:\/\/www.yoga-ac.eu\/wp-content\/uploads\/2024\/09\/455247787_817073513741319_5167844657689243869_n-800x1067.jpg 800w, https:\/\/www.yoga-ac.eu\/wp-content\/uploads\/2024\/09\/455247787_817073513741319_5167844657689243869_n-1152x1536.jpg 1152w, https:\/\/www.yoga-ac.eu\/wp-content\/uploads\/2024\/09\/455247787_817073513741319_5167844657689243869_n.jpg 1200w\" sizes=\"auto, (max-width: 771px) 100vw, 771px\" \/><\/p>\n<h3 class=\"fusion-responsive-typography-calculated\" data-fontsize=\"16\" data-lineheight=\"24px\"><span class=\"a_GcMg font-feature-liga-off font-feature-clig-off font-feature-calt-off text-decoration-none text-strikethrough-none\" style=\"color: #003366;\">S radost\u00ed, lehkost\u00ed a hrou si osvojujeme znalosti a dovednosti<\/span><\/h3>\n<p><span style=\"color: #003366;\">Cvi\u010den\u00ed j\u00f3gy se z\u00e1bavn\u00fdmi hrami podporuje rozvoj d\u011btsk\u00e9 citlivosti pro kreativn\u00ed vyj\u00e1d\u0159en\u00ed.<\/span><\/p>\n<p><span style=\"color: #003366;\">Krom\u011b z\u00e1bavn\u00e9ho j\u00f3gov\u00e9ho obsahu pro d\u011bti poskytuje j\u00f3gov\u00fd t\u00e1bor rodi\u010d\u016fm mo\u017enost sledovat proces zm\u011bny, kter\u00e1 u jejich d\u00edt\u011bte prob\u00edh\u00e1, tj. jak m\u016f\u017ee aplikace metod j\u00f3gov\u00e9 pedagogiky v individu\u00e1ln\u00ed pr\u00e1ci p\u0159isp\u011bt k:<\/span><\/p>\n<ul>\n<li><span style=\"color: #003366;\">spr\u00e1vn\u00e9mu dr\u017een\u00ed t\u011bla, podpo\u0159e motorick\u00fdch dovednost\u00ed d\u011bt\u00ed<\/span><\/li>\n<li><span style=\"color: #003366;\">snadn\u011bj\u0161\u00edmu z\u00edsk\u00e1v\u00e1n\u00ed znalost\u00ed<\/span><\/li>\n<li><span style=\"color: #003366;\">z\u00edsk\u00e1v\u00e1n\u00ed pot\u0159ebn\u00fdch soci\u00e1ln\u00edch dovednost\u00ed<\/span><br \/>\n<span style=\"color: #003366;\">rozvoji hodnot<\/span><\/li>\n<li><span style=\"color: #003366;\">posilov\u00e1n\u00ed sebev\u011bdom\u00ed a osobn\u00edch schopnost\u00ed<\/span><\/li>\n<li><span style=\"color: #003366;\">posilov\u00e1n\u00ed soust\u0159ed\u011bn\u00ed a pozornosti<\/span><br \/>\n<span style=\"color: #003366;\">svobod\u011b tv\u016fr\u010d\u00edho projevu<\/span><\/li>\n<\/ul>\n<p><span style=\"color: #003366;\">Lekce j\u00f3gy pro d\u011bti jsou pe\u010dliv\u011b navr\u017eeny v souladu s v\u011bkem a v\u00fdvojov\u00fdmi pot\u0159ebami d\u011bt\u00ed, s kreativn\u00edmi metodami a pedagogickou prac\u00ed. Lekce podporuj\u00ed celkov\u00fd rozvoj d\u00edt\u011bte.<\/span><\/p>\n<h3 class=\"fusion-responsive-typography-calculated\" data-fontsize=\"16\" data-lineheight=\"24px\"><span style=\"color: #003366;\">J\u00f3gov\u00fd t\u00e1bor pro dosp\u011bl\u00e9<\/span><\/h3>\n<p><span style=\"color: #003366;\">Dosp\u011bl\u00ed \u010dlenov\u00e9 budou m\u00edt mo\u017enost z\u00fa\u010dastnit se n\u00e1sleduj\u00edc\u00edch aktivit:<\/span><\/p>\n<ul>\n<li><span style=\"color: #003366;\">J\u00f3ga, spiritu\u00e1ln\u00ed tanec<\/span><\/li>\n<li><span style=\"color: #003366;\">J\u00f3ga pro pokro\u010dil\u00e9 i za\u010d\u00e1te\u010dn\u00edky<\/span><\/li>\n<li><span style=\"color: #003366;\">Regenera\u010dn\u00ed lekce j\u00f3gy<\/span><\/li>\n<li><span style=\"color: #003366;\">Lekce siddhi a siddha j\u00f3gy a lekce j\u00f3gy pro hormon\u00e1ln\u00ed rovnov\u00e1hu<\/span><\/li>\n<li><span style=\"color: #003366;\">Nyasa j\u00f3ga a k\u00edrtan j\u00f3ga<\/span><\/li>\n<li><span style=\"color: #003366;\">\u00da\u010dastn\u00edci se rozhodnou, kter\u00e9ho programu se z\u00fa\u010dastn\u00ed.<\/span><\/li>\n<\/ul>\n<h3 class=\"fusion-responsive-typography-calculated\" data-fontsize=\"16\" data-lineheight=\"24px\"><span class=\"a_GcMg font-feature-liga-off font-feature-clig-off font-feature-calt-off text-decoration-none text-strikethrough-none\" style=\"color: #003366;\">Aplikace j\u00f3gov\u00fdch technik ve v\u00fdvoji d\u011bt\u00ed<\/span><\/h3>\n<\/div>\n<p class=\"cvGsUA direction-ltr align-justify para-style-body\"><span class=\"a_GcMg font-feature-liga-off font-feature-clig-off font-feature-calt-off text-decoration-none text-strikethrough-none\" style=\"color: #003366;\">Krom\u011b z\u00e1bavn\u00fdch j\u00f3gov\u00fdch aktivit pro d\u011bti, j\u00f3gov\u00fd t\u00e1bor nab\u00edz\u00ed rodi\u010d\u016fm p\u0159\u00edle\u017eitost sledovat proces zm\u011bn, kter\u00e9 se d\u011bj\u00ed u jejich d\u00edt\u011bte, tj. jak aplikace metod j\u00f3gov\u00e9 pedagogiky v individu\u00e1ln\u00ed pr\u00e1ci m\u016f\u017ee p\u0159isp\u011bt:<\/span><\/p>\n<ul>\n<li><span class=\"a_GcMg font-feature-liga-off font-feature-clig-off font-feature-calt-off text-decoration-none text-strikethrough-none\" style=\"color: #003366;\">spr\u00e1vn\u00e9mu dr\u017een\u00ed t\u011bla, podpo\u0159e motorick\u00fdch schopnost\u00ed d\u011bt\u00ed,<\/span><\/li>\n<li><span class=\"a_GcMg font-feature-liga-off font-feature-clig-off font-feature-calt-off text-decoration-none text-strikethrough-none\" style=\"color: #003366;\">snaz\u0161\u00edmu osvojov\u00e1n\u00ed znalost\u00ed,<\/span><\/li>\n<li><span class=\"a_GcMg font-feature-liga-off font-feature-clig-off font-feature-calt-off text-decoration-none text-strikethrough-none\" style=\"color: #003366;\">rozvoji pot\u0159ebn\u00fdch soci\u00e1ln\u00edch dovednost\u00ed,<\/span><\/li>\n<li><span class=\"a_GcMg font-feature-liga-off font-feature-clig-off font-feature-calt-off text-decoration-none text-strikethrough-none\" style=\"color: #003366;\">osvojov\u00e1n\u00ed hodnotov\u00fdch postoj\u016f,<\/span><\/li>\n<li><span class=\"a_GcMg font-feature-liga-off font-feature-clig-off font-feature-calt-off text-decoration-none text-strikethrough-none\" style=\"color: #003366;\">pos\u00edlen\u00ed sebed\u016fv\u011bry a osobn\u00edch kapacit,<\/span><\/li>\n<li><span class=\"a_GcMg font-feature-liga-off font-feature-clig-off font-feature-calt-off text-decoration-none text-strikethrough-none\" style=\"color: #003366;\">pos\u00edlen\u00ed koncentrace pozornosti a<\/span><\/li>\n<li><span style=\"color: #003366;\">svobod\u011b kreativn\u00edho vyjad\u0159ov\u00e1n\u00ed.<\/span><\/li>\n<\/ul>\n<p><span style=\"color: #003366;\"><strong>REZERVACE \u00da\u010cASTI:<\/strong><\/span><\/p>\n<p><span style=\"color: #003366;\">Abyste si rezervovali sv\u00e9 m\u00edsto, kontaktujte n\u00e1s pros\u00edm e-mailem: <\/span><strong><span style=\"color: #003366;\">yogalight.eu@gmail.com<\/span><\/strong><\/p>\n<p><strong><span style=\"color: #003366;\">nebo telefonicky (nebo WhatsApp\/Viber): +420 773 922 790, +420 608 212 949<\/span><\/strong><\/p>\n<p><strong><span style=\"color: #003366;\">S velkou radost\u00ed v\u00e1s p\u0159iv\u00edt\u00e1me v Evropsk\u00e9m Dom\u011b Sv\u011btla J\u00f3gy na Vyso\u010din\u011b.<\/span><\/strong><\/p>\n<\/div><\/div><\/div><\/div><\/div><style type=\"text\/css\">@media only screen and (max-width:800px) {.fusion-title.fusion-title-1{margin-top:10px!important;margin-bottom:10px!important;}}<\/style><div class=\"fusion-title title fusion-title-1 fusion-title-text fusion-title-size-one\" style=\"margin-top:0px;margin-bottom:31px;\"><h1 class=\"title-heading-left\" style=\"margin:0;\"><\/h1><div class=\"title-sep-container\"><div class=\"title-sep sep-double sep-solid\" style=\"border-color:#e0dede;\"><\/div><\/div><\/div><div class=\"fusion-text\"><p><a href=\"https:\/\/www.kudyznudy.cz\/aktivity\/evropsky-chram-svetla-jogy\" target=\"_blank\" rel=\"noopener\"><img loading=\"lazy\" decoding=\"async\" class=\"aligncenter wp-image-826 size-medium\" src=\"https:\/\/www.yoga-ac.eu\/wp-content\/uploads\/2024\/01\/kudyznudy-CzT-4c-RGB-Z-300x68.png\" alt=\"\" width=\"300\" height=\"68\" srcset=\"https:\/\/www.yoga-ac.eu\/wp-content\/uploads\/2024\/01\/kudyznudy-CzT-4c-RGB-Z-200x45.png 200w, https:\/\/www.yoga-ac.eu\/wp-content\/uploads\/2024\/01\/kudyznudy-CzT-4c-RGB-Z-300x68.png 300w, https:\/\/www.yoga-ac.eu\/wp-content\/uploads\/2024\/01\/kudyznudy-CzT-4c-RGB-Z.png 370w\" sizes=\"auto, (max-width: 300px) 100vw, 300px\" \/><\/a><\/p>\n<\/div><div class=\"fusion-slider-sc fusion-flexslider-loading flexslider flexslider-hover-type-none\" data-slideshow_autoplay=\"1\" data-slideshow_smooth_height=\"0\" data-slideshow_speed=\"3700\" style=\"max-width:100%;height:100%;\"><ul class=\"slides\"><li class=\"image\"><span class=\"fusion-image-hover-element hover-type-none\"><img loading=\"lazy\" decoding=\"async\" src=\"https:\/\/www.yoga-ac.eu\/wp-content\/uploads\/2025\/12\/English-01.png\" alt=\"jogove retreaty 2026 \" width=\"1080\" height=\"1350\" class=\"wp-image-2140\" srcset=\"https:\/\/www.yoga-ac.eu\/wp-content\/uploads\/2025\/12\/English-01-200x250.png 200w, https:\/\/www.yoga-ac.eu\/wp-content\/uploads\/2025\/12\/English-01-400x500.png 400w, https:\/\/www.yoga-ac.eu\/wp-content\/uploads\/2025\/12\/English-01-600x750.png 600w, https:\/\/www.yoga-ac.eu\/wp-content\/uploads\/2025\/12\/English-01-800x1000.png 800w, https:\/\/www.yoga-ac.eu\/wp-content\/uploads\/2025\/12\/English-01.png 1080w\" sizes=\"auto, (max-width: 800px) 100vw, 1080px\" \/><\/span><\/li><li class=\"image\"><span class=\"fusion-image-hover-element hover-type-none\"><img loading=\"lazy\" decoding=\"async\" src=\"https:\/\/www.yoga-ac.eu\/wp-content\/uploads\/2025\/12\/English-2.jpg\" alt=\"scalar_yoga_retreat_european_house_of_yoga_light\" width=\"1080\" height=\"1350\" class=\"wp-image-2141\" srcset=\"https:\/\/www.yoga-ac.eu\/wp-content\/uploads\/2025\/12\/English-2-200x250.jpg 200w, https:\/\/www.yoga-ac.eu\/wp-content\/uploads\/2025\/12\/English-2-400x500.jpg 400w, https:\/\/www.yoga-ac.eu\/wp-content\/uploads\/2025\/12\/English-2-600x750.jpg 600w, https:\/\/www.yoga-ac.eu\/wp-content\/uploads\/2025\/12\/English-2-800x1000.jpg 800w, https:\/\/www.yoga-ac.eu\/wp-content\/uploads\/2025\/12\/English-2.jpg 1080w\" sizes=\"auto, (max-width: 800px) 100vw, 1080px\" \/><\/span><\/li><li class=\"image\"><span class=\"fusion-image-hover-element hover-type-none\"><img loading=\"lazy\" decoding=\"async\" src=\"https:\/\/www.yoga-ac.eu\/wp-content\/uploads\/2025\/12\/English-3.jpg\" alt=\"yoga_for_couples_european_house_of_yoga_light\" width=\"1080\" height=\"1350\" class=\"wp-image-2142\" srcset=\"https:\/\/www.yoga-ac.eu\/wp-content\/uploads\/2025\/12\/English-3-200x250.jpg 200w, https:\/\/www.yoga-ac.eu\/wp-content\/uploads\/2025\/12\/English-3-400x500.jpg 400w, https:\/\/www.yoga-ac.eu\/wp-content\/uploads\/2025\/12\/English-3-600x750.jpg 600w, https:\/\/www.yoga-ac.eu\/wp-content\/uploads\/2025\/12\/English-3-800x1000.jpg 800w, https:\/\/www.yoga-ac.eu\/wp-content\/uploads\/2025\/12\/English-3.jpg 1080w\" sizes=\"auto, (max-width: 800px) 100vw, 1080px\" \/><\/span><\/li><li class=\"image\"><span class=\"fusion-image-hover-element hover-type-none\"><img loading=\"lazy\" decoding=\"async\" src=\"https:\/\/www.yoga-ac.eu\/wp-content\/uploads\/2025\/12\/English-4.jpg\" alt=\"nada_yoga_retreat_european_house_of_yoga_light\" width=\"1080\" height=\"1350\" class=\"wp-image-2143\" srcset=\"https:\/\/www.yoga-ac.eu\/wp-content\/uploads\/2025\/12\/English-4-200x250.jpg 200w, https:\/\/www.yoga-ac.eu\/wp-content\/uploads\/2025\/12\/English-4-400x500.jpg 400w, https:\/\/www.yoga-ac.eu\/wp-content\/uploads\/2025\/12\/English-4-600x750.jpg 600w, https:\/\/www.yoga-ac.eu\/wp-content\/uploads\/2025\/12\/English-4-800x1000.jpg 800w, https:\/\/www.yoga-ac.eu\/wp-content\/uploads\/2025\/12\/English-4.jpg 1080w\" sizes=\"auto, (max-width: 800px) 100vw, 1080px\" \/><\/span><\/li><li class=\"image\"><span class=\"fusion-image-hover-element hover-type-none\"><img loading=\"lazy\" decoding=\"async\" src=\"https:\/\/www.yoga-ac.eu\/wp-content\/uploads\/2025\/12\/English-5.jpg\" alt=\"regenerative_yoga_retreat_european_house_of_yoga_light\" width=\"1080\" height=\"1350\" class=\"wp-image-2144\" srcset=\"https:\/\/www.yoga-ac.eu\/wp-content\/uploads\/2025\/12\/English-5-200x250.jpg 200w, https:\/\/www.yoga-ac.eu\/wp-content\/uploads\/2025\/12\/English-5-400x500.jpg 400w, https:\/\/www.yoga-ac.eu\/wp-content\/uploads\/2025\/12\/English-5-600x750.jpg 600w, https:\/\/www.yoga-ac.eu\/wp-content\/uploads\/2025\/12\/English-5-800x1000.jpg 800w, https:\/\/www.yoga-ac.eu\/wp-content\/uploads\/2025\/12\/English-5.jpg 1080w\" sizes=\"auto, (max-width: 800px) 100vw, 1080px\" \/><\/span><\/li><li class=\"image\"><span class=\"fusion-image-hover-element hover-type-none\"><img loading=\"lazy\" decoding=\"async\" src=\"https:\/\/www.yoga-ac.eu\/wp-content\/uploads\/2025\/12\/English-6.jpg\" alt=\"transformative_yoga_retreat_european_house_of_yoga_light\" width=\"1080\" height=\"1350\" class=\"wp-image-2145\" srcset=\"https:\/\/www.yoga-ac.eu\/wp-content\/uploads\/2025\/12\/English-6-200x250.jpg 200w, https:\/\/www.yoga-ac.eu\/wp-content\/uploads\/2025\/12\/English-6-400x500.jpg 400w, https:\/\/www.yoga-ac.eu\/wp-content\/uploads\/2025\/12\/English-6-600x750.jpg 600w, https:\/\/www.yoga-ac.eu\/wp-content\/uploads\/2025\/12\/English-6-800x1000.jpg 800w, https:\/\/www.yoga-ac.eu\/wp-content\/uploads\/2025\/12\/English-6.jpg 1080w\" sizes=\"auto, (max-width: 800px) 100vw, 1080px\" \/><\/span><\/li><li class=\"image\"><span class=\"fusion-image-hover-element hover-type-none\"><img loading=\"lazy\" decoding=\"async\" src=\"https:\/\/www.yoga-ac.eu\/wp-content\/uploads\/2025\/12\/English-7.jpg\" alt=\"yoga_vegetarian_diet_european_house_of_yoga_light\" width=\"1080\" height=\"1350\" class=\"wp-image-2146\" srcset=\"https:\/\/www.yoga-ac.eu\/wp-content\/uploads\/2025\/12\/English-7-200x250.jpg 200w, https:\/\/www.yoga-ac.eu\/wp-content\/uploads\/2025\/12\/English-7-400x500.jpg 400w, https:\/\/www.yoga-ac.eu\/wp-content\/uploads\/2025\/12\/English-7-600x750.jpg 600w, https:\/\/www.yoga-ac.eu\/wp-content\/uploads\/2025\/12\/English-7-800x1000.jpg 800w, https:\/\/www.yoga-ac.eu\/wp-content\/uploads\/2025\/12\/English-7.jpg 1080w\" sizes=\"auto, (max-width: 800px) 100vw, 1080px\" \/><\/span><\/li><li class=\"image\"><span class=\"fusion-image-hover-element hover-type-none\"><img loading=\"lazy\" decoding=\"async\" src=\"https:\/\/www.yoga-ac.eu\/wp-content\/uploads\/2025\/12\/English-8.jpg\" alt=\"familiy_yoga_retreat_european_house_of_yoga_light\" width=\"1080\" height=\"1350\" class=\"wp-image-2147\" srcset=\"https:\/\/www.yoga-ac.eu\/wp-content\/uploads\/2025\/12\/English-8-200x250.jpg 200w, https:\/\/www.yoga-ac.eu\/wp-content\/uploads\/2025\/12\/English-8-400x500.jpg 400w, https:\/\/www.yoga-ac.eu\/wp-content\/uploads\/2025\/12\/English-8-600x750.jpg 600w, https:\/\/www.yoga-ac.eu\/wp-content\/uploads\/2025\/12\/English-8-800x1000.jpg 800w, https:\/\/www.yoga-ac.eu\/wp-content\/uploads\/2025\/12\/English-8.jpg 1080w\" sizes=\"auto, (max-width: 800px) 100vw, 1080px\" \/><\/span><\/li><li class=\"image\"><span class=\"fusion-image-hover-element hover-type-none\"><img loading=\"lazy\" decoding=\"async\" src=\"https:\/\/www.yoga-ac.eu\/wp-content\/uploads\/2025\/12\/English-9.jpg\" alt=\"scalar_yoga_retreat_european_house_of_yoga_light\" width=\"1080\" height=\"1350\" class=\"wp-image-2148\" srcset=\"https:\/\/www.yoga-ac.eu\/wp-content\/uploads\/2025\/12\/English-9-200x250.jpg 200w, https:\/\/www.yoga-ac.eu\/wp-content\/uploads\/2025\/12\/English-9-400x500.jpg 400w, https:\/\/www.yoga-ac.eu\/wp-content\/uploads\/2025\/12\/English-9-600x750.jpg 600w, https:\/\/www.yoga-ac.eu\/wp-content\/uploads\/2025\/12\/English-9-800x1000.jpg 800w, https:\/\/www.yoga-ac.eu\/wp-content\/uploads\/2025\/12\/English-9.jpg 1080w\" sizes=\"auto, (max-width: 800px) 100vw, 1080px\" \/><\/span><\/li><li class=\"image\"><span class=\"fusion-image-hover-element hover-type-none\"><img loading=\"lazy\" decoding=\"async\" src=\"https:\/\/www.yoga-ac.eu\/wp-content\/uploads\/2025\/12\/English-10.png\" alt=\"yoga_teacher_trainings_european_house_of_yoga_light\" width=\"1080\" height=\"1350\" class=\"wp-image-2149\" srcset=\"https:\/\/www.yoga-ac.eu\/wp-content\/uploads\/2025\/12\/English-10-200x250.png 200w, https:\/\/www.yoga-ac.eu\/wp-content\/uploads\/2025\/12\/English-10-400x500.png 400w, https:\/\/www.yoga-ac.eu\/wp-content\/uploads\/2025\/12\/English-10-600x750.png 600w, https:\/\/www.yoga-ac.eu\/wp-content\/uploads\/2025\/12\/English-10-800x1000.png 800w, https:\/\/www.yoga-ac.eu\/wp-content\/uploads\/2025\/12\/English-10.png 1080w\" sizes=\"auto, (max-width: 800px) 100vw, 1080px\" \/><\/span><\/li><li class=\"image\"><span class=\"fusion-image-hover-element hover-type-none\"><img loading=\"lazy\" decoding=\"async\" src=\"https:\/\/www.yoga-ac.eu\/wp-content\/uploads\/2025\/12\/English-11.jpg\" alt=\"yoga_teacher_trainings_european_house_of_yoga_light\" width=\"1080\" height=\"1350\" class=\"wp-image-2150\" srcset=\"https:\/\/www.yoga-ac.eu\/wp-content\/uploads\/2025\/12\/English-11-200x250.jpg 200w, https:\/\/www.yoga-ac.eu\/wp-content\/uploads\/2025\/12\/English-11-400x500.jpg 400w, https:\/\/www.yoga-ac.eu\/wp-content\/uploads\/2025\/12\/English-11-600x750.jpg 600w, https:\/\/www.yoga-ac.eu\/wp-content\/uploads\/2025\/12\/English-11-800x1000.jpg 800w, https:\/\/www.yoga-ac.eu\/wp-content\/uploads\/2025\/12\/English-11.jpg 1080w\" sizes=\"auto, (max-width: 800px) 100vw, 1080px\" \/><\/span><\/li><li class=\"image\"><span class=\"fusion-image-hover-element hover-type-none\"><img loading=\"lazy\" decoding=\"async\" src=\"https:\/\/www.yoga-ac.eu\/wp-content\/uploads\/2025\/12\/English-12.jpg\" alt=\"yoga_teacher_trainings_european_house_of_yoga_light\" width=\"1080\" height=\"1350\" class=\"wp-image-2151\" srcset=\"https:\/\/www.yoga-ac.eu\/wp-content\/uploads\/2025\/12\/English-12-200x250.jpg 200w, https:\/\/www.yoga-ac.eu\/wp-content\/uploads\/2025\/12\/English-12-400x500.jpg 400w, https:\/\/www.yoga-ac.eu\/wp-content\/uploads\/2025\/12\/English-12-600x750.jpg 600w, https:\/\/www.yoga-ac.eu\/wp-content\/uploads\/2025\/12\/English-12-800x1000.jpg 800w, https:\/\/www.yoga-ac.eu\/wp-content\/uploads\/2025\/12\/English-12.jpg 1080w\" sizes=\"auto, (max-width: 800px) 100vw, 1080px\" \/><\/span><\/li><li class=\"image\"><span class=\"fusion-image-hover-element hover-type-none\"><img loading=\"lazy\" decoding=\"async\" src=\"https:\/\/www.yoga-ac.eu\/wp-content\/uploads\/2025\/12\/English-13.jpg\" alt=\"golden_kundalini_yoga_teacher_trainings_european_house_of_yoga_light\" width=\"1080\" height=\"1350\" class=\"wp-image-2152\" srcset=\"https:\/\/www.yoga-ac.eu\/wp-content\/uploads\/2025\/12\/English-13-200x250.jpg 200w, https:\/\/www.yoga-ac.eu\/wp-content\/uploads\/2025\/12\/English-13-400x500.jpg 400w, https:\/\/www.yoga-ac.eu\/wp-content\/uploads\/2025\/12\/English-13-600x750.jpg 600w, https:\/\/www.yoga-ac.eu\/wp-content\/uploads\/2025\/12\/English-13-800x1000.jpg 800w, https:\/\/www.yoga-ac.eu\/wp-content\/uploads\/2025\/12\/English-13.jpg 1080w\" sizes=\"auto, (max-width: 800px) 100vw, 1080px\" \/><\/span><\/li><li class=\"image\"><span class=\"fusion-image-hover-element hover-type-none\"><img loading=\"lazy\" decoding=\"async\" src=\"https:\/\/www.yoga-ac.eu\/wp-content\/uploads\/2025\/12\/English-14.jpg\" alt=\"kirtan_yoga_teacher_trainings_european_house_of_yoga_light\" width=\"1080\" height=\"1350\" class=\"wp-image-2153\" srcset=\"https:\/\/www.yoga-ac.eu\/wp-content\/uploads\/2025\/12\/English-14-200x250.jpg 200w, https:\/\/www.yoga-ac.eu\/wp-content\/uploads\/2025\/12\/English-14-400x500.jpg 400w, https:\/\/www.yoga-ac.eu\/wp-content\/uploads\/2025\/12\/English-14-600x750.jpg 600w, https:\/\/www.yoga-ac.eu\/wp-content\/uploads\/2025\/12\/English-14-800x1000.jpg 800w, https:\/\/www.yoga-ac.eu\/wp-content\/uploads\/2025\/12\/English-14.jpg 1080w\" sizes=\"auto, (max-width: 800px) 100vw, 1080px\" \/><\/span><\/li><li class=\"image\"><span class=\"fusion-image-hover-element hover-type-none\"><img loading=\"lazy\" decoding=\"async\" src=\"https:\/\/www.yoga-ac.eu\/wp-content\/uploads\/2025\/12\/English-15.jpg\" alt=\"hormonal_balance_yoga_teacher_trainings_european_house_of_yoga_light\" width=\"1080\" height=\"1350\" class=\"wp-image-2154\" srcset=\"https:\/\/www.yoga-ac.eu\/wp-content\/uploads\/2025\/12\/English-15-200x250.jpg 200w, https:\/\/www.yoga-ac.eu\/wp-content\/uploads\/2025\/12\/English-15-400x500.jpg 400w, https:\/\/www.yoga-ac.eu\/wp-content\/uploads\/2025\/12\/English-15-600x750.jpg 600w, https:\/\/www.yoga-ac.eu\/wp-content\/uploads\/2025\/12\/English-15-800x1000.jpg 800w, https:\/\/www.yoga-ac.eu\/wp-content\/uploads\/2025\/12\/English-15.jpg 1080w\" sizes=\"auto, (max-width: 800px) 100vw, 1080px\" \/><\/span><\/li><li class=\"image\"><span class=\"fusion-image-hover-element hover-type-none\"><img loading=\"lazy\" decoding=\"async\" src=\"https:\/\/www.yoga-ac.eu\/wp-content\/uploads\/2025\/12\/English-16.jpg\" alt=\"yoga_teacher_trainings_european_house_of_yoga_light\" width=\"1080\" height=\"1350\" class=\"wp-image-2155\" srcset=\"https:\/\/www.yoga-ac.eu\/wp-content\/uploads\/2025\/12\/English-16-200x250.jpg 200w, https:\/\/www.yoga-ac.eu\/wp-content\/uploads\/2025\/12\/English-16-400x500.jpg 400w, https:\/\/www.yoga-ac.eu\/wp-content\/uploads\/2025\/12\/English-16-600x750.jpg 600w, https:\/\/www.yoga-ac.eu\/wp-content\/uploads\/2025\/12\/English-16-800x1000.jpg 800w, https:\/\/www.yoga-ac.eu\/wp-content\/uploads\/2025\/12\/English-16.jpg 1080w\" sizes=\"auto, (max-width: 800px) 100vw, 1080px\" \/><\/span><\/li><li class=\"image\"><span class=\"fusion-image-hover-element hover-type-none\"><img loading=\"lazy\" decoding=\"async\" src=\"https:\/\/www.yoga-ac.eu\/wp-content\/uploads\/2025\/12\/English-17.png\" alt=\"ashram_european_house_of_yoga_light\" width=\"1080\" height=\"1350\" class=\"wp-image-2156\" srcset=\"https:\/\/www.yoga-ac.eu\/wp-content\/uploads\/2025\/12\/English-17-200x250.png 200w, https:\/\/www.yoga-ac.eu\/wp-content\/uploads\/2025\/12\/English-17-400x500.png 400w, https:\/\/www.yoga-ac.eu\/wp-content\/uploads\/2025\/12\/English-17-600x750.png 600w, https:\/\/www.yoga-ac.eu\/wp-content\/uploads\/2025\/12\/English-17-800x1000.png 800w, https:\/\/www.yoga-ac.eu\/wp-content\/uploads\/2025\/12\/English-17.png 1080w\" sizes=\"auto, (max-width: 800px) 100vw, 1080px\" \/><\/span><\/li><li class=\"image\"><span class=\"fusion-image-hover-element hover-type-none\"><img loading=\"lazy\" decoding=\"async\" src=\"https:\/\/www.yoga-ac.eu\/wp-content\/uploads\/2025\/12\/English-18.jpg\" alt=\"ashram_european_house_of_yoga_light\" width=\"1080\" height=\"1350\" class=\"wp-image-2157\" srcset=\"https:\/\/www.yoga-ac.eu\/wp-content\/uploads\/2025\/12\/English-18-200x250.jpg 200w, https:\/\/www.yoga-ac.eu\/wp-content\/uploads\/2025\/12\/English-18-400x500.jpg 400w, https:\/\/www.yoga-ac.eu\/wp-content\/uploads\/2025\/12\/English-18-600x750.jpg 600w, https:\/\/www.yoga-ac.eu\/wp-content\/uploads\/2025\/12\/English-18-800x1000.jpg 800w, https:\/\/www.yoga-ac.eu\/wp-content\/uploads\/2025\/12\/English-18.jpg 1080w\" sizes=\"auto, (max-width: 800px) 100vw, 1080px\" \/><\/span><\/li><li class=\"image\"><span class=\"fusion-image-hover-element hover-type-none\"><img loading=\"lazy\" decoding=\"async\" src=\"https:\/\/www.yoga-ac.eu\/wp-content\/uploads\/2025\/12\/English-19.jpg\" alt=\"ashram_european_house_of_yoga_light\" width=\"1080\" height=\"1350\" class=\"wp-image-2158\" srcset=\"https:\/\/www.yoga-ac.eu\/wp-content\/uploads\/2025\/12\/English-19-200x250.jpg 200w, https:\/\/www.yoga-ac.eu\/wp-content\/uploads\/2025\/12\/English-19-400x500.jpg 400w, https:\/\/www.yoga-ac.eu\/wp-content\/uploads\/2025\/12\/English-19-600x750.jpg 600w, https:\/\/www.yoga-ac.eu\/wp-content\/uploads\/2025\/12\/English-19-800x1000.jpg 800w, https:\/\/www.yoga-ac.eu\/wp-content\/uploads\/2025\/12\/English-19.jpg 1080w\" sizes=\"auto, (max-width: 800px) 100vw, 1080px\" \/><\/span><\/li><li class=\"image\"><span class=\"fusion-image-hover-element hover-type-none\"><img loading=\"lazy\" decoding=\"async\" src=\"https:\/\/www.yoga-ac.eu\/wp-content\/uploads\/2025\/12\/English-20.jpg\" alt=\"karma_yoga_ashram_european_house_of_yoga_light\" width=\"1080\" height=\"1350\" class=\"wp-image-2159\" srcset=\"https:\/\/www.yoga-ac.eu\/wp-content\/uploads\/2025\/12\/English-20-200x250.jpg 200w, https:\/\/www.yoga-ac.eu\/wp-content\/uploads\/2025\/12\/English-20-400x500.jpg 400w, https:\/\/www.yoga-ac.eu\/wp-content\/uploads\/2025\/12\/English-20-600x750.jpg 600w, https:\/\/www.yoga-ac.eu\/wp-content\/uploads\/2025\/12\/English-20-800x1000.jpg 800w, https:\/\/www.yoga-ac.eu\/wp-content\/uploads\/2025\/12\/English-20.jpg 1080w\" sizes=\"auto, (max-width: 800px) 100vw, 1080px\" \/><\/span><\/li><li class=\"image\"><span class=\"fusion-image-hover-element hover-type-none\"><img loading=\"lazy\" decoding=\"async\" src=\"https:\/\/www.yoga-ac.eu\/wp-content\/uploads\/2025\/12\/English-21.jpg\" alt=\"ashram_european_house_of_yoga_light\" width=\"1080\" height=\"1350\" class=\"wp-image-2160\" srcset=\"https:\/\/www.yoga-ac.eu\/wp-content\/uploads\/2025\/12\/English-21-200x250.jpg 200w, https:\/\/www.yoga-ac.eu\/wp-content\/uploads\/2025\/12\/English-21-400x500.jpg 400w, https:\/\/www.yoga-ac.eu\/wp-content\/uploads\/2025\/12\/English-21-600x750.jpg 600w, https:\/\/www.yoga-ac.eu\/wp-content\/uploads\/2025\/12\/English-21-800x1000.jpg 800w, https:\/\/www.yoga-ac.eu\/wp-content\/uploads\/2025\/12\/English-21.jpg 1080w\" sizes=\"auto, (max-width: 800px) 100vw, 1080px\" \/><\/span><\/li><li class=\"image\"><span class=\"fusion-image-hover-element hover-type-none\"><img loading=\"lazy\" decoding=\"async\" src=\"https:\/\/www.yoga-ac.eu\/wp-content\/uploads\/2025\/12\/English-22.jpg\" alt=\"ashram_european_house_of_yoga_light\" width=\"1080\" height=\"1350\" class=\"wp-image-2161\" srcset=\"https:\/\/www.yoga-ac.eu\/wp-content\/uploads\/2025\/12\/English-22-200x250.jpg 200w, https:\/\/www.yoga-ac.eu\/wp-content\/uploads\/2025\/12\/English-22-400x500.jpg 400w, https:\/\/www.yoga-ac.eu\/wp-content\/uploads\/2025\/12\/English-22-600x750.jpg 600w, https:\/\/www.yoga-ac.eu\/wp-content\/uploads\/2025\/12\/English-22-800x1000.jpg 800w, https:\/\/www.yoga-ac.eu\/wp-content\/uploads\/2025\/12\/English-22.jpg 1080w\" sizes=\"auto, (max-width: 800px) 100vw, 1080px\" \/><\/span><\/li><\/ul><\/div><div class=\"fusion-clearfix\"><\/div><\/div><\/div><\/div><\/div><style type=\"text\/css\">.fusion-fullwidth.fusion-builder-row-1 a:not(.fusion-button):not(.fusion-builder-module-control):not(.fusion-social-network-icon):not(.fb-icon-element):not(.fusion-countdown-link):not(.fusion-rollover-link):not(.fusion-rollover-gallery):not(.fusion-button-bar):not(.add_to_cart_button):not(.show_details_button):not(.product_type_external):not(.fusion-quick-view):not(.fusion-rollover-title-link):not(.fusion-breadcrumb-link) , .fusion-fullwidth.fusion-builder-row-1 a:not(.fusion-button):not(.fusion-builder-module-control):not(.fusion-social-network-icon):not(.fb-icon-element):not(.fusion-countdown-link):not(.fusion-rollover-link):not(.fusion-rollover-gallery):not(.fusion-button-bar):not(.add_to_cart_button):not(.show_details_button):not(.product_type_external):not(.fusion-quick-view):not(.fusion-rollover-title-link):not(.fusion-breadcrumb-link):before, .fusion-fullwidth.fusion-builder-row-1 a:not(.fusion-button):not(.fusion-builder-module-control):not(.fusion-social-network-icon):not(.fb-icon-element):not(.fusion-countdown-link):not(.fusion-rollover-link):not(.fusion-rollover-gallery):not(.fusion-button-bar):not(.add_to_cart_button):not(.show_details_button):not(.product_type_external):not(.fusion-quick-view):not(.fusion-rollover-title-link):not(.fusion-breadcrumb-link):after {color: #2901ba;}.fusion-fullwidth.fusion-builder-row-1 a:not(.fusion-button):not(.fusion-builder-module-control):not(.fusion-social-network-icon):not(.fb-icon-element):not(.fusion-countdown-link):not(.fusion-rollover-link):not(.fusion-rollover-gallery):not(.fusion-button-bar):not(.add_to_cart_button):not(.show_details_button):not(.product_type_external):not(.fusion-quick-view):not(.fusion-rollover-title-link):not(.fusion-breadcrumb-link):hover, .fusion-fullwidth.fusion-builder-row-1 a:not(.fusion-button):not(.fusion-builder-module-control):not(.fusion-social-network-icon):not(.fb-icon-element):not(.fusion-countdown-link):not(.fusion-rollover-link):not(.fusion-rollover-gallery):not(.fusion-button-bar):not(.add_to_cart_button):not(.show_details_button):not(.product_type_external):not(.fusion-quick-view):not(.fusion-rollover-title-link):not(.fusion-breadcrumb-link):hover:before, .fusion-fullwidth.fusion-builder-row-1 a:not(.fusion-button):not(.fusion-builder-module-control):not(.fusion-social-network-icon):not(.fb-icon-element):not(.fusion-countdown-link):not(.fusion-rollover-link):not(.fusion-rollover-gallery):not(.fusion-button-bar):not(.add_to_cart_button):not(.show_details_button):not(.product_type_external):not(.fusion-quick-view):not(.fusion-rollover-title-link):not(.fusion-breadcrumb-link):hover:after {color: #72188f;}.fusion-fullwidth.fusion-builder-row-1 .pagination a.inactive:hover, .fusion-fullwidth.fusion-builder-row-1 .fusion-filters .fusion-filter.fusion-active a {border-color: #72188f;}.fusion-fullwidth.fusion-builder-row-1 .pagination .current {border-color: #72188f; background-color: #72188f;}.fusion-fullwidth.fusion-builder-row-1 .fusion-filters .fusion-filter.fusion-active a, .fusion-fullwidth.fusion-builder-row-1 .fusion-date-and-formats .fusion-format-box, .fusion-fullwidth.fusion-builder-row-1 .fusion-popover, .fusion-fullwidth.fusion-builder-row-1 .tooltip-shortcode {color: #72188f;}#main .fusion-fullwidth.fusion-builder-row-1 .post .blog-shortcode-post-title a:hover {color: #72188f;}<\/style>\n","protected":false},"excerpt":{"rendered":"","protected":false},"author":1,"featured_media":0,"parent":0,"menu_order":0,"comment_status":"closed","ping_status":"closed","template":"100-width.php","meta":{"footnotes":""},"class_list":["post-2220","page","type-page","status-publish","hentry"],"yoast_head":"<!-- This site is optimized with the Yoast SEO plugin v27.4 - https:\/\/yoast.com\/product\/yoast-seo-wordpress\/ -->\n<title>J\u00f3gov\u00e9 retreaty 2026 - yoga-ac.eu<\/title>\n<meta name=\"robots\" content=\"index, follow, max-snippet:-1, max-image-preview:large, max-video-preview:-1\" \/>\n<link rel=\"canonical\" href=\"https:\/\/www.yoga-ac.eu\/cs\/jogove-retreaty-2026\/\" \/>\n<meta property=\"og:locale\" content=\"cs_CZ\" \/>\n<meta property=\"og:type\" content=\"article\" \/>\n<meta property=\"og:title\" content=\"J\u00f3gov\u00e9 retreaty 2026 - yoga-ac.eu\" \/>\n<meta property=\"og:url\" content=\"https:\/\/www.yoga-ac.eu\/cs\/jogove-retreaty-2026\/\" \/>\n<meta property=\"og:site_name\" content=\"yoga-ac.eu\" \/>\n<meta property=\"article:modified_time\" content=\"2026-03-22T11:34:36+00:00\" \/>\n<meta property=\"og:image\" content=\"https:\/\/www.yoga-ac.eu\/wp-content\/uploads\/2024\/01\/benefit-plus.jpg\" \/>\n<meta name=\"twitter:card\" content=\"summary_large_image\" \/>\n<meta name=\"twitter:label1\" content=\"Odhadovan\u00e1 doba \u010dten\u00ed\" \/>\n\t<meta name=\"twitter:data1\" content=\"29 minut\" \/>\n<script type=\"application\/ld+json\" class=\"yoast-schema-graph\">{\"@context\":\"https:\\\/\\\/schema.org\",\"@graph\":[{\"@type\":\"WebPage\",\"@id\":\"https:\\\/\\\/www.yoga-ac.eu\\\/cs\\\/jogove-retreaty-2026\\\/\",\"url\":\"https:\\\/\\\/www.yoga-ac.eu\\\/cs\\\/jogove-retreaty-2026\\\/\",\"name\":\"J\u00f3gov\u00e9 retreaty 2026 - yoga-ac.eu\",\"isPartOf\":{\"@id\":\"https:\\\/\\\/www.yoga-ac.eu\\\/#website\"},\"primaryImageOfPage\":{\"@id\":\"https:\\\/\\\/www.yoga-ac.eu\\\/cs\\\/jogove-retreaty-2026\\\/#primaryimage\"},\"image\":{\"@id\":\"https:\\\/\\\/www.yoga-ac.eu\\\/cs\\\/jogove-retreaty-2026\\\/#primaryimage\"},\"thumbnailUrl\":\"https:\\\/\\\/www.yoga-ac.eu\\\/wp-content\\\/uploads\\\/2024\\\/01\\\/benefit-plus.jpg\",\"datePublished\":\"2026-03-21T20:44:35+00:00\",\"dateModified\":\"2026-03-22T11:34:36+00:00\",\"breadcrumb\":{\"@id\":\"https:\\\/\\\/www.yoga-ac.eu\\\/cs\\\/jogove-retreaty-2026\\\/#breadcrumb\"},\"inLanguage\":\"cs\",\"potentialAction\":[{\"@type\":\"ReadAction\",\"target\":[\"https:\\\/\\\/www.yoga-ac.eu\\\/cs\\\/jogove-retreaty-2026\\\/\"]}]},{\"@type\":\"ImageObject\",\"inLanguage\":\"cs\",\"@id\":\"https:\\\/\\\/www.yoga-ac.eu\\\/cs\\\/jogove-retreaty-2026\\\/#primaryimage\",\"url\":\"https:\\\/\\\/www.yoga-ac.eu\\\/wp-content\\\/uploads\\\/2024\\\/01\\\/benefit-plus.jpg\",\"contentUrl\":\"https:\\\/\\\/www.yoga-ac.eu\\\/wp-content\\\/uploads\\\/2024\\\/01\\\/benefit-plus.jpg\"},{\"@type\":\"BreadcrumbList\",\"@id\":\"https:\\\/\\\/www.yoga-ac.eu\\\/cs\\\/jogove-retreaty-2026\\\/#breadcrumb\",\"itemListElement\":[{\"@type\":\"ListItem\",\"position\":1,\"name\":\"Home\",\"item\":\"https:\\\/\\\/www.yoga-ac.eu\\\/cs\\\/\"},{\"@type\":\"ListItem\",\"position\":2,\"name\":\"J\u00f3gov\u00e9 retreaty 2026\"}]},{\"@type\":\"WebSite\",\"@id\":\"https:\\\/\\\/www.yoga-ac.eu\\\/#website\",\"url\":\"https:\\\/\\\/www.yoga-ac.eu\\\/\",\"name\":\"yoga-ac.eu\",\"description\":\"Yoga Teacher Training &amp; Yoga Retreats\",\"potentialAction\":[{\"@type\":\"SearchAction\",\"target\":{\"@type\":\"EntryPoint\",\"urlTemplate\":\"https:\\\/\\\/www.yoga-ac.eu\\\/?s={search_term_string}\"},\"query-input\":{\"@type\":\"PropertyValueSpecification\",\"valueRequired\":true,\"valueName\":\"search_term_string\"}}],\"inLanguage\":\"cs\"}]}<\/script>\n<!-- \/ Yoast SEO plugin. -->","yoast_head_json":{"title":"J\u00f3gov\u00e9 retreaty 2026 - yoga-ac.eu","robots":{"index":"index","follow":"follow","max-snippet":"max-snippet:-1","max-image-preview":"max-image-preview:large","max-video-preview":"max-video-preview:-1"},"canonical":"https:\/\/www.yoga-ac.eu\/cs\/jogove-retreaty-2026\/","og_locale":"cs_CZ","og_type":"article","og_title":"J\u00f3gov\u00e9 retreaty 2026 - yoga-ac.eu","og_url":"https:\/\/www.yoga-ac.eu\/cs\/jogove-retreaty-2026\/","og_site_name":"yoga-ac.eu","article_modified_time":"2026-03-22T11:34:36+00:00","og_image":[{"url":"https:\/\/www.yoga-ac.eu\/wp-content\/uploads\/2024\/01\/benefit-plus.jpg","type":"","width":"","height":""}],"twitter_card":"summary_large_image","twitter_misc":{"Odhadovan\u00e1 doba \u010dten\u00ed":"29 minut"},"schema":{"@context":"https:\/\/schema.org","@graph":[{"@type":"WebPage","@id":"https:\/\/www.yoga-ac.eu\/cs\/jogove-retreaty-2026\/","url":"https:\/\/www.yoga-ac.eu\/cs\/jogove-retreaty-2026\/","name":"J\u00f3gov\u00e9 retreaty 2026 - yoga-ac.eu","isPartOf":{"@id":"https:\/\/www.yoga-ac.eu\/#website"},"primaryImageOfPage":{"@id":"https:\/\/www.yoga-ac.eu\/cs\/jogove-retreaty-2026\/#primaryimage"},"image":{"@id":"https:\/\/www.yoga-ac.eu\/cs\/jogove-retreaty-2026\/#primaryimage"},"thumbnailUrl":"https:\/\/www.yoga-ac.eu\/wp-content\/uploads\/2024\/01\/benefit-plus.jpg","datePublished":"2026-03-21T20:44:35+00:00","dateModified":"2026-03-22T11:34:36+00:00","breadcrumb":{"@id":"https:\/\/www.yoga-ac.eu\/cs\/jogove-retreaty-2026\/#breadcrumb"},"inLanguage":"cs","potentialAction":[{"@type":"ReadAction","target":["https:\/\/www.yoga-ac.eu\/cs\/jogove-retreaty-2026\/"]}]},{"@type":"ImageObject","inLanguage":"cs","@id":"https:\/\/www.yoga-ac.eu\/cs\/jogove-retreaty-2026\/#primaryimage","url":"https:\/\/www.yoga-ac.eu\/wp-content\/uploads\/2024\/01\/benefit-plus.jpg","contentUrl":"https:\/\/www.yoga-ac.eu\/wp-content\/uploads\/2024\/01\/benefit-plus.jpg"},{"@type":"BreadcrumbList","@id":"https:\/\/www.yoga-ac.eu\/cs\/jogove-retreaty-2026\/#breadcrumb","itemListElement":[{"@type":"ListItem","position":1,"name":"Home","item":"https:\/\/www.yoga-ac.eu\/cs\/"},{"@type":"ListItem","position":2,"name":"J\u00f3gov\u00e9 retreaty 2026"}]},{"@type":"WebSite","@id":"https:\/\/www.yoga-ac.eu\/#website","url":"https:\/\/www.yoga-ac.eu\/","name":"yoga-ac.eu","description":"Yoga Teacher Training &amp; Yoga Retreats","potentialAction":[{"@type":"SearchAction","target":{"@type":"EntryPoint","urlTemplate":"https:\/\/www.yoga-ac.eu\/?s={search_term_string}"},"query-input":{"@type":"PropertyValueSpecification","valueRequired":true,"valueName":"search_term_string"}}],"inLanguage":"cs"}]}},"_links":{"self":[{"href":"https:\/\/www.yoga-ac.eu\/cs\/wp-json\/wp\/v2\/pages\/2220","targetHints":{"allow":["GET"]}}],"collection":[{"href":"https:\/\/www.yoga-ac.eu\/cs\/wp-json\/wp\/v2\/pages"}],"about":[{"href":"https:\/\/www.yoga-ac.eu\/cs\/wp-json\/wp\/v2\/types\/page"}],"author":[{"embeddable":true,"href":"https:\/\/www.yoga-ac.eu\/cs\/wp-json\/wp\/v2\/users\/1"}],"replies":[{"embeddable":true,"href":"https:\/\/www.yoga-ac.eu\/cs\/wp-json\/wp\/v2\/comments?post=2220"}],"version-history":[{"count":45,"href":"https:\/\/www.yoga-ac.eu\/cs\/wp-json\/wp\/v2\/pages\/2220\/revisions"}],"predecessor-version":[{"id":2267,"href":"https:\/\/www.yoga-ac.eu\/cs\/wp-json\/wp\/v2\/pages\/2220\/revisions\/2267"}],"wp:attachment":[{"href":"https:\/\/www.yoga-ac.eu\/cs\/wp-json\/wp\/v2\/media?parent=2220"}],"curies":[{"name":"wp","href":"https:\/\/api.w.org\/{rel}","templated":true}]}}