{"id":1883,"date":"2025-04-19T10:59:37","date_gmt":"2025-04-19T10:59:37","guid":{"rendered":"https:\/\/www.yoga-ac.eu\/prof-predrag-nikic-phd\/"},"modified":"2025-04-22T20:29:24","modified_gmt":"2025-04-22T20:29:24","slug":"prof-predrag-nikic-phd","status":"publish","type":"page","link":"https:\/\/www.yoga-ac.eu\/de\/prof-predrag-nikic-phd\/","title":{"rendered":"Prof. Predrag Nikic, PhD"},"content":{"rendered":"<div class=\"fusion-fullwidth fullwidth-box fusion-builder-row-1 nonhundred-percent-fullwidth non-hundred-percent-height-scrolling\"  style='background-color: rgba(255,255,255,0);background-position: center center;background-repeat: no-repeat;padding-top:0px;padding-right:0px;padding-bottom:0px;padding-left:0px;'><div class=\"fusion-builder-row fusion-row \"><div  class=\"fusion-layout-column fusion_builder_column fusion_builder_column_1_1 fusion-builder-column-0 fusion-one-full fusion-column-first fusion-column-last 1_1\"  style='margin-top:0px;margin-bottom:20px;'><div class=\"fusion-column-wrapper\" style=\"padding: 0px 0px 0px 0px;background-position:left top;background-repeat:no-repeat;-webkit-background-size:cover;-moz-background-size:cover;-o-background-size:cover;background-size:cover;\"   data-bg-url=\"\"><div class=\"fusion-text\"><p class=\"\" data-start=\"170\" data-end=\"272\"><strong data-start=\"170\" data-end=\"202\">Professor Predrag Niki\u0107, PhD<\/strong><br data-start=\"202\" data-end=\"205\" \/><em>Spiritueller Lehrer \u2022 Yoga-Vision\u00e4r \u2022 International ausgezeichneter Preistr\u00e4ger<\/em><\/p>\n<\/div><style type=\"text\/css\">.fusion-gallery-1 .fusion-gallery-image {border:0px solid #e2e2e2;}<\/style><div class=\"fusion-gallery fusion-gallery-container fusion-grid-3 fusion-columns-total-0 fusion-gallery-layout-grid fusion-gallery-1\" style=\"margin:-5px;\"><div style=\"padding:5px;\" class=\"fusion-grid-column fusion-gallery-column fusion-gallery-column-3 hover-type-none\"><div class=\"fusion-gallery-image\"><a href=\"https:\/\/www.yoga-ac.eu\/wp-content\/uploads\/2025\/04\/PN-2020-scaled.jpg\" rel=\"noreferrer\" data-rel=\"iLightbox[gallery_image_1]\" class=\"fusion-lightbox\" target=\"_self\"><img loading=\"lazy\" decoding=\"async\" src=\"https:\/\/www.yoga-ac.eu\/wp-content\/uploads\/2025\/04\/PN-2020-scaled.jpg\" width=\"2177\" height=\"2560\" alt=\"professor_predrag_nikic\" title=\"PN 2020\" aria-label=\"PN 2020\" class=\"img-responsive wp-image-1871\" srcset=\"https:\/\/www.yoga-ac.eu\/wp-content\/uploads\/2025\/04\/PN-2020-200x235.jpg 200w, https:\/\/www.yoga-ac.eu\/wp-content\/uploads\/2025\/04\/PN-2020-400x470.jpg 400w, https:\/\/www.yoga-ac.eu\/wp-content\/uploads\/2025\/04\/PN-2020-600x706.jpg 600w, https:\/\/www.yoga-ac.eu\/wp-content\/uploads\/2025\/04\/PN-2020-800x941.jpg 800w, https:\/\/www.yoga-ac.eu\/wp-content\/uploads\/2025\/04\/PN-2020-1200x1411.jpg 1200w, https:\/\/www.yoga-ac.eu\/wp-content\/uploads\/2025\/04\/PN-2020-scaled.jpg 2177w\" sizes=\"auto, (min-width: 2200px) 100vw, (min-width: 784px) 363px, (min-width: 712px) 545px, (min-width: 640px) 712px, \" \/><\/a><\/div><\/div><\/div><div class=\"fusion-fa-align-center\"><i class=\"fb-icon-element-1 fb-icon-element fontawesome-icon fa-angle-double-down fas circle-yes\" style=\"font-size:14.08px;line-height:26.16px;height:28.16px;width:28.16px;border-width:1px;\"><\/i><\/div><style>i.fontawesome-icon.fb-icon-element-1{ color: #ffffff; background-color: #333333; border-color: #333333;}i.fontawesome-icon.fb-icon-element-1:hover { color: #ffffff; background-color: #333333; border-color: #333333;}<\/style><div class=\"fusion-text\"><p class=\"\" data-start=\"274\" data-end=\"692\"><span style=\"color: #000080;\"><strong data-start=\"211\" data-end=\"243\">Professor Predrag Niki\u0107, PhD<\/strong>, ist ein spiritueller Lehrer, kreativer Vision\u00e4r und Universit\u00e4tsprofessor, dessen Lebenswerk eine Br\u00fccke zwischen uralter Weisheit und moderner Wissenschaft schl\u00e4gt. Mit einer dynamischen Pr\u00e4senz, die Energie, Klang, Musik und Malerei in das vereint, was er als \u201ekosmisches Weben\u201c bezeichnet, inspiriert er zu transformierenden Erfahrungen durch Vortr\u00e4ge, Workshops und Bildungsprogramme.<\/span><\/p>\n<p class=\"\" data-start=\"694\" data-end=\"992\"><span style=\"color: #000080;\">Als Gr\u00fcnder der <strong data-start=\"651\" data-end=\"684\">International Yoga Academy PN<\/strong> und Pr\u00e4sident der <strong data-start=\"703\" data-end=\"753\">Generalversammlung der Yoga-F\u00f6deration Europas<\/strong> hat Professor Niki\u0107 die moderne Landschaft der Yoga-Ausbildung weltweit entscheidend gepr\u00e4gt. Seine Lehren sind von Mitgef\u00fchl, Klarheit und wissenschaftlicher Neugier durchdrungen.<\/span><\/p>\n<h3 data-start=\"694\" data-end=\"992\"><span style=\"color: #000080;\"><strong><a style=\"color: #000080;\" href=\"https:\/\/www.yoga-ac.eu\/the-concept-of-yoga-intelligence\/\" target=\"_blank\" rel=\"noopener\">Sch\u00f6pfer des Konzepts der Yoga-Intelligenz<\/a><\/strong><\/span><\/h3>\n<p class=\"\" data-start=\"989\" data-end=\"1357\"><span style=\"color: #000080;\">Professor Niki\u0107 ist der Begr\u00fcnder des wissenschaftlichen Konzepts der <strong data-start=\"1059\" data-end=\"1079\">Yoga-Intelligenz<\/strong> \u2013 eines innovativen Modells, das die F\u00e4higkeit beschreibt, das eigene innere Potenzial durch yogische Prinzipien zu erkennen, wahrzunehmen und zu entfalten. Seine bahnbrechende postdoktorale Forschung hat er in Zusammenarbeit mit f\u00fchrenden indischen Institutionen durchgef\u00fchrt:<\/span><\/p>\n<ul data-start=\"1359\" data-end=\"1637\">\n<li class=\"\" data-start=\"1359\" data-end=\"1526\">\n<p class=\"\" data-start=\"1361\" data-end=\"1526\"><span style=\"color: #000080;\"><strong data-start=\"1361\" data-end=\"1396\">Universit\u00e4t Patanjali, Haridwar<\/strong> (mit Dr. Shirley Telles) \u2013 Untersuchung des Zusammenhangs zwischen dem Niveau der Yoga-Intelligenz und der Dauer der Yoga-Praxis.<\/span><\/p>\n<\/li>\n<li class=\"\" data-start=\"1528\" data-end=\"1637\">\n<p class=\"\" data-start=\"1530\" data-end=\"1637\"><span style=\"color: #000080;\"><strong data-start=\"1530\" data-end=\"1563\">SVYASA Universit\u00e4t, Bangalore<\/strong> \u2013 Erforschung der Beziehung zwischen Yoga-Intelligenz und Lebensqualit\u00e4t.<\/span><\/p>\n<\/li>\n<li class=\"\" data-start=\"1528\" data-end=\"1637\">\n<p class=\"\" data-start=\"1530\" data-end=\"1637\"><span style=\"color: #000080;\">Diese Studien unterstreichen die tiefgreifenden Auswirkungen der Yoga-Praxis nicht nur auf das k\u00f6rperliche Wohlbefinden, sondern auch auf die kognitive und emotionale Entwicklung sowie die allgemeine Lebenszufriedenheit.<\/span><\/p>\n<\/li>\n<\/ul>\n<h3 data-start=\"1624\" data-end=\"1784\"><span style=\"color: #000080;\">Padma Shri-Auszeichnung<\/span><\/h3>\n<p class=\"\" data-start=\"1786\" data-end=\"2118\"><span style=\"color: #000080;\">Die weltweite Wirkung von Professor Niki\u0107 wurde im Jahr 2016 offiziell gew\u00fcrdigt, als ihm der <strong data-start=\"1989\" data-end=\"2003\">Padma Shri<\/strong> verliehen wurde \u2013 eine der h\u00f6chsten zivilen Auszeichnungen Indiens \u2013 f\u00fcr seine herausragenden internationalen Beitr\u00e4ge im Bereich Yoga. Die Auszeichnung wurde ihm pers\u00f6nlich vom indischen Pr\u00e4sidenten <strong data-start=\"2204\" data-end=\"2224\">Pranab Mukherjee<\/strong> im <strong data-start=\"2228\" data-end=\"2250\">Rashtrapati Bhavan<\/strong> in Neu-Delhi \u00fcberreicht.<\/span><\/p>\n<h3 data-start=\"1786\" data-end=\"2118\"><span style=\"color: #000080;\">Europ\u00e4ischer Tempel des Lichts des Yoga<\/span><\/h3>\n<p class=\"\" data-start=\"2120\" data-end=\"2341\"><span style=\"color: #000080;\"><strong data-start=\"362\" data-end=\"408\">Der Europ\u00e4ische Tempel des Lichts des Yoga<\/strong> ist die Erf\u00fcllung der Vision von Professor Predrag Niki\u0107, einen Ort zu schaffen, an dem sich alle Menschen treffen k\u00f6nnen, die nach Wahrheit und Wissen suchen. Die Verwirklichung dieser Idee erm\u00f6glicht es, die alten Lehren der Rishis \u2013 der yogischen Weisen \u2013 auf traditionelle Weise zu vermitteln, angepasst an die Bedingungen des modernen Lebens.<\/span><\/p>\n<\/div><div class=\"fusion-video fusion-youtube\" style=\"max-width:600px;max-height:360px;\"><div class=\"video-shortcode\"><iframe loading=\"lazy\" title=\"YouTube video player\" src=\"https:\/\/www.youtube.com\/embed\/jaH3LWjYv9U?wmode=transparent&autoplay=0\" width=\"600\" height=\"360\" allowfullscreen allow=\"autoplay; fullscreen\"><\/iframe><\/div><\/div><div class=\"fusion-clearfix\"><\/div><\/div><\/div><\/div><\/div><style type=\"text\/css\">.fusion-fullwidth.fusion-builder-row-1 a:not(.fusion-button):not(.fusion-builder-module-control):not(.fusion-social-network-icon):not(.fb-icon-element):not(.fusion-countdown-link):not(.fusion-rollover-link):not(.fusion-rollover-gallery):not(.fusion-button-bar):not(.add_to_cart_button):not(.show_details_button):not(.product_type_external):not(.fusion-quick-view):not(.fusion-rollover-title-link):not(.fusion-breadcrumb-link) , .fusion-fullwidth.fusion-builder-row-1 a:not(.fusion-button):not(.fusion-builder-module-control):not(.fusion-social-network-icon):not(.fb-icon-element):not(.fusion-countdown-link):not(.fusion-rollover-link):not(.fusion-rollover-gallery):not(.fusion-button-bar):not(.add_to_cart_button):not(.show_details_button):not(.product_type_external):not(.fusion-quick-view):not(.fusion-rollover-title-link):not(.fusion-breadcrumb-link):before, .fusion-fullwidth.fusion-builder-row-1 a:not(.fusion-button):not(.fusion-builder-module-control):not(.fusion-social-network-icon):not(.fb-icon-element):not(.fusion-countdown-link):not(.fusion-rollover-link):not(.fusion-rollover-gallery):not(.fusion-button-bar):not(.add_to_cart_button):not(.show_details_button):not(.product_type_external):not(.fusion-quick-view):not(.fusion-rollover-title-link):not(.fusion-breadcrumb-link):after {color: #2901ba;}.fusion-fullwidth.fusion-builder-row-1 a:not(.fusion-button):not(.fusion-builder-module-control):not(.fusion-social-network-icon):not(.fb-icon-element):not(.fusion-countdown-link):not(.fusion-rollover-link):not(.fusion-rollover-gallery):not(.fusion-button-bar):not(.add_to_cart_button):not(.show_details_button):not(.product_type_external):not(.fusion-quick-view):not(.fusion-rollover-title-link):not(.fusion-breadcrumb-link):hover, .fusion-fullwidth.fusion-builder-row-1 a:not(.fusion-button):not(.fusion-builder-module-control):not(.fusion-social-network-icon):not(.fb-icon-element):not(.fusion-countdown-link):not(.fusion-rollover-link):not(.fusion-rollover-gallery):not(.fusion-button-bar):not(.add_to_cart_button):not(.show_details_button):not(.product_type_external):not(.fusion-quick-view):not(.fusion-rollover-title-link):not(.fusion-breadcrumb-link):hover:before, .fusion-fullwidth.fusion-builder-row-1 a:not(.fusion-button):not(.fusion-builder-module-control):not(.fusion-social-network-icon):not(.fb-icon-element):not(.fusion-countdown-link):not(.fusion-rollover-link):not(.fusion-rollover-gallery):not(.fusion-button-bar):not(.add_to_cart_button):not(.show_details_button):not(.product_type_external):not(.fusion-quick-view):not(.fusion-rollover-title-link):not(.fusion-breadcrumb-link):hover:after {color: #72188f;}.fusion-fullwidth.fusion-builder-row-1 .pagination a.inactive:hover, .fusion-fullwidth.fusion-builder-row-1 .fusion-filters .fusion-filter.fusion-active a {border-color: #72188f;}.fusion-fullwidth.fusion-builder-row-1 .pagination .current {border-color: #72188f; background-color: #72188f;}.fusion-fullwidth.fusion-builder-row-1 .fusion-filters .fusion-filter.fusion-active a, .fusion-fullwidth.fusion-builder-row-1 .fusion-date-and-formats .fusion-format-box, .fusion-fullwidth.fusion-builder-row-1 .fusion-popover, .fusion-fullwidth.fusion-builder-row-1 .tooltip-shortcode {color: #72188f;}#main .fusion-fullwidth.fusion-builder-row-1 .post .blog-shortcode-post-title a:hover {color: #72188f;}<\/style>\n","protected":false},"excerpt":{"rendered":"","protected":false},"author":1,"featured_media":0,"parent":0,"menu_order":0,"comment_status":"closed","ping_status":"closed","template":"","meta":{"footnotes":""},"class_list":["post-1883","page","type-page","status-publish","hentry"],"yoast_head":"<!-- This site is optimized with the Yoast SEO plugin v27.4 - https:\/\/yoast.com\/product\/yoast-seo-wordpress\/ -->\n<title>Prof. Predrag Nikic, PhD - yoga-ac.eu<\/title>\n<meta name=\"robots\" content=\"index, follow, max-snippet:-1, max-image-preview:large, max-video-preview:-1\" \/>\n<link rel=\"canonical\" href=\"https:\/\/www.yoga-ac.eu\/de\/prof-predrag-nikic-phd\/\" \/>\n<meta property=\"og:locale\" content=\"de_DE\" \/>\n<meta property=\"og:type\" content=\"article\" \/>\n<meta property=\"og:title\" content=\"Prof. Predrag Nikic, PhD - yoga-ac.eu\" \/>\n<meta property=\"og:url\" content=\"https:\/\/www.yoga-ac.eu\/de\/prof-predrag-nikic-phd\/\" \/>\n<meta property=\"og:site_name\" content=\"yoga-ac.eu\" \/>\n<meta property=\"article:modified_time\" content=\"2025-04-22T20:29:24+00:00\" \/>\n<meta name=\"twitter:card\" content=\"summary_large_image\" \/>\n<meta name=\"twitter:label1\" content=\"Gesch\u00e4tzte Lesezeit\" \/>\n\t<meta name=\"twitter:data1\" content=\"3\u00a0Minuten\" \/>\n<script type=\"application\/ld+json\" class=\"yoast-schema-graph\">{\"@context\":\"https:\\\/\\\/schema.org\",\"@graph\":[{\"@type\":\"WebPage\",\"@id\":\"https:\\\/\\\/www.yoga-ac.eu\\\/de\\\/prof-predrag-nikic-phd\\\/\",\"url\":\"https:\\\/\\\/www.yoga-ac.eu\\\/de\\\/prof-predrag-nikic-phd\\\/\",\"name\":\"Prof. Predrag Nikic, PhD - yoga-ac.eu\",\"isPartOf\":{\"@id\":\"https:\\\/\\\/www.yoga-ac.eu\\\/#website\"},\"datePublished\":\"2025-04-19T10:59:37+00:00\",\"dateModified\":\"2025-04-22T20:29:24+00:00\",\"breadcrumb\":{\"@id\":\"https:\\\/\\\/www.yoga-ac.eu\\\/de\\\/prof-predrag-nikic-phd\\\/#breadcrumb\"},\"inLanguage\":\"de\",\"potentialAction\":[{\"@type\":\"ReadAction\",\"target\":[\"https:\\\/\\\/www.yoga-ac.eu\\\/de\\\/prof-predrag-nikic-phd\\\/\"]}]},{\"@type\":\"BreadcrumbList\",\"@id\":\"https:\\\/\\\/www.yoga-ac.eu\\\/de\\\/prof-predrag-nikic-phd\\\/#breadcrumb\",\"itemListElement\":[{\"@type\":\"ListItem\",\"position\":1,\"name\":\"Home\",\"item\":\"https:\\\/\\\/www.yoga-ac.eu\\\/\"},{\"@type\":\"ListItem\",\"position\":2,\"name\":\"Prof. Predrag Nikic, PhD\"}]},{\"@type\":\"WebSite\",\"@id\":\"https:\\\/\\\/www.yoga-ac.eu\\\/#website\",\"url\":\"https:\\\/\\\/www.yoga-ac.eu\\\/\",\"name\":\"yoga-ac.eu\",\"description\":\"Yoga Teacher Training &amp; Yoga Retreats\",\"potentialAction\":[{\"@type\":\"SearchAction\",\"target\":{\"@type\":\"EntryPoint\",\"urlTemplate\":\"https:\\\/\\\/www.yoga-ac.eu\\\/?s={search_term_string}\"},\"query-input\":{\"@type\":\"PropertyValueSpecification\",\"valueRequired\":true,\"valueName\":\"search_term_string\"}}],\"inLanguage\":\"de\"}]}<\/script>\n<!-- \/ Yoast SEO plugin. -->","yoast_head_json":{"title":"Prof. Predrag Nikic, PhD - yoga-ac.eu","robots":{"index":"index","follow":"follow","max-snippet":"max-snippet:-1","max-image-preview":"max-image-preview:large","max-video-preview":"max-video-preview:-1"},"canonical":"https:\/\/www.yoga-ac.eu\/de\/prof-predrag-nikic-phd\/","og_locale":"de_DE","og_type":"article","og_title":"Prof. Predrag Nikic, PhD - yoga-ac.eu","og_url":"https:\/\/www.yoga-ac.eu\/de\/prof-predrag-nikic-phd\/","og_site_name":"yoga-ac.eu","article_modified_time":"2025-04-22T20:29:24+00:00","twitter_card":"summary_large_image","twitter_misc":{"Gesch\u00e4tzte Lesezeit":"3\u00a0Minuten"},"schema":{"@context":"https:\/\/schema.org","@graph":[{"@type":"WebPage","@id":"https:\/\/www.yoga-ac.eu\/de\/prof-predrag-nikic-phd\/","url":"https:\/\/www.yoga-ac.eu\/de\/prof-predrag-nikic-phd\/","name":"Prof. Predrag Nikic, PhD - yoga-ac.eu","isPartOf":{"@id":"https:\/\/www.yoga-ac.eu\/#website"},"datePublished":"2025-04-19T10:59:37+00:00","dateModified":"2025-04-22T20:29:24+00:00","breadcrumb":{"@id":"https:\/\/www.yoga-ac.eu\/de\/prof-predrag-nikic-phd\/#breadcrumb"},"inLanguage":"de","potentialAction":[{"@type":"ReadAction","target":["https:\/\/www.yoga-ac.eu\/de\/prof-predrag-nikic-phd\/"]}]},{"@type":"BreadcrumbList","@id":"https:\/\/www.yoga-ac.eu\/de\/prof-predrag-nikic-phd\/#breadcrumb","itemListElement":[{"@type":"ListItem","position":1,"name":"Home","item":"https:\/\/www.yoga-ac.eu\/"},{"@type":"ListItem","position":2,"name":"Prof. Predrag Nikic, PhD"}]},{"@type":"WebSite","@id":"https:\/\/www.yoga-ac.eu\/#website","url":"https:\/\/www.yoga-ac.eu\/","name":"yoga-ac.eu","description":"Yoga Teacher Training &amp; Yoga Retreats","potentialAction":[{"@type":"SearchAction","target":{"@type":"EntryPoint","urlTemplate":"https:\/\/www.yoga-ac.eu\/?s={search_term_string}"},"query-input":{"@type":"PropertyValueSpecification","valueRequired":true,"valueName":"search_term_string"}}],"inLanguage":"de"}]}},"_links":{"self":[{"href":"https:\/\/www.yoga-ac.eu\/de\/wp-json\/wp\/v2\/pages\/1883","targetHints":{"allow":["GET"]}}],"collection":[{"href":"https:\/\/www.yoga-ac.eu\/de\/wp-json\/wp\/v2\/pages"}],"about":[{"href":"https:\/\/www.yoga-ac.eu\/de\/wp-json\/wp\/v2\/types\/page"}],"author":[{"embeddable":true,"href":"https:\/\/www.yoga-ac.eu\/de\/wp-json\/wp\/v2\/users\/1"}],"replies":[{"embeddable":true,"href":"https:\/\/www.yoga-ac.eu\/de\/wp-json\/wp\/v2\/comments?post=1883"}],"version-history":[{"count":8,"href":"https:\/\/www.yoga-ac.eu\/de\/wp-json\/wp\/v2\/pages\/1883\/revisions"}],"predecessor-version":[{"id":2013,"href":"https:\/\/www.yoga-ac.eu\/de\/wp-json\/wp\/v2\/pages\/1883\/revisions\/2013"}],"wp:attachment":[{"href":"https:\/\/www.yoga-ac.eu\/de\/wp-json\/wp\/v2\/media?parent=1883"}],"curies":[{"name":"wp","href":"https:\/\/api.w.org\/{rel}","templated":true}]}}