{"id":1906,"date":"2025-04-22T20:15:34","date_gmt":"2025-04-22T20:15:34","guid":{"rendered":"https:\/\/www.yoga-ac.eu\/yoga-retreats-2025\/"},"modified":"2025-04-27T15:41:01","modified_gmt":"2025-04-27T15:41:01","slug":"yoga-retreats-2025","status":"publish","type":"page","link":"https:\/\/www.yoga-ac.eu\/de\/yoga-retreats-2025\/","title":{"rendered":"Yoga-Retreats 2025"},"content":{"rendered":"<div class=\"fusion-fullwidth fullwidth-box fusion-builder-row-1 nonhundred-percent-fullwidth non-hundred-percent-height-scrolling\"  style='background-color: rgba(255,255,255,0);background-position: center center;background-repeat: no-repeat;padding-top:0px;padding-right:0px;padding-bottom:0px;padding-left:0px;'><div class=\"fusion-builder-row fusion-row \"><div  class=\"fusion-layout-column fusion_builder_column fusion_builder_column_1_1 fusion-builder-column-0 fusion-one-full fusion-column-first fusion-column-last 1_1\"  style='margin-top:0px;margin-bottom:20px;'><div class=\"fusion-column-wrapper\" style=\"padding: 0px 0px 0px 0px;background-position:left top;background-repeat:no-repeat;-webkit-background-size:cover;-moz-background-size:cover;-o-background-size:cover;background-size:cover;\"   data-bg-url=\"\"><div class=\"fusion-text\"><h1><span style=\"color: #000080;\"><strong>Skalare Yoga-Retreats 2025<\/strong><\/span><\/h1>\n<p><span style=\"color: #000080;\">Wenn Sie eine tiefgreifende transformative Erfahrung suchen, beinhalten unsere skalaren Yoga-Retreats Meditationen, Yoga-Unterricht, Meditationsworkshops im Naturschutzgebiet, energetische Therapiesitzungen, Kirtan-Abende und Satsangs mit dem Meister.<\/span><\/p>\n<div id=\"attachment_836\" style=\"width: 778px\" class=\"wp-caption aligncenter\"><img loading=\"lazy\" decoding=\"async\" aria-describedby=\"caption-attachment-836\" class=\"wp-image-836 size-full\" src=\"https:\/\/www.yoga-ac.eu\/wp-content\/uploads\/2024\/01\/benefit-plus.jpg\" alt=\"Yoga Retreats - \" width=\"768\" height=\"301\" srcset=\"https:\/\/www.yoga-ac.eu\/wp-content\/uploads\/2024\/01\/benefit-plus-200x78.jpg 200w, https:\/\/www.yoga-ac.eu\/wp-content\/uploads\/2024\/01\/benefit-plus-300x118.jpg 300w, https:\/\/www.yoga-ac.eu\/wp-content\/uploads\/2024\/01\/benefit-plus-400x157.jpg 400w, https:\/\/www.yoga-ac.eu\/wp-content\/uploads\/2024\/01\/benefit-plus-600x235.jpg 600w, https:\/\/www.yoga-ac.eu\/wp-content\/uploads\/2024\/01\/benefit-plus.jpg 768w\" sizes=\"auto, (max-width: 768px) 100vw, 768px\" \/><p id=\"caption-attachment-836\" class=\"wp-caption-text\"><span style=\"color: #000080;\">Europ\u00e4ischer Tempel des Lichts des Yoga<\/span><\/p><\/div>\n<p><span style=\"color: #000080;\">Die Skalar-Yoga-Retreats von Professor Predrag Niki\u0107 sind bekannt f\u00fcr ihr intensives Programm und tiefgehende energetische Transformationsprozesse.<\/span><\/p>\n<p><span style=\"color: #000080;\">Werfen Sie einen Blick auf unser Angebot im Jahr 2025.<\/span><\/p>\n<\/div><style type=\"text\/css\">.fusion-accordian  #accordion-1906-1 .panel-title a .fa-fusion-box{ color: #ffffff;}.fusion-accordian  #accordion-1906-1 .panel-title a .fa-fusion-box:before{ font-size: 13px; width: 13px;}.fusion-accordian  #accordion-1906-1 .panel-title a{font-size:13px;}.fusion-accordian  #accordion-1906-1 .fa-fusion-box { background-color: #000080;border-color: #000080;}.fusion-accordian  #accordion-1906-1 .panel-title a:hover, #accordion-1906-1 .fusion-toggle-boxed-mode:hover .panel-title a { color: #4e02ff;}.fusion-accordian  #accordion-1906-1 .panel-title .active .fa-fusion-box,.fusion-accordian  #accordion-1906-1 .panel-title a:hover .fa-fusion-box { background-color: #4e02ff!important;border-color: #4e02ff!important;}<\/style><div class=\"accordian fusion-accordian\"><div class=\"panel-group\" id=\"accordion-1906-1\" role=\"tablist\"><div class=\"fusion-panel panel-default\" role=\"tabpanel\"><div class=\"panel-heading\"><h4 class=\"panel-title toggle\"><a aria-expanded=\"false\" aria-selected=\"false\" aria-controls=\"eca4759346269f776\" role=\"tab\" data-toggle=\"collapse\" data-parent=\"#accordion-1906-1\" data-target=\"#eca4759346269f776\" href=\"#eca4759346269f776\"><span class=\"fusion-toggle-icon-wrapper\" aria-hidden=\"true\"><i class=\"fa-fusion-box\"><\/i><\/span><span class=\"fusion-toggle-heading\">REGENERATIVES YOGA-RETREAT Heilsames Yoga: 3. \u2013 8. Juni 2025<\/span><\/a><\/h4><\/div><div id=\"eca4759346269f776\" class=\"panel-collapse collapse \"><div class=\"panel-body toggle-content fusion-clearfix\">\n<h1 style=\"font-weight: 400; text-align: center;\"><span style=\"color: #000080;\">Regenerative Yoga Retreat Healing Yoga<\/span><\/h1>\n<p style=\"font-weight: 400; text-align: center;\"><span style=\"color: #000080;\"><strong>Datum der Veranstaltung:<\/strong> 3. \u2013 8. Juni 2025<\/span><\/p>\n<p style=\"font-weight: 400; text-align: center;\"><span style=\"color: #000080;\"><strong>Veranstaltungsort:<\/strong> Europ\u00e4isches Haus des Yoga-Lichts, Wohn- und Ausbildungszentrum f\u00fcr Yoga-Retreats, Tschechische Republik<\/span><\/p>\n<p><img loading=\"lazy\" decoding=\"async\" class=\"wp-image-1511 aligncenter\" src=\"https:\/\/www.yoga-ac.eu\/wp-content\/uploads\/2024\/09\/20240706_081127-300x225.jpg\" alt=\"\" width=\"819\" height=\"614\" srcset=\"https:\/\/www.yoga-ac.eu\/wp-content\/uploads\/2024\/09\/20240706_081127-200x150.jpg 200w, https:\/\/www.yoga-ac.eu\/wp-content\/uploads\/2024\/09\/20240706_081127-300x225.jpg 300w, https:\/\/www.yoga-ac.eu\/wp-content\/uploads\/2024\/09\/20240706_081127-400x300.jpg 400w, https:\/\/www.yoga-ac.eu\/wp-content\/uploads\/2024\/09\/20240706_081127-600x450.jpg 600w, https:\/\/www.yoga-ac.eu\/wp-content\/uploads\/2024\/09\/20240706_081127-768x576.jpg 768w, https:\/\/www.yoga-ac.eu\/wp-content\/uploads\/2024\/09\/20240706_081127-800x600.jpg 800w, https:\/\/www.yoga-ac.eu\/wp-content\/uploads\/2024\/09\/20240706_081127-1024x768.jpg 1024w, https:\/\/www.yoga-ac.eu\/wp-content\/uploads\/2024\/09\/20240706_081127-1200x900.jpg 1200w, https:\/\/www.yoga-ac.eu\/wp-content\/uploads\/2024\/09\/20240706_081127-1536x1152.jpg 1536w\" sizes=\"auto, (max-width: 819px) 100vw, 819px\" \/><\/p>\n<h3 class=\"fusion-responsive-typography-calculated\" data-fontsize=\"16\" data-lineheight=\"24px\"><span style=\"color: #000080;\"><strong>Wann ist der richtige Zeitpunkt, um mit der Yogapraxis zu beginnen?<\/strong><\/span><\/h3>\n<p class=\"fusion-responsive-typography-calculated\" data-fontsize=\"16\" data-lineheight=\"24px\"><span style=\"color: #000080;\">Diejenigen, die begonnen haben, Yoga zu praktizieren, kennen die Antwort. Die Antwort ist einfach \u2013 jeder Moment ist der richtige.<\/span><\/p>\n<p><span style=\"color: #000080;\">Jedes Lebensjahr, in dem wir uns befinden, ist das beste Jahr unseres Lebens, wenn wir uns der Gesundheit, der Suche nach Weisheit und der Freude am Leben widmen.<\/span><\/p>\n<p><img loading=\"lazy\" decoding=\"async\" class=\"wp-image-1503 aligncenter\" src=\"https:\/\/www.yoga-ac.eu\/wp-content\/uploads\/2024\/09\/20240705_182148-300x225.jpg\" alt=\"\" width=\"778\" height=\"583\" srcset=\"https:\/\/www.yoga-ac.eu\/wp-content\/uploads\/2024\/09\/20240705_182148-200x150.jpg 200w, https:\/\/www.yoga-ac.eu\/wp-content\/uploads\/2024\/09\/20240705_182148-300x225.jpg 300w, https:\/\/www.yoga-ac.eu\/wp-content\/uploads\/2024\/09\/20240705_182148-400x300.jpg 400w, https:\/\/www.yoga-ac.eu\/wp-content\/uploads\/2024\/09\/20240705_182148-600x450.jpg 600w, https:\/\/www.yoga-ac.eu\/wp-content\/uploads\/2024\/09\/20240705_182148-768x576.jpg 768w, https:\/\/www.yoga-ac.eu\/wp-content\/uploads\/2024\/09\/20240705_182148-800x600.jpg 800w, https:\/\/www.yoga-ac.eu\/wp-content\/uploads\/2024\/09\/20240705_182148-1024x768.jpg 1024w, https:\/\/www.yoga-ac.eu\/wp-content\/uploads\/2024\/09\/20240705_182148-1200x900.jpg 1200w, https:\/\/www.yoga-ac.eu\/wp-content\/uploads\/2024\/09\/20240705_182148-1536x1152.jpg 1536w\" sizes=\"auto, (max-width: 778px) 100vw, 778px\" \/><\/p>\n<h3 data-start=\"34\" data-end=\"63\"><span style=\"color: #000080;\"><strong data-start=\"34\" data-end=\"61\">Mentoring-Unterst\u00fctzung<\/strong><\/span><\/h3>\n<ul data-start=\"64\" data-end=\"708\">\n<li class=\"\" data-start=\"64\" data-end=\"185\">\n<p class=\"\" data-start=\"66\" data-end=\"185\"><span style=\"color: #000080;\">F\u00fchren Sie alle Techniken m\u00fchelos und in Ma\u00dfen aus, ohne den K\u00f6rper \u00fcber die Grenzen des Komforts hinaus zu belasten.<\/span><\/p>\n<\/li>\n<li class=\"\" data-start=\"186\" data-end=\"293\">\n<p class=\"\" data-start=\"188\" data-end=\"293\"><span style=\"color: #000080;\">\u00dcben Sie die Yoga-Techniken und -Positionen leicht und entspannt aus, auch wenn Sie kein Anf\u00e4nger sind.<\/span><\/p>\n<\/li>\n<li class=\"\" data-start=\"294\" data-end=\"442\">\n<p class=\"\" data-start=\"296\" data-end=\"442\"><span style=\"color: #000080;\">Yoga-Positionen (Asanas) sollten an die aktuellen k\u00f6rperlichen M\u00f6glichkeiten angepasst werden (ein Stuhl kann als Hilfsmittel verwendet werden).<\/span><\/p>\n<\/li>\n<li class=\"\" data-start=\"443\" data-end=\"483\">\n<p class=\"\" data-start=\"445\" data-end=\"483\"><span style=\"color: #000080;\">Tragen Sie bequeme Freizeitkleidung.<\/span><\/p>\n<\/li>\n<li class=\"\" data-start=\"484\" data-end=\"529\">\n<p class=\"\" data-start=\"486\" data-end=\"529\"><span style=\"color: #000080;\">Haben Sie immer eine Wasserflasche dabei.<\/span><\/p>\n<\/li>\n<li class=\"\" data-start=\"530\" data-end=\"593\">\n<p class=\"\" data-start=\"532\" data-end=\"593\"><span style=\"color: #000080;\">Konsultieren Sie vor der Teilnahme am Yoga-Camp Ihren Arzt.<\/span><\/p>\n<\/li>\n<li class=\"\" data-start=\"594\" data-end=\"708\">\n<p class=\"\" data-start=\"596\" data-end=\"708\"><span style=\"color: #000080;\">Nach der Ankunft im Yoga-Retreat sprechen Sie bitte mit dem Yogalehrer, bevor Sie mit Ihrer Yogapraxis beginnen.<\/span><\/p>\n<\/li>\n<\/ul>\n<h3 data-start=\"38\" data-end=\"84\"><span style=\"color: #000080;\"><strong data-start=\"38\" data-end=\"84\">Yoga unterst\u00fctzt Vitalit\u00e4t und Entwicklung<\/strong><\/span><\/h3>\n<p class=\"\" data-start=\"86\" data-end=\"378\"><span style=\"color: #000080;\">Teilnehmer des Regenerativen Yoga-Retreats berichten nach den Yogastunden freudig, dass ihre R\u00fcckenschmerzen deutlich nachgelassen haben oder bei manchen sogar ganz verschwunden sind; dass sie wieder frei durchatmen k\u00f6nnen und dass sich ihr Ged\u00e4chtnis und ihre Konzentration verbessert haben.<\/span><\/p>\n<p class=\"\" data-start=\"380\" data-end=\"481\"><span style=\"color: #000080;\">All diese Entwicklungserfolge werden von Gef\u00fchlen der Freude, Erf\u00fcllung und Gl\u00fcckseligkeit begleitet.<\/span><\/p>\n<p class=\"\" data-start=\"483\" data-end=\"615\"><span style=\"color: #000080;\">\u201eJedes Lebensjahr, in dem wir uns befinden, ist das beste Jahr, um uns der Gesundheit, der Weisheit und der Lebensfreude zu widmen.\u201c<\/span><\/p>\n<p class=\"\" data-start=\"38\" data-end=\"118\"><span style=\"color: #000080;\"><strong data-start=\"38\" data-end=\"118\">F\u00fcr Gruppenreservierungen sollte die Anmeldung so fr\u00fch wie m\u00f6glich erfolgen.<\/strong><\/span><\/p>\n<h3 data-start=\"120\" data-end=\"148\"><span style=\"color: #000080;\"><strong data-start=\"120\" data-end=\"148\">Der Preis betr\u00e4gt 890\u202f\u20ac.<\/strong><\/span><\/h3>\n<p class=\"\" data-start=\"150\" data-end=\"180\"><span style=\"color: #000080;\"><strong data-start=\"150\" data-end=\"180\">Im Preis inbegriffen sind:<\/strong><\/span><\/p>\n<ul data-start=\"182\" data-end=\"693\">\n<li class=\"\" data-start=\"182\" data-end=\"265\">\n<p class=\"\" data-start=\"184\" data-end=\"265\"><span style=\"color: #000080;\">5 \u00dcbernachtungen \/ 6 Tage Unterkunft in Doppel-, Dreibett- oder Vierbettzimmern<\/span><\/p>\n<\/li>\n<li class=\"\" data-start=\"266\" data-end=\"310\">\n<p class=\"\" data-start=\"268\" data-end=\"310\"><span style=\"color: #000080;\">2 vegane\/vegetarische Mahlzeiten t\u00e4glich<\/span><\/p>\n<\/li>\n<li class=\"\" data-start=\"311\" data-end=\"362\">\n<p class=\"\" data-start=\"313\" data-end=\"362\"><span style=\"color: #000080;\">Teilnahme an allen Programmpunkten des Retreats<\/span><\/p>\n<\/li>\n<li class=\"\" data-start=\"363\" data-end=\"406\">\n<p class=\"\" data-start=\"365\" data-end=\"406\"><span style=\"color: #000080;\">5 regenerative morgendliche Yogastunden<\/span><\/p>\n<\/li>\n<li class=\"\" data-start=\"407\" data-end=\"459\">\n<p class=\"\" data-start=\"409\" data-end=\"459\"><span style=\"color: #000080;\">6 Energie-Therapie-Sitzungen mit Professor Niki\u0107<\/span><\/p>\n<\/li>\n<li class=\"\" data-start=\"460\" data-end=\"491\">\n<p class=\"\" data-start=\"462\" data-end=\"491\"><span style=\"color: #000080;\">Satsang mit Professor Niki\u0107<\/span><\/p>\n<\/li>\n<li class=\"\" data-start=\"492\" data-end=\"527\">\n<p class=\"\" data-start=\"494\" data-end=\"527\"><span style=\"color: #000080;\">t\u00e4gliche Outdoor-Yoga-Workshops<\/span><\/p>\n<\/li>\n<li class=\"\" data-start=\"528\" data-end=\"567\">\n<p class=\"\" data-start=\"530\" data-end=\"567\"><span style=\"color: #000080;\">Erkundung des Ethno-Dorfes Kladruby<\/span><\/p>\n<\/li>\n<li class=\"\" data-start=\"568\" data-end=\"638\">\n<p class=\"\" data-start=\"570\" data-end=\"638\"><span style=\"color: #000080;\">Ausflug ins Doubrava-Flusstal in einem national gesch\u00fctzten Gebiet<\/span><\/p>\n<\/li>\n<li class=\"\" data-start=\"639\" data-end=\"667\">\n<p class=\"\" data-start=\"641\" data-end=\"667\"><span style=\"color: #000080;\">Nutzung des Sportplatzes<\/span><\/p>\n<\/li>\n<li class=\"\" data-start=\"668\" data-end=\"693\">\n<p class=\"\" data-start=\"670\" data-end=\"693\"><span style=\"color: #000080;\">WLAN in allen Zimmern<\/span><\/p>\n<\/li>\n<\/ul>\n<p class=\"\" data-start=\"695\" data-end=\"731\"><span style=\"color: #000080;\"><strong data-start=\"695\" data-end=\"731\">Nicht im Preis inbegriffen sind:<\/strong><\/span><\/p>\n<ul data-start=\"733\" data-end=\"922\">\n<li class=\"\" data-start=\"733\" data-end=\"746\">\n<p class=\"\" data-start=\"735\" data-end=\"746\"><span style=\"color: #000080;\">Transport<\/span><\/p>\n<\/li>\n<li class=\"\" data-start=\"747\" data-end=\"768\">\n<p class=\"\" data-start=\"749\" data-end=\"768\"><span style=\"color: #000080;\">Reiseversicherung<\/span><\/p>\n<\/li>\n<li class=\"\" data-start=\"769\" data-end=\"788\">\n<p class=\"\" data-start=\"771\" data-end=\"788\"><span style=\"color: #000080;\">Tourismusabgabe<\/span><\/p>\n<\/li>\n<li class=\"\" data-start=\"789\" data-end=\"813\">\n<p class=\"\" data-start=\"791\" data-end=\"813\"><span style=\"color: #000080;\">Pers\u00f6nliche Ausgaben<\/span><\/p>\n<\/li>\n<li class=\"\" data-start=\"814\" data-end=\"901\">\n<p class=\"\" data-start=\"816\" data-end=\"901\"><span style=\"color: #000080;\">Speisen und Getr\u00e4nke in der B\u00e4ckerei \u201eAnanda\u201c und in der Konditorei \u201eSweet Secrets\u201c<\/span><\/p>\n<\/li>\n<li class=\"\" data-start=\"902\" data-end=\"922\">\n<p class=\"\" data-start=\"904\" data-end=\"922\"><span style=\"color: #000080;\">Spa-Behandlungen<\/span><\/p>\n<\/li>\n<\/ul>\n<h3 data-start=\"34\" data-end=\"52\"><span style=\"color: #000080;\"><strong data-start=\"34\" data-end=\"52\">Reservierungen<\/strong><\/span><\/h3>\n<p class=\"\" data-start=\"54\" data-end=\"146\"><span style=\"color: #333399;\">\ud83d\udcde +420 773 922 790<\/span><br data-start=\"73\" data-end=\"76\" \/><span style=\"color: #333399;\">oder per E-Mail:<\/span><br data-start=\"92\" data-end=\"95\" \/><span style=\"color: #333399;\">\ud83d\udce9 <a style=\"color: #333399;\" rel=\"noopener\" data-start=\"98\" data-end=\"120\">yogalight.eu@gmail.com<\/a><\/span><br data-start=\"120\" data-end=\"123\" \/><span style=\"color: #333399;\">\ud83d\udce9 <a style=\"color: #333399;\" rel=\"noopener\" data-start=\"126\" data-end=\"144\">yoga.yfe@gmail.com<\/a><\/span><\/p>\n<\/div><\/div><\/div><div class=\"fusion-panel panel-default\" role=\"tabpanel\"><div class=\"panel-heading\"><h4 class=\"panel-title toggle\"><a aria-expanded=\"false\" aria-selected=\"false\" aria-controls=\"ad52d65d8b4e7021a\" role=\"tab\" data-toggle=\"collapse\" data-parent=\"#accordion-1906-1\" data-target=\"#ad52d65d8b4e7021a\" href=\"#ad52d65d8b4e7021a\"><span class=\"fusion-toggle-icon-wrapper\" aria-hidden=\"true\"><i class=\"fa-fusion-box\"><\/i><\/span><span class=\"fusion-toggle-heading\">DREIT\u00c4GIGES TRANSFORMATIVES YOGA-WOCHENENDE: 6. \u2013 8. Juni 2025<\/span><\/a><\/h4><\/div><div id=\"ad52d65d8b4e7021a\" class=\"panel-collapse collapse \"><div class=\"panel-body toggle-content fusion-clearfix\">\n<div>\n<div class=\"fusion-text fusion-text-1\">\n<h1 class=\"fusion-responsive-typography-calculated\" style=\"text-align: center;\" data-fontsize=\"18\" data-lineheight=\"27px\"><span style=\"color: #000080;\">Transformationswochenende mit Prof. Niki\u0107<\/span><\/h1>\n<p style=\"text-align: center;\"><span style=\"color: #000080;\"><strong>Datum der Veranstaltung:<\/strong> 6. \u2013 8. Juni 2025<\/span><\/p>\n<p style=\"text-align: center;\"><span style=\"color: #000080;\"><strong>Veranstaltungsort:<\/strong> Europ\u00e4isches Haus des Yoga-Lichts, Wohn- und Ausbildungszentrum f\u00fcr Yoga-Retreats, Tschechische Republik<\/span><\/p>\n<p><span style=\"color: #000080;\"><img loading=\"lazy\" decoding=\"async\" class=\"wp-image-668 aligncenter\" src=\"https:\/\/www.yoga-ac.eu\/wp-content\/uploads\/2023\/12\/yoga-therapy-energotherapy-1200x735-1-300x184.jpg\" alt=\"Transformative Weekend with Yoga Master\" width=\"958\" height=\"587\" srcset=\"https:\/\/www.yoga-ac.eu\/wp-content\/uploads\/2023\/12\/yoga-therapy-energotherapy-1200x735-1-200x123.jpg 200w, https:\/\/www.yoga-ac.eu\/wp-content\/uploads\/2023\/12\/yoga-therapy-energotherapy-1200x735-1-300x184.jpg 300w, https:\/\/www.yoga-ac.eu\/wp-content\/uploads\/2023\/12\/yoga-therapy-energotherapy-1200x735-1-400x245.jpg 400w, https:\/\/www.yoga-ac.eu\/wp-content\/uploads\/2023\/12\/yoga-therapy-energotherapy-1200x735-1-600x368.jpg 600w, https:\/\/www.yoga-ac.eu\/wp-content\/uploads\/2023\/12\/yoga-therapy-energotherapy-1200x735-1-768x470.jpg 768w, https:\/\/www.yoga-ac.eu\/wp-content\/uploads\/2023\/12\/yoga-therapy-energotherapy-1200x735-1-800x490.jpg 800w, https:\/\/www.yoga-ac.eu\/wp-content\/uploads\/2023\/12\/yoga-therapy-energotherapy-1200x735-1-1024x627.jpg 1024w, https:\/\/www.yoga-ac.eu\/wp-content\/uploads\/2023\/12\/yoga-therapy-energotherapy-1200x735-1.jpg 1200w\" sizes=\"auto, (max-width: 958px) 100vw, 958px\" \/><\/span><\/p>\n<p class=\"\" data-start=\"97\" data-end=\"254\"><span style=\"color: #000080;\"><strong data-start=\"97\" data-end=\"254\">Dieses Intensivwochenende richtet sich an Menschen, die pers\u00f6nliche Begleitung innerhalb eines Programms in einer heilsamen, nat\u00fcrlichen Umgebung suchen.<\/strong><\/span><\/p>\n<p class=\"\" data-start=\"256\" data-end=\"705\"><span style=\"color: #000080;\">Im Rahmen eines dreit\u00e4gigen Programms bieten Ihnen Yoga-Experten die M\u00f6glichkeit, ein individuelles Entwicklungsprogramm pers\u00f6nlich zu empfangen und umzusetzen \u2013 mit positivem Einfluss auf alle Dimensionen Ihres Lebens:<\/span><br data-start=\"475\" data-end=\"478\" \/><span style=\"color: #000080;\">auf die <strong data-start=\"486\" data-end=\"529\">Pr\u00e4vention gesundheitlicher Beschwerden<\/strong>,<\/span><br data-start=\"530\" data-end=\"533\" \/><span style=\"color: #000080;\">auf das <strong data-start=\"541\" data-end=\"563\">emotionale Erleben<\/strong>,<\/span><br data-start=\"564\" data-end=\"567\" \/><span style=\"color: #000080;\">auf die <strong data-start=\"575\" data-end=\"609\">Verbesserung mentaler Prozesse<\/strong> (wie Konzentration und Ged\u00e4chtnisleistung),<\/span><br data-start=\"653\" data-end=\"656\" \/><span style=\"color: #000080;\">sowie auf die <strong data-start=\"670\" data-end=\"704\">kreative Dimension Ihres Seins<\/strong>.<\/span><\/p>\n<div>\n<h2 class=\"fusion-responsive-typography-calculated\" data-fontsize=\"18\" data-lineheight=\"27px\"><span style=\"color: #000080;\">Dreit\u00e4giges transformatives Yoga-Wochenende<\/span><\/h2>\n<\/div>\n<p>&nbsp;<\/p>\n<\/div>\n<p>&nbsp;<\/p>\n<div class=\"fusion-text fusion-text-2\">\n<div>\n<p class=\"\" data-start=\"153\" data-end=\"431\"><span style=\"color: #000080;\"><strong data-start=\"153\" data-end=\"244\">Sie erleben energetische Unterst\u00fctzung \u2013 abgestimmt auf Ihre individuellen Bed\u00fcrfnisse.<\/strong><\/span><br data-start=\"244\" data-end=\"247\" \/><span style=\"color: #000080;\">Diese Unterst\u00fctzung umfasst transformative Yoga-Methoden und Techniken, die speziell f\u00fcr Menschen entwickelt wurden, die ihre <strong data-start=\"373\" data-end=\"403\">Lebensfreude und Vitalit\u00e4t<\/strong> wiederherstellen m\u00f6chten.<\/span><\/p>\n<p class=\"\" data-start=\"433\" data-end=\"626\"><span style=\"color: #000080;\">Immer mehr Menschen nehmen daran teil \u2013 auch solche, die vorher noch nie mit Yoga in Ber\u00fchrung gekommen sind. Sie suchen gezielte Unterst\u00fctzung im Prozess der <strong data-start=\"592\" data-end=\"623\">pers\u00f6nlichen Transformation<\/strong>.<\/span><\/p>\n<p class=\"\" data-start=\"628\" data-end=\"979\"><span style=\"color: #000080;\">Menschen aus den unterschiedlichsten Lebensbereichen \u2013 K\u00fcnstler, Sportler, Bankangestellte, Anf\u00e4nger und erfahrene Yoga-Praktizierende \u2013 kommen hierher, auf der Suche nach <strong data-start=\"800\" data-end=\"858\">Beratung, Unterst\u00fctzung und einem energetischen Impuls<\/strong>. Sie sp\u00fcren, dass es ihnen hilft, innere \u201eBlockaden\u201c zu l\u00f6sen, die bisher die <strong data-start=\"937\" data-end=\"970\">Lebensqualit\u00e4t beeintr\u00e4chtigt<\/strong> haben.<\/span><\/p>\n<p class=\"\" data-start=\"981\" data-end=\"1143\"><span style=\"color: #000080;\">Dieser <strong data-start=\"988\" data-end=\"1010\">akademische Ansatz<\/strong> stellt einen kreativen Durchbruch im Bereich Yoga dar.<\/span><br data-start=\"1065\" data-end=\"1068\" \/><span style=\"color: #000080;\">Das Programm findet ausschlie\u00dflich in fest reservierten Zeitfenstern statt.<\/span><\/p>\n<h3 class=\"\" data-start=\"1150\" data-end=\"1199\"><span style=\"color: #000080;\">Das transformative Wochenendprogramm umfasst:<\/span><\/h3>\n<ul data-start=\"1201\" data-end=\"1668\">\n<li class=\"\" data-start=\"1201\" data-end=\"1241\">\n<p class=\"\" data-start=\"1203\" data-end=\"1241\"><span style=\"color: #000080;\"><strong data-start=\"1203\" data-end=\"1241\">Regenerative Einzeltermine vor Ort<\/strong><\/span><\/p>\n<\/li>\n<li class=\"\" data-start=\"1242\" data-end=\"1668\">\n<p class=\"\" data-start=\"1244\" data-end=\"1411\"><span style=\"color: #000080;\"><strong data-start=\"1244\" data-end=\"1316\">Die M\u00f6glichkeit zur Teilnahme an einem begleitenden Bildungsprogramm<\/strong>, das kurze Empfehlungen zur Integration gesunder Lebensgewohnheiten beinhaltet, unter anderem:<\/span><\/p>\n<ul data-start=\"1415\" data-end=\"1668\">\n<li class=\"\" data-start=\"1415\" data-end=\"1498\">\n<p class=\"\" data-start=\"1417\" data-end=\"1498\"><span style=\"color: #000080;\">Bestimmung der <strong data-start=\"1432\" data-end=\"1454\">Dosha-Konstitution<\/strong> mit entsprechenden Ern\u00e4hrungsempfehlungen<\/span><\/p>\n<\/li>\n<li class=\"\" data-start=\"1501\" data-end=\"1538\">\n<p class=\"\" data-start=\"1503\" data-end=\"1538\"><span style=\"color: #000080;\">Empfehlungen zur <strong data-start=\"1520\" data-end=\"1536\">K\u00f6rperpflege<\/strong><\/span><\/p>\n<\/li>\n<li class=\"\" data-start=\"1541\" data-end=\"1606\">\n<p class=\"\" data-start=\"1543\" data-end=\"1606\"><span style=\"color: #000080;\">Techniken und Impulse zur <strong data-start=\"1569\" data-end=\"1604\">St\u00e4rkung des inneren Potentials<\/strong><\/span><\/p>\n<\/li>\n<li class=\"\" data-start=\"1609\" data-end=\"1668\">\n<p class=\"\" data-start=\"1611\" data-end=\"1668\"><span style=\"color: #000080;\">Leicht umsetzbare, <strong data-start=\"1630\" data-end=\"1668\">kurze und effektive Energie\u00fcbungen<\/strong><\/span><\/p>\n<\/li>\n<\/ul>\n<\/li>\n<\/ul>\n<\/div>\n<p>&nbsp;<\/p>\n<\/div>\n<p>&nbsp;<\/p>\n<\/div>\n<p>&nbsp;<\/p>\n<h3 class=\"\" data-start=\"98\" data-end=\"111\"><span style=\"color: #000080;\"><strong data-start=\"102\" data-end=\"111\">Preis<\/strong><\/span><\/h3>\n<p>&nbsp;<\/p>\n<p class=\"\" data-start=\"113\" data-end=\"141\"><span style=\"color: #000080;\">Der Preis betr\u00e4gt <strong data-start=\"131\" data-end=\"140\">445\u202f\u20ac<\/strong>.<\/span><\/p>\n<p>&nbsp;<\/p>\n<p class=\"\" data-start=\"143\" data-end=\"173\"><span style=\"color: #000080;\"><strong data-start=\"143\" data-end=\"173\">Im Preis inbegriffen sind:<\/strong><\/span><\/p>\n<p>&nbsp;<\/p>\n<ul data-start=\"175\" data-end=\"379\">\n<li class=\"\" data-start=\"175\" data-end=\"217\">\n<p class=\"\" data-start=\"177\" data-end=\"217\"><span style=\"color: #000080;\">Teilnahme an allen Programmaktivit\u00e4ten<\/span><\/p>\n<\/li>\n<li class=\"\" data-start=\"218\" data-end=\"281\">\n<p class=\"\" data-start=\"220\" data-end=\"281\"><span style=\"color: #000080;\">2 \u00dcbernachtungen in Doppel-, Dreibett- oder Vierbettzimmern<\/span><\/p>\n<\/li>\n<li class=\"\" data-start=\"282\" data-end=\"326\">\n<p class=\"\" data-start=\"284\" data-end=\"326\"><span style=\"color: #000080;\">2 vegane\/vegetarische Mahlzeiten pro Tag<\/span><\/p>\n<\/li>\n<li class=\"\" data-start=\"327\" data-end=\"355\">\n<p class=\"\" data-start=\"329\" data-end=\"355\"><span style=\"color: #000080;\">Nutzung des Sportplatzes<\/span><\/p>\n<\/li>\n<li class=\"\" data-start=\"356\" data-end=\"379\">\n<p class=\"\" data-start=\"358\" data-end=\"379\"><span style=\"color: #000080;\">WLAN in allen Zimmern<\/span><\/p>\n<\/li>\n<\/ul>\n<p>&nbsp;<\/p>\n<p class=\"\" data-start=\"381\" data-end=\"412\"><span style=\"color: #000080;\"><strong data-start=\"381\" data-end=\"412\">Nicht im Preis inbegriffen:<\/strong><\/span><\/p>\n<p>&nbsp;<\/p>\n<ul data-start=\"414\" data-end=\"641\">\n<li class=\"\" data-start=\"414\" data-end=\"435\">\n<p class=\"\" data-start=\"416\" data-end=\"435\"><span style=\"color: #000080;\">Anreise\/Transport<\/span><\/p>\n<\/li>\n<li class=\"\" data-start=\"436\" data-end=\"457\">\n<p class=\"\" data-start=\"438\" data-end=\"457\"><span style=\"color: #000080;\">Reiseversicherung<\/span><\/p>\n<\/li>\n<li class=\"\" data-start=\"458\" data-end=\"469\">\n<p class=\"\" data-start=\"460\" data-end=\"469\"><span style=\"color: #000080;\">Kurtaxe<\/span><\/p>\n<\/li>\n<li class=\"\" data-start=\"470\" data-end=\"494\">\n<p class=\"\" data-start=\"472\" data-end=\"494\"><span style=\"color: #000080;\">Pers\u00f6nliche Ausgaben<\/span><\/p>\n<\/li>\n<li class=\"\" data-start=\"495\" data-end=\"587\">\n<p class=\"\" data-start=\"497\" data-end=\"587\"><span style=\"color: #000080;\">Speisen und Getr\u00e4nke in der B\u00e4ckerei <strong data-start=\"534\" data-end=\"546\">\u201eAnanda\u201c<\/strong> und der Konditorei <strong data-start=\"566\" data-end=\"585\">\u201eSweet Secrets\u201c<\/strong><\/span><\/p>\n<\/li>\n<li class=\"\" data-start=\"588\" data-end=\"608\">\n<p class=\"\" data-start=\"590\" data-end=\"608\"><span style=\"color: #000080;\">Spa-Behandlungen<\/span><\/p>\n<\/li>\n<li class=\"\" data-start=\"609\" data-end=\"641\">\n<p class=\"\" data-start=\"611\" data-end=\"641\"><span style=\"color: #000080;\">Fakultativer Ausflug nach Prag<\/span><\/p>\n<\/li>\n<\/ul>\n<p>&nbsp;<\/p>\n<h3 data-start=\"34\" data-end=\"52\"><span style=\"color: #000080;\"><strong data-start=\"34\" data-end=\"52\">Reservierungen<\/strong><\/span><\/h3>\n<p>&nbsp;<\/p>\n<p class=\"\" data-start=\"54\" data-end=\"146\"><span style=\"color: #000080;\">\ud83d\udcde +420 773 922 790<\/span><br data-start=\"73\" data-end=\"76\" \/><span style=\"color: #000080;\">oder per E-Mail:<\/span><br data-start=\"92\" data-end=\"95\" \/><span style=\"color: #000080;\">\ud83d\udce9 <a style=\"color: #000080;\" rel=\"noopener\" data-start=\"98\" data-end=\"120\">yogalight.eu@gmail.com<\/a><\/span><br data-start=\"120\" data-end=\"123\" \/><span style=\"color: #000080;\">\ud83d\udce9 <a style=\"color: #000080;\" rel=\"noopener\" data-start=\"126\" data-end=\"144\">yoga.yfe@gmail.com<\/a><\/span><\/p>\n<\/div><\/div><\/div><div class=\"fusion-panel panel-default\" role=\"tabpanel\"><div class=\"panel-heading\"><h4 class=\"panel-title toggle\"><a aria-expanded=\"false\" aria-selected=\"false\" aria-controls=\"5e5de11076e8578d7\" role=\"tab\" data-toggle=\"collapse\" data-parent=\"#accordion-1906-1\" data-target=\"#5e5de11076e8578d7\" href=\"#5e5de11076e8578d7\"><span class=\"fusion-toggle-icon-wrapper\" aria-hidden=\"true\"><i class=\"fa-fusion-box\"><\/i><\/span><span class=\"fusion-toggle-heading\">YOGA F\u00dcR PAARE \u2013 SKALARES WOCHENENDE: 27. \u2013 29. Juni 2025<\/span><\/a><\/h4><\/div><div id=\"5e5de11076e8578d7\" class=\"panel-collapse collapse \"><div class=\"panel-body toggle-content fusion-clearfix\">\n<h1 style=\"text-align: center;\"><span style=\"color: #000080;\">YOGA F\u00dcR PAARE \u2013 SKALARES WOCHENENDE<\/span><\/h1>\n<p>&nbsp;<\/p>\n<p style=\"text-align: center;\"><span style=\"color: #000080;\"><strong>Datum der Veranstaltung:<\/strong> 27. \u2013 29. Juni 2025<\/span><\/p>\n<p>&nbsp;<\/p>\n<p style=\"text-align: center;\"><span style=\"color: #000080;\"><strong>Veranstaltungsort:<\/strong> Europ\u00e4isches Haus des Yoga-Lichts, Wohn- und Ausbildungszentrum f\u00fcr Yoga-Retreats, Tschechische Republik<\/span><\/p>\n<p><span style=\"color: #000080;\">\u00a0<img loading=\"lazy\" decoding=\"async\" class=\"wp-image-1536 aligncenter\" src=\"https:\/\/www.yoga-ac.eu\/wp-content\/uploads\/2024\/09\/IMG_3155-200x300.jpg\" alt=\"YOGA, FOR COUPLES PAIR\" width=\"635\" height=\"953\" srcset=\"https:\/\/www.yoga-ac.eu\/wp-content\/uploads\/2024\/09\/IMG_3155-200x300.jpg 200w, https:\/\/www.yoga-ac.eu\/wp-content\/uploads\/2024\/09\/IMG_3155-400x600.jpg 400w, https:\/\/www.yoga-ac.eu\/wp-content\/uploads\/2024\/09\/IMG_3155-600x900.jpg 600w, https:\/\/www.yoga-ac.eu\/wp-content\/uploads\/2024\/09\/IMG_3155-683x1024.jpg 683w, https:\/\/www.yoga-ac.eu\/wp-content\/uploads\/2024\/09\/IMG_3155-768x1152.jpg 768w, https:\/\/www.yoga-ac.eu\/wp-content\/uploads\/2024\/09\/IMG_3155-800x1200.jpg 800w, https:\/\/www.yoga-ac.eu\/wp-content\/uploads\/2024\/09\/IMG_3155-1024x1536.jpg 1024w, https:\/\/www.yoga-ac.eu\/wp-content\/uploads\/2024\/09\/IMG_3155-1200x1800.jpg 1200w, https:\/\/www.yoga-ac.eu\/wp-content\/uploads\/2024\/09\/IMG_3155-1365x2048.jpg 1365w, https:\/\/www.yoga-ac.eu\/wp-content\/uploads\/2024\/09\/IMG_3155-scaled.jpg 1707w\" sizes=\"auto, (max-width: 635px) 100vw, 635px\" \/><\/span><\/p>\n<p class=\"\" data-start=\"131\" data-end=\"255\"><span style=\"color: #000080;\"><strong data-start=\"131\" data-end=\"255\">Yoga mit dem Partner zu praktizieren, kann eine wunderbare M\u00f6glichkeit sein, die Verbindung zu vertiefen und zu st\u00e4rken.<\/strong><\/span><\/p>\n<p>&nbsp;<\/p>\n<p class=\"\" data-start=\"257\" data-end=\"536\"><span style=\"color: #000080;\">Das <strong data-start=\"261\" data-end=\"290\">Yoga-Wochenende f\u00fcr Paare<\/strong> richtet sich an Yoga-Praktizierende und ihre Partner \u2013 unabh\u00e4ngig davon, ob diese bereits Erfahrung mit Yoga haben oder nicht.<\/span><br data-start=\"417\" data-end=\"420\" \/><span style=\"color: #000080;\">Auch Einzelpersonen sind herzlich willkommen, um zu lernen, wie sie <strong data-start=\"488\" data-end=\"506\">Yoga f\u00fcr Paare<\/strong> zu Hause praktizieren k\u00f6nnen.<\/span><\/p>\n<p>&nbsp;<\/p>\n<p class=\"\" data-start=\"538\" data-end=\"782\"><span style=\"color: #000080;\">Yoga ist eine Praxis, die K\u00f6rperhaltungen, <strong data-start=\"581\" data-end=\"618\">Energiearbeit durch Atemtechniken<\/strong>, <strong data-start=\"620\" data-end=\"637\">Konzentration<\/strong>, <strong data-start=\"639\" data-end=\"653\">Meditation<\/strong> und <strong data-start=\"658\" data-end=\"675\">Kontemplation<\/strong> umfasst. Sie unterst\u00fctzt dabei, <strong data-start=\"708\" data-end=\"729\">Selbstwahrnehmung<\/strong>, <strong data-start=\"731\" data-end=\"740\">Fokus<\/strong> und <strong data-start=\"745\" data-end=\"765\">mentale Klarheit<\/strong> zu entwickeln.<\/span><\/p>\n<p>&nbsp;<\/p>\n<p class=\"\" data-start=\"784\" data-end=\"1056\"><span style=\"color: #000080;\">Wenn Sie Yoga gemeinsam mit Ihrem Partner praktizieren, haben Sie die M\u00f6glichkeit, sich auf einer noch tieferen Ebene zu verbinden.<\/span><br data-start=\"915\" data-end=\"918\" \/><span style=\"color: #000080;\">Sie k\u00f6nnen lernen, <strong data-start=\"937\" data-end=\"982\">gegenseitiges Vertrauen und Unterst\u00fctzung<\/strong> zu st\u00e4rken und die <strong data-start=\"1002\" data-end=\"1042\">Kommunikation bewusst und einf\u00fchlsam<\/strong> zu gestalten.<\/span><\/p>\n<p><span style=\"color: #000080;\"><img loading=\"lazy\" decoding=\"async\" class=\"wp-image-1538 aligncenter\" src=\"https:\/\/www.yoga-ac.eu\/wp-content\/uploads\/2024\/09\/IMG_3236-200x300.jpg\" alt=\"\" width=\"962\" height=\"1443\" srcset=\"https:\/\/www.yoga-ac.eu\/wp-content\/uploads\/2024\/09\/IMG_3236-200x300.jpg 200w, https:\/\/www.yoga-ac.eu\/wp-content\/uploads\/2024\/09\/IMG_3236-400x600.jpg 400w, https:\/\/www.yoga-ac.eu\/wp-content\/uploads\/2024\/09\/IMG_3236-600x900.jpg 600w, https:\/\/www.yoga-ac.eu\/wp-content\/uploads\/2024\/09\/IMG_3236-683x1024.jpg 683w, https:\/\/www.yoga-ac.eu\/wp-content\/uploads\/2024\/09\/IMG_3236-768x1152.jpg 768w, https:\/\/www.yoga-ac.eu\/wp-content\/uploads\/2024\/09\/IMG_3236-800x1200.jpg 800w, https:\/\/www.yoga-ac.eu\/wp-content\/uploads\/2024\/09\/IMG_3236-1024x1536.jpg 1024w, https:\/\/www.yoga-ac.eu\/wp-content\/uploads\/2024\/09\/IMG_3236-1200x1800.jpg 1200w, https:\/\/www.yoga-ac.eu\/wp-content\/uploads\/2024\/09\/IMG_3236-1365x2048.jpg 1365w, https:\/\/www.yoga-ac.eu\/wp-content\/uploads\/2024\/09\/IMG_3236-scaled.jpg 1707w\" sizes=\"auto, (max-width: 962px) 100vw, 962px\" \/><\/span><\/p>\n<p class=\"\" data-start=\"163\" data-end=\"492\"><span style=\"color: #000080;\"><strong data-start=\"163\" data-end=\"270\">Yoga mit dem Partner zu praktizieren, kann nicht nur verbindend, sondern auch richtig viel Spa\u00df machen!<\/strong><\/span><br data-start=\"270\" data-end=\"273\" \/><span style=\"color: #000080;\">Gemeinsam neue Yoga-Techniken auszuprobieren und die vielen Vorteile von Yoga in einer unterst\u00fctzenden und liebevollen Atmosph\u00e4re zu genie\u00dfen, st\u00e4rkt nicht nur K\u00f6rper und Geist, sondern auch die emotionale Verbindung.<\/span><\/p>\n<p>&nbsp;<\/p>\n<p class=\"\" data-start=\"494\" data-end=\"718\"><span style=\"color: #000080;\">Egal, ob Sie erfahrener Yogi oder Anf\u00e4nger sind \u2013 Yoga mit dem Partner ist eine wunderbare M\u00f6glichkeit, die Bindung zu vertiefen, das gegenseitige Einf\u00fchlungsverm\u00f6gen zu st\u00e4rken und gemeinsam etwas f\u00fcr die Gesundheit zu tun.<\/span><\/p>\n<p>&nbsp;<\/p>\n<h3 class=\"\" data-start=\"725\" data-end=\"745\"><span style=\"color: #000080;\"><strong data-start=\"729\" data-end=\"745\">Preis: 445\u202f\u20ac<\/strong><\/span><\/h3>\n<p>&nbsp;<\/p>\n<p class=\"\" data-start=\"747\" data-end=\"770\"><span style=\"color: #000080;\"><strong data-start=\"747\" data-end=\"770\">Im Preis enthalten:<\/strong><\/span><\/p>\n<p>&nbsp;<\/p>\n<ul data-start=\"772\" data-end=\"1154\">\n<li class=\"\" data-start=\"772\" data-end=\"828\">\n<p class=\"\" data-start=\"774\" data-end=\"828\"><span style=\"color: #000080;\">2 \u00dcbernachtungen \/ 3 Tage Unterkunft im Doppelzimmer<\/span><\/p>\n<\/li>\n<li class=\"\" data-start=\"829\" data-end=\"873\">\n<p class=\"\" data-start=\"831\" data-end=\"873\"><span style=\"color: #000080;\">2 vegane\/vegetarische Mahlzeiten t\u00e4glich<\/span><\/p>\n<\/li>\n<li class=\"\" data-start=\"874\" data-end=\"912\">\n<p class=\"\" data-start=\"876\" data-end=\"912\"><span style=\"color: #000080;\">Teilnahme an allen Programmpunkten<\/span><\/p>\n<\/li>\n<li class=\"\" data-start=\"913\" data-end=\"948\">\n<p class=\"\" data-start=\"915\" data-end=\"948\"><span style=\"color: #000080;\">Satsang mit <strong data-start=\"927\" data-end=\"946\">Professor Niki\u0107<\/strong><\/span><\/p>\n<\/li>\n<li class=\"\" data-start=\"949\" data-end=\"986\">\n<p class=\"\" data-start=\"951\" data-end=\"986\"><span style=\"color: #000080;\">T\u00e4gliche Yoga-Workshops im Freien<\/span><\/p>\n<\/li>\n<li class=\"\" data-start=\"987\" data-end=\"1030\">\n<p class=\"\" data-start=\"989\" data-end=\"1030\"><span style=\"color: #000080;\">Erkundung des Ethno-Dorfes <strong data-start=\"1016\" data-end=\"1028\">Kladruby<\/strong><\/span><\/p>\n<\/li>\n<li class=\"\" data-start=\"1031\" data-end=\"1101\">\n<p class=\"\" data-start=\"1033\" data-end=\"1101\"><span style=\"color: #000080;\">Ausflug ins Tal des Flusses <strong data-start=\"1061\" data-end=\"1073\">Doubrava<\/strong> (gesch\u00fctztes Naturgebiet)<\/span><\/p>\n<\/li>\n<li class=\"\" data-start=\"1102\" data-end=\"1130\">\n<p class=\"\" data-start=\"1104\" data-end=\"1130\"><span style=\"color: #000080;\">Nutzung des Sportplatzes<\/span><\/p>\n<\/li>\n<li class=\"\" data-start=\"1131\" data-end=\"1154\">\n<p class=\"\" data-start=\"1133\" data-end=\"1154\"><span style=\"color: #000080;\">WLAN in allen Zimmern<\/span><\/p>\n<\/li>\n<\/ul>\n<p>&nbsp;<\/p>\n<p class=\"\" data-start=\"1156\" data-end=\"1185\"><span style=\"color: #000080;\"><strong data-start=\"1156\" data-end=\"1185\">Nicht im Preis enthalten:<\/strong><\/span><\/p>\n<p>&nbsp;<\/p>\n<ul data-start=\"1187\" data-end=\"1414\">\n<li class=\"\" data-start=\"1187\" data-end=\"1208\">\n<p class=\"\" data-start=\"1189\" data-end=\"1208\"><span style=\"color: #000080;\">Anreise\/Transport<\/span><\/p>\n<\/li>\n<li class=\"\" data-start=\"1209\" data-end=\"1230\">\n<p class=\"\" data-start=\"1211\" data-end=\"1230\"><span style=\"color: #000080;\">Reiseversicherung<\/span><\/p>\n<\/li>\n<li class=\"\" data-start=\"1231\" data-end=\"1242\">\n<p class=\"\" data-start=\"1233\" data-end=\"1242\"><span style=\"color: #000080;\">Kurtaxe<\/span><\/p>\n<\/li>\n<li class=\"\" data-start=\"1243\" data-end=\"1267\">\n<p class=\"\" data-start=\"1245\" data-end=\"1267\"><span style=\"color: #000080;\">Pers\u00f6nliche Ausgaben<\/span><\/p>\n<\/li>\n<li class=\"\" data-start=\"1268\" data-end=\"1360\">\n<p class=\"\" data-start=\"1270\" data-end=\"1360\"><span style=\"color: #000080;\">Speisen und Getr\u00e4nke in der B\u00e4ckerei <strong data-start=\"1307\" data-end=\"1319\">\u201eAnanda\u201c<\/strong> und der Konditorei <strong data-start=\"1339\" data-end=\"1358\">\u201eSweet Secrets\u201c<\/strong><\/span><\/p>\n<\/li>\n<li class=\"\" data-start=\"1361\" data-end=\"1381\">\n<p class=\"\" data-start=\"1363\" data-end=\"1381\"><span style=\"color: #000080;\">Spa-Behandlungen<\/span><\/p>\n<\/li>\n<li class=\"\" data-start=\"1382\" data-end=\"1414\">\n<p class=\"\" data-start=\"1384\" data-end=\"1414\"><span style=\"color: #000080;\">Fakultativer Ausflug nach Prag<\/span><\/p>\n<\/li>\n<\/ul>\n<p>&nbsp;<\/p>\n<h3 data-start=\"34\" data-end=\"52\"><span style=\"color: #000080;\"><strong data-start=\"34\" data-end=\"52\">Reservierungen<\/strong><\/span><\/h3>\n<p><span style=\"color: #000080;\">\ud83d\udcde +420 773 922 790<\/span><br \/>\n<span style=\"color: #000080;\">or via email:<\/span><br \/>\n<span style=\"color: #000080;\">\ud83d\udce9 yogalight.eu@gmail.com<\/span><br \/>\n<span style=\"color: #000080;\">\ud83d\udce9 yoga.yfe@gmail.com<\/span><\/p>\n<\/div><\/div><\/div><div class=\"fusion-panel panel-default\" role=\"tabpanel\"><div class=\"panel-heading\"><h4 class=\"panel-title toggle\"><a aria-expanded=\"false\" aria-selected=\"false\" aria-controls=\"730b3af2665ed2300\" role=\"tab\" data-toggle=\"collapse\" data-parent=\"#accordion-1906-1\" data-target=\"#730b3af2665ed2300\" href=\"#730b3af2665ed2300\"><span class=\"fusion-toggle-icon-wrapper\" aria-hidden=\"true\"><i class=\"fa-fusion-box\"><\/i><\/span><span class=\"fusion-toggle-heading\">SKALARES WOCHNENDE NADA YOGA \u2013 KOSMISCHE VIBRATIONEN: 27. \u2013 29. Juni 2025<\/span><\/a><\/h4><\/div><div id=\"730b3af2665ed2300\" class=\"panel-collapse collapse \"><div class=\"panel-body toggle-content fusion-clearfix\">\n<h1 style=\"text-align: center;\"><span style=\"color: #000080;\">SKALARES WOCHNENDE NADA YOGA \u2013 KOSMISCHE VIBRATIONEN<\/span><\/h1>\n<p>&nbsp;<\/p>\n<p style=\"text-align: center;\"><span style=\"color: #000080;\"><strong>Datum der Veranstaltung:<\/strong> 27. \u2013 29. Juni 2025<\/span><\/p>\n<p>&nbsp;<\/p>\n<p style=\"text-align: center;\"><span style=\"color: #000080;\"><strong>Veranstaltungsort:<\/strong> Europ\u00e4isches Haus des Yoga-Lichts, Wohn- und Ausbildungszentrum f\u00fcr Yoga-Retreats, Tschechische Republik<\/span><\/p>\n<p>&nbsp;<\/p>\n<p style=\"text-align: center;\"><span style=\"color: #000080;\"><img loading=\"lazy\" decoding=\"async\" class=\"wp-image-1634 aligncenter\" src=\"https:\/\/www.yoga-ac.eu\/wp-content\/uploads\/2024\/09\/20240610_182556-225x300.jpg\" alt=\"kirtan_yoga_retreat_2025_europe_house_of_light_nada_yoga\" width=\"781\" height=\"1041\" srcset=\"https:\/\/www.yoga-ac.eu\/wp-content\/uploads\/2024\/09\/20240610_182556-200x267.jpg 200w, https:\/\/www.yoga-ac.eu\/wp-content\/uploads\/2024\/09\/20240610_182556-225x300.jpg 225w, https:\/\/www.yoga-ac.eu\/wp-content\/uploads\/2024\/09\/20240610_182556-400x533.jpg 400w, https:\/\/www.yoga-ac.eu\/wp-content\/uploads\/2024\/09\/20240610_182556-600x800.jpg 600w, https:\/\/www.yoga-ac.eu\/wp-content\/uploads\/2024\/09\/20240610_182556-768x1024.jpg 768w, https:\/\/www.yoga-ac.eu\/wp-content\/uploads\/2024\/09\/20240610_182556-800x1067.jpg 800w, https:\/\/www.yoga-ac.eu\/wp-content\/uploads\/2024\/09\/20240610_182556-1152x1536.jpg 1152w, https:\/\/www.yoga-ac.eu\/wp-content\/uploads\/2024\/09\/20240610_182556-1200x1600.jpg 1200w, https:\/\/www.yoga-ac.eu\/wp-content\/uploads\/2024\/09\/20240610_182556-1536x2048.jpg 1536w, https:\/\/www.yoga-ac.eu\/wp-content\/uploads\/2024\/09\/20240610_182556-scaled.jpg 1920w\" sizes=\"auto, (max-width: 781px) 100vw, 781px\" \/><\/span><\/p>\n<p><span style=\"color: #000080;\"><strong data-start=\"176\" data-end=\"254\">Professor Niki\u0107 l\u00e4dt Sie zu einer spirituellen Erfahrung des N\u0101da-Yoga ein<\/strong>,<\/span><br data-start=\"255\" data-end=\"258\" \/><span style=\"color: #000080;\">einer Praxis, die das allumfassende Universum und alles, was in ihm existiert, als Schwingungen unterschiedlicher Dichte und Komplexit\u00e4t \u2013 genannt <em data-start=\"405\" data-end=\"411\">N\u0101da<\/em> \u2013 betrachtet. Materie ist verdichtete Schwingungsenergie \u2013 so weit verdichtet, dass sie sichtbar wird.<\/span><\/p>\n<h2><span style=\"color: #000080;\">Wir lernen die feinen Schwingungen unseres innersten Kerns kennen \u2013 Ahata<\/span><\/h2>\n<p><span style=\"color: #000080;\">Der feine Klang \u2013 die Schwingung (Ahata) \u2013 liegt jenseits der Reichweite unserer Sinne.<\/span><br \/>\n<span style=\"color: #000080;\">Er repr\u00e4sentiert den Klang der \u201eStille\u201c \u2013 eine Schwingung, die aus unserem Innersten kommt.<\/span><\/p>\n<p><span style=\"color: #000080;\">Das Anahata-Chakra sendet diese inneren Schwingungen aus dem Zentrum unseres Seins \u2013 ohne die Vermittlung der Sinne.<\/span><br \/>\n<span style=\"color: #000080;\">Schwingungen und Musik (Ahat) hingegen sind \u00e4u\u00dfere Schallwellen, die \u00fcber unsere Sinne ins Gehirn gelangen.<\/span><\/p>\n<h2><span style=\"color: #000080;\"><img loading=\"lazy\" decoding=\"async\" class=\" wp-image-1471 aligncenter\" src=\"https:\/\/www.yoga-ac.eu\/wp-content\/uploads\/2024\/08\/10356228_371975822965988_3596225805091257490_n-300x199.jpg\" alt=\"kirtan_yoga_retreat_2025_europe_house_of_light\" width=\"772\" height=\"512\" srcset=\"https:\/\/www.yoga-ac.eu\/wp-content\/uploads\/2024\/08\/10356228_371975822965988_3596225805091257490_n-200x133.jpg 200w, https:\/\/www.yoga-ac.eu\/wp-content\/uploads\/2024\/08\/10356228_371975822965988_3596225805091257490_n-300x199.jpg 300w, https:\/\/www.yoga-ac.eu\/wp-content\/uploads\/2024\/08\/10356228_371975822965988_3596225805091257490_n-400x265.jpg 400w, https:\/\/www.yoga-ac.eu\/wp-content\/uploads\/2024\/08\/10356228_371975822965988_3596225805091257490_n-600x398.jpg 600w, https:\/\/www.yoga-ac.eu\/wp-content\/uploads\/2024\/08\/10356228_371975822965988_3596225805091257490_n-768x510.jpg 768w, https:\/\/www.yoga-ac.eu\/wp-content\/uploads\/2024\/08\/10356228_371975822965988_3596225805091257490_n-800x531.jpg 800w, https:\/\/www.yoga-ac.eu\/wp-content\/uploads\/2024\/08\/10356228_371975822965988_3596225805091257490_n.jpg 960w\" sizes=\"auto, (max-width: 772px) 100vw, 772px\" \/><\/span><\/h2>\n<p><span style=\"color: #000080;\">Ein Praktizierender des N\u0101da-Yoga wird sich der neun verschiedenen inneren Schwingungsformen bewusst,<\/span><br \/>\n<span style=\"color: #000080;\">versteht die Fl\u00fcsse aktivierter Energie<\/span><br \/>\n<span style=\"color: #000080;\">und erlangt die F\u00e4higkeit, Energien durch Schwingungen zu lenken und zu harmonisieren.<\/span><\/p>\n<p><span style=\"color: #000080;\">Die Teilnehmer lernen Dharana (konzentrierte Ausrichtung des Geistes)<\/span><br \/>\n<span style=\"color: #000080;\">sowie besondere Pranayama-Techniken,<\/span><br \/>\n<span style=\"color: #000080;\">die sie dabei unterst\u00fctzen, den inneren Klangraum zu betreten und energetische Prozesse bewusst zu gestalten.<\/span><\/p>\n<h2><span style=\"color: #000080;\">Wirkungen der Anwendung von Schwingung und Resonanz im N\u0101da-Yoga<\/span><\/h2>\n<p>&nbsp;<\/p>\n<ul>\n<li class=\"\" data-start=\"300\" data-end=\"382\">\n<p class=\"\" data-start=\"302\" data-end=\"382\"><span style=\"color: #000080;\">kann als Mittler dienen, um eine tiefere Einheit mit dem Absoluten zu erfahren<\/span><\/p>\n<\/li>\n<li class=\"\" data-start=\"383\" data-end=\"484\">\n<p class=\"\" data-start=\"385\" data-end=\"484\"><span style=\"color: #000080;\">normalisiert die Energiepulsationen der Chakren im Energiefeld (EF) durch Aufl\u00f6sung von Blockaden<\/span><\/p>\n<\/li>\n<li class=\"\" data-start=\"485\" data-end=\"555\">\n<p class=\"\" data-start=\"487\" data-end=\"555\"><span style=\"color: #000080;\">kann ein Mittel zur Hebung des Bewusstseins auf h\u00f6here Ebenen sein<\/span><\/p>\n<\/li>\n<li class=\"\" data-start=\"556\" data-end=\"638\">\n<p class=\"\" data-start=\"558\" data-end=\"638\"><span style=\"color: #000080;\">verbindet uns tiefer mit den sch\u00f6pferischen Dimensionen unseres eigenen Wesens<\/span><\/p>\n<\/li>\n<li class=\"\" data-start=\"639\" data-end=\"698\">\n<p class=\"\" data-start=\"641\" data-end=\"698\"><span style=\"color: #000080;\">f\u00f6rdert die Regeneration der lebenswichtigen Funktionen<\/span><\/p>\n<\/li>\n<\/ul>\n<p>&nbsp;<\/p>\n<h3 class=\"\" data-start=\"82\" data-end=\"95\"><span style=\"color: #000080;\"><strong data-start=\"86\" data-end=\"95\">Preis<\/strong><\/span><\/h3>\n<p>&nbsp;<\/p>\n<p class=\"\" data-start=\"97\" data-end=\"125\"><span style=\"color: #000080;\">Der Preis betr\u00e4gt <strong data-start=\"115\" data-end=\"124\">445\u202f\u20ac<\/strong>.<\/span><\/p>\n<p>&nbsp;<\/p>\n<p class=\"\" data-start=\"127\" data-end=\"155\"><span style=\"color: #000080;\"><strong data-start=\"127\" data-end=\"155\">Im Preis enthalten sind:<\/strong><\/span><\/p>\n<p>&nbsp;<\/p>\n<ul data-start=\"157\" data-end=\"356\">\n<li class=\"\" data-start=\"157\" data-end=\"195\">\n<p class=\"\" data-start=\"159\" data-end=\"195\"><span style=\"color: #000080;\">Teilnahme an allen Programmpunkten<\/span><\/p>\n<\/li>\n<li class=\"\" data-start=\"196\" data-end=\"258\">\n<p class=\"\" data-start=\"198\" data-end=\"258\"><span style=\"color: #000080;\">2 \u00dcbernachtungen in Doppel-, Dreibett- und Vierbettzimmern<\/span><\/p>\n<\/li>\n<li class=\"\" data-start=\"259\" data-end=\"303\">\n<p class=\"\" data-start=\"261\" data-end=\"303\"><span style=\"color: #000080;\">2 vegane\/vegetarische Mahlzeiten pro Tag<\/span><\/p>\n<\/li>\n<li class=\"\" data-start=\"304\" data-end=\"332\">\n<p class=\"\" data-start=\"306\" data-end=\"332\"><span style=\"color: #000080;\">Nutzung des Sportplatzes<\/span><\/p>\n<\/li>\n<li class=\"\" data-start=\"333\" data-end=\"356\">\n<p class=\"\" data-start=\"335\" data-end=\"356\"><span style=\"color: #000080;\">WLAN in allen Zimmern<\/span><\/p>\n<\/li>\n<\/ul>\n<p>&nbsp;<\/p>\n<p class=\"\" data-start=\"358\" data-end=\"387\"><span style=\"color: #000080;\"><strong data-start=\"358\" data-end=\"387\">Nicht im Preis enthalten:<\/strong><\/span><\/p>\n<p>&nbsp;<\/p>\n<ul data-start=\"389\" data-end=\"616\">\n<li class=\"\" data-start=\"389\" data-end=\"410\">\n<p class=\"\" data-start=\"391\" data-end=\"410\"><span style=\"color: #000080;\">Anreise\/Transport<\/span><\/p>\n<\/li>\n<li class=\"\" data-start=\"411\" data-end=\"432\">\n<p class=\"\" data-start=\"413\" data-end=\"432\"><span style=\"color: #000080;\">Reiseversicherung<\/span><\/p>\n<\/li>\n<li class=\"\" data-start=\"433\" data-end=\"444\">\n<p class=\"\" data-start=\"435\" data-end=\"444\"><span style=\"color: #000080;\">Kurtaxe<\/span><\/p>\n<\/li>\n<li class=\"\" data-start=\"445\" data-end=\"469\">\n<p class=\"\" data-start=\"447\" data-end=\"469\"><span style=\"color: #000080;\">Pers\u00f6nliche Ausgaben<\/span><\/p>\n<\/li>\n<li class=\"\" data-start=\"470\" data-end=\"562\">\n<p class=\"\" data-start=\"472\" data-end=\"562\"><span style=\"color: #000080;\">Speisen und Getr\u00e4nke in der B\u00e4ckerei <strong data-start=\"509\" data-end=\"521\">\u201eAnanda\u201c<\/strong> und der Konditorei <strong data-start=\"541\" data-end=\"560\">\u201eSweet Secrets\u201c<\/strong><\/span><\/p>\n<\/li>\n<li class=\"\" data-start=\"563\" data-end=\"583\">\n<p class=\"\" data-start=\"565\" data-end=\"583\"><span style=\"color: #000080;\">Spa-Behandlungen<\/span><\/p>\n<\/li>\n<li class=\"\" data-start=\"584\" data-end=\"616\">\n<p class=\"\" data-start=\"586\" data-end=\"616\"><span style=\"color: #000080;\">Fakultativer Ausflug nach Prag<\/span><\/p>\n<\/li>\n<\/ul>\n<p>&nbsp;<\/p>\n<hr class=\"\" data-start=\"618\" data-end=\"621\" \/>\n<p>&nbsp;<\/p>\n<h3 class=\"\" data-start=\"623\" data-end=\"643\"><span style=\"color: #000080;\"><strong data-start=\"627\" data-end=\"643\">Reservierung<\/strong><\/span><\/h3>\n<p>&nbsp;<\/p>\n<p class=\"\" data-start=\"645\" data-end=\"840\"><span style=\"color: #000080;\">Reservieren Sie Ihre Teilnahme<\/span><br data-start=\"735\" data-end=\"738\" \/><span style=\"color: #000080;\">\ud83d\udcde <strong data-start=\"741\" data-end=\"761\">+420 773 922 790<\/strong><\/span><br data-start=\"761\" data-end=\"764\" \/><span style=\"color: #000080;\">oder per E-Mail:<\/span><br data-start=\"780\" data-end=\"783\" \/><span style=\"color: #000080;\">\ud83d\udce9 <strong data-start=\"786\" data-end=\"812\"><a style=\"color: #000080;\" rel=\"noopener\" data-start=\"788\" data-end=\"810\">yogalight.eu@gmail.com<\/a><\/strong><\/span><br data-start=\"812\" data-end=\"815\" \/><span style=\"color: #000080;\">\ud83d\udce9 <strong data-start=\"818\" data-end=\"840\"><a style=\"color: #000080;\" rel=\"noopener\" data-start=\"820\" data-end=\"838\">yoga.yfe@gmail.com<\/a><\/strong><\/span><\/p>\n<\/div><\/div><\/div><div class=\"fusion-panel panel-default\" role=\"tabpanel\"><div class=\"panel-heading\"><h4 class=\"panel-title toggle\"><a aria-expanded=\"false\" aria-selected=\"false\" aria-controls=\"1cb7a0b019e491aba\" role=\"tab\" data-toggle=\"collapse\" data-parent=\"#accordion-1906-1\" data-target=\"#1cb7a0b019e491aba\" href=\"#1cb7a0b019e491aba\"><span class=\"fusion-toggle-icon-wrapper\" aria-hidden=\"true\"><i class=\"fa-fusion-box\"><\/i><\/span><span class=\"fusion-toggle-heading\">Skalarer Yoga-RETREAT Moksha 1 \u201cMOKSHA \u2013 \u092e\u094b\u0915\u094d\u0937\u201d, 4. \u2013 10. Juli 2025. (Erster Termin)<\/span><\/a><\/h4><\/div><div id=\"1cb7a0b019e491aba\" class=\"panel-collapse collapse \"><div class=\"panel-body toggle-content fusion-clearfix\">\n<h1 style=\"text-align: center;\"><a href=\"https:\/\/yoga-retreat.info\/moksha-2025\" target=\"_blank\" rel=\"noopener\">Skalarer Yoga-RETREAT Moksha 1<\/a><\/h1>\n<h1 style=\"text-align: center;\"><span style=\"color: #000080;\">\u201cMOKSHA \u2013 \u092e\u094b\u0915\u094d\u0937\u201d<\/span><\/h1>\n<p style=\"text-align: center;\"><span style=\"color: #000080;\"><strong data-start=\"120\" data-end=\"144\">Veranstaltungsdatum:<\/strong> 4. \u2013 10. Juli 2025. (Erster Termin)<\/span><\/p>\n<p style=\"text-align: center;\"><span style=\"color: #000080;\"><strong>Veranstaltungsort:<\/strong>\u00a0Europ\u00e4isches Haus des Yoga-Lichts, Wohn- und Ausbildungszentrum f\u00fcr Yoga-Retreats, Tschechische Republik<\/span><\/p>\n<p><img loading=\"lazy\" decoding=\"async\" class=\"wp-image-1545 aligncenter\" src=\"https:\/\/www.yoga-ac.eu\/wp-content\/uploads\/2024\/09\/20240807_150712-300x225.jpg\" alt=\"yoga, community, retreat, ashram, ytt, 2025\" width=\"868\" height=\"651\" srcset=\"https:\/\/www.yoga-ac.eu\/wp-content\/uploads\/2024\/09\/20240807_150712-200x150.jpg 200w, https:\/\/www.yoga-ac.eu\/wp-content\/uploads\/2024\/09\/20240807_150712-300x225.jpg 300w, https:\/\/www.yoga-ac.eu\/wp-content\/uploads\/2024\/09\/20240807_150712-400x300.jpg 400w, https:\/\/www.yoga-ac.eu\/wp-content\/uploads\/2024\/09\/20240807_150712-600x450.jpg 600w, https:\/\/www.yoga-ac.eu\/wp-content\/uploads\/2024\/09\/20240807_150712-768x576.jpg 768w, https:\/\/www.yoga-ac.eu\/wp-content\/uploads\/2024\/09\/20240807_150712-800x600.jpg 800w, https:\/\/www.yoga-ac.eu\/wp-content\/uploads\/2024\/09\/20240807_150712-1024x768.jpg 1024w, https:\/\/www.yoga-ac.eu\/wp-content\/uploads\/2024\/09\/20240807_150712-1200x900.jpg 1200w, https:\/\/www.yoga-ac.eu\/wp-content\/uploads\/2024\/09\/20240807_150712-1536x1152.jpg 1536w\" sizes=\"auto, (max-width: 868px) 100vw, 868px\" \/><\/p>\n<h2><span style=\"color: #000080;\">\u201eMoksha\u201c\u2013 Befreiung<\/span><\/h2>\n<p><span style=\"color: #000080;\">Das Thema des diesj\u00e4hrigen Retreats ist Moksha. Moksha (Sanskrit: \u092e\u094b\u0915\u094d\u0937) bezeichnet die Befreiung von allen Formen der Bedingtheit.<\/span><\/p>\n<p class=\"\" data-start=\"195\" data-end=\"387\"><span style=\"color: #000080;\">Moksha steht f\u00fcr die Abwesenheit von Leiden (Dukha), aber auch f\u00fcr die Erfahrung der Einheit mit dem einen h\u00f6chsten Selbst \u2013 einen Zustand des Wissens, des Friedens und der Gl\u00fcckseligkeit.<\/span><\/p>\n<p class=\"\" data-start=\"389\" data-end=\"878\"><span style=\"color: #000080;\">Moksha bedeutet transzendentales Bewusstsein, den erwachten Zustand der Existenz, die Selbstverwirklichung des gesamten Universums als das eigene Selbst. Es bedeutet Befreiung von Begrenzungen, die \u00dcberwindung von Hindernissen f\u00fcr ein unbegrenztes Leben, und erm\u00f6glicht es dem Menschen, im wahrsten Sinne des Wortes authentisch zu sein. Moksha steht f\u00fcr das Erwachen und die Entfaltung des Potenzials an Kreativit\u00e4t, Mitgef\u00fchl und Verst\u00e4ndnis, das zuvor blockiert oder unterdr\u00fcckt war.<\/span><\/p>\n<p><img loading=\"lazy\" decoding=\"async\" class=\" wp-image-1553 aligncenter\" src=\"https:\/\/www.yoga-ac.eu\/wp-content\/uploads\/2024\/09\/20240706_082735-225x300.jpg\" alt=\"yoga, community, retreat, ashram, ytt, 2025\" width=\"476\" height=\"635\" srcset=\"https:\/\/www.yoga-ac.eu\/wp-content\/uploads\/2024\/09\/20240706_082735-200x267.jpg 200w, https:\/\/www.yoga-ac.eu\/wp-content\/uploads\/2024\/09\/20240706_082735-225x300.jpg 225w, https:\/\/www.yoga-ac.eu\/wp-content\/uploads\/2024\/09\/20240706_082735-400x533.jpg 400w, https:\/\/www.yoga-ac.eu\/wp-content\/uploads\/2024\/09\/20240706_082735-600x800.jpg 600w, https:\/\/www.yoga-ac.eu\/wp-content\/uploads\/2024\/09\/20240706_082735-768x1024.jpg 768w, https:\/\/www.yoga-ac.eu\/wp-content\/uploads\/2024\/09\/20240706_082735-800x1067.jpg 800w, https:\/\/www.yoga-ac.eu\/wp-content\/uploads\/2024\/09\/20240706_082735-1152x1536.jpg 1152w, https:\/\/www.yoga-ac.eu\/wp-content\/uploads\/2024\/09\/20240706_082735-1200x1600.jpg 1200w, https:\/\/www.yoga-ac.eu\/wp-content\/uploads\/2024\/09\/20240706_082735-1536x2048.jpg 1536w, https:\/\/www.yoga-ac.eu\/wp-content\/uploads\/2024\/09\/20240706_082735-scaled.jpg 1920w\" sizes=\"auto, (max-width: 476px) 100vw, 476px\" \/><\/p>\n<p class=\"\" data-start=\"199\" data-end=\"468\"><span style=\"color: #000080;\">Moksha wird auch als Zustand der Vollkommenheit angesehen. Selbstdisziplin ist der Weg zum Dharma. Moksha ist jene Form der Selbstdisziplin, die so vollkommen ist, dass sie die wahre Natur unbewusst offenbart, heiligt und belebt. Dharma kann ein Weg zu Moksha sein.<\/span><\/p>\n<p class=\"\" data-start=\"470\" data-end=\"587\"><span style=\"color: #000080;\">Samkhya: Einer der Wege zu Moksha ist die Erh\u00f6hung des eigenen Sattva.<\/span><br data-start=\"542\" data-end=\"545\" \/><span style=\"color: #000080;\">Sattva wird dann zur instinktiven Natur.<\/span><\/p>\n<h2 data-start=\"470\" data-end=\"587\"><span style=\"color: #000080;\"><strong>Wissen als Weg zur Freiheit<\/strong><\/span><\/h2>\n<p class=\"cgHgbA nxe3IQ Xp24Nw\"><span class=\"OYPEnA\" style=\"color: #000080;\">Nachiketa fragt: \u201eWas verursacht Trauer?\u201c<\/span><\/p>\n<p class=\"cgHgbA nxe3IQ Xp24Nw\"><span style=\"color: #000080;\"><span class=\"OYPEnA\">Yama erkl\u00e4rt, dass Leiden aus einem <\/span><span class=\"OYPEnA\">Leben entsteht, das ohne Bewusstsein des <\/span><span class=\"OYPEnA\">Kerns gef\u00fchrt wird, mit Unreinheit, ohne <\/span><span class=\"OYPEnA\">den Gebrauch von Intelligenz oder<\/span><span class=\"OYPEnA\"><br \/>\n<\/span><span class=\"OYPEnA\">Selbstpr\u00fcfung, wo weder der Geist noch <\/span><span class=\"OYPEnA\">die sinnlichen Eindr\u00fccke vom Atman (dem <\/span><span class=\"OYPEnA\">Kern) gef\u00fchrt werden.<\/span><\/span><\/p>\n<p><span style=\"color: #000080;\">Befreiung kommt aus einem Leben, das mit innerer Reinheit, wachsamem Geist, gef\u00fchrt von Buddhi (Verstand, Intelligenz), und dem Wissen um das H\u00f6chste Selbst (Purusha) gelebt wird, das im Kern aller Wesen wohnt.<\/span><\/p>\n<p>In diesem Jahr wird das Retreat auf transzendentales Bewusstsein, den wachen Zustand des Daseins und die Selbsterkenntnis sowie die Verbindung zum Universum ausgerichtet sein. Wir lernen die Schritte zur Befreiung von Einschr\u00e4nkungen, durch Yoga-Techniken beseitigen wir gemeinsam die Hindernisse f\u00fcr ein unbegrenztes Leben,\u00a0was dazu f\u00fchrt, wahrhaftig sinnerf\u00fcllt zu sein.<\/p>\n<p><img loading=\"lazy\" decoding=\"async\" class=\"aligncenter wp-image-1541\" src=\"https:\/\/www.yoga-ac.eu\/wp-content\/uploads\/2024\/09\/20240706_213404-scaled-e1725277151205.jpg\" alt=\"yoga, community, retreat, ashram, ytt, 2025 \" width=\"841\" height=\"631\" \/><\/p>\n<p>Der Preis f\u00fcr das retreat: 890 euro<br \/>\nIm Preis inbegriffen:<\/p>\n<ul>\n<li>6 N\u00e4chte im Ashram des Europ\u00e4ischen Tempels des Lichtes des Yoga<\/li>\n<li>12 Yoga-Stunden Pranayama, Asanas, Dharana, Dhyana<\/li>\n<li>6 kostenlose Energietherapie-Behandlungen mit Professor Niki\u0107<\/li>\n<li>6 meditative Sitzungen mit Professor Niki\u0107<\/li>\n<li>6 Musikmeditationen begleitet von der Kirtan-Gruppe Samadhi;<\/li>\n<li>6 Meditationen in der Natur &#8211; Verbindung mit den Ressourcen der Natur<\/li>\n<li>BESUCH DES ETHNO-DORFS KLADRUBYt;<\/li>\n<li>TOUR DURCH DAS DOUBRAVE FLUSSTAL<\/li>\n<\/ul>\n<p>Im Preis nicht inbegriffen:<\/p>\n<ul>\n<li>Transport zum Europ\u00e4ischen Tempel des Lichts des Yoga<\/li>\n<li>\u00dcbernachtungssteuer (insgesamt 5 \u20ac)<\/li>\n<li>Reiseversicherung<\/li>\n<li>Optionaler Ausflug nach Prag<\/li>\n<li>Pers\u00f6nliche Ausgaben im Caf\u00e9 \u201eS\u00fc\u00dfe Geheimnisse\u201c<\/li>\n<\/ul>\n<h3 class=\"fusion-responsive-typography-calculated\" data-start=\"936\" data-end=\"958\" data-fontsize=\"16\" data-lineheight=\"24px\"><strong data-start=\"940\" data-end=\"958\">Reservierungen<\/strong><\/h3>\n<p class=\"\" data-start=\"960\" data-end=\"1149\">Reservieren Sie Ihre Teilnahme am Familien-Yoga-Retreat f\u00fcr Kinder und Erwachsene telefonisch:<br data-start=\"1054\" data-end=\"1057\" \/>\ud83d\udcde +420 773 922 790<br data-start=\"1076\" data-end=\"1079\" \/>oder per E-Mail:<br data-start=\"1095\" data-end=\"1098\" \/>\ud83d\udce9\u00a0<a rel=\"noopener\" data-start=\"1101\" data-end=\"1123\">yogalight.eu@gmail.com<\/a><br data-start=\"1123\" data-end=\"1126\" \/>\ud83d\udce9\u00a0<a rel=\"noopener\" data-start=\"1129\" data-end=\"1147\">yoga.yfe@gmail.com<\/a><\/p>\n<\/div><\/div><\/div><div class=\"fusion-panel panel-default\" role=\"tabpanel\"><div class=\"panel-heading\"><h4 class=\"panel-title toggle\"><a aria-expanded=\"false\" aria-selected=\"false\" aria-controls=\"a0d019ca2c5af9568\" role=\"tab\" data-toggle=\"collapse\" data-parent=\"#accordion-1906-1\" data-target=\"#a0d019ca2c5af9568\" href=\"#a0d019ca2c5af9568\"><span class=\"fusion-toggle-icon-wrapper\" aria-hidden=\"true\"><i class=\"fa-fusion-box\"><\/i><\/span><span class=\"fusion-toggle-heading\">FAMILIEN-YOGA-RETREAT F\u00dcR KINDER UND ERWACHSENE: 23. - 28. 7.<\/span><\/a><\/h4><\/div><div id=\"a0d019ca2c5af9568\" class=\"panel-collapse collapse \"><div class=\"panel-body toggle-content fusion-clearfix\">\n<h1 style=\"text-align: center;\"><span style=\"color: #000080;\">FAMILIEN-YOGA-RETREAT F\u00dcR KINDER UND ERWACHSENE<\/span><\/h1>\n<p>&nbsp;<\/p>\n<p style=\"text-align: center;\"><span style=\"color: #000080;\"><strong data-start=\"120\" data-end=\"144\">Veranstaltungsdatum:<\/strong> 23. \u2013 28. Juli 2025<\/span><\/p>\n<p>&nbsp;<\/p>\n<p style=\"text-align: center;\"><span style=\"color: #000080;\"><strong>Veranstaltungsort:<\/strong> Europ\u00e4isches Haus des Yoga-Lichts, Wohn- und Ausbildungszentrum f\u00fcr Yoga-Retreats, Tschechische Republik<\/span><\/p>\n<p><span style=\"color: #000080;\"><img loading=\"lazy\" decoding=\"async\" class=\" wp-image-1569 aligncenter\" src=\"https:\/\/www.yoga-ac.eu\/wp-content\/uploads\/2024\/09\/456335305_818782190237118_4299267451777993099_n-300x225.jpg\" alt=\"KIDS, YOGA, CHILDREN, FAMILY, ASHRAM, EUROPE, RETREAT, MEDITATION\" width=\"811\" height=\"608\" srcset=\"https:\/\/www.yoga-ac.eu\/wp-content\/uploads\/2024\/09\/456335305_818782190237118_4299267451777993099_n-200x150.jpg 200w, https:\/\/www.yoga-ac.eu\/wp-content\/uploads\/2024\/09\/456335305_818782190237118_4299267451777993099_n-300x225.jpg 300w, https:\/\/www.yoga-ac.eu\/wp-content\/uploads\/2024\/09\/456335305_818782190237118_4299267451777993099_n-400x300.jpg 400w, https:\/\/www.yoga-ac.eu\/wp-content\/uploads\/2024\/09\/456335305_818782190237118_4299267451777993099_n-600x450.jpg 600w, https:\/\/www.yoga-ac.eu\/wp-content\/uploads\/2024\/09\/456335305_818782190237118_4299267451777993099_n-768x576.jpg 768w, https:\/\/www.yoga-ac.eu\/wp-content\/uploads\/2024\/09\/456335305_818782190237118_4299267451777993099_n-800x600.jpg 800w, https:\/\/www.yoga-ac.eu\/wp-content\/uploads\/2024\/09\/456335305_818782190237118_4299267451777993099_n-1024x768.jpg 1024w, https:\/\/www.yoga-ac.eu\/wp-content\/uploads\/2024\/09\/456335305_818782190237118_4299267451777993099_n-1200x900.jpg 1200w, https:\/\/www.yoga-ac.eu\/wp-content\/uploads\/2024\/09\/456335305_818782190237118_4299267451777993099_n-1536x1152.jpg 1536w, https:\/\/www.yoga-ac.eu\/wp-content\/uploads\/2024\/09\/456335305_818782190237118_4299267451777993099_n.jpg 1600w\" sizes=\"auto, (max-width: 811px) 100vw, 811px\" \/><\/span><\/p>\n<div class=\"fusion-text fusion-text-1\">\n<h2 class=\"fusion-responsive-typography-calculated\" data-fontsize=\"18\" data-lineheight=\"27px\"><span style=\"color: #000080;\">Yoga f\u00fcr die ganze Familie mit Kindern<\/span><\/h2>\n<\/div>\n<p>&nbsp;<\/p>\n<div class=\"fusion-text fusion-text-2\">\n<p><span style=\"color: #000080;\">F\u00fcr diejenigen, die ihren Yoga-Urlaub aktiv mit ihren Familienmitgliedern (Kinder, Gro\u00dfeltern, Tante, Onkel&#8230;) verbringen m\u00f6chten, bieten wir die M\u00f6glichkeit, an speziell f\u00fcr diesen Anlass erstellten Yoga-Aktivit\u00e4ten teilzunehmen. Die umfangreiche Erfahrung der Programmleitung erm\u00f6glicht es sowohl Eltern als auch teilnehmenden Kindern, Yoga-Wissen und -F\u00e4higkeiten gleicherma\u00dfen mit Freude zu erlernen.<\/span><\/p>\n<p><span style=\"color: #000080;\">Bildungs- und unterhaltsame Aktivit\u00e4ten:<\/span><br \/>\n<span style=\"color: #000080;\">\u2022<\/span><\/p>\n<ul>\n<li class=\"\" data-start=\"594\" data-end=\"619\">\n<p class=\"\" data-start=\"596\" data-end=\"619\"><span style=\"color: #000080;\">Yoga-Kurse f\u00fcr Kinder<\/span><\/p>\n<\/li>\n<li class=\"\" data-start=\"620\" data-end=\"747\">\n<p class=\"\" data-start=\"622\" data-end=\"747\"><span style=\"color: #000080;\">Gemeinsame Yoga-Kurse f\u00fcr Kinder und Erwachsene<\/span><br data-start=\"669\" data-end=\"672\" \/><span style=\"color: #000080;\">(Eltern, Gro\u00dfeltern, Tanten, Onkels, Babysitter, Erziehungsberechtigte)<\/span><\/p>\n<\/li>\n<li class=\"\" data-start=\"748\" data-end=\"914\">\n<p class=\"\" data-start=\"750\" data-end=\"914\"><span style=\"color: #000080;\">Ein Programm f\u00fcr Erwachsene (Eltern oder Erziehungsberechtigte), das \u00fcber die Anwendung von Yoga im Alltag zur Unterst\u00fctzung der kindlichen Entwicklung informiert<\/span><\/p>\n<\/li>\n<li class=\"\" data-start=\"915\" data-end=\"938\">\n<p class=\"\" data-start=\"917\" data-end=\"938\"><span style=\"color: #000080;\">Yoga-Tanz-Workshops<\/span><\/p>\n<\/li>\n<li class=\"\" data-start=\"939\" data-end=\"1039\">\n<p class=\"\" data-start=\"941\" data-end=\"1039\"><span style=\"color: #000080;\">Teilnahme der Kinder an morgendlichen meditativen Spazierg\u00e4ngen und abendlichen Kirtan-Workshops<\/span><\/p>\n<\/li>\n<li class=\"\" data-start=\"1040\" data-end=\"1113\">\n<p class=\"\" data-start=\"1042\" data-end=\"1113\"><span style=\"color: #000080;\">Vorbereitung von Kinder-Auff\u00fchrungen f\u00fcr den Abschluss des Yoga-Camps<\/span><\/p>\n<\/li>\n<\/ul>\n<p><span style=\"color: #000080;\"><img loading=\"lazy\" decoding=\"async\" class=\"wp-image-1571 aligncenter\" src=\"https:\/\/www.yoga-ac.eu\/wp-content\/uploads\/2024\/09\/455247787_817073513741319_5167844657689243869_n-225x300.jpg\" alt=\"KIDS, YOGA, CHILDREN, FAMILY, ASHRAM, EUROPE, RETREAT, MEDITATION\" width=\"771\" height=\"1028\" srcset=\"https:\/\/www.yoga-ac.eu\/wp-content\/uploads\/2024\/09\/455247787_817073513741319_5167844657689243869_n-200x267.jpg 200w, https:\/\/www.yoga-ac.eu\/wp-content\/uploads\/2024\/09\/455247787_817073513741319_5167844657689243869_n-225x300.jpg 225w, https:\/\/www.yoga-ac.eu\/wp-content\/uploads\/2024\/09\/455247787_817073513741319_5167844657689243869_n-400x533.jpg 400w, https:\/\/www.yoga-ac.eu\/wp-content\/uploads\/2024\/09\/455247787_817073513741319_5167844657689243869_n-600x800.jpg 600w, https:\/\/www.yoga-ac.eu\/wp-content\/uploads\/2024\/09\/455247787_817073513741319_5167844657689243869_n-768x1024.jpg 768w, https:\/\/www.yoga-ac.eu\/wp-content\/uploads\/2024\/09\/455247787_817073513741319_5167844657689243869_n-800x1067.jpg 800w, https:\/\/www.yoga-ac.eu\/wp-content\/uploads\/2024\/09\/455247787_817073513741319_5167844657689243869_n-1152x1536.jpg 1152w, https:\/\/www.yoga-ac.eu\/wp-content\/uploads\/2024\/09\/455247787_817073513741319_5167844657689243869_n.jpg 1200w\" sizes=\"auto, (max-width: 771px) 100vw, 771px\" \/><\/span><\/p>\n<h3 class=\"fusion-responsive-typography-calculated\" data-fontsize=\"16\" data-lineheight=\"24px\"><span style=\"color: #000080;\">Die Qualit\u00e4t der Beziehungen zu Familienmitgliedern und Kindern st\u00e4rken<\/span><\/h3>\n<p class=\"\" data-start=\"205\" data-end=\"346\"><span style=\"color: #000080;\">Yoga-\u00dcbungen, kombiniert mit unterhaltsamen Spielen, f\u00f6rdern die Entwicklung des kindlichen Sensibilit\u00e4t f\u00fcr kreative Ausdrucksm\u00f6glichkeiten.<\/span><\/p>\n<p class=\"\" data-start=\"348\" data-end=\"616\"><span style=\"color: #000080;\">Neben den spa\u00dfigen Yoga-Inhalten f\u00fcr Kinder bietet das Yoga-Camp den Eltern die M\u00f6glichkeit, den Ver\u00e4nderungsprozess ihres Kindes zu verfolgen, d.h. wie die Anwendung von yogischen P\u00e4dagogikmethoden im individuellen Unterricht zur folgenden Entwicklung beitragen kann:<\/span><\/p>\n<ul data-start=\"618\" data-end=\"982\">\n<li class=\"\" data-start=\"618\" data-end=\"692\">\n<p class=\"\" data-start=\"620\" data-end=\"692\"><span style=\"color: #000080;\"><strong data-start=\"620\" data-end=\"640\">Korrekte Haltung<\/strong>, F\u00f6rderung der motorischen F\u00e4higkeiten der Kinder<\/span><\/p>\n<\/li>\n<li class=\"\" data-start=\"693\" data-end=\"734\">\n<p class=\"\" data-start=\"695\" data-end=\"734\"><span style=\"color: #000080;\"><strong data-start=\"695\" data-end=\"732\">Erleichtertes Erwerben von Wissen<\/strong><\/span><\/p>\n<\/li>\n<li class=\"\" data-start=\"735\" data-end=\"782\">\n<p class=\"\" data-start=\"737\" data-end=\"782\"><span style=\"color: #000080;\"><strong data-start=\"737\" data-end=\"780\">Erwerb notwendiger sozialer F\u00e4higkeiten<\/strong><\/span><\/p>\n<\/li>\n<li class=\"\" data-start=\"783\" data-end=\"813\">\n<p class=\"\" data-start=\"785\" data-end=\"813\"><span style=\"color: #000080;\"><strong data-start=\"785\" data-end=\"811\">Entwicklung von Werten<\/strong><\/span><\/p>\n<\/li>\n<li class=\"\" data-start=\"814\" data-end=\"885\">\n<p class=\"\" data-start=\"816\" data-end=\"885\"><span style=\"color: #000080;\"><strong data-start=\"816\" data-end=\"850\">St\u00e4rkung des Selbstwertgef\u00fchls<\/strong> und der pers\u00f6nlichen Kapazit\u00e4ten<\/span><\/p>\n<\/li>\n<li class=\"\" data-start=\"886\" data-end=\"943\">\n<p class=\"\" data-start=\"888\" data-end=\"943\"><span style=\"color: #000080;\"><strong data-start=\"888\" data-end=\"918\">St\u00e4rkung der Konzentration<\/strong> und der Aufmerksamkeit<\/span><\/p>\n<\/li>\n<li class=\"\" data-start=\"944\" data-end=\"982\">\n<p class=\"\" data-start=\"946\" data-end=\"982\"><span style=\"color: #000080;\"><strong data-start=\"946\" data-end=\"982\">Freiheit des kreativen Ausdrucks<\/strong><\/span><\/p>\n<\/li>\n<\/ul>\n<h3 class=\"\" data-start=\"989\" data-end=\"1018\"><span style=\"color: #000080;\"><strong data-start=\"993\" data-end=\"1018\">Yoga-Kurse f\u00fcr Kinder<\/strong><\/span><\/h3>\n<p class=\"\" data-start=\"1020\" data-end=\"1259\"><span style=\"color: #000080;\">Die Yoga-Kurse f\u00fcr Kinder sind sorgf\u00e4ltig gestaltet und auf das Alter sowie die Entwicklungsbed\u00fcrfnisse der Kinder abgestimmt. Durch kreative Methoden und p\u00e4dagogische Arbeit unterst\u00fctzen die Kurse die ganzheitliche Entwicklung des Kindes.<\/span><\/p>\n<h3 class=\"fusion-responsive-typography-calculated\" data-fontsize=\"16\" data-lineheight=\"24px\"><span style=\"color: #000080;\">Yoga-Camp f\u00fcr Eltern oder Erziehungsberechtigte<\/span><\/h3>\n<p class=\"\" data-start=\"160\" data-end=\"251\"><span style=\"color: #000080;\">Erwachsene Familienmitglieder haben die M\u00f6glichkeit, an folgenden Aktivit\u00e4ten teilzunehmen:<\/span><\/p>\n<ul data-start=\"253\" data-end=\"504\">\n<li class=\"\" data-start=\"253\" data-end=\"279\">\n<p class=\"\" data-start=\"255\" data-end=\"279\"><span style=\"color: #000080;\"><strong data-start=\"255\" data-end=\"277\">Yoga-Spiritualtanz<\/strong><\/span><\/p>\n<\/li>\n<li class=\"\" data-start=\"280\" data-end=\"352\">\n<p class=\"\" data-start=\"282\" data-end=\"352\"><span style=\"color: #000080;\"><strong data-start=\"282\" data-end=\"324\">Yoga f\u00fcr Fortgeschrittene und Anf\u00e4nger<\/strong> (f\u00fcr Yoga-Praktizierende)<\/span><\/p>\n<\/li>\n<li class=\"\" data-start=\"353\" data-end=\"396\">\n<p class=\"\" data-start=\"355\" data-end=\"396\"><span style=\"color: #000080;\"><strong data-start=\"355\" data-end=\"394\">Energie-regenerative Yoga-Sitzungen<\/strong><\/span><\/p>\n<\/li>\n<li class=\"\" data-start=\"397\" data-end=\"473\">\n<p class=\"\" data-start=\"399\" data-end=\"473\"><span style=\"color: #000080;\"><strong data-start=\"399\" data-end=\"430\">Siddhi &amp; Siddha Yoga-Klasse<\/strong> &amp; <strong data-start=\"433\" data-end=\"471\">Yoga f\u00fcr hormonelles Gleichgewicht<\/strong><\/span><\/p>\n<\/li>\n<li class=\"\" data-start=\"474\" data-end=\"504\">\n<p class=\"\" data-start=\"476\" data-end=\"504\"><span style=\"color: #000080;\"><strong data-start=\"476\" data-end=\"504\">Nyasa Yoga &amp; Kirtan Yoga<\/strong><\/span><\/p>\n<\/li>\n<\/ul>\n<p class=\"\" data-start=\"506\" data-end=\"593\"><span style=\"color: #000080;\">Je nach Neigung entscheiden die Teilnehmer, an welchem Programm sie teilnehmen m\u00f6chten.<\/span><\/p>\n<h3 class=\"fusion-responsive-typography-calculated\" data-fontsize=\"16\" data-lineheight=\"24px\"><span style=\"color: #000080;\">Mit Freude wird alles erreicht!<\/span><\/h3>\n<\/div>\n<p>&nbsp;<\/p>\n<h3 class=\"\" data-start=\"91\" data-end=\"111\"><span style=\"color: #000080;\"><strong data-start=\"95\" data-end=\"111\">Preis: 890 \u20ac<\/strong><\/span><\/h3>\n<p>&nbsp;<\/p>\n<p class=\"\" data-start=\"113\" data-end=\"138\"><span style=\"color: #000080;\"><strong data-start=\"113\" data-end=\"138\">Im Preis inbegriffen:<\/strong><\/span><\/p>\n<p>&nbsp;<\/p>\n<ul data-start=\"140\" data-end=\"712\">\n<li class=\"\" data-start=\"140\" data-end=\"223\">\n<p class=\"\" data-start=\"142\" data-end=\"223\"><span style=\"color: #000080;\">5 \u00dcbernachtungen \/ 6 Tage Unterkunft in Doppel-, Dreibett- oder Vierbettzimmern<\/span><\/p>\n<\/li>\n<li class=\"\" data-start=\"224\" data-end=\"268\">\n<p class=\"\" data-start=\"226\" data-end=\"268\"><span style=\"color: #000080;\">2 vegane\/vegetarische Mahlzeiten t\u00e4glich<\/span><\/p>\n<\/li>\n<li class=\"\" data-start=\"269\" data-end=\"320\">\n<p class=\"\" data-start=\"271\" data-end=\"320\"><span style=\"color: #000080;\">Teilnahme an allen Programmpunkten des Retreats<\/span><\/p>\n<\/li>\n<li class=\"\" data-start=\"321\" data-end=\"366\">\n<p class=\"\" data-start=\"323\" data-end=\"366\"><span style=\"color: #000080;\">T\u00e4gliche Yoga-Kurse f\u00fcr Kinder und Eltern<\/span><\/p>\n<\/li>\n<li class=\"\" data-start=\"367\" data-end=\"426\">\n<p class=\"\" data-start=\"369\" data-end=\"426\"><span style=\"color: #000080;\">T\u00e4gliche Energie-Therapie-Sitzungen mit Professor Niki\u0107<\/span><\/p>\n<\/li>\n<li class=\"\" data-start=\"427\" data-end=\"475\">\n<p class=\"\" data-start=\"429\" data-end=\"475\"><span style=\"color: #000080;\">T\u00e4gliche edukative Yoga-Workshops f\u00fcr Kinder<\/span><\/p>\n<\/li>\n<li class=\"\" data-start=\"476\" data-end=\"533\">\n<p class=\"\" data-start=\"478\" data-end=\"533\"><span style=\"color: #000080;\">T\u00e4gliche Outdoor-Yoga-Workshops f\u00fcr Eltern und Kinder<\/span><\/p>\n<\/li>\n<li class=\"\" data-start=\"534\" data-end=\"576\">\n<p class=\"\" data-start=\"536\" data-end=\"576\"><span style=\"color: #000080;\">Erkundung des Ethno-Dorfs <strong data-start=\"562\" data-end=\"574\">Kladruby<\/strong><\/span><\/p>\n<\/li>\n<li class=\"\" data-start=\"577\" data-end=\"657\">\n<p class=\"\" data-start=\"579\" data-end=\"657\"><span style=\"color: #000080;\">Ausflug ins Tal des Flusses <strong data-start=\"607\" data-end=\"619\">Doubrava<\/strong> im national gesch\u00fctzten Naturgebiet<\/span><\/p>\n<\/li>\n<li class=\"\" data-start=\"658\" data-end=\"686\">\n<p class=\"\" data-start=\"660\" data-end=\"686\"><span style=\"color: #000080;\">Nutzung des Sportplatzes<\/span><\/p>\n<\/li>\n<li class=\"\" data-start=\"687\" data-end=\"712\">\n<p class=\"\" data-start=\"689\" data-end=\"712\"><span style=\"color: #000080;\">WLAN in allen Zimmern<\/span><\/p>\n<\/li>\n<\/ul>\n<p>&nbsp;<\/p>\n<p class=\"\" data-start=\"714\" data-end=\"745\"><span style=\"color: #000080;\"><strong data-start=\"714\" data-end=\"745\">Im Preis nicht inbegriffen:<\/strong><\/span><\/p>\n<p>&nbsp;<\/p>\n<ul data-start=\"747\" data-end=\"929\">\n<li class=\"\" data-start=\"747\" data-end=\"760\">\n<p class=\"\" data-start=\"749\" data-end=\"760\"><span style=\"color: #000080;\">Transport<\/span><\/p>\n<\/li>\n<li class=\"\" data-start=\"761\" data-end=\"782\">\n<p class=\"\" data-start=\"763\" data-end=\"782\"><span style=\"color: #000080;\">Reiseversicherung<\/span><\/p>\n<\/li>\n<li class=\"\" data-start=\"783\" data-end=\"794\">\n<p class=\"\" data-start=\"785\" data-end=\"794\"><span style=\"color: #000080;\">Kurtaxe<\/span><\/p>\n<\/li>\n<li class=\"\" data-start=\"795\" data-end=\"819\">\n<p class=\"\" data-start=\"797\" data-end=\"819\"><span style=\"color: #000080;\">Pers\u00f6nliche Ausgaben<\/span><\/p>\n<\/li>\n<li class=\"\" data-start=\"820\" data-end=\"908\">\n<p class=\"\" data-start=\"822\" data-end=\"908\"><span style=\"color: #000080;\">Speisen und Getr\u00e4nke in der B\u00e4ckerei <strong data-start=\"859\" data-end=\"871\">\u201eAnanda\u201c<\/strong> und Konditorei <strong data-start=\"887\" data-end=\"906\">\u201eSweet Secrets\u201c<\/strong><\/span><\/p>\n<\/li>\n<li class=\"\" data-start=\"909\" data-end=\"929\">\n<p class=\"\" data-start=\"911\" data-end=\"929\"><span style=\"color: #000080;\">Spa-Behandlungen<\/span><\/p>\n<\/li>\n<\/ul>\n<p>&nbsp;<\/p>\n<hr class=\"\" data-start=\"931\" data-end=\"934\" \/>\n<p>&nbsp;<\/p>\n<h3 class=\"\" data-start=\"936\" data-end=\"958\"><span style=\"color: #000080;\"><strong data-start=\"940\" data-end=\"958\">Reservierungen<\/strong><\/span><\/h3>\n<p>&nbsp;<\/p>\n<p class=\"\" data-start=\"960\" data-end=\"1149\"><span style=\"color: #000080;\">Reservieren Sie Ihre Teilnahme am Familien-Yoga-Retreat f\u00fcr Kinder und Erwachsene telefonisch:<\/span><br data-start=\"1054\" data-end=\"1057\" \/><span style=\"color: #000080;\">\ud83d\udcde +420 773 922 790<\/span><br data-start=\"1076\" data-end=\"1079\" \/><span style=\"color: #000080;\">oder per E-Mail:<\/span><br data-start=\"1095\" data-end=\"1098\" \/><span style=\"color: #000080;\">\ud83d\udce9 <a style=\"color: #000080;\" rel=\"noopener\" data-start=\"1101\" data-end=\"1123\">yogalight.eu@gmail.com<\/a><\/span><br data-start=\"1123\" data-end=\"1126\" \/><span style=\"color: #000080;\">\ud83d\udce9 <a style=\"color: #000080;\" rel=\"noopener\" data-start=\"1129\" data-end=\"1147\">yoga.yfe@gmail.com<\/a><\/span><\/p>\n<\/div><\/div><\/div><div class=\"fusion-panel panel-default\" role=\"tabpanel\"><div class=\"panel-heading\"><h4 class=\"panel-title toggle\"><a aria-expanded=\"false\" aria-selected=\"false\" aria-controls=\"7711b01d71a3a969d\" role=\"tab\" data-toggle=\"collapse\" data-parent=\"#accordion-1906-1\" data-target=\"#7711b01d71a3a969d\" href=\"#7711b01d71a3a969d\"><span class=\"fusion-toggle-icon-wrapper\" aria-hidden=\"true\"><i class=\"fa-fusion-box\"><\/i><\/span><span class=\"fusion-toggle-heading\">Skalarer Yoga-RETREAT Moksha 2 \u201cMOKSHA \u2013 \u092e\u094b\u0915\u094d\u0937\u201d, 4. \u2013 10. August 2025. (Zweiter Termin)<\/span><\/a><\/h4><\/div><div id=\"7711b01d71a3a969d\" class=\"panel-collapse collapse \"><div class=\"panel-body toggle-content fusion-clearfix\">\n<h1 style=\"text-align: center;\"><a href=\"https:\/\/yoga-retreat.info\/moksha-2025\" target=\"_blank\" rel=\"noopener\">Skalarer Yoga-RETREAT Moksha 1<\/a><\/h1>\n<h1 style=\"text-align: center;\"><span style=\"color: #000080;\">\u201cMOKSHA \u2013 \u092e\u094b\u0915\u094d\u0937\u201d<\/span><\/h1>\n<p style=\"text-align: center;\"><span style=\"color: #000080;\"><strong data-start=\"120\" data-end=\"144\">Veranstaltungsdatum:<\/strong> 4. \u2013 10. August 2025. (Zweiter Termin)<\/span><\/p>\n<p style=\"text-align: center;\"><span style=\"color: #000080;\"><strong>Veranstaltungsort:<\/strong>\u00a0Europ\u00e4isches Haus des Yoga-Lichts, Wohn- und Ausbildungszentrum f\u00fcr Yoga-Retreats, Tschechische Republik<\/span><\/p>\n<p><img loading=\"lazy\" decoding=\"async\" class=\"wp-image-1545 aligncenter\" src=\"https:\/\/www.yoga-ac.eu\/wp-content\/uploads\/2024\/09\/20240807_150712-300x225.jpg\" alt=\"yoga, community, retreat, ashram, ytt, 2025\" width=\"868\" height=\"651\" srcset=\"https:\/\/www.yoga-ac.eu\/wp-content\/uploads\/2024\/09\/20240807_150712-200x150.jpg 200w, https:\/\/www.yoga-ac.eu\/wp-content\/uploads\/2024\/09\/20240807_150712-300x225.jpg 300w, https:\/\/www.yoga-ac.eu\/wp-content\/uploads\/2024\/09\/20240807_150712-400x300.jpg 400w, https:\/\/www.yoga-ac.eu\/wp-content\/uploads\/2024\/09\/20240807_150712-600x450.jpg 600w, https:\/\/www.yoga-ac.eu\/wp-content\/uploads\/2024\/09\/20240807_150712-768x576.jpg 768w, https:\/\/www.yoga-ac.eu\/wp-content\/uploads\/2024\/09\/20240807_150712-800x600.jpg 800w, https:\/\/www.yoga-ac.eu\/wp-content\/uploads\/2024\/09\/20240807_150712-1024x768.jpg 1024w, https:\/\/www.yoga-ac.eu\/wp-content\/uploads\/2024\/09\/20240807_150712-1200x900.jpg 1200w, https:\/\/www.yoga-ac.eu\/wp-content\/uploads\/2024\/09\/20240807_150712-1536x1152.jpg 1536w\" sizes=\"auto, (max-width: 868px) 100vw, 868px\" \/><\/p>\n<h2><span style=\"color: #000080;\">\u201eMoksha\u201c\u2013 Befreiung<\/span><\/h2>\n<p><span style=\"color: #000080;\">Das Thema des diesj\u00e4hrigen Retreats ist Moksha. Moksha (Sanskrit: \u092e\u094b\u0915\u094d\u0937) bezeichnet die Befreiung von allen Formen der Bedingtheit.<\/span><\/p>\n<p class=\"\" data-start=\"195\" data-end=\"387\"><span style=\"color: #000080;\">Moksha steht f\u00fcr die Abwesenheit von Leiden (Dukha), aber auch f\u00fcr die Erfahrung der Einheit mit dem einen h\u00f6chsten Selbst \u2013 einen Zustand des Wissens, des Friedens und der Gl\u00fcckseligkeit.<\/span><\/p>\n<p class=\"\" data-start=\"389\" data-end=\"878\"><span style=\"color: #000080;\">Moksha bedeutet transzendentales Bewusstsein, den erwachten Zustand der Existenz, die Selbstverwirklichung des gesamten Universums als das eigene Selbst. Es bedeutet Befreiung von Begrenzungen, die \u00dcberwindung von Hindernissen f\u00fcr ein unbegrenztes Leben, und erm\u00f6glicht es dem Menschen, im wahrsten Sinne des Wortes authentisch zu sein. Moksha steht f\u00fcr das Erwachen und die Entfaltung des Potenzials an Kreativit\u00e4t, Mitgef\u00fchl und Verst\u00e4ndnis, das zuvor blockiert oder unterdr\u00fcckt war.<\/span><\/p>\n<p><img loading=\"lazy\" decoding=\"async\" class=\" wp-image-1553 aligncenter\" src=\"https:\/\/www.yoga-ac.eu\/wp-content\/uploads\/2024\/09\/20240706_082735-225x300.jpg\" alt=\"yoga, community, retreat, ashram, ytt, 2025\" width=\"476\" height=\"635\" srcset=\"https:\/\/www.yoga-ac.eu\/wp-content\/uploads\/2024\/09\/20240706_082735-200x267.jpg 200w, https:\/\/www.yoga-ac.eu\/wp-content\/uploads\/2024\/09\/20240706_082735-225x300.jpg 225w, https:\/\/www.yoga-ac.eu\/wp-content\/uploads\/2024\/09\/20240706_082735-400x533.jpg 400w, https:\/\/www.yoga-ac.eu\/wp-content\/uploads\/2024\/09\/20240706_082735-600x800.jpg 600w, https:\/\/www.yoga-ac.eu\/wp-content\/uploads\/2024\/09\/20240706_082735-768x1024.jpg 768w, https:\/\/www.yoga-ac.eu\/wp-content\/uploads\/2024\/09\/20240706_082735-800x1067.jpg 800w, https:\/\/www.yoga-ac.eu\/wp-content\/uploads\/2024\/09\/20240706_082735-1152x1536.jpg 1152w, https:\/\/www.yoga-ac.eu\/wp-content\/uploads\/2024\/09\/20240706_082735-1200x1600.jpg 1200w, https:\/\/www.yoga-ac.eu\/wp-content\/uploads\/2024\/09\/20240706_082735-1536x2048.jpg 1536w, https:\/\/www.yoga-ac.eu\/wp-content\/uploads\/2024\/09\/20240706_082735-scaled.jpg 1920w\" sizes=\"auto, (max-width: 476px) 100vw, 476px\" \/><\/p>\n<p class=\"\" data-start=\"199\" data-end=\"468\"><span style=\"color: #000080;\">Moksha wird auch als Zustand der Vollkommenheit angesehen. Selbstdisziplin ist der Weg zum Dharma. Moksha ist jene Form der Selbstdisziplin, die so vollkommen ist, dass sie die wahre Natur unbewusst offenbart, heiligt und belebt. Dharma kann ein Weg zu Moksha sein.<\/span><\/p>\n<p class=\"\" data-start=\"470\" data-end=\"587\"><span style=\"color: #000080;\">Samkhya: Einer der Wege zu Moksha ist die Erh\u00f6hung des eigenen Sattva.<\/span><br data-start=\"542\" data-end=\"545\" \/><span style=\"color: #000080;\">Sattva wird dann zur instinktiven Natur.<\/span><\/p>\n<h2 data-start=\"470\" data-end=\"587\"><span style=\"color: #000080;\"><strong>Wissen als Weg zur Freiheit<\/strong><\/span><\/h2>\n<p class=\"cgHgbA nxe3IQ Xp24Nw\"><span class=\"OYPEnA\" style=\"color: #000080;\">Nachiketa fragt: \u201eWas verursacht Trauer?\u201c<\/span><\/p>\n<p class=\"cgHgbA nxe3IQ Xp24Nw\"><span style=\"color: #000080;\"><span class=\"OYPEnA\">Yama erkl\u00e4rt, dass Leiden aus einem <\/span><span class=\"OYPEnA\">Leben entsteht, das ohne Bewusstsein des <\/span><span class=\"OYPEnA\">Kerns gef\u00fchrt wird, mit Unreinheit, ohne <\/span><span class=\"OYPEnA\">den Gebrauch von Intelligenz oder<\/span><span class=\"OYPEnA\"><br \/>\n<\/span><span class=\"OYPEnA\">Selbstpr\u00fcfung, wo weder der Geist noch <\/span><span class=\"OYPEnA\">die sinnlichen Eindr\u00fccke vom Atman (dem <\/span><span class=\"OYPEnA\">Kern) gef\u00fchrt werden.<\/span><\/span><\/p>\n<p><span style=\"color: #000080;\">Befreiung kommt aus einem Leben, das mit innerer Reinheit, wachsamem Geist, gef\u00fchrt von Buddhi (Verstand, Intelligenz), und dem Wissen um das H\u00f6chste Selbst (Purusha) gelebt wird, das im Kern aller Wesen wohnt.<\/span><\/p>\n<p>In diesem Jahr wird das Retreat auf transzendentales Bewusstsein, den wachen Zustand des Daseins und die Selbsterkenntnis sowie die Verbindung zum Universum ausgerichtet sein. Wir lernen die Schritte zur Befreiung von Einschr\u00e4nkungen, durch Yoga-Techniken beseitigen wir gemeinsam die Hindernisse f\u00fcr ein unbegrenztes Leben,\u00a0was dazu f\u00fchrt, wahrhaftig sinnerf\u00fcllt zu sein.<\/p>\n<p><img loading=\"lazy\" decoding=\"async\" class=\"aligncenter wp-image-1541\" src=\"https:\/\/www.yoga-ac.eu\/wp-content\/uploads\/2024\/09\/20240706_213404-scaled-e1725277151205.jpg\" alt=\"yoga, community, retreat, ashram, ytt, 2025 \" width=\"841\" height=\"631\" \/><\/p>\n<p>Der Preis f\u00fcr das retreat: 890 euro<br \/>\nIm Preis inbegriffen:<\/p>\n<ul>\n<li>6 N\u00e4chte im Ashram des Europ\u00e4ischen Tempels des Lichtes des Yoga<\/li>\n<li>12 Yoga-Stunden Pranayama, Asanas, Dharana, Dhyana<\/li>\n<li>6 kostenlose Energietherapie-Behandlungen mit Professor Niki\u0107<\/li>\n<li>6 meditative Sitzungen mit Professor Niki\u0107<\/li>\n<li>6 Musikmeditationen begleitet von der Kirtan-Gruppe Samadhi;<\/li>\n<li>6 Meditationen in der Natur &#8211; Verbindung mit den Ressourcen der Natur<\/li>\n<li>BESUCH DES ETHNO-DORFS KLADRUBYt;<\/li>\n<li>TOUR DURCH DAS DOUBRAVE FLUSSTAL<\/li>\n<\/ul>\n<p>Im Preis nicht inbegriffen:<\/p>\n<ul>\n<li>Transport zum Europ\u00e4ischen Tempel des Lichts des Yoga<\/li>\n<li>\u00dcbernachtungssteuer (insgesamt 5 \u20ac)<\/li>\n<li>Reiseversicherung<\/li>\n<li>Optionaler Ausflug nach Prag<\/li>\n<li>Pers\u00f6nliche Ausgaben im Caf\u00e9 \u201eS\u00fc\u00dfe Geheimnisse\u201c<\/li>\n<\/ul>\n<h3 class=\"fusion-responsive-typography-calculated\" data-start=\"936\" data-end=\"958\" data-fontsize=\"16\" data-lineheight=\"24px\"><strong data-start=\"940\" data-end=\"958\">Reservierungen<\/strong><\/h3>\n<p class=\"\" data-start=\"960\" data-end=\"1149\">Reservieren Sie Ihre Teilnahme am Familien-Yoga-Retreat f\u00fcr Kinder und Erwachsene telefonisch:<br data-start=\"1054\" data-end=\"1057\" \/>\ud83d\udcde +420 773 922 790<br data-start=\"1076\" data-end=\"1079\" \/>oder per E-Mail:<br data-start=\"1095\" data-end=\"1098\" \/>\ud83d\udce9\u00a0<a rel=\"noopener\" data-start=\"1101\" data-end=\"1123\">yogalight.eu@gmail.com<\/a><br data-start=\"1123\" data-end=\"1126\" \/>\ud83d\udce9\u00a0<a rel=\"noopener\" data-start=\"1129\" data-end=\"1147\">yoga.yfe@gmail.com<\/a><\/p>\n<\/div><\/div><\/div><div class=\"fusion-panel panel-default\" role=\"tabpanel\"><div class=\"panel-heading\"><h4 class=\"panel-title toggle\"><a aria-expanded=\"false\" aria-selected=\"false\" aria-controls=\"93f6ce72ab47ec5db\" role=\"tab\" data-toggle=\"collapse\" data-parent=\"#accordion-1906-1\" data-target=\"#93f6ce72ab47ec5db\" href=\"#93f6ce72ab47ec5db\"><span class=\"fusion-toggle-icon-wrapper\" aria-hidden=\"true\"><i class=\"fa-fusion-box\"><\/i><\/span><span class=\"fusion-toggle-heading\">Yoga-Wochenende und Fachseminar \u201eVegetarische Ern\u00e4hrung f\u00fcr die Gesundheit\u201c, 22. \u2013 24. August 2025. <\/span><\/a><\/h4><\/div><div id=\"93f6ce72ab47ec5db\" class=\"panel-collapse collapse \"><div class=\"panel-body toggle-content fusion-clearfix\">\n<h1 style=\"text-align: center;\"><span style=\"color: #000080;\">Yoga-Wochenende und Fachseminar<\/span><br data-start=\"74\" data-end=\"77\" \/><span style=\"color: #000080;\">\u201eVegetarische Ern\u00e4hrung f\u00fcr die Gesundheit\u201c<\/span><\/h1>\n<p style=\"text-align: center;\"><span style=\"color: #000080;\"><strong data-start=\"120\" data-end=\"144\">Veranstaltungsdatum:<\/strong> 22. \u2013 24. August 2025.\u00a0<\/span><\/p>\n<p style=\"text-align: center;\"><span style=\"color: #000080;\"><strong>Venue<\/strong>: European House of Yoga Light, residential\u00a0 and educative yoga retreat centre, Czech Republic<\/span><\/p>\n<p><span style=\"color: #000080;\"><img loading=\"lazy\" decoding=\"async\" class=\" wp-image-1428 aligncenter\" src=\"https:\/\/www.yoga-ac.eu\/wp-content\/uploads\/2024\/08\/IMG_6244-300x200.jpg\" alt=\"vegetarian_vegan_diet_health_seminar_europe_education\" width=\"740\" height=\"493\" srcset=\"https:\/\/www.yoga-ac.eu\/wp-content\/uploads\/2024\/08\/IMG_6244-200x133.jpg 200w, https:\/\/www.yoga-ac.eu\/wp-content\/uploads\/2024\/08\/IMG_6244-300x200.jpg 300w, https:\/\/www.yoga-ac.eu\/wp-content\/uploads\/2024\/08\/IMG_6244-400x267.jpg 400w, https:\/\/www.yoga-ac.eu\/wp-content\/uploads\/2024\/08\/IMG_6244-600x400.jpg 600w, https:\/\/www.yoga-ac.eu\/wp-content\/uploads\/2024\/08\/IMG_6244-768x512.jpg 768w, https:\/\/www.yoga-ac.eu\/wp-content\/uploads\/2024\/08\/IMG_6244-800x533.jpg 800w, https:\/\/www.yoga-ac.eu\/wp-content\/uploads\/2024\/08\/IMG_6244-1024x683.jpg 1024w, https:\/\/www.yoga-ac.eu\/wp-content\/uploads\/2024\/08\/IMG_6244-1200x800.jpg 1200w, https:\/\/www.yoga-ac.eu\/wp-content\/uploads\/2024\/08\/IMG_6244-1536x1024.jpg 1536w\" sizes=\"auto, (max-width: 740px) 100vw, 740px\" \/><\/span><\/p>\n<h3><span style=\"color: #000080;\">\u00dcber das Retreat<\/span><\/h3>\n<p class=\"\" data-start=\"127\" data-end=\"278\"><span style=\"color: #000080;\">Neben der Yoga-Praxis werden die Teilnehmer des Retreats praktische Geheimnisse der vegetarischen K\u00fcche und verschiedene Ern\u00e4hrungsweisen kennenlernen.<\/span><\/p>\n<p class=\"\" data-start=\"280\" data-end=\"688\"><span style=\"color: #000080;\">Das Seminar ist eine Art Workshop, in dem die Teilnehmer lernen, vegetarische und vegane Gerichte zuzubereiten, die aus der Yogaphilosophie stammen. Urspr\u00fcnglich waren diese Rezepte f\u00fcr Yogapraktizierende und Yoga-Liebhaber bestimmt, doch aufgrund ihrer wohltuenden Wirkung auf die Gesundheit werden sie heute von allen genutzt, die ihre eigene Gesundheit und die ihrer Familienmitglieder verbessern m\u00f6chten.<\/span><\/p>\n<p class=\"\" data-start=\"690\" data-end=\"831\"><span style=\"color: #000080;\">W\u00e4hrend der drei Tage lernen die Teilnehmer des vegetarisch-veganen Workshops, Gerichte nach den Rezepten der alten Yogameister zuzubereiten.<\/span><\/p>\n<h3><span style=\"color: #000080;\">Programm<\/span><\/h3>\n<ul>\n<li class=\"\" data-start=\"852\" data-end=\"976\">\n<p class=\"\" data-start=\"854\" data-end=\"976\"><span style=\"color: #000080;\">Urschriften und Ern\u00e4hrung (Yogaphilosophie nach Patanjali, Hatha Yoga Pradipika, Geranda Samhita, Ayurveda, Upanishaden)<\/span><\/p>\n<\/li>\n<li class=\"\" data-start=\"977\" data-end=\"1041\">\n<p class=\"\" data-start=\"979\" data-end=\"1041\"><span style=\"color: #000080;\">Grundlagen der yogischen vegetarischen und veganen Ern\u00e4hrung<\/span><\/p>\n<\/li>\n<li class=\"\" data-start=\"1042\" data-end=\"1084\">\n<p class=\"\" data-start=\"1044\" data-end=\"1084\"><span style=\"color: #000080;\">Prinzipien der ayurvedischen Ern\u00e4hrung<\/span><\/p>\n<\/li>\n<li class=\"\" data-start=\"1085\" data-end=\"1132\">\n<p class=\"\" data-start=\"1087\" data-end=\"1132\"><span style=\"color: #000080;\">Die Rolle des Fastens in der Yoga-Ern\u00e4hrung<\/span><\/p>\n<\/li>\n<li class=\"\" data-start=\"1133\" data-end=\"1162\">\n<p class=\"\" data-start=\"1135\" data-end=\"1162\"><span style=\"color: #000080;\">Ern\u00e4hrung und Yoga-Praxis<\/span><\/p>\n<\/li>\n<li class=\"\" data-start=\"1163\" data-end=\"1192\">\n<p class=\"\" data-start=\"1165\" data-end=\"1192\"><span style=\"color: #000080;\">Ern\u00e4hrung nach den Doshas<\/span><\/p>\n<\/li>\n<li class=\"\" data-start=\"1193\" data-end=\"1244\">\n<p class=\"\" data-start=\"1195\" data-end=\"1244\"><span style=\"color: #000080;\">Yoga-Ern\u00e4hrung im Einklang mit den Jahreszeiten<\/span><\/p>\n<\/li>\n<li class=\"\" data-start=\"1245\" data-end=\"1275\">\n<p class=\"\" data-start=\"1247\" data-end=\"1275\"><span style=\"color: #000080;\">Yoga-Ern\u00e4hrung und Gew\u00fcrze<\/span><\/p>\n<\/li>\n<li class=\"\" data-start=\"1276\" data-end=\"1342\">\n<p class=\"\" data-start=\"1278\" data-end=\"1342\"><span style=\"color: #000080;\">Yoga-Ern\u00e4hrung (ohne thermische Verarbeitung der Lebensmittel)<\/span><\/p>\n<\/li>\n<li class=\"\" data-start=\"1343\" data-end=\"1427\">\n<p class=\"\" data-start=\"1345\" data-end=\"1427\"><span style=\"color: #000080;\">Einfluss der Yoga-Ern\u00e4hrung auf das Energiefeld und die Energiezentren (Chakras)<\/span><\/p>\n<\/li>\n<li class=\"\" data-start=\"1428\" data-end=\"1470\">\n<p class=\"\" data-start=\"1430\" data-end=\"1470\"><span style=\"color: #000080;\">Bedeutung der Farben von Lebensmitteln<\/span><\/p>\n<\/li>\n<li class=\"\" data-start=\"1471\" data-end=\"1505\">\n<p class=\"\" data-start=\"1473\" data-end=\"1505\"><span style=\"color: #000080;\">Fl\u00fcssigkeiten in der Ern\u00e4hrung<\/span><\/p>\n<\/li>\n<li class=\"\" data-start=\"1506\" data-end=\"1583\">\n<p class=\"\" data-start=\"1508\" data-end=\"1583\"><span style=\"color: #000080;\">Yoga-Ern\u00e4hrung als Unterst\u00fctzung bei der Wiederherstellung der Gesundheit<\/span><\/p>\n<\/li>\n<li class=\"\" data-start=\"1584\" data-end=\"1617\">\n<p class=\"\" data-start=\"1586\" data-end=\"1617\"><span style=\"color: #000080;\">Yoga-Ern\u00e4hrung in der Familie<\/span><\/p>\n<\/li>\n<li class=\"\" data-start=\"1618\" data-end=\"1776\">\n<p class=\"\" data-start=\"1620\" data-end=\"1776\"><span style=\"color: #000080;\">Yoga-vegetarische Rezepte (praktischer Workshop \u2013 jeder Teilnehmer bereitet Fr\u00fchst\u00fcck, Mittag- und Abendessen gemeinsam zu und genie\u00dft diese anschlie\u00dfend)<\/span><\/p>\n<\/li>\n<li class=\"\" data-start=\"1777\" data-end=\"1842\">\n<p class=\"\" data-start=\"1779\" data-end=\"1842\"><span style=\"color: #000080;\">W\u00f6chentlicher und monatlicher Yoga-vegetarischer Ern\u00e4hrungsplan<\/span><\/p>\n<\/li>\n<\/ul>\n<p><span style=\"color: #000080;\"><img loading=\"lazy\" decoding=\"async\" class=\"wp-image-1627 aligncenter\" src=\"https:\/\/www.yoga-ac.eu\/wp-content\/uploads\/2024\/09\/IMG_4484-300x225.jpg\" alt=\"vegetarian_diet_vegan_diet_health_seminar_yoga_retreat_2025\" width=\"979\" height=\"734\" srcset=\"https:\/\/www.yoga-ac.eu\/wp-content\/uploads\/2024\/09\/IMG_4484-200x150.jpg 200w, https:\/\/www.yoga-ac.eu\/wp-content\/uploads\/2024\/09\/IMG_4484-300x225.jpg 300w, https:\/\/www.yoga-ac.eu\/wp-content\/uploads\/2024\/09\/IMG_4484-400x300.jpg 400w, https:\/\/www.yoga-ac.eu\/wp-content\/uploads\/2024\/09\/IMG_4484-600x450.jpg 600w, https:\/\/www.yoga-ac.eu\/wp-content\/uploads\/2024\/09\/IMG_4484-768x576.jpg 768w, https:\/\/www.yoga-ac.eu\/wp-content\/uploads\/2024\/09\/IMG_4484-800x600.jpg 800w, https:\/\/www.yoga-ac.eu\/wp-content\/uploads\/2024\/09\/IMG_4484-1024x768.jpg 1024w, https:\/\/www.yoga-ac.eu\/wp-content\/uploads\/2024\/09\/IMG_4484-1200x900.jpg 1200w, https:\/\/www.yoga-ac.eu\/wp-content\/uploads\/2024\/09\/IMG_4484-1536x1152.jpg 1536w\" sizes=\"auto, (max-width: 979px) 100vw, 979px\" \/><\/span><\/p>\n<h3><span style=\"color: #000080;\">Der Preis f\u00fcr das retreat: 490 euro<\/span><\/h3>\n<h3 class=\"\" data-start=\"104\" data-end=\"129\"><span style=\"color: #000080;\">Im Preis inbegriffen:<\/span><\/h3>\n<ul data-start=\"131\" data-end=\"331\">\n<li class=\"\" data-start=\"131\" data-end=\"169\">\n<p class=\"\" data-start=\"133\" data-end=\"169\"><span style=\"color: #000080;\">Teilnahme an allen Programmpunkten<\/span><\/p>\n<\/li>\n<li class=\"\" data-start=\"170\" data-end=\"233\">\n<p class=\"\" data-start=\"172\" data-end=\"233\"><span style=\"color: #000080;\">2 \u00dcbernachtungen in Doppel-, Dreibett- oder Vierbettzimmern<\/span><\/p>\n<\/li>\n<li class=\"\" data-start=\"234\" data-end=\"278\">\n<p class=\"\" data-start=\"236\" data-end=\"278\"><span style=\"color: #000080;\">2 vegane\/vegetarische Mahlzeiten pro Tag<\/span><\/p>\n<\/li>\n<li class=\"\" data-start=\"279\" data-end=\"307\">\n<p class=\"\" data-start=\"281\" data-end=\"307\"><span style=\"color: #000080;\">Nutzung des Sportplatzes<\/span><\/p>\n<\/li>\n<li class=\"\" data-start=\"308\" data-end=\"331\">\n<p class=\"\" data-start=\"310\" data-end=\"331\"><span style=\"color: #000080;\">WLAN in allen Zimmern<\/span><\/p>\n<\/li>\n<\/ul>\n<h3 class=\"\" data-start=\"333\" data-end=\"364\"><span style=\"color: #000080;\">Im Preis nicht inbegriffen:<\/span><\/h3>\n<ul data-start=\"366\" data-end=\"579\">\n<li class=\"\" data-start=\"366\" data-end=\"379\">\n<p class=\"\" data-start=\"368\" data-end=\"379\"><span style=\"color: #000080;\">Transport<\/span><\/p>\n<\/li>\n<li class=\"\" data-start=\"380\" data-end=\"401\">\n<p class=\"\" data-start=\"382\" data-end=\"401\"><span style=\"color: #000080;\">Reiseversicherung<\/span><\/p>\n<\/li>\n<li class=\"\" data-start=\"402\" data-end=\"421\">\n<p class=\"\" data-start=\"404\" data-end=\"421\"><span style=\"color: #000080;\">Tourismusabgabe<\/span><\/p>\n<\/li>\n<li class=\"\" data-start=\"422\" data-end=\"446\">\n<p class=\"\" data-start=\"424\" data-end=\"446\"><span style=\"color: #000080;\">Pers\u00f6nliche Ausgaben<\/span><\/p>\n<\/li>\n<li class=\"\" data-start=\"447\" data-end=\"527\">\n<p class=\"\" data-start=\"449\" data-end=\"527\"><span style=\"color: #000080;\">Speisen und Getr\u00e4nke in der B\u00e4ckerei \u201eAnanda\u201c und im Caf\u00e9 \u201eS\u00fc\u00dfe Geheimnisse\u201c<\/span><\/p>\n<\/li>\n<li class=\"\" data-start=\"528\" data-end=\"548\">\n<p class=\"\" data-start=\"530\" data-end=\"548\"><span style=\"color: #000080;\">Spa-Behandlungen<\/span><\/p>\n<\/li>\n<li class=\"\" data-start=\"549\" data-end=\"579\">\n<p class=\"\" data-start=\"551\" data-end=\"579\"><span style=\"color: #000080;\">Optionaler Ausflug nach Prag<\/span><\/p>\n<\/li>\n<\/ul>\n<h3 class=\"fusion-responsive-typography-calculated\" data-start=\"936\" data-end=\"958\" data-fontsize=\"16\" data-lineheight=\"24px\"><span style=\"color: #000080;\"><strong data-start=\"940\" data-end=\"958\">Reservierungen<\/strong><\/span><\/h3>\n<p class=\"\" data-start=\"960\" data-end=\"1149\"><span style=\"color: #000080;\">Reservieren Sie Ihre Teilnahme am Familien-Yoga-Retreat f\u00fcr Kinder und Erwachsene telefonisch:<\/span><br data-start=\"1054\" data-end=\"1057\" \/><span style=\"color: #000080;\">\ud83d\udcde +420 773 922 790<\/span><br data-start=\"1076\" data-end=\"1079\" \/><span style=\"color: #000080;\">oder per E-Mail:<\/span><br data-start=\"1095\" data-end=\"1098\" \/><span style=\"color: #000080;\">\ud83d\udce9\u00a0<a style=\"color: #000080;\" rel=\"noopener\" data-start=\"1101\" data-end=\"1123\">yogalight.eu@gmail.com<\/a><\/span><br data-start=\"1123\" data-end=\"1126\" \/><span style=\"color: #000080;\">\ud83d\udce9\u00a0<a style=\"color: #000080;\" rel=\"noopener\" data-start=\"1129\" data-end=\"1147\">yoga.yfe@gmail.com<\/a><\/span><\/p>\n<\/div><\/div><\/div><\/div><\/div><style type=\"text\/css\">@media only screen and (max-width:800px) {.fusion-title.fusion-title-1{margin-top:10px!important;margin-bottom:10px!important;}}<\/style><div class=\"fusion-title title fusion-title-1 fusion-title-text fusion-title-size-one\" style=\"margin-top:0px;margin-bottom:31px;\"><h1 class=\"title-heading-left\" style=\"margin:0;\"><\/h1><div class=\"title-sep-container\"><div class=\"title-sep sep-double sep-solid\" style=\"border-color:#e0dede;\"><\/div><\/div><\/div><div class=\"fusion-text\"><p><a href=\"https:\/\/www.kudyznudy.cz\/aktivity\/evropsky-chram-svetla-jogy\" target=\"_blank\" rel=\"noopener\"><img loading=\"lazy\" decoding=\"async\" class=\"aligncenter wp-image-826 size-medium\" src=\"https:\/\/www.yoga-ac.eu\/wp-content\/uploads\/2024\/01\/kudyznudy-CzT-4c-RGB-Z-300x68.png\" alt=\"\" width=\"300\" height=\"68\" srcset=\"https:\/\/www.yoga-ac.eu\/wp-content\/uploads\/2024\/01\/kudyznudy-CzT-4c-RGB-Z-200x45.png 200w, https:\/\/www.yoga-ac.eu\/wp-content\/uploads\/2024\/01\/kudyznudy-CzT-4c-RGB-Z-300x68.png 300w, https:\/\/www.yoga-ac.eu\/wp-content\/uploads\/2024\/01\/kudyznudy-CzT-4c-RGB-Z.png 370w\" sizes=\"auto, (max-width: 300px) 100vw, 300px\" \/><\/a><\/p>\n<\/div><div class=\"fusion-slider-sc fusion-flexslider-loading flexslider flexslider-hover-type-none\" data-slideshow_autoplay=\"1\" data-slideshow_smooth_height=\"0\" data-slideshow_speed=\"7000\" style=\"max-width:100%;height:100%;\"><ul class=\"slides\"><li class=\"image\"><span class=\"fusion-image-hover-element hover-type-none\"><img loading=\"lazy\" decoding=\"async\" src=\"https:\/\/www.yoga-ac.eu\/wp-content\/uploads\/2024\/09\/20240705_182318-300x225.jpg\" width=\"300\" height=\"225\" class=\"wp-image-1507\" srcset=\"https:\/\/www.yoga-ac.eu\/wp-content\/uploads\/2024\/09\/20240705_182318-200x150.jpg 200w, https:\/\/www.yoga-ac.eu\/wp-content\/uploads\/2024\/09\/20240705_182318-400x300.jpg 400w, https:\/\/www.yoga-ac.eu\/wp-content\/uploads\/2024\/09\/20240705_182318-600x450.jpg 600w, https:\/\/www.yoga-ac.eu\/wp-content\/uploads\/2024\/09\/20240705_182318-800x600.jpg 800w, https:\/\/www.yoga-ac.eu\/wp-content\/uploads\/2024\/09\/20240705_182318-1200x900.jpg 1200w\" sizes=\"auto, (max-width: 800px) 100vw, 1200px\" \/><\/span><\/li><li class=\"image\"><span class=\"fusion-image-hover-element hover-type-none\"><img loading=\"lazy\" decoding=\"async\" src=\"https:\/\/www.yoga-ac.eu\/wp-content\/uploads\/2024\/09\/20240807_150712-300x225.jpg\" width=\"300\" height=\"225\" class=\"wp-image-1545\" srcset=\"https:\/\/www.yoga-ac.eu\/wp-content\/uploads\/2024\/09\/20240807_150712-200x150.jpg 200w, https:\/\/www.yoga-ac.eu\/wp-content\/uploads\/2024\/09\/20240807_150712-400x300.jpg 400w, https:\/\/www.yoga-ac.eu\/wp-content\/uploads\/2024\/09\/20240807_150712-600x450.jpg 600w, https:\/\/www.yoga-ac.eu\/wp-content\/uploads\/2024\/09\/20240807_150712-800x600.jpg 800w, https:\/\/www.yoga-ac.eu\/wp-content\/uploads\/2024\/09\/20240807_150712-1200x900.jpg 1200w\" sizes=\"auto, (max-width: 800px) 100vw, 1200px\" \/><\/span><\/li><li class=\"image\"><span class=\"fusion-image-hover-element hover-type-none\"><img loading=\"lazy\" decoding=\"async\" src=\"https:\/\/www.yoga-ac.eu\/wp-content\/uploads\/2024\/09\/20240706_083501-300x225.jpg\" width=\"300\" height=\"225\" class=\"wp-image-1557\" srcset=\"https:\/\/www.yoga-ac.eu\/wp-content\/uploads\/2024\/09\/20240706_083501-200x150.jpg 200w, https:\/\/www.yoga-ac.eu\/wp-content\/uploads\/2024\/09\/20240706_083501-400x300.jpg 400w, https:\/\/www.yoga-ac.eu\/wp-content\/uploads\/2024\/09\/20240706_083501-600x450.jpg 600w, https:\/\/www.yoga-ac.eu\/wp-content\/uploads\/2024\/09\/20240706_083501-800x600.jpg 800w, https:\/\/www.yoga-ac.eu\/wp-content\/uploads\/2024\/09\/20240706_083501-1200x900.jpg 1200w\" sizes=\"auto, (max-width: 800px) 100vw, 1200px\" \/><\/span><\/li><li class=\"image\"><span class=\"fusion-image-hover-element hover-type-none\"><img loading=\"lazy\" decoding=\"async\" src=\"https:\/\/www.yoga-ac.eu\/wp-content\/uploads\/2024\/09\/20240807_150511-300x225.jpg\" width=\"300\" height=\"225\" class=\"wp-image-1567\" srcset=\"https:\/\/www.yoga-ac.eu\/wp-content\/uploads\/2024\/09\/20240807_150511-200x150.jpg 200w, https:\/\/www.yoga-ac.eu\/wp-content\/uploads\/2024\/09\/20240807_150511-400x300.jpg 400w, https:\/\/www.yoga-ac.eu\/wp-content\/uploads\/2024\/09\/20240807_150511-600x450.jpg 600w, https:\/\/www.yoga-ac.eu\/wp-content\/uploads\/2024\/09\/20240807_150511-800x600.jpg 800w, https:\/\/www.yoga-ac.eu\/wp-content\/uploads\/2024\/09\/20240807_150511-1200x900.jpg 1200w\" sizes=\"auto, (max-width: 800px) 100vw, 1200px\" \/><\/span><\/li><\/ul><\/div><div class=\"fusion-clearfix\"><\/div><\/div><\/div><\/div><\/div><style type=\"text\/css\">.fusion-fullwidth.fusion-builder-row-1 a:not(.fusion-button):not(.fusion-builder-module-control):not(.fusion-social-network-icon):not(.fb-icon-element):not(.fusion-countdown-link):not(.fusion-rollover-link):not(.fusion-rollover-gallery):not(.fusion-button-bar):not(.add_to_cart_button):not(.show_details_button):not(.product_type_external):not(.fusion-quick-view):not(.fusion-rollover-title-link):not(.fusion-breadcrumb-link) , .fusion-fullwidth.fusion-builder-row-1 a:not(.fusion-button):not(.fusion-builder-module-control):not(.fusion-social-network-icon):not(.fb-icon-element):not(.fusion-countdown-link):not(.fusion-rollover-link):not(.fusion-rollover-gallery):not(.fusion-button-bar):not(.add_to_cart_button):not(.show_details_button):not(.product_type_external):not(.fusion-quick-view):not(.fusion-rollover-title-link):not(.fusion-breadcrumb-link):before, .fusion-fullwidth.fusion-builder-row-1 a:not(.fusion-button):not(.fusion-builder-module-control):not(.fusion-social-network-icon):not(.fb-icon-element):not(.fusion-countdown-link):not(.fusion-rollover-link):not(.fusion-rollover-gallery):not(.fusion-button-bar):not(.add_to_cart_button):not(.show_details_button):not(.product_type_external):not(.fusion-quick-view):not(.fusion-rollover-title-link):not(.fusion-breadcrumb-link):after {color: #2901ba;}.fusion-fullwidth.fusion-builder-row-1 a:not(.fusion-button):not(.fusion-builder-module-control):not(.fusion-social-network-icon):not(.fb-icon-element):not(.fusion-countdown-link):not(.fusion-rollover-link):not(.fusion-rollover-gallery):not(.fusion-button-bar):not(.add_to_cart_button):not(.show_details_button):not(.product_type_external):not(.fusion-quick-view):not(.fusion-rollover-title-link):not(.fusion-breadcrumb-link):hover, .fusion-fullwidth.fusion-builder-row-1 a:not(.fusion-button):not(.fusion-builder-module-control):not(.fusion-social-network-icon):not(.fb-icon-element):not(.fusion-countdown-link):not(.fusion-rollover-link):not(.fusion-rollover-gallery):not(.fusion-button-bar):not(.add_to_cart_button):not(.show_details_button):not(.product_type_external):not(.fusion-quick-view):not(.fusion-rollover-title-link):not(.fusion-breadcrumb-link):hover:before, .fusion-fullwidth.fusion-builder-row-1 a:not(.fusion-button):not(.fusion-builder-module-control):not(.fusion-social-network-icon):not(.fb-icon-element):not(.fusion-countdown-link):not(.fusion-rollover-link):not(.fusion-rollover-gallery):not(.fusion-button-bar):not(.add_to_cart_button):not(.show_details_button):not(.product_type_external):not(.fusion-quick-view):not(.fusion-rollover-title-link):not(.fusion-breadcrumb-link):hover:after {color: #72188f;}.fusion-fullwidth.fusion-builder-row-1 .pagination a.inactive:hover, .fusion-fullwidth.fusion-builder-row-1 .fusion-filters .fusion-filter.fusion-active a {border-color: #72188f;}.fusion-fullwidth.fusion-builder-row-1 .pagination .current {border-color: #72188f; background-color: #72188f;}.fusion-fullwidth.fusion-builder-row-1 .fusion-filters .fusion-filter.fusion-active a, .fusion-fullwidth.fusion-builder-row-1 .fusion-date-and-formats .fusion-format-box, .fusion-fullwidth.fusion-builder-row-1 .fusion-popover, .fusion-fullwidth.fusion-builder-row-1 .tooltip-shortcode {color: #72188f;}#main .fusion-fullwidth.fusion-builder-row-1 .post .blog-shortcode-post-title a:hover {color: #72188f;}<\/style>\n","protected":false},"excerpt":{"rendered":"","protected":false},"author":1,"featured_media":0,"parent":0,"menu_order":0,"comment_status":"closed","ping_status":"closed","template":"100-width.php","meta":{"footnotes":""},"class_list":["post-1906","page","type-page","status-publish","hentry"],"yoast_head":"<!-- This site is optimized with the Yoast SEO plugin v27.4 - https:\/\/yoast.com\/product\/yoast-seo-wordpress\/ -->\n<title>Yoga-Retreats 2025 - yoga-ac.eu<\/title>\n<meta name=\"description\" content=\"Wenn Sie eine tiefgreifende transformative Erfahrung suchen, beinhalten unsere skalaren Yoga-Retreats Meditationen, Yoga-Unterricht, Meditationsworkshops im Naturschutzgebiet, energetische Therapiesitzungen, Kirtan-Abende und Satsangs mit dem Meister.\" \/>\n<meta name=\"robots\" content=\"index, follow, max-snippet:-1, max-image-preview:large, max-video-preview:-1\" \/>\n<link rel=\"canonical\" href=\"https:\/\/www.yoga-ac.eu\/de\/yoga-retreats-2025\/\" \/>\n<meta property=\"og:locale\" content=\"de_DE\" \/>\n<meta property=\"og:type\" content=\"article\" \/>\n<meta property=\"og:title\" content=\"Yoga-Retreats 2025 - yoga-ac.eu\" \/>\n<meta property=\"og:description\" content=\"Wenn Sie eine tiefgreifende transformative Erfahrung suchen, beinhalten unsere skalaren Yoga-Retreats Meditationen, Yoga-Unterricht, Meditationsworkshops im Naturschutzgebiet, energetische Therapiesitzungen, Kirtan-Abende und Satsangs mit dem Meister.\" \/>\n<meta property=\"og:url\" content=\"https:\/\/www.yoga-ac.eu\/de\/yoga-retreats-2025\/\" \/>\n<meta property=\"og:site_name\" content=\"yoga-ac.eu\" \/>\n<meta property=\"article:modified_time\" content=\"2025-04-27T15:41:01+00:00\" \/>\n<meta property=\"og:image\" content=\"https:\/\/www.yoga-ac.eu\/wp-content\/uploads\/2024\/01\/benefit-plus.jpg\" \/>\n\t<meta property=\"og:image:width\" content=\"768\" \/>\n\t<meta property=\"og:image:height\" content=\"301\" \/>\n\t<meta property=\"og:image:type\" content=\"image\/jpeg\" \/>\n<meta name=\"twitter:card\" content=\"summary_large_image\" \/>\n<meta name=\"twitter:label1\" content=\"Gesch\u00e4tzte Lesezeit\" \/>\n\t<meta name=\"twitter:data1\" content=\"19\u00a0Minuten\" \/>\n<script type=\"application\/ld+json\" class=\"yoast-schema-graph\">{\"@context\":\"https:\\\/\\\/schema.org\",\"@graph\":[{\"@type\":\"WebPage\",\"@id\":\"https:\\\/\\\/www.yoga-ac.eu\\\/de\\\/yoga-retreats-2025\\\/\",\"url\":\"https:\\\/\\\/www.yoga-ac.eu\\\/de\\\/yoga-retreats-2025\\\/\",\"name\":\"Yoga-Retreats 2025 - yoga-ac.eu\",\"isPartOf\":{\"@id\":\"https:\\\/\\\/www.yoga-ac.eu\\\/#website\"},\"primaryImageOfPage\":{\"@id\":\"https:\\\/\\\/www.yoga-ac.eu\\\/de\\\/yoga-retreats-2025\\\/#primaryimage\"},\"image\":{\"@id\":\"https:\\\/\\\/www.yoga-ac.eu\\\/de\\\/yoga-retreats-2025\\\/#primaryimage\"},\"thumbnailUrl\":\"https:\\\/\\\/www.yoga-ac.eu\\\/wp-content\\\/uploads\\\/2024\\\/01\\\/benefit-plus.jpg\",\"datePublished\":\"2025-04-22T20:15:34+00:00\",\"dateModified\":\"2025-04-27T15:41:01+00:00\",\"description\":\"Wenn Sie eine tiefgreifende transformative Erfahrung suchen, beinhalten unsere skalaren Yoga-Retreats Meditationen, Yoga-Unterricht, Meditationsworkshops im Naturschutzgebiet, energetische Therapiesitzungen, Kirtan-Abende und Satsangs mit dem Meister.\",\"breadcrumb\":{\"@id\":\"https:\\\/\\\/www.yoga-ac.eu\\\/de\\\/yoga-retreats-2025\\\/#breadcrumb\"},\"inLanguage\":\"de\",\"potentialAction\":[{\"@type\":\"ReadAction\",\"target\":[\"https:\\\/\\\/www.yoga-ac.eu\\\/de\\\/yoga-retreats-2025\\\/\"]}]},{\"@type\":\"ImageObject\",\"inLanguage\":\"de\",\"@id\":\"https:\\\/\\\/www.yoga-ac.eu\\\/de\\\/yoga-retreats-2025\\\/#primaryimage\",\"url\":\"https:\\\/\\\/www.yoga-ac.eu\\\/wp-content\\\/uploads\\\/2024\\\/01\\\/benefit-plus.jpg\",\"contentUrl\":\"https:\\\/\\\/www.yoga-ac.eu\\\/wp-content\\\/uploads\\\/2024\\\/01\\\/benefit-plus.jpg\"},{\"@type\":\"BreadcrumbList\",\"@id\":\"https:\\\/\\\/www.yoga-ac.eu\\\/de\\\/yoga-retreats-2025\\\/#breadcrumb\",\"itemListElement\":[{\"@type\":\"ListItem\",\"position\":1,\"name\":\"Home\",\"item\":\"https:\\\/\\\/www.yoga-ac.eu\\\/\"},{\"@type\":\"ListItem\",\"position\":2,\"name\":\"Yoga-Retreats 2025\"}]},{\"@type\":\"WebSite\",\"@id\":\"https:\\\/\\\/www.yoga-ac.eu\\\/#website\",\"url\":\"https:\\\/\\\/www.yoga-ac.eu\\\/\",\"name\":\"yoga-ac.eu\",\"description\":\"Yoga Teacher Training &amp; Yoga Retreats\",\"potentialAction\":[{\"@type\":\"SearchAction\",\"target\":{\"@type\":\"EntryPoint\",\"urlTemplate\":\"https:\\\/\\\/www.yoga-ac.eu\\\/?s={search_term_string}\"},\"query-input\":{\"@type\":\"PropertyValueSpecification\",\"valueRequired\":true,\"valueName\":\"search_term_string\"}}],\"inLanguage\":\"de\"}]}<\/script>\n<!-- \/ Yoast SEO plugin. -->","yoast_head_json":{"title":"Yoga-Retreats 2025 - yoga-ac.eu","description":"Wenn Sie eine tiefgreifende transformative Erfahrung suchen, beinhalten unsere skalaren Yoga-Retreats Meditationen, Yoga-Unterricht, Meditationsworkshops im Naturschutzgebiet, energetische Therapiesitzungen, Kirtan-Abende und Satsangs mit dem Meister.","robots":{"index":"index","follow":"follow","max-snippet":"max-snippet:-1","max-image-preview":"max-image-preview:large","max-video-preview":"max-video-preview:-1"},"canonical":"https:\/\/www.yoga-ac.eu\/de\/yoga-retreats-2025\/","og_locale":"de_DE","og_type":"article","og_title":"Yoga-Retreats 2025 - yoga-ac.eu","og_description":"Wenn Sie eine tiefgreifende transformative Erfahrung suchen, beinhalten unsere skalaren Yoga-Retreats Meditationen, Yoga-Unterricht, Meditationsworkshops im Naturschutzgebiet, energetische Therapiesitzungen, Kirtan-Abende und Satsangs mit dem Meister.","og_url":"https:\/\/www.yoga-ac.eu\/de\/yoga-retreats-2025\/","og_site_name":"yoga-ac.eu","article_modified_time":"2025-04-27T15:41:01+00:00","og_image":[{"width":768,"height":301,"url":"https:\/\/www.yoga-ac.eu\/wp-content\/uploads\/2024\/01\/benefit-plus.jpg","type":"image\/jpeg"}],"twitter_card":"summary_large_image","twitter_misc":{"Gesch\u00e4tzte Lesezeit":"19\u00a0Minuten"},"schema":{"@context":"https:\/\/schema.org","@graph":[{"@type":"WebPage","@id":"https:\/\/www.yoga-ac.eu\/de\/yoga-retreats-2025\/","url":"https:\/\/www.yoga-ac.eu\/de\/yoga-retreats-2025\/","name":"Yoga-Retreats 2025 - yoga-ac.eu","isPartOf":{"@id":"https:\/\/www.yoga-ac.eu\/#website"},"primaryImageOfPage":{"@id":"https:\/\/www.yoga-ac.eu\/de\/yoga-retreats-2025\/#primaryimage"},"image":{"@id":"https:\/\/www.yoga-ac.eu\/de\/yoga-retreats-2025\/#primaryimage"},"thumbnailUrl":"https:\/\/www.yoga-ac.eu\/wp-content\/uploads\/2024\/01\/benefit-plus.jpg","datePublished":"2025-04-22T20:15:34+00:00","dateModified":"2025-04-27T15:41:01+00:00","description":"Wenn Sie eine tiefgreifende transformative Erfahrung suchen, beinhalten unsere skalaren Yoga-Retreats Meditationen, Yoga-Unterricht, Meditationsworkshops im Naturschutzgebiet, energetische Therapiesitzungen, Kirtan-Abende und Satsangs mit dem Meister.","breadcrumb":{"@id":"https:\/\/www.yoga-ac.eu\/de\/yoga-retreats-2025\/#breadcrumb"},"inLanguage":"de","potentialAction":[{"@type":"ReadAction","target":["https:\/\/www.yoga-ac.eu\/de\/yoga-retreats-2025\/"]}]},{"@type":"ImageObject","inLanguage":"de","@id":"https:\/\/www.yoga-ac.eu\/de\/yoga-retreats-2025\/#primaryimage","url":"https:\/\/www.yoga-ac.eu\/wp-content\/uploads\/2024\/01\/benefit-plus.jpg","contentUrl":"https:\/\/www.yoga-ac.eu\/wp-content\/uploads\/2024\/01\/benefit-plus.jpg"},{"@type":"BreadcrumbList","@id":"https:\/\/www.yoga-ac.eu\/de\/yoga-retreats-2025\/#breadcrumb","itemListElement":[{"@type":"ListItem","position":1,"name":"Home","item":"https:\/\/www.yoga-ac.eu\/"},{"@type":"ListItem","position":2,"name":"Yoga-Retreats 2025"}]},{"@type":"WebSite","@id":"https:\/\/www.yoga-ac.eu\/#website","url":"https:\/\/www.yoga-ac.eu\/","name":"yoga-ac.eu","description":"Yoga Teacher Training &amp; Yoga Retreats","potentialAction":[{"@type":"SearchAction","target":{"@type":"EntryPoint","urlTemplate":"https:\/\/www.yoga-ac.eu\/?s={search_term_string}"},"query-input":{"@type":"PropertyValueSpecification","valueRequired":true,"valueName":"search_term_string"}}],"inLanguage":"de"}]}},"_links":{"self":[{"href":"https:\/\/www.yoga-ac.eu\/de\/wp-json\/wp\/v2\/pages\/1906","targetHints":{"allow":["GET"]}}],"collection":[{"href":"https:\/\/www.yoga-ac.eu\/de\/wp-json\/wp\/v2\/pages"}],"about":[{"href":"https:\/\/www.yoga-ac.eu\/de\/wp-json\/wp\/v2\/types\/page"}],"author":[{"embeddable":true,"href":"https:\/\/www.yoga-ac.eu\/de\/wp-json\/wp\/v2\/users\/1"}],"replies":[{"embeddable":true,"href":"https:\/\/www.yoga-ac.eu\/de\/wp-json\/wp\/v2\/comments?post=1906"}],"version-history":[{"count":7,"href":"https:\/\/www.yoga-ac.eu\/de\/wp-json\/wp\/v2\/pages\/1906\/revisions"}],"predecessor-version":[{"id":2015,"href":"https:\/\/www.yoga-ac.eu\/de\/wp-json\/wp\/v2\/pages\/1906\/revisions\/2015"}],"wp:attachment":[{"href":"https:\/\/www.yoga-ac.eu\/de\/wp-json\/wp\/v2\/media?parent=1906"}],"curies":[{"name":"wp","href":"https:\/\/api.w.org\/{rel}","templated":true}]}}